{"id":15126,"date":"2020-06-24T16:51:49","date_gmt":"2020-06-24T14:51:49","guid":{"rendered":"http:\/\/pkol.local\/person\/aneta-maria-szczepanska\/"},"modified":"2020-10-09T09:45:26","modified_gmt":"2020-10-09T07:45:26","slug":"aneta-maria-szczepanska","status":"publish","type":"person","link":"https:\/\/olimpijski.pl\/en\/olimpijczycy\/aneta-maria-szczepanska\/","title":{"rendered":"Aneta Szczepa\u0144ska"},"content":{"rendered":"<p class=\"title-m-02\">SZCZEPA\u0143SKA ANETA MARIA<\/p>\n<p><strong>nauczycielka wf, trenerka, judoczka z&nbsp;&#8220;w\u0142oc\u0142awskiego Harlemu&#8221;, srebrna medalistka olimpijska z&nbsp;Atlanty (1996).<br \/>\n<\/strong><br \/>\nUrodzona 20 sierpnia 1974 we W\u0142oc\u0142awku (ul. Piekarsk\u0105, gdzie si\u0119 wychowa\u0142a nazywan\u0105 miejscowym &#8220;Harlemem&#8221;), c\u00f3rka Artura i&nbsp;Danuty, absolwentka miejscowego Zespo\u0142u Szk\u00f3\u0142 Chemicznych (1997) i&nbsp;gda\u0144skiej AWF (2001), gdzie otrzyma\u0142a tytu\u0142 magistra wf. Judoczka (170 cm, 65 kg) w\u0142oc\u0142awskiego klubu: OSiR i&nbsp;Olimpijczyk (od 1986). B\u0119d\u0105c uczennic\u0105 Szko\u0142y Podstawowej nr&nbsp;3 im. M. Kopernika, jako 12-letnia dziewczynka, sympatyzowa\u0142a z&nbsp;boksem i&nbsp;kick-boxingiem (sporty walki), potem chciano j\u0105 zapisa\u0107 do&nbsp;szko\u0142y sportowej specjalizuj\u0105cej si\u0119 w&nbsp;lekkoatletyce, ale&nbsp;prawdziwa sportowa przygoda zacz\u0119\u0142a si\u0119 zupe\u0142nie niespodziewanie i&nbsp;przypadkowo. Zauroczona zosta\u0142a bia\u0142ymi kimonami, kolorowymi pasami i&nbsp;rytualnymi gestami powita\u0144 przez&nbsp;s\u0105siada, prawnika i&nbsp;wielkiego entuzjast\u0119 judo Romana Stawisi\u0144skiego, kt\u00f3ry zosta\u0142 jej trenerem i&nbsp;tzw. autorytetem absolutnym (st\u0105d nie zawsze p\u00f3\u017aniej dobrze uk\u0142ada\u0142a si\u0119 wsp\u00f3\u0142praca zawodniczki z&nbsp;trenerami kadry narodowej).<\/p>\n<p>Zdolna, pracowita, szybko i&nbsp;systematycznie wzbogaca\u0142a swoje umiej\u0119tno\u015bci techniczne, kt\u00f3re w&nbsp;po\u0142\u0105czeniu z&nbsp;koncentracj\u0105 i&nbsp;&#8211; jak sama m\u00f3wi\u0142a &#8211; &#8220;zapalczywo\u015bci\u0105&#8221; w&nbsp;walce, dawa\u0142y coraz lepsze wyniki najpierw w\u015br\u00f3d kadetek, potem juniorek i&nbsp;wreszcie seniorek. Wielk\u0105 szans\u0119 (m\u00f3wiono, \u017ce&nbsp;troch\u0119 na&nbsp;kredyt i&nbsp;wyrost) dali jej szkoleniowcy w\u0142\u0105czaj\u0105c do&nbsp;reprezentacyjnej ekipy na&nbsp;M\u015a w&nbsp;1995. Jak si\u0119 okaza\u0142o, by\u0142a to&nbsp;udana i&nbsp;op\u0142acalna inwestycja. W\u0142oc\u0142awianka po raz pierwszy udowodni\u0142a, \u017ce&nbsp;na&nbsp;wielkich presti\u017cowych zawodach potrafi si\u0119 skoncentrowa\u0107 i&nbsp;umiej\u0119tnie wykorzysta\u0107 wszystkie walory techniczne, kt\u00f3re zdecydowanie wyr\u00f3\u017cnia\u0142y j\u0105 spo\u015br\u00f3d rywalek.<\/p>\n<p>Potwierdzi\u0142 to&nbsp;start olimpijski w&nbsp;Atlancie (1996). Polka zdoby\u0142a <strong>srebrny medal<\/strong> i&nbsp;ma wielki do&nbsp;siebie&#8230;&nbsp;\u017cal. <em>&#8211; W&nbsp;fina\u0142owej walce z&nbsp;Koreank\u0105 Cho prowadzi\u0142am przez&nbsp;yuko i&nbsp;d\u0142ugo utrzymywa\u0142am przewag\u0119 &#8211; wspomina. &#8211; Mog\u0142am to&nbsp;wygra\u0107. By\u0142 taki moment, tu\u017c przez&nbsp;jej akcj\u0105, gdy prawie pada\u0142am, przymierzy\u0142am si\u0119 do&nbsp;rzutu na&nbsp;plecy. Nabra\u0142am j\u0105 i&nbsp;gdybym z&nbsp;wi\u0119ksz\u0105 wiar\u0105 posz\u0142a do&nbsp;przodu, silniej wstawi\u0142a pod ni\u0105 biodro, wygra\u0142abym walk\u0119 przed czasem. Do diab\u0142a, tak niewiele brakowa\u0142<\/em>o &#8211; dodaje z&nbsp;przek\u0105sem wicemistrzyni olimpijska, kt\u00f3ra dwa lata po tym sukcesie nabawi\u0142a si\u0119 kontuzji (operacja w&nbsp;klinice prof. Schenka w&nbsp;Austrii), a&nbsp;p\u00f3\u017aniej nie zakwalifikowa\u0142a si\u0119 do&nbsp;startu w&nbsp;kolejnych igrzyskach na&nbsp;Antypodach (2000).&nbsp;Br\u0105zowa medalistka M\u015a (1995), srebrna i&nbsp;br\u0105zowa (2) medalistka dru\u017cynowych ME (1994, 1995, 1996), 6-krotna mistrzyni kraju w&nbsp;kat. 66 kg (1993, 1994, 1996-1998, 2002).&nbsp;Trenuje, startuje, odk\u0142ada na&nbsp;p\u00f3\u017aniej ma\u0142\u017ce\u0144stwo i&nbsp;urodzenie dziecka. Odznaczona Z\u0142otym Krzy\u017cem Zas\u0142ugi.&nbsp;<\/p>\n<p><strong>*1996 Atlanta: w. \u015brednia 66 kg<\/strong> &#8211; w&nbsp;pierwszej kolejce wyci\u0105gn\u0119\u0142a wolny los, w&nbsp;drugiej wygra\u0142a z&nbsp;N. Nguema (Gabon), w&nbsp;trzeciej pokona\u0142a R. Sweatman (W. Brytania), w&nbsp;p\u00f3\u0142fin. zwyci\u0119\u017cy\u0142a A. Dubois (Francja) i&nbsp;w finale uleg\u0142a M. Cho (Korea) <strong>zdobywaj\u0105c srebrny medal<\/strong>.<\/p>\n<p><em>Bibl.: G\u0142uszek, Leksykon 1999, s. 339 (tu b\u0142\u0119dny miesi\u0105c urodzenia 20 czerwca); Pawlak, Olimpijczycy, s. 251; Du\u0144ski, Od Pary\u017ca, s. 886-887 (tu b\u0142\u0119dnie imi\u0119 matki &#8211; Donata); Ja\u015bniok K., Zatrzymana w&nbsp;kadrze, &#8220;PS&#8221; 1996, nr&nbsp;156.<\/em><\/p>\n<p><!-- history --><\/p>\n<table style=\"text-align: right; width: 85%;\" cellspacing=\"0\" cellpadding=\"0\" border=\"0\">\n<tbody>\n<tr>\n<td class=\"box3-title\" align=\"right\"><a href=\"javascript:history.back()\"><\/a><\/td>\n<\/tr>\n<\/tbody>\n<\/table>\n","protected":false},"excerpt":{"rendered":"<p>SZCZEPA\u0143SKA ANETA MARIA nauczycielka wf, trenerka, judoczka z&nbsp;&#8220;w\u0142oc\u0142awskiego Harlemu&#8221;, srebrna medalistka olimpijska z&nbsp;Atlanty (1996). Urodzona 20 sierpnia 1974 we W\u0142oc\u0142awku (ul. Piekarsk\u0105,<\/p>\n","protected":false},"featured_media":0,"menu_order":58,"template":"","meta":{"_acf_changed":false,"ub_ctt_via":"","footnotes":""},"class_list":["post-15126","person","type-person","status-publish","hentry","infinite-scroll-item","no-featured-image-padding"],"acf":{"olimpic_information":[{"olimpic":[{"ID":295,"post_author":"1","post_date":"1996-06-17 13:34:45","post_date_gmt":"1996-06-17 11:34:45","post_content":"<!-- wp:heading {\"level\":1,\"className\":\"main-title\"} -->\n<h1 class=\"main-title\"><strong>Igrzyska XXVI Olimpiady<\/strong><br>Atlanta 1996<\/h1>\n<!-- \/wp:heading -->\n\n<!-- wp:paragraph -->\n<p><br><\/p>\n<!-- \/wp:paragraph -->\n\n<!-- wp:image {\"align\":\"left\",\"id\":19312,\"sizeSlug\":\"large\",\"className\":\"is-style-default\"} -->\n<div class=\"wp-block-image is-style-default\"><figure class=\"alignleft size-large\"><img src=\"https:\/\/olimpijski.pl\/wp-content\/uploads\/1996\/06\/atlanta1996.png\" alt=\"\" class=\"wp-image-19312\"\/><\/figure><\/div>\n<!-- \/wp:image -->\n\n<!-- wp:list -->\n<ul><li>Igrzyska rozegrano w dniach <strong>19 lipca \u2013 4 sierpnia<\/strong>.<\/li><li>Wystartowa\u0142o <strong>10 318 <\/strong>zawodnik\u00f3w (w tym <strong>3512<\/strong> kobiet) ze <strong>197<\/strong> kraj\u00f3w.<\/li><li>Rozdano <strong>271<\/strong> komplet\u00f3w medali.<\/li><li>Przysi\u0119g\u0119 olimpijsk\u0105 z\u0142o\u017cy\u0142a koszykarka <strong>Teresa Edwards<\/strong>, natomiast w imieniu s\u0119dzi\u00f3w i trener\u00f3w \u2013 <strong>Hoby Billingsley<\/strong>.<\/li><li>Znicz zapali\u0142 z\u0142oty medalista olimpijski w boksie z Rzymu w 1960 roku <strong>Muhammad Ali<\/strong>.<\/li><li>Igrzyska otworzy\u0142 prezydent USA <strong>Bill Clinton<\/strong>.<\/li><\/ul>\n<!-- \/wp:list -->\n\n<!-- wp:heading -->\n<h2><strong>Program Igrzysk \u2013 29 dyscyplin, 271 konkurencji<\/strong><\/h2>\n<!-- \/wp:heading -->\n\n<!-- wp:paragraph -->\n<p>badminton (5 konkurencji), baseball (1), boks (12), gimnastyka (16), hokej na trawie (2), je\u017adziectwo (6), judo (14), kajakarstwo (16), kolarstwo (14), koszyk\u00f3wka (2), lekkoatletyka (44), \u0142ucznictwo (4), pi\u0119ciob\u00f3j nowoczesny (1), pi\u0142ka no\u017cna (2), pi\u0142ka r\u0119czna (2), pi\u0142ka siatkowa (4), pi\u0142ka wodna (1), p\u0142ywanie (32), p\u0142ywanie synchroniczne (1), podnoszenie ci\u0119\u017car\u00f3w (10), skoki do wody (4), softball (1), strzelectwo (15), szermierka (10), tenis (4), tenis sto\u0142owy (4), wio\u015blarstwo (14), zapasy (20), \u017ceglarstwo (10).<\/p>\n<!-- \/wp:paragraph -->\n\n<!-- wp:heading -->\n<h2><strong>Gwiazda Igrzysk<\/strong><\/h2>\n<!-- \/wp:heading -->\n\n<!-- wp:paragraph -->\n<p><strong>Aleksiej Nemow <\/strong>(Rosja, gimnastyka) \u2013 2 z\u0142ote medale, 1 srebrny, 3 br\u0105zowe<\/p>\n<!-- \/wp:paragraph -->\n\n<!-- wp:heading -->\n<h2><strong>Polska Reprezentacja Olimpijska<\/strong><\/h2>\n<!-- \/wp:heading -->\n\n<!-- wp:paragraph -->\n<p>168 os\u00f3b (startowa\u0142o 165 \u2013 39 kobiet i 126 m\u0119\u017cczyzn) w 20 sportach: 1 badmintonistka, 4 bokser\u00f3w, 2 gimnastyczki artystyczne, 5 je\u017ad\u017ac\u00f3w, 12 judok\u00f3w (w tym 5 kobiet), 24 kajakarzy (w tym 4 kobiety; 23 startowa\u0142o + 1 rez.), 9 kolarzy (8 startowa\u0142o, 1 nie), 23 lekkoatlet\u00f3w (w tym 9 kobiet), 4 \u0142ucznik\u00f3w (w tym 3 kobiety), 2 pi\u0119cioboist\u00f3w, 11 p\u0142ywak\u00f3w (w tym 4 kobiety), 5 ci\u0119\u017carowc\u00f3w, 12 siatkarzy (11 startowa\u0142o + 1 rez.), 10 strzelc\u00f3w (w tym 3 kobiety), 11 szermierzy (w tym 4 kobiety), 2 tenisistki, 2 tenisist\u00f3w sto\u0142owych, 12 wio\u015blarzy, 11 zapa\u015bnik\u00f3w, 6 \u017ceglarzy (w tym 2 kobiety).<\/p>\n<!-- \/wp:paragraph -->\n\n<!-- wp:paragraph -->\n<p>Chor\u0105\u017cym reprezentacji Polski by\u0142 p\u0142ywak <strong>Rafa\u0142 Szuka\u0142a<\/strong>.<\/p>\n<!-- \/wp:paragraph -->\n\n<!-- wp:heading -->\n<h2><strong>Klasyfikacja medalowa<\/strong><\/h2>\n<!-- \/wp:heading -->\n\n<!-- wp:table {\"hasFixedLayout\":true,\"className\":\"is-style-stripes\"} -->\n<figure class=\"wp-block-table is-style-stripes\"><table class=\"has-fixed-layout\"><tbody><tr><td><\/td><td><\/td><td class=\"has-text-align-center\" data-align=\"center\">&nbsp;<\/td><td class=\"has-text-align-center\" data-align=\"center\">&nbsp;<\/td><td class=\"has-text-align-center\" data-align=\"center\">&nbsp;<\/td><td class=\"has-text-align-center\" data-align=\"center\">&nbsp;<\/td><\/tr><tr><td>&nbsp;<\/td><td>&nbsp;<\/td><td class=\"has-text-align-center\" data-align=\"center\">&nbsp;<\/td><td class=\"has-text-align-center\" data-align=\"center\"><img class=\"wp-image-27817\" style=\"width: 50px;\" src=\"https:\/\/olimpijski.pl\/wp-content\/uploads\/2016\/06\/2016_Rio_zloty_50x50.jpg\" alt=\"\"><\/td><td class=\"has-text-align-center\" data-align=\"center\"><img class=\"wp-image-27819\" style=\"width: 50px;\" src=\"https:\/\/olimpijski.pl\/wp-content\/uploads\/2016\/06\/2016_Rio_sreb_50x50.jpg\" alt=\"\"><\/td><td class=\"has-text-align-center\" data-align=\"center\"><img class=\"wp-image-27821\" style=\"width: 50px;\" src=\"https:\/\/olimpijski.pl\/wp-content\/uploads\/2016\/06\/2016_Rio_braz_50x50.jpg\" alt=\"\"><\/td><\/tr><tr><td>1.<\/td><td>USA<\/td><td class=\"has-text-align-center\" data-align=\"center\">101<\/td><td class=\"has-text-align-center\" data-align=\"center\">44<\/td><td class=\"has-text-align-center\" data-align=\"center\">32<\/td><td class=\"has-text-align-center\" data-align=\"center\">25<\/td><\/tr><tr><td>2.<\/td><td>Rosja<\/td><td class=\"has-text-align-center\" data-align=\"center\">63<\/td><td class=\"has-text-align-center\" data-align=\"center\">26<\/td><td class=\"has-text-align-center\" data-align=\"center\">21<\/td><td class=\"has-text-align-center\" data-align=\"center\">16<\/td><\/tr><tr><td>3.<\/td><td>Niemcy<\/td><td class=\"has-text-align-center\" data-align=\"center\">65<\/td><td class=\"has-text-align-center\" data-align=\"center\">20<\/td><td class=\"has-text-align-center\" data-align=\"center\">18<\/td><td class=\"has-text-align-center\" data-align=\"center\">27<\/td><\/tr><tr><td>...<\/td><td>&nbsp;<\/td><td class=\"has-text-align-center\" data-align=\"center\">&nbsp;<\/td><td class=\"has-text-align-center\" data-align=\"center\">&nbsp;<\/td><td class=\"has-text-align-center\" data-align=\"center\">&nbsp;<\/td><td class=\"has-text-align-center\" data-align=\"center\">&nbsp;<\/td><\/tr><tr><td><strong>11.<\/strong><\/td><td><strong>Polska<\/strong><\/td><td class=\"has-text-align-center\" data-align=\"center\"><strong>17<\/strong><\/td><td class=\"has-text-align-center\" data-align=\"center\"><strong>7<\/strong><\/td><td class=\"has-text-align-center\" data-align=\"center\"><strong>5<\/strong><\/td><td class=\"has-text-align-center\" data-align=\"center\"><strong>5<\/strong><\/td><\/tr><\/tbody><\/table><\/figure>\n<!-- \/wp:table -->\n\n<!-- wp:heading -->\n<h2><strong>Medale dla Polski (17)<\/strong><\/h2>\n<!-- \/wp:heading -->\n\n<!-- wp:ub\/content-toggle-block {\"blockID\":\"8ed634eb-cee6-4def-8c79-4b5504ccc508\",\"theme\":\"#f1f1f1\",\"collapsed\":true,\"titleColor\":\"#000000\"} -->\n<!-- wp:ub\/content-toggle-panel-block {\"parentID\":\"8ed634eb-cee6-4def-8c79-4b5504ccc508\",\"theme\":\"#f1f1f1\",\"collapsed\":true,\"titleColor\":\"#000000\",\"panelTitle\":\"Z\u0142ote\"} -->\n<!-- wp:paragraph -->\n<p><\/p>\n<!-- \/wp:paragraph -->\n\n<!-- wp:media-text {\"align\":\"\",\"mediaId\":30175,\"mediaLink\":\"https:\/\/olimpijski.pl\/igrzyska_letnie\/atlanta-1996\/1996_atlanta_zloto_200\/#main\",\"mediaType\":\"image\",\"mediaWidth\":21} -->\n<div class=\"wp-block-media-text is-stacked-on-mobile\" style=\"grid-template-columns:21% auto\"><figure class=\"wp-block-media-text__media\"><img src=\"https:\/\/olimpijski.pl\/wp-content\/uploads\/1996\/06\/1996_Atlanta_zloto_200.jpg\" alt=\"\" class=\"wp-image-30175\"\/><\/figure><div class=\"wp-block-media-text__content\"><!-- wp:paragraph -->\n<p><strong>Renata Mauer<\/strong><br>(strzelectwo, karabin pneumatyczny - 10 m)<\/p>\n<!-- \/wp:paragraph -->\n\n<!-- wp:paragraph -->\n<p><strong>Pawe\u0142 Nastula<\/strong><br>(judo, 95 kg)<\/p>\n<!-- \/wp:paragraph -->\n\n<!-- wp:paragraph -->\n<p><strong>W\u0142odzimierz Zawadzki<\/strong><br>(zapasy, styl klasyczny - 62 kg)<\/p>\n<!-- \/wp:paragraph -->\n\n<!-- wp:paragraph -->\n<p><strong>Ryszard Wolny<\/strong><br>(zapasy, styl klasyczny - 68 kg)<\/p>\n<!-- \/wp:paragraph -->\n\n<!-- wp:paragraph -->\n<p><strong>Andrzej Wro\u0144ski<\/strong><br>(zapasy, styl klasyczny - 100 kg)<\/p>\n<!-- \/wp:paragraph -->\n\n<!-- wp:paragraph -->\n<p><strong>Robert Korzeniowski<\/strong><br>(lekkoatletyka, ch\u00f3d sportowy - 50 km)<\/p>\n<!-- \/wp:paragraph -->\n\n<!-- wp:paragraph -->\n<p><strong>Mateusz Kusznierewicz<\/strong><br>(\u017ceglarstwo, klasa Finn)<\/p>\n<!-- \/wp:paragraph --><\/div><\/div>\n<!-- \/wp:media-text -->\n<!-- \/wp:ub\/content-toggle-panel-block -->\n<!-- \/wp:ub\/content-toggle-block -->\n\n<!-- wp:ub\/content-toggle-block {\"blockID\":\"42f38dc0-cfb2-4dca-886f-7633fe3250fc\",\"theme\":\"#f1f1f1\",\"collapsed\":true,\"titleColor\":\"#000000\"} -->\n<!-- wp:ub\/content-toggle-panel-block {\"parentID\":\"42f38dc0-cfb2-4dca-886f-7633fe3250fc\",\"theme\":\"#f1f1f1\",\"collapsed\":true,\"titleColor\":\"#000000\",\"panelTitle\":\"Srebrne\"} -->\n<!-- wp:paragraph -->\n<p><\/p>\n<!-- \/wp:paragraph -->\n\n<!-- wp:media-text {\"align\":\"\",\"mediaId\":30177,\"mediaLink\":\"https:\/\/olimpijski.pl\/igrzyska_letnie\/atlanta-1996\/1996_atlanta_srebro_200\/#main\",\"mediaType\":\"image\",\"mediaWidth\":20} -->\n<div class=\"wp-block-media-text is-stacked-on-mobile\" style=\"grid-template-columns:20% auto\"><figure class=\"wp-block-media-text__media\"><img src=\"https:\/\/olimpijski.pl\/wp-content\/uploads\/1996\/06\/1996_Atlanta_srebro_200.jpg\" alt=\"\" class=\"wp-image-30177\"\/><\/figure><div class=\"wp-block-media-text__content\"><!-- wp:paragraph -->\n<p><strong>Aneta Szczepa\u0144ska<\/strong><br>(judo, 66 kg)<\/p>\n<!-- \/wp:paragraph -->\n\n<!-- wp:paragraph -->\n<p><strong>Artur Partyka<\/strong><br>(lekkoatletyka, skok wzwy\u017c)<\/p>\n<!-- \/wp:paragraph -->\n\n<!-- wp:paragraph -->\n<p><strong>Miros\u0142aw Rzepkowski<\/strong><br>(strzelectwo, skeet)<\/p>\n<!-- \/wp:paragraph -->\n\n<!-- wp:paragraph -->\n<p><strong>Jacek Fafi\u0144ski<\/strong><br>(zapasy, styl klasyczny - 90 kg)<\/p>\n<!-- \/wp:paragraph -->\n\n<!-- wp:paragraph -->\n<p><strong>Piotr Kie\u0142pikowski, Adam Krzesi\u0144ski, Jaros\u0142aw Rodzewicz, Ryszard Sobczak<\/strong><br>(szermierka, floret dru\u017cynowo)<\/p>\n<!-- \/wp:paragraph --><\/div><\/div>\n<!-- \/wp:media-text -->\n<!-- \/wp:ub\/content-toggle-panel-block -->\n<!-- \/wp:ub\/content-toggle-block -->\n\n<!-- wp:ub\/content-toggle-block {\"blockID\":\"7ba58206-48fb-4576-b72e-3ec4aee6e70e\",\"theme\":\"#f1f1f1\",\"collapsed\":true,\"titleColor\":\"#000000\"} -->\n<!-- wp:ub\/content-toggle-panel-block {\"parentID\":\"7ba58206-48fb-4576-b72e-3ec4aee6e70e\",\"theme\":\"#f1f1f1\",\"collapsed\":true,\"titleColor\":\"#000000\",\"panelTitle\":\"Br\u0105zowe\"} -->\n<!-- wp:paragraph -->\n<p><\/p>\n<!-- \/wp:paragraph -->\n\n<!-- wp:media-text {\"align\":\"\",\"mediaId\":30179,\"mediaLink\":\"https:\/\/olimpijski.pl\/igrzyska_letnie\/atlanta-1996\/1996_atlanta_braz_200\/#main\",\"mediaType\":\"image\",\"mediaWidth\":20} -->\n<div class=\"wp-block-media-text is-stacked-on-mobile\" style=\"grid-template-columns:20% auto\"><figure class=\"wp-block-media-text__media\"><img src=\"https:\/\/olimpijski.pl\/wp-content\/uploads\/1996\/06\/1996_Atlanta_braz_200.jpg\" alt=\"\" class=\"wp-image-30179\"\/><\/figure><div class=\"wp-block-media-text__content\"><!-- wp:paragraph -->\n<p><strong>Marek Markiewicz<\/strong><br>(kajakarstwo, K1 na 500 m)<\/p>\n<!-- \/wp:paragraph -->\n\n<!-- wp:paragraph -->\n<p><strong>Iwona Dzi\u0119cio\u0142, Katarzyna Klata, Joanna Nowicka<\/strong><br>(\u0142ucznictwo, turniej dru\u017cynowy)<\/p>\n<!-- \/wp:paragraph -->\n\n<!-- wp:paragraph -->\n<p><strong>Andrzej Cofalik<\/strong><br>(podnoszenie ci\u0119\u017car\u00f3w - 83 kg)<\/p>\n<!-- \/wp:paragraph -->\n\n<!-- wp:paragraph -->\n<p><strong>Renata Mauer<\/strong><br>(strzelectwo, karabin standard)<\/p>\n<!-- \/wp:paragraph -->\n\n<!-- wp:paragraph -->\n<p><strong>J\u00f3zef Tracz<\/strong><br>(zapasy, styl klasyczny - 74 kg)<\/p>\n<!-- \/wp:paragraph --><\/div><\/div>\n<!-- \/wp:media-text -->\n<!-- \/wp:ub\/content-toggle-panel-block -->\n<!-- \/wp:ub\/content-toggle-block -->\n\n<!-- wp:paragraph -->\n<p><\/p>\n<!-- \/wp:paragraph -->\n\n<!-- wp:quote {\"className\":\"is-style-default\"} -->\n<blockquote class=\"wp-block-quote is-style-default\"><p>Bohaterami reprezentacji byli polscy zapa\u015bnicy, kt\u00f3rzy odnie\u015bli najwi\u0119kszy sukces w historii start\u00f3w olimpijskich, zdobywaj\u0105c 3 z\u0142ote medale.<\/p><p>W programie rywalizacji znalaz\u0142y si\u0119 po raz pierwszy: siatk\u00f3wka pla\u017cowa, kolarstwo g\u00f3rskie, pi\u0142ka no\u017cna kobiet oraz softball&nbsp; kobiet. Po raz pierwszy na igrzyskach pojawi\u0142y si\u0119 reprezentacje: Azerbejd\u017canu, Burundi, Dominikany, Gwinei Bissau, Komor\u00f3w, Macedonii, Nauru, Palestyny, Republiki Zielonego Przyl\u0105dka, Saint Kitts i Nevis, Saint Lucia, Wyspy \u015bw. Tomasza i ksi\u0105\u017c\u0119cej, Tad\u017cykistanu i Turkmenistanu.<\/p><\/blockquote>\n<!-- \/wp:quote -->","post_title":"Atlanta 1996","post_excerpt":"","post_status":"publish","comment_status":"closed","ping_status":"closed","post_password":"","post_name":"atlanta-1996","to_ping":"","pinged":"","post_modified":"2020-10-02 12:55:26","post_modified_gmt":"2020-10-02 10:55:26","post_content_filtered":"","post_parent":0,"guid":"https:\/\/wai-q98d7hpf9hy9k.wpallimport-demo.qsandbox.me\/olympics_summer\/atlanta-1996\/","menu_order":0,"post_type":"olympics_summer","post_mime_type":"","comment_count":"0","filter":"raw"}],"competitions_rewards":[{"competition":[{"ID":5652,"post_author":"1","post_date":"2020-06-19 11:31:55","post_date_gmt":"2020-06-19 09:31:55","post_content":"","post_title":"Judo - 66 kg","post_excerpt":"","post_status":"publish","comment_status":"closed","ping_status":"closed","post_password":"","post_name":"66-kg","to_ping":"","pinged":"","post_modified":"2020-07-22 11:19:54","post_modified_gmt":"2020-07-22 09:19:54","post_content_filtered":"","post_parent":5857,"guid":"https:\/\/wai-q7byvryhhcz9k.wpallimport-demo.qsandbox.me\/competition\/66-kg\/","menu_order":0,"post_type":"competition","post_mime_type":"","comment_count":"0","filter":"raw"}],"reward":{"value":"2","label":"Srebrny"}}]}],"picture":{"ID":32529,"id":32529,"title":"Aneta-Szczepan\u2560\u00fcska_Atlanta'96","filename":"Aneta-Szczepan\u2560uska_Atlanta96.jpg","filesize":58636,"url":"https:\/\/olimpijski.pl\/wp-content\/uploads\/2020\/06\/Aneta-Szczepan\u2560uska_Atlanta96.jpg","link":"https:\/\/olimpijski.pl\/en\/olimpijczycy\/aneta-maria-szczepanska\/aneta-szczepan%e2%95%a0uska_atlanta96\/#main","alt":"","author":"15","description":"","caption":"","name":"aneta-szczepan%e2%95%a0uska_atlanta96","status":"inherit","uploaded_to":15126,"date":"2020-10-09 07:45:04","modified":"2020-10-09 07:45:04","menu_order":0,"mime_type":"image\/jpeg","type":"image","subtype":"jpeg","icon":"https:\/\/olimpijski.pl\/wp-includes\/images\/media\/default.png","width":503,"height":630,"sizes":{"thumbnail":"https:\/\/olimpijski.pl\/wp-content\/uploads\/2020\/06\/Aneta-Szczepan\u2560uska_Atlanta96-150x150.jpg","thumbnail-width":150,"thumbnail-height":150,"medium":"https:\/\/olimpijski.pl\/wp-content\/uploads\/2020\/06\/Aneta-Szczepan\u2560uska_Atlanta96-240x300.jpg","medium-width":240,"medium-height":300,"medium_large":"https:\/\/olimpijski.pl\/wp-content\/uploads\/2020\/06\/Aneta-Szczepan\u2560uska_Atlanta96.jpg","medium_large-width":503,"medium_large-height":630,"large":"https:\/\/olimpijski.pl\/wp-content\/uploads\/2020\/06\/Aneta-Szczepan\u2560uska_Atlanta96.jpg","large-width":503,"large-height":630,"1536x1536":"https:\/\/olimpijski.pl\/wp-content\/uploads\/2020\/06\/Aneta-Szczepan\u2560uska_Atlanta96.jpg","1536x1536-width":503,"1536x1536-height":630,"2048x2048":"https:\/\/olimpijski.pl\/wp-content\/uploads\/2020\/06\/Aneta-Szczepan\u2560uska_Atlanta96.jpg","2048x2048-width":503,"2048x2048-height":630,"ultp_layout_landscape_large":"https:\/\/olimpijski.pl\/wp-content\/uploads\/2020\/06\/Aneta-Szczepan\u2560uska_Atlanta96.jpg","ultp_layout_landscape_large-width":503,"ultp_layout_landscape_large-height":630,"ultp_layout_landscape":"https:\/\/olimpijski.pl\/wp-content\/uploads\/2020\/06\/Aneta-Szczepan\u2560uska_Atlanta96-503x570.jpg","ultp_layout_landscape-width":503,"ultp_layout_landscape-height":570,"ultp_layout_portrait":"https:\/\/olimpijski.pl\/wp-content\/uploads\/2020\/06\/Aneta-Szczepan\u2560uska_Atlanta96.jpg","ultp_layout_portrait-width":503,"ultp_layout_portrait-height":630,"ultp_layout_square":"https:\/\/olimpijski.pl\/wp-content\/uploads\/2020\/06\/Aneta-Szczepan\u2560uska_Atlanta96-503x600.jpg","ultp_layout_square-width":503,"ultp_layout_square-height":600}},"firstname":"Aneta Maria","lastname":"Szczepa\u0144ska","birthdate_date":"20\/08\/1974","birthdate":"20 sierpnia 1974","deathdate_date":"","deathdate":"","placeofbirth":"W\u0142oc\u0142awek","club":"OSiR Wroc\u0142aw","coach":"Roman Stawisi\u0144ski","metrics":"170 cm \/ 65 kg","seolink":"szczepanska-aneta-maria","tmp_old_id":"14810","tmp_old_fid":"294","tmp_old_parent_id":"15544","createdate":"24\/01\/2014","tmp_old_title":"Szczepa\u0144ska Aneta Maria","tmp_old_lead":"","tmp_old_body":"<p class=\"title-m-02\">SZCZEPA\u0143SKA ANETA MARIA<\/p><p><strong>nauczycielka wf, trenerka, judoczka z \"w\u0142oc\u0142awskiego Harlemu\", srebrna medalistka olimpijska z Atlanty (1996).<br\/><\/strong><br\/>Urodzona 20 sierpnia 1974 we W\u0142oc\u0142awku (ul. Piekarsk\u0105, gdzie si\u0119 wychowa\u0142a nazywan\u0105 miejscowym \"Harlemem\"), c\u00f3rka Artura i Danuty, absolwentka miejscowego Zespo\u0142u Szk\u00f3\u0142 Chemicznych (1997) i gda\u0144skiej AWF (2001), gdzie otrzyma\u0142a tytu\u0142 magistra wf. Judoczka (170 cm, 65 kg) w\u0142oc\u0142awskiego klubu: OSiR i Olimpijczyk (od 1986). B\u0119d\u0105c uczennic\u0105 Szko\u0142y Podstawowej nr 3 im. M. Kopernika, jako 12-letnia dziewczynka, sympatyzowa\u0142a z\u00a0boksem i kick-boxingiem (sporty walki), potem chciano j\u0105 zapisa\u0107 do szko\u0142y sportowej specjalizuj\u0105cej si\u0119 w lekkoatletyce, ale prawdziwa sportowa przygoda zacz\u0119\u0142a si\u0119 zupe\u0142nie niespodziewanie i przypadkowo. Zauroczona zosta\u0142a bia\u0142ymi kimonami, kolorowymi pasami i rytualnymi gestami powita\u0144 przez s\u0105siada, prawnika i wielkiego entuzjast\u0119 judo Romana Stawisi\u0144skiego, kt\u00f3ry zosta\u0142 jej trenerem i tzw. autorytetem absolutnym (st\u0105d nie zawsze p\u00f3\u017aniej dobrze uk\u0142ada\u0142a si\u0119 wsp\u00f3\u0142praca zawodniczki z trenerami kadry narodowej). Zdolna, pracowita, szybko i systematycznie wzbogaca\u0142a swoje umiej\u0119tno\u015bci techniczne, kt\u00f3re w po\u0142\u0105czeniu z koncentracj\u0105 i - jak sama m\u00f3wi\u0142a - \"zapalczywo\u015bci\u0105\" w walce, dawa\u0142y coraz lepsze wyniki najpierw w\u015br\u00f3d kadetek, potem juniorek i wreszcie seniorek. Wielk\u0105 szans\u0119 (m\u00f3wiono, \u017ce troch\u0119 na kredyt i wyrost) dali jej szkoleniowcy w\u0142\u0105czaj\u0105c do reprezentacyjnej ekipy na M\u015a w 1995. Jak si\u0119 okaza\u0142o, by\u0142a to udana i op\u0142acalna inwestycja. W\u0142oc\u0142awianka po raz pierwszy udowodni\u0142a, \u017ce na wielkich presti\u017cowych zawodach potrafi si\u0119 skoncentrowa\u0107 i umiej\u0119tnie wykorzysta\u0107 wszystkie walory techniczne, kt\u00f3re zdecydowanie wyr\u00f3\u017cnia\u0142y j\u0105 spo\u015br\u00f3d rywalek. Potwierdzi\u0142 to start olimpijski w Atlancie (1996). Polka zdoby\u0142a <strong>srebrny medal<\/strong> i ma wielki do siebie...\u00a0\u017cal. <em>- W fina\u0142owej walce z Koreank\u0105 Cho prowadzi\u0142am przez yuko i d\u0142ugo utrzymywa\u0142am przewag\u0119 - wspomina. - Mog\u0142am to wygra\u0107. By\u0142 taki moment, tu\u017c przez jej akcj\u0105, gdy prawie pada\u0142am, przymierzy\u0142am si\u0119 do rzutu na plecy. Nabra\u0142am j\u0105 i gdybym z wi\u0119ksz\u0105 wiar\u0105 posz\u0142a do przodu, silniej wstawi\u0142a pod ni\u0105 biodro, wygra\u0142abym walk\u0119 przed czasem. Do diab\u0142a, tak niewiele brakowa\u0142<\/em>o - dodaje z przek\u0105sem wicemistrzyni olimpijska, kt\u00f3ra dwa lata po tym sukcesie nabawi\u0142a si\u0119 kontuzji (operacja w klinice prof. Schenka w Austrii), a p\u00f3\u017aniej nie zakwalifikowa\u0142a si\u0119 do startu w kolejnych igrzyskach na Antypodach (2000).\u00a0Br\u0105zowa medalistka M\u015a (1995), srebrna i br\u0105zowa (2) medalistka dru\u017cynowych ME (1994, 1995, 1996), 6-krotna mistrzyni kraju w kat. 66 kg (1993, 1994, 1996-1998, 2002).\u00a0Trenuje, startuje, odk\u0142ada na p\u00f3\u017aniej ma\u0142\u017ce\u0144stwo i urodzenie dziecka. Odznaczona Z\u0142otym Krzy\u017cem Zas\u0142ugi. Mieszka we W\u0142oc\u0142awku.<br\/><br\/>\u00a0Bibl.: G\u0142uszek, Leksykon 1999, s. 339 (tu b\u0142\u0119dny miesi\u0105c urodzenia 20 czerwca); Pawlak, Olimpijczycy, s. 251; Du\u0144ski, Od Pary\u017ca, s. 886-887 (tu b\u0142\u0119dnie imi\u0119 matki - Donata); Ja\u015bniok K., Zatrzymana w kadrze, \"PS\" 1996, nr 156.<br\/><strong>*1996 Atlanta: w. \u015brednia 66 kg<\/strong> - w pierwszej kolejce wyci\u0105gn\u0119\u0142a wolny los, w drugiej wygra\u0142a z N. Nguema (Gabon), w trzeciej pokona\u0142a R. Sweatman (W. Brytania), w p\u00f3\u0142fin. zwyci\u0119\u017cy\u0142a A. Dubois (Francja) i w finale uleg\u0142a M. Cho (Korea) <strong>zdobywaj\u0105c srebrny medal<\/strong>.<br\/><\/p><!-- history --><table width=\"85%\" style=\"text-align:right\" border=\"0\" cellspacing=\"0\" cellpadding=\"0\">  <tr>    <td align=\"right\" class=\"box3-title\"><a href=\"javascript:history.back()\">\u00ab powr\u00f3t do listy<\/a><\/td>  <\/tr><\/table>","tmp_old_body_img":false,"tmp_old_lead_img":false,"picture_medalists":false,"important":"","person_achivments":""},"_links":{"self":[{"href":"https:\/\/olimpijski.pl\/en\/wp-json\/wp\/v2\/person\/15126"}],"collection":[{"href":"https:\/\/olimpijski.pl\/en\/wp-json\/wp\/v2\/person"}],"about":[{"href":"https:\/\/olimpijski.pl\/en\/wp-json\/wp\/v2\/types\/person"}],"version-history":[{"count":2,"href":"https:\/\/olimpijski.pl\/en\/wp-json\/wp\/v2\/person\/15126\/revisions"}],"predecessor-version":[{"id":32532,"href":"https:\/\/olimpijski.pl\/en\/wp-json\/wp\/v2\/person\/15126\/revisions\/32532"}],"wp:attachment":[{"href":"https:\/\/olimpijski.pl\/en\/wp-json\/wp\/v2\/media?parent=15126"}],"curies":[{"name":"wp","href":"https:\/\/api.w.org\/{rel}","templated":true}]}}