{"id":15144,"date":"2020-06-24T16:51:54","date_gmt":"2020-06-24T14:51:54","guid":{"rendered":"http:\/\/pkol.local\/person\/irena-szydlowska\/"},"modified":"2020-10-06T14:47:40","modified_gmt":"2020-10-06T12:47:40","slug":"irena-szydlowska","status":"publish","type":"person","link":"https:\/\/olimpijski.pl\/en\/olimpijczycy\/irena-szydlowska\/","title":{"rendered":"Irena Szyd\u0142owska"},"content":{"rendered":"<p class=\"title-m-02\">SZYD\u0141OWSKA IRENA (1928-1983)<\/p>\n<table border=\"0\" cellspacing=\"0\" cellpadding=\"0\" align=\"LEFT\">\n<tbody>\n<tr>\n<td class=\"photo-td-01\">\n<table border=\"0\" cellspacing=\"0\" cellpadding=\"0\">\n<tbody>\n<tr>\n<td><img loading=\"lazy\" decoding=\"async\" src=\"\/pl\/soczi2014\/files\/old\/i\/olimpijczycy\/Szydlowska_Irena_m.jpg\" alt=\"SZYD\u0141OWSKA IRENA \" width=\"50\" height=\"50\" border=\"0\" \/><\/td>\n<\/tr>\n<\/tbody>\n<\/table>\n<\/td>\n<\/tr>\n<\/tbody>\n<\/table>\n<p><strong>technik budowlany, trener, \u0142uczniczka\u00a0ze Lwowa, mistrzyni i\u00a0rekordzistka \u015bwiata, srebrna medalistka olimpijska z\u00a0Monachium (1972).<br \/>\n<\/strong><br \/>\nUrodzona 28 stycznia 1928 we Lwowie (c\u00f3rka Stanis\u0142awa znanego w\u00a0tym mie\u015bcie s\u0119dziego i\u00a0dzia\u0142acza pi\u0142karskiego), wojn\u0119 prze\u017cy\u0142a w\u00a0Warszawie (cz\u0142onek Szarych Szereg\u00f3w), gdzie uko\u0144czy\u0142a Gimnazjum im. T. Rejtana i\u00a0trzyletni\u0105 pomaturaln\u0105 Pa\u0144stwow\u0105 Szko\u0142\u0119 Techniczn\u0105 (1959). W\u00a0stolicy te\u017c (1946) zainteresowa\u0142a si\u0119 sportem (YMCA). Zacz\u0119\u0142a od\u00a0p\u0142ywania (startowa\u0142a m.in. w\u00a0akademickich mistrzostwach Polski we Wroc\u0142awiu), potem zasmakowa\u0142a w\u00a0siatk\u00f3wce (awansowa\u0142a nawet do\u00a0&#8220;sz\u00f3stki&#8221; I-ligowego zespo\u0142u Budowlanych Warszawa), ale\u00a0nie obce jej by\u0142y r\u00f3wnie\u017c wyczyny szybowcowe (Gostynin, Stara Mi\u0142osna) i\u00a0trening wio\u015blarski pod okiem olimpijczyka Edwarda Kobyli\u0144skiego (tu nawet interweniowa\u0142 ojciec, kt\u00f3ry ba\u0142 si\u0119, \u017ce\u00a0c\u00f3rka\u00a0nadmiernie rozro\u015bnie si\u0119 w\u00a0ramionach). Kiedy pod okiem trenera Feliksa \u017bbikowskiego rozpoczyna\u0142a w\u00a0sto\u0142ecznej Syrenie (1959-1967) przygod\u0119 z\u00a0\u0142ucznictwem (potem zawodniczka Marymontu oraz\u00a0Drukarza Warszawa 1968-1974 i\u00a0Spo\u0142em \u0141\u00f3d\u017a 1975-1977) mia\u0142a ju\u017c\u00a031 lat, a\u00a0kiedy zdobywa\u0142a medal olimpijski w\u00a0Monachium lat 44.\u00a0Ale sta\u0142o si\u0119 to\u00a0mo\u017cliwe, gdy\u017c jak podkre\u015blali publicy\u015bci tamtych lat &#8220;Szyd\u0142owska by\u0142a jedn\u0105 z\u00a0ostatnich przedstawicielek odchodz\u0105cej w\u00a0przesz\u0142o\u015b\u0107 generacji, dla\u00a0kt\u00f3rej sport jest \u015bwi\u0119to\u015bci\u0105 i\u00a0rytua\u0142em, nami\u0119tno\u015bci\u0105 i\u00a0sensem \u017cycia, a\u00a0stadion \u015bwi\u0105tyni\u0105&#8221;. I tylko dlatego, to\u00a0co wydawa\u0142o si\u0119 szale\u0144stwem, przedsi\u0119wzi\u0119ciem z\u00a0g\u00f3ry skazanym na\u00a0kl\u0119sk\u0119 (powr\u00f3t do\u00a0wielkiego wyczynu w\u00a0innej dyscyplinie sportu),\u00a0zako\u0144czy\u0142o si\u0119 sukcesem.<\/p>\n<p>Warszawska \u0142uczniczka zdoby\u0142a: <strong>4-krotnie tytu\u0142 mistrzyni Polski<\/strong> w\u00a0wieloboju ind. \u01412AB (1963, 1964, 1966, 1970), <strong>2-krotnie tytu\u0142 mistrzyni \u015bwiata <\/strong>1967 Amersfoort (\u01412AB dru\u017c.), 1971 York (\u01412AB dru\u017c.), 2-krotnie br\u0105zowe medale M\u015a 1967 Amersfoort (\u01412AB ind. i\u00a02 x 70 m) oraz\u00a0srebrny medal ME 1970 Hradec Kralove (\u0141AB dru\u017c.). By\u0142a tak\u017ce 6-krotn\u0105 rekordzistk\u0105 \u015bwiata: 60 m &#8211; 317 pkt. (1970), \u0141AB ind. &#8211; 1229 pkt. (1971), 2 razy w\u00a0\u0141AB dru\u017c. &#8211; do\u00a03518 pkt. (1971), 2 razy w\u00a0\u01412AB dru\u017c. &#8211; do\u00a06907 pkt. (1971). Intensywny trening mistrzyni coraz cz\u0119\u015bciej niestety przerywany by\u0142 kontuzjami, a\u017c wreszcie &#8220;problem \u0142okcia&#8221; postanowiono (zima 1971) rozstrzygn\u0105\u0107 operacyjnie (szpital przy ul Barskiej, dr Jerzy Moskwa). To\u00a0sprawi\u0142o, \u017ce\u00a0przez\u00a0pierwsze cztery miesi\u0105ce roku olimpijskiego (1972) Szyd\u0142owska nie trenowa\u0142a. Na mistrzostwach Polski by\u0142a dopiero pi\u0105ta. To, \u017ce\u00a0na\u00a0igrzyska pojecha\u0142a, zawdzi\u0119cza\u0142a wy\u0142\u0105cznie trenerowi kadry (od 1969) Tadeuszowi Purzyckiemu.<\/p>\n<p>Zaufa\u0142 swojej podopiecznej. 10 wrze\u015bnia 1972 (fina\u0142 igrzysk, kiedy z\u0142ote medale zdobyli polscy pi\u0142karze i\u00a0bokser Jan Szczepa\u0144ski) stoczy\u0142a ona pasjonuj\u0105cy b\u00f3j o\u00a0zwyci\u0119stwo (zd\u0105\u017cy\u0142a przed wielk\u0105 ulew\u0105 podczas kt\u00f3rej grali pi\u0142karze). Amerykanka Dooren Wilber by\u0142a poza zasi\u0119giem naszej mistrzyni, kt\u00f3ra jednak zdecydowanie i\u00a0w pi\u0119knym stylu pokona\u0142a na\u00a0finiszu dwie zawodniczki radzieckie Emm\u0119 Gapczenko i\u00a0Katewan Losaberidze zdobywaj\u0105c srebrny medal! By\u0142 to\u00a0wspania\u0142y dzie\u0144 polskich olimpijczyk\u00f3w w\u00a0Monachium (srebrny medal kilka godzin po Szyd\u0142owskiej zdoby\u0142 tak\u017ce bokser Wies\u0142aw Rudkowski). Po zako\u0144czeniu kariery zawodniczej &#8211; dzia\u0142aczka (Drukarz, PKOl) i\u00a0trenerka (nauczycielka dzieci). Mistrzyni Sportu (1966). Odznaczona m. in. czterokrotnie z\u0142otym Medalem za Wybitne Osi\u0105gni\u0119cia Sportowe i\u00a0Krzy\u017cem Kawalerskim OOP (1972). Zmar\u0142a w\u00a0Warszawie 14 sierpnia 1983.<\/p>\n<p><strong>*1972 Monachium: 4-b\u00f3j ind.<\/strong> &#8211; 2. na\u00a040 start. z\u00a0wynikiem 2407 pkt. , dystans 70 m: 283 i\u00a0267, 60 m: 322 i\u00a0300, 50 m: 289 i\u00a0287, 30 m: 330 i\u00a0329 (zw. D. Wilber USA &#8211; 2424 pkt. , dystans 70 m: 277 i\u00a0288, 60 m: 298 i\u00a0319, 50 m: 287 i\u00a0285, 30 m: 336 i\u00a0334) &#8211; <strong>zdobywaj\u0105c srebrny medal<\/strong>.<br \/>\n<strong>*1976 Montreal: 4-b\u00f3j ind<\/strong>. &#8211; 20. na\u00a027 start. z\u00a0wynikiem 2264 pkt., dystans 70 m: 278 i\u00a0257, 60 m: 293 i\u00a0283, 50 m: 238 i\u00a0268, 30 m: 318 i\u00a0329 (zw. L. Ryon USA &#8211; 2499 pkt., dystans 70 m: 276 i\u00a0302, 60 m: 301 i\u00a0324, 50 m: 307 i\u00a0311, 30 m: 333 i\u00a0345).<\/p>\n<p><em>Bibl.: G\u0142uszek, Leksykon 1999, s. 344-345; Pawlak, Olimpijczycy, s. 257 (tu b\u0142\u0119dnie: m\u0119\u017catka, jedno dziecko); MES, t. 2, s. 527; Iskier przewodnik, s. 341; Bogusz, \u0141\u00f3dzcy olimpijczycy, s. 152-153; Kronika sportu, s. 942; Ksi\u0119ga sportu, s. 255, 257, 260, 503; Du\u0144ski, Od Pary\u017ca, s. 917-918; Porada, Igrzyska, s. 887, 901; Sportowcy XXX &#8211; lecia, s. 286-292; Zawi\u015bla\u0144ski, 50 lat sportu \u0142uczniczego, s. 259 i\u00a0dalsze.\u00a0<\/em><\/p>\n<p><!-- history --><\/p>\n<table style=\"text-align: right; width: 85%;\" border=\"0\" cellspacing=\"0\" cellpadding=\"0\">\n<tbody>\n<tr>\n<td class=\"box3-title\" align=\"right\"><\/td>\n<\/tr>\n<\/tbody>\n<\/table>\n","protected":false},"excerpt":{"rendered":"<p>SZYD\u0141OWSKA IRENA (1928-1983) technik budowlany, trener, \u0142uczniczka\u00a0ze Lwowa, mistrzyni i\u00a0rekordzistka \u015bwiata, srebrna medalistka olimpijska z\u00a0Monachium (1972). Urodzona 28 stycznia 1928 we Lwowie<\/p>\n","protected":false},"featured_media":21582,"menu_order":103,"template":"","meta":{"_acf_changed":false,"ub_ctt_via":"","footnotes":""},"class_list":["post-15144","person","type-person","status-publish","has-post-thumbnail","hentry","infinite-scroll-item","no-featured-image-padding","resize-featured-image"],"acf":{"olimpic_information":[{"olimpic":[{"ID":301,"post_author":"1","post_date":"1972-06-17 13:34:45","post_date_gmt":"1972-06-17 12:34:45","post_content":"<!-- wp:heading {\"level\":1,\"className\":\"main-title\"} -->\n<h1 class=\"main-title\"><strong>Igrzyska XX Olimpiady<\/strong><br>Monachium 1972<\/h1>\n<!-- \/wp:heading -->\n\n<!-- wp:paragraph -->\n<p><br><\/p>\n<!-- \/wp:paragraph -->\n\n<!-- wp:image {\"align\":\"left\",\"id\":19334,\"sizeSlug\":\"large\",\"className\":\"is-style-default\"} -->\n<div class=\"wp-block-image is-style-default\"><figure class=\"alignleft size-large\"><img src=\"https:\/\/olimpijski.pl\/wp-content\/uploads\/1972\/06\/monachium1972.png\" alt=\"\" class=\"wp-image-19334\"\/><\/figure><\/div>\n<!-- \/wp:image -->\n\n<!-- wp:list -->\n<ul><li>Igrzyska rozegrano w dniach <strong>26 sierpnia \u2013 11 wrze\u015bnia<\/strong>.<\/li><li>Wystartowa\u0142o <strong>7132<\/strong> zawodnik\u00f3w (w tym <strong>1058<\/strong> kobiet) ze <strong>121<\/strong> kraj\u00f3w.<\/li><li>Rozdano <strong>195<\/strong> komplet\u00f3w medali.<\/li><li>Przysi\u0119g\u0119 olimpijsk\u0105 w imieniu sportowc\u00f3w z\u0142o\u017cy\u0142a lekkoatletka <strong>Heidi Schueller<\/strong>, natomiast w imieniu s\u0119dzi\u00f3w i trener\u00f3w \u2013 po raz pierwszy w historii igrzysk \u2013 <strong>Heinz Pollay<\/strong>.<\/li><li>Znicz olimpijski zapali\u0142 lekkoatleta specjalizuj\u0105cy si\u0119 w biegach na \u015brednich dystansach <strong>Guenther Zahn<\/strong>.<\/li><li>Igrzyska otworzy\u0142 <strong>prezydent RFN Gustav Heinemann<\/strong>.<\/li><\/ul>\n<!-- \/wp:list -->\n\n<!-- wp:heading -->\n<h2><strong>Program Igrzysk \u2013 23 dyscypliny, 195 konkurencji<\/strong><\/h2>\n<!-- \/wp:heading -->\n\n<!-- wp:paragraph -->\n<p>boks (11 konkurencji), gimnastyka (14), hokej na trawie (1), je\u017adziectwo (6), judo (6), kajakarstwo (11), kolarstwo (7), koszyk\u00f3wka (1), lekkoatletyka (38), \u0142ucznictwo (2), pi\u0119ciob\u00f3j nowoczesny (2), pi\u0142ka no\u017cna (1), pi\u0142ka r\u0119czna (1), pi\u0142ka siatkowa (2), pi\u0142ka wodna (1), p\u0142ywanie (29), podnoszenie ci\u0119\u017car\u00f3w (9), skoki do wody (4), strzelectwo (8), szermierka (8), wio\u015blarstwo (7), zapasy (20), \u017ceglarstwo (6).<\/p>\n<!-- \/wp:paragraph -->\n\n<!-- wp:heading -->\n<h2><strong>Gwiazda Igrzysk<\/strong><\/h2>\n<!-- \/wp:heading -->\n\n<!-- wp:paragraph -->\n<p><strong>Mark Spitz<\/strong> (USA, p\u0142ywanie) \u2013 7 z\u0142otych medali<\/p>\n<!-- \/wp:paragraph -->\n\n<!-- wp:heading -->\n<h2><strong>Polska Reprezentacja Olimpijska<\/strong><\/h2>\n<!-- \/wp:heading -->\n\n<!-- wp:paragraph -->\n<p><strong>309 os\u00f3b<\/strong> (startowa\u0142o 290 \u2013 37 kobiet i 253 m\u0119\u017cczyzn) w 22 sportach: 11 bokser\u00f3w, 14 gimnastyk\u00f3w (w tym 7 kobiet; 12 startowa\u0142o + 1 rez., 1 nie), 18 hokeist\u00f3w na trawie (17 startowa\u0142o + 1 rez.), 9 je\u017ad\u017ac\u00f3w (8 startowa\u0142o + 1 rez.), 4 judok\u00f3w, 25 kajakarzy (w tym 4 kobiety; 23 startowa\u0142o + 1 rez.), 14 kolarzy (12 startowa\u0142o + 2 rez.), 12 koszykarzy, 49 lekkoatlet\u00f3w (w tym 18 kobiet; 45 startowa\u0142o, 4 rez.), 4 \u0142ucznik\u00f3w (w tym 3 kobiety), 4 pi\u0119cioboist\u00f3w (3 start + 1 rez.), 19 pi\u0142karzy (17 startowa\u0142o + 2 rez.), 16 pi\u0142karzy r\u0119cznych (15 startowa\u0142o + 1 rez.), 12 siatkarzy, 5 p\u0142ywak\u00f3w, 3 skoczk\u00f3w do wody (w tym 2 kobiety), 9 ci\u0119\u017carowc\u00f3w, 13 strzelc\u00f3w (w tym 1 kobieta), 20 szermierzy (w tym 5 kobiet), 18 wio\u015blarzy (16 startowa\u0142o + 2 rez.), 18 zapa\u015bnik\u00f3w, 13 \u017ceglarzy (11 startowa\u0142o + 2 rez.).<\/p>\n<!-- \/wp:paragraph -->\n\n<!-- wp:paragraph -->\n<p>Chor\u0105\u017cym reprezentacji Polski by\u0142 po raz trzeci ci\u0119\u017carowiec <strong>Waldemar Baszanowski<\/strong>.<\/p>\n<!-- \/wp:paragraph -->\n\n<!-- wp:heading -->\n<h2><strong>Klasyfikacja medalowa<\/strong><\/h2>\n<!-- \/wp:heading -->\n\n<!-- wp:table {\"hasFixedLayout\":true,\"className\":\"is-style-stripes\"} -->\n<figure class=\"wp-block-table is-style-stripes\"><table class=\"has-fixed-layout\"><tbody><tr><td><\/td><td><\/td><td class=\"has-text-align-center\" data-align=\"center\">&nbsp;<\/td><td class=\"has-text-align-center\" data-align=\"center\">&nbsp;<\/td><td class=\"has-text-align-center\" data-align=\"center\">&nbsp;<\/td><td class=\"has-text-align-center\" data-align=\"center\">&nbsp;<\/td><\/tr><tr><td>&nbsp;<\/td><td>&nbsp;<\/td><td class=\"has-text-align-center\" data-align=\"center\">&nbsp;<\/td><td class=\"has-text-align-center\" data-align=\"center\"><img class=\"wp-image-27817\" style=\"width: 50px;\" src=\"https:\/\/olimpijski.pl\/wp-content\/uploads\/2016\/06\/2016_Rio_zloty_50x50.jpg\" alt=\"\"><\/td><td class=\"has-text-align-center\" data-align=\"center\"><img class=\"wp-image-27819\" style=\"width: 50px;\" src=\"https:\/\/olimpijski.pl\/wp-content\/uploads\/2016\/06\/2016_Rio_sreb_50x50.jpg\" alt=\"\"><\/td><td class=\"has-text-align-center\" data-align=\"center\"><img class=\"wp-image-27821\" style=\"width: 50px;\" src=\"https:\/\/olimpijski.pl\/wp-content\/uploads\/2016\/06\/2016_Rio_braz_50x50.jpg\" alt=\"\"><\/td><\/tr><tr><td>1.<\/td><td>ZSRR<\/td><td class=\"has-text-align-center\" data-align=\"center\">99<\/td><td class=\"has-text-align-center\" data-align=\"center\">50<\/td><td class=\"has-text-align-center\" data-align=\"center\">27<\/td><td class=\"has-text-align-center\" data-align=\"center\">22<\/td><\/tr><tr><td>2.<\/td><td>USA<\/td><td class=\"has-text-align-center\" data-align=\"center\">94<\/td><td class=\"has-text-align-center\" data-align=\"center\">33<\/td><td class=\"has-text-align-center\" data-align=\"center\">31<\/td><td class=\"has-text-align-center\" data-align=\"center\">30<\/td><\/tr><tr><td>3.<\/td><td>NRD<\/td><td class=\"has-text-align-center\" data-align=\"center\">66<\/td><td class=\"has-text-align-center\" data-align=\"center\">20<\/td><td class=\"has-text-align-center\" data-align=\"center\">23<\/td><td class=\"has-text-align-center\" data-align=\"center\">23<\/td><\/tr><tr><td>...<\/td><td>&nbsp;<\/td><td class=\"has-text-align-center\" data-align=\"center\">&nbsp;<\/td><td class=\"has-text-align-center\" data-align=\"center\">&nbsp;<\/td><td class=\"has-text-align-center\" data-align=\"center\">&nbsp;<\/td><td class=\"has-text-align-center\" data-align=\"center\">&nbsp;<\/td><\/tr><tr><td><strong>7.<\/strong><\/td><td><strong>Polska<\/strong><\/td><td class=\"has-text-align-center\" data-align=\"center\"><strong>21<\/strong><\/td><td class=\"has-text-align-center\" data-align=\"center\"><strong>7<\/strong><\/td><td class=\"has-text-align-center\" data-align=\"center\"><strong>5<\/strong><\/td><td class=\"has-text-align-center\" data-align=\"center\"><strong>9<\/strong><\/td><\/tr><\/tbody><\/table><\/figure>\n<!-- \/wp:table -->\n\n<!-- wp:heading -->\n<h2><strong>Medale dla Polski (21)<\/strong><\/h2>\n<!-- \/wp:heading -->\n\n<!-- wp:paragraph -->\n<p>z\u0142oty - W\u0142adys\u0142aw Komar (lekkoatletyka - pchni\u0119cie kul\u0105)<br>z\u0142oty - Witold Woyda (szermierka - turniej indywidualny florecist\u00f3w)<br>z\u0142oty - Jan Szczepa\u0144ski (boks - waga lekka)<br>z\u0142oty - Zygmunt Smalcerz (podnoszenie ci\u0119\u017car\u00f3w - waga 52 kg)<br>z\u0142oty - J\u00f3zef Zap\u0119dzki (strzelectwo - pistolet sylwetkowy)<br>z\u0142oty - Marek D\u0105browski, Arkadiusz Godel, Jerzy Kaczmarek, Lech Koziejowski i Witold Woyda (szermierka - turniej dru\u017cynowy florecist\u00f3w)<br>z\u0142oty - Zygmunt Anczok, Les\u0142aw \u0106mikiewicz, Kazimierz Deyna, Robert Gadocha, Zbigniew Gut, Jerzy Gorgo\u0144, Andrzej Jarosik, Kazimierz Kmiecik, Hubert Kostka, Jerzy Kraska, Grzegorz Lato, W\u0142odzimierz Luba\u0144ski, Joachim Marx, Zygmunt Maszczyk, Marian Ostafi\u0144ski, Marian Szeja, Zygfryd Szo\u0142tysik, Antoni Szymanowski i Ryszard Szymczak (pi\u0142ka no\u017cna)<\/p>\n<!-- \/wp:paragraph -->\n\n<!-- wp:paragraph -->\n<p>srebrny - Wies\u0142aw Rudkowski (boks - waga lekko\u015brednia)<br>srebrny - Antoni Zajkowski (judo - waga 71 kg)<br>srebrny - Norbert Ozimek (podnoszenie ci\u0119\u017car\u00f3w - waga 82,5 kg)<br>srebrny - Irena Szyd\u0142owska (\u0142ucznictwo - turniej indywidualny)<br>srebrny - Edward Barcik, Lucjan Lis, Stanis\u0142aw Szozda i Ryszard Szurkowski (kolarstwo - wy\u015bcig dru\u017cynowy na 100 km)<\/p>\n<!-- \/wp:paragraph -->\n\n<!-- wp:paragraph -->\n<p>br\u0105zowy - Leszek B\u0142a\u017cy\u0144ski (boks - waga musza)<br>br\u0105zowy - Janusz Gortat (boks - waga p\u00f3\u0142ci\u0119\u017cka)<br>br\u0105zowy - Irena Szewi\u0144ska (lekkoatletyka - bieg na 200 m)<br>br\u0105zowy - Ryszard Katus (lekkoatletyka - dziesi\u0119ciob\u00f3j)<br>br\u0105zowy - Kazimierz Lipie\u0144 (zapasy - styl klasyczny - waga 62 kg)<br>br\u0105zowy - Czes\u0142aw Kwieci\u0144ski (zapasy - styl klasyczny - waga 90 kg)<br>br\u0105zowy - Rafa\u0142 Piszcz i W\u0142adys\u0142aw Szuszkiewicz (kajakarstwo - wy\u015bcig K2 na 1000 m)<br>br\u0105zowy - Andrzej Bek i Benedykt Kocot (kolarstwo- torowy wy\u015bcig tandem\u00f3w)<br>br\u0105zowy - Zbigniew Kaczmarek (podnoszenie ci\u0119\u017car\u00f3w - waga 67,5 kg)<\/p>\n<!-- \/wp:paragraph -->\n\n<!-- wp:quote {\"className\":\"is-style-default\"} -->\n<blockquote class=\"wp-block-quote is-style-default\"><p>Bohaterem reprezentacji Polski by\u0142 szermierz Witold Woyda, zdobywca 2 z\u0142otych medali. Kolejny medal do swojej olimpijskiej kolekcji do\u0142o\u017cy\u0142a Irena Szewi\u0144ska. Wielkim sukcesem by\u0142o tak\u017ce z\u0142oto pi\u0142karskie podopiecznych legendarnego trenera Kazimierza G\u00f3rskiego.<br><br>W czasie igrzysk cz\u0142onkowie palesty\u0144skiej organizacji terrorystycznej Czarny Wrzesie\u0144 wzi\u0119li za zak\u0142adnik\u00f3w 11 cz\u0142onk\u00f3w ekipy izraelskiej. Zabili sportowc\u00f3w i trener\u00f3w oraz jednego policjanta. Pi\u0119ciu z o\u015bmiu terroryst\u00f3w zosta\u0142o zabitych podczas pr\u00f3by odbicia zak\u0142adnik\u00f3w, trzech pozosta\u0142ych schwytano.<\/p><\/blockquote>\n<!-- \/wp:quote -->","post_title":"Monachium 1972","post_excerpt":"","post_status":"publish","comment_status":"closed","ping_status":"closed","post_password":"","post_name":"monachium-1972","to_ping":"","pinged":"","post_modified":"2020-09-28 15:54:00","post_modified_gmt":"2020-09-28 13:54:00","post_content_filtered":"","post_parent":0,"guid":"https:\/\/wai-q98d7hpf9hy9k.wpallimport-demo.qsandbox.me\/olympics_summer\/monachium-1972\/","menu_order":0,"post_type":"olympics_summer","post_mime_type":"","comment_count":"0","filter":"raw"}],"competitions_rewards":[{"competition":[{"ID":5709,"post_author":"1","post_date":"2020-06-19 11:32:05","post_date_gmt":"2020-06-19 09:32:05","post_content":"","post_title":"\u0141ucznictwo - indywidualnie","post_excerpt":"","post_status":"publish","comment_status":"closed","ping_status":"closed","post_password":"","post_name":"indywidualnie","to_ping":"","pinged":"","post_modified":"2020-07-22 11:36:47","post_modified_gmt":"2020-07-22 09:36:47","post_content_filtered":"","post_parent":5862,"guid":"https:\/\/wai-q7byvryhhcz9k.wpallimport-demo.qsandbox.me\/competition\/indywidualnie\/","menu_order":0,"post_type":"competition","post_mime_type":"","comment_count":"0","filter":"raw"}],"reward":{"value":"2","label":"Srebrny"}}]}],"picture":{"ID":30870,"id":30870,"title":"Irena Szydlowska \u0142uki","filename":"Irena-Szydlowska-luki.jpg","filesize":175841,"url":"https:\/\/olimpijski.pl\/wp-content\/uploads\/2020\/06\/Irena-Szydlowska-luki.jpg","link":"https:\/\/olimpijski.pl\/en\/olimpijczycy\/irena-szydlowska\/irena-szydlowska-luki\/#main","alt":"","author":"15","description":"","caption":"","name":"irena-szydlowska-luki","status":"inherit","uploaded_to":15144,"date":"2020-10-06 12:45:54","modified":"2020-10-06 12:45:54","menu_order":0,"mime_type":"image\/jpeg","type":"image","subtype":"jpeg","icon":"https:\/\/olimpijski.pl\/wp-includes\/images\/media\/default.png","width":1857,"height":1008,"sizes":{"thumbnail":"https:\/\/olimpijski.pl\/wp-content\/uploads\/2020\/06\/Irena-Szydlowska-luki-150x150.jpg","thumbnail-width":150,"thumbnail-height":150,"medium":"https:\/\/olimpijski.pl\/wp-content\/uploads\/2020\/06\/Irena-Szydlowska-luki-300x163.jpg","medium-width":300,"medium-height":163,"medium_large":"https:\/\/olimpijski.pl\/wp-content\/uploads\/2020\/06\/Irena-Szydlowska-luki-768x417.jpg","medium_large-width":768,"medium_large-height":417,"large":"https:\/\/olimpijski.pl\/wp-content\/uploads\/2020\/06\/Irena-Szydlowska-luki-1024x556.jpg","large-width":1024,"large-height":556,"1536x1536":"https:\/\/olimpijski.pl\/wp-content\/uploads\/2020\/06\/Irena-Szydlowska-luki-1536x834.jpg","1536x1536-width":1536,"1536x1536-height":834,"2048x2048":"https:\/\/olimpijski.pl\/wp-content\/uploads\/2020\/06\/Irena-Szydlowska-luki.jpg","2048x2048-width":1857,"2048x2048-height":1008,"ultp_layout_landscape_large":"https:\/\/olimpijski.pl\/wp-content\/uploads\/2020\/06\/Irena-Szydlowska-luki-1200x800.jpg","ultp_layout_landscape_large-width":1200,"ultp_layout_landscape_large-height":800,"ultp_layout_landscape":"https:\/\/olimpijski.pl\/wp-content\/uploads\/2020\/06\/Irena-Szydlowska-luki-870x570.jpg","ultp_layout_landscape-width":870,"ultp_layout_landscape-height":570,"ultp_layout_portrait":"https:\/\/olimpijski.pl\/wp-content\/uploads\/2020\/06\/Irena-Szydlowska-luki-600x900.jpg","ultp_layout_portrait-width":600,"ultp_layout_portrait-height":900,"ultp_layout_square":"https:\/\/olimpijski.pl\/wp-content\/uploads\/2020\/06\/Irena-Szydlowska-luki-600x600.jpg","ultp_layout_square-width":600,"ultp_layout_square-height":600}},"firstname":"Irena","lastname":"Szyd\u0142owska","birthdate_date":"28\/01\/1928","birthdate":"28 stycznia 1928","deathdate_date":"14\/08\/1983","deathdate":"14 sierpnia 1983","placeofbirth":"Lw\u00f3w","club":"Syrena Warszawa, Marymont Warszawa, Drukarz Warszawa, Spo\u0142em \u0141\u00f3d\u017a","coach":"Feliks \u017bbikowski, Tadeusz Purzycki","metrics":"","seolink":"szydlowska-irena","tmp_old_id":"13449","tmp_old_fid":"294","tmp_old_parent_id":"15544","createdate":"25\/01\/2014","tmp_old_title":"Szyd\u0142owska Irena (1928-1983)","tmp_old_lead":"","tmp_old_body":"<p class=\"title-m-02\">SZYD\u0141OWSKA IRENA (1928-1983)<\/p><table  border=\"0\" align=\"LEFT\" cellpadding=\"0\" cellspacing=\"0\"> <tr> <td class=\"photo-td-01\"><table  border=\"0\" cellspacing=\"0\" cellpadding=\"0\"> <tr>  <td><img src=\"files\/old\/i\/olimpijczycy\/Szydlowska_Irena_m.jpg\" alt=\"SZYD\u0141OWSKA IRENA \" border=\"0\" width=\"50\" height=\"50\"><\/td> <\/tr> <\/table><\/td><\/tr><\/table><p><strong>technik budowlany, trener, \u0142uczniczka\u00a0ze Lwowa, mistrzyni i rekordzistka \u015bwiata, srebrna medalistka olimpijska z Monachium (1972).<br\/><\/strong><br\/>Urodzona 28 stycznia 1928 we Lwowie (c\u00f3rka Stanis\u0142awa znanego w tym mie\u015bcie s\u0119dziego i dzia\u0142acza pi\u0142karskiego), wojn\u0119 prze\u017cy\u0142a w Warszawie (cz\u0142onek Szarych Szereg\u00f3w), gdzie uko\u0144czy\u0142a Gimnazjum im. T. Rejtana i trzyletni\u0105 pomaturaln\u0105 Pa\u0144stwow\u0105 Szko\u0142\u0119 Techniczn\u0105 (1959). W stolicy te\u017c (1946) zainteresowa\u0142a si\u0119 sportem (YMCA). Zacz\u0119\u0142a od p\u0142ywania (startowa\u0142a m.in. w akademickich mistrzostwach Polski we Wroc\u0142awiu), potem zasmakowa\u0142a w siatk\u00f3wce (awansowa\u0142a nawet do \"sz\u00f3stki\" I-ligowego zespo\u0142u Budowlanych Warszawa), ale nie obce jej by\u0142y r\u00f3wnie\u017c wyczyny szybowcowe (Gostynin, Stara Mi\u0142osna) i trening wio\u015blarski pod okiem olimpijczyka Edwarda Kobyli\u0144skiego (tu nawet interweniowa\u0142 ojciec, kt\u00f3ry ba\u0142 si\u0119, \u017ce c\u00f3rka\u00a0nadmiernie rozro\u015bnie si\u0119 w ramionach). Kiedy pod okiem trenera Feliksa \u017bbikowskiego rozpoczyna\u0142a w sto\u0142ecznej Syrenie (1959-1967) przygod\u0119 z \u0142ucznictwem (potem zawodniczka Marymontu oraz Drukarza Warszawa 1968-1974 i Spo\u0142em \u0141\u00f3d\u017a 1975-1977) mia\u0142a ju\u017c\u00a031 lat, a kiedy zdobywa\u0142a medal olimpijski w Monachium lat 44.\u00a0Ale sta\u0142o si\u0119 to mo\u017cliwe, gdy\u017c jak podkre\u015blali publicy\u015bci tamtych lat \"Szyd\u0142owska by\u0142a jedn\u0105 z ostatnich przedstawicielek odchodz\u0105cej w przesz\u0142o\u015b\u0107 generacji, dla kt\u00f3rej sport jest \u015bwi\u0119to\u015bci\u0105 i rytua\u0142em, nami\u0119tno\u015bci\u0105 i sensem \u017cycia, a stadion \u015bwi\u0105tyni\u0105\". I tylko dlatego, to co wydawa\u0142o si\u0119 szale\u0144stwem, przedsi\u0119wzi\u0119ciem z g\u00f3ry skazanym na kl\u0119sk\u0119 (powr\u00f3t do wielkiego wyczynu w innej dyscyplinie sportu),\u00a0zako\u0144czy\u0142o si\u0119 sukcesem.\u00a0Warszawska \u0142uczniczka zdoby\u0142a: <strong>4-krotnie tytu\u0142 mistrzyni Polski<\/strong> w wieloboju ind. \u01412AB (1963, 1964, 1966, 1970), <strong>2-krotnie tytu\u0142 mistrzyni \u015bwiata <\/strong>1967 Amersfoort (\u01412AB dru\u017c.), 1971 York (\u01412AB dru\u017c.), 2-krotnie br\u0105zowe medale M\u015a 1967 Amersfoort (\u01412AB ind. i 2 x 70 m) oraz srebrny medal ME 1970 Hradec Kralove (\u0141AB dru\u017c.). By\u0142a tak\u017ce 6-krotn\u0105 rekordzistk\u0105 \u015bwiata: 60 m - 317 pkt. (1970), \u0141AB ind. - 1229 pkt. (1971), 2 razy w \u0141AB dru\u017c. - do 3518 pkt. (1971), 2 razy w \u01412AB dru\u017c. - do 6907 pkt. (1971). Intensywny trening mistrzyni coraz cz\u0119\u015bciej niestety przerywany by\u0142 kontuzjami, a\u017c wreszcie \"problem \u0142okcia\" postanowiono (zima 1971) rozstrzygn\u0105\u0107 operacyjnie (szpital przy ul Barskiej, dr Jerzy Moskwa). To\u00a0sprawi\u0142o, \u017ce przez pierwsze cztery miesi\u0105ce roku olimpijskiego (1972) Szyd\u0142owska nie trenowa\u0142a. Na mistrzostwach Polski by\u0142a dopiero pi\u0105ta. To, \u017ce na igrzyska pojecha\u0142a, zawdzi\u0119cza\u0142a wy\u0142\u0105cznie trenerowi kadry (od 1969) Tadeuszowi Purzyckiemu. Zaufa\u0142 swojej podopiecznej. 10 wrze\u015bnia 1972 (fina\u0142 igrzysk, kiedy z\u0142ote medale zdobyli polscy pi\u0142karze i bokser Jan Szczepa\u0144ski) stoczy\u0142a ona pasjonuj\u0105cy b\u00f3j o zwyci\u0119stwo (zd\u0105\u017cy\u0142a przed wielk\u0105 ulew\u0105 podczas kt\u00f3rej grali pi\u0142karze). Amerykanka Dooren Wilber by\u0142a poza zasi\u0119giem naszej mistrzyni, kt\u00f3ra jednak zdecydowanie i w pi\u0119knym stylu pokona\u0142a na finiszu dwie zawodniczki radzieckie Emm\u0119 Gapczenko i Katewan Losaberidze zdobywaj\u0105c srebrny medal! By\u0142 to wspania\u0142y dzie\u0144 polskich olimpijczyk\u00f3w w Monachium (srebrny medal kilka godzin po Szyd\u0142owskiej zdoby\u0142 tak\u017ce bokser Wies\u0142aw Rudkowski). Po zako\u0144czeniu kariery zawodniczej - dzia\u0142aczka (Drukarz, PKOl) i trenerka (nauczycielka dzieci). Mistrzyni Sportu (1966). Odznaczona m. in. czterokrotnie z\u0142otym Medalem za Wybitne Osi\u0105gni\u0119cia Sportowe i Krzy\u017cem Kawalerskim OOP (1972). Nie zd\u0105\u017cy\u0142a za\u0142o\u017cy\u0107 rodziny. Na przeszkodzie stan\u0119\u0142a kariera sportowa. Ale nigdy tego nie \u017ca\u0142owa\u0142a. Zmar\u0142a w Warszawie 14 sierpnia 1983.<br\/><br\/>Bibl.: G\u0142uszek, Leksykon 1999, s. 344-345; Pawlak, Olimpijczycy, s. 257 (tu b\u0142\u0119dnie: m\u0119\u017catka, jedno dziecko); MES, t. 2, s. 527; Iskier przewodnik, s. 341; Bogusz, \u0141\u00f3dzcy olimpijczycy, s. 152-153; Kronika sportu, s. 942; Ksi\u0119ga sportu, s. 255, 257, 260, 503; Du\u0144ski, Od Pary\u017ca, s. 917-918; Porada, Igrzyska, s. 887, 901; Sportowcy XXX - lecia, s. 286-292; Zawi\u015bla\u0144ski, 50 lat sportu \u0142uczniczego, s. 259 i dalsze.\u00a0\u00a0\u00a0\u00a0\u00a0\u00a0 <br\/><strong>*1972 Monachium: 4-b\u00f3j ind.<\/strong> - 2 m. na 40 start. z wynikiem 2407 pkt. , dystans 70 m: 283 i 267, 60 m: 322 i 300, 50 m: 289 i 287, 30 m: 330 i 329 (zw. D. Wilber USA - 2424 pkt. , dystans 70 m: 277 i 288, 60 m: 298 i 319, 50 m: 287 i 285, 30 m: 336 i 334).<br\/><strong>*1976 Montreal: 4-b\u00f3j ind<\/strong>. - 20 m. na 27 start. z wynikiem 2264 pkt., dystans 70 m: 278 i 257, 60 m: 293 i 283, 50 m: 238 i 268, 30 m: 318 i 329 (zw. L. Ryon USA - 2499 pkt., dystans 70 m: 276 i 302, 60 m: 301 i 324, 50 m: 307 i 311, 30 m: 333 i 345).<\/p><!-- history --><table width=\"85%\" style=\"text-align:right\" border=\"0\" cellspacing=\"0\" cellpadding=\"0\">  <tr>    <td align=\"right\" class=\"box3-title\"><a href=\"javascript:history.back()\">\u00ab powr\u00f3t do listy<\/a><\/td>  <\/tr><\/table>","tmp_old_body_img":false,"tmp_old_lead_img":false,"picture_medalists":false,"important":"","person_achivments":""},"_links":{"self":[{"href":"https:\/\/olimpijski.pl\/en\/wp-json\/wp\/v2\/person\/15144"}],"collection":[{"href":"https:\/\/olimpijski.pl\/en\/wp-json\/wp\/v2\/person"}],"about":[{"href":"https:\/\/olimpijski.pl\/en\/wp-json\/wp\/v2\/types\/person"}],"version-history":[{"count":0,"href":"https:\/\/olimpijski.pl\/en\/wp-json\/wp\/v2\/person\/15144\/revisions"}],"wp:featuredmedia":[{"embeddable":true,"href":"https:\/\/olimpijski.pl\/en\/wp-json\/wp\/v2\/media\/21582"}],"wp:attachment":[{"href":"https:\/\/olimpijski.pl\/en\/wp-json\/wp\/v2\/media?parent=15144"}],"curies":[{"name":"wp","href":"https:\/\/api.w.org\/{rel}","templated":true}]}}