{"id":15284,"date":"2020-06-24T16:52:30","date_gmt":"2020-06-24T14:52:30","guid":{"rendered":"http:\/\/pkol.local\/person\/zawieja-andrzej-andy-jan\/"},"modified":"2022-07-05T11:37:08","modified_gmt":"2022-07-05T09:37:08","slug":"zawieja-andrzej-andy-jan","status":"publish","type":"person","link":"https:\/\/olimpijski.pl\/en\/olimpijczycy\/zawieja-andrzej-andy-jan\/","title":{"rendered":"Andrzej Zawieja"},"content":{"rendered":"\n<p><br><br><br><\/p>\n\n\n\n<p><strong>trener, pierwszy polski \u017ceglarz, kt\u00f3rego \u015bwiat uzna\u0142 za autorytet, finnista, mistrz Polski (4), czo\u0142owy zawodnik M\u015a i ME, pierwszy powojenny olimpijczyk w \u017ceglarstwie (Meksyk 1968).<\/strong><\/p>\n\n\n\n<p>Urodzony 5 lipca 1940 w Kaliszu, syn Jana (administratora rolnego), absolwent Prywatnego Gimnazjum Og\u00f3lnokszta\u0142c\u0105cego im. ks. St. Konarskiego OO Pijar\u00f3w w Krakowie (1958) i warszawskiej AWF (1975), gdzie otrzyma\u0142 tytu\u0142 magistra wf i uprawnienia trenera II kl. (\u017ceglarstwo, narciarstwo, rugby). \u017beglarz (176 cm, 76 kg), wcze\u015bniej w krakowskiej Olszy uprawia\u0142 lekkoatletyk\u0119 i koszyk\u00f3wk\u0119. Wychowanek i reprezentant sto\u0142ecznego AZS w klasach: S\u0142onka (za\u0142ogant), Finn (1964-1976) i Soling (1973). Pierwszy polski \u017ceglarz regatowy klas olimpijskich (rozpoczyna\u0142 jako 19-latek), kt\u00f3rego \u015bwiat uzna\u0142 za autorytet. Wybitny finnista. Czterokrotny mistrz Polski w latach 1969-1975, pierwszy powojenny olimpijczyk w \u017ceglarstwie z Meksyku 1968 (niefortunny termin ucieczki z Polski do Szwecji Romana Bidermana spowodowa\u0142, \u017ce polscy \u017ceglarze nie pojechali do Neapolu na IO 1960 i powojenny debiut nale\u017ca\u0142 do Zawiei). Zwyci\u0119zca regat Ski-Yachting Cannes (1969) i Memorial Bistuera we Francji (1968), trzeci finnista w Kieler Woche (1973), niez\u0142e miejsca w ME: 1968 (7), 1969 (7) i M\u015a 1969 (8). Ciekawostk\u0105 mo\u017ce by\u0107 fakt, \u017ce podr\u00f3\u017c na M\u015a 1969 (Bermudy) odby\u0142 statkiem handlowym, wodowanie Finna nast\u0105pi\u0142o na \u015brodku oceanu, po czym na miejsce startu Polak dop\u0142yn\u0105\u0142 ju\u017c na w\u0142asnej \u0142odzi.<\/p>\n\n\n\n<p>W czasie swojej pracy zawodowej by\u0142: nauczycielem wf, kierownikiem i trenerem AZS Warszawa, \u017caglomistrzem i budowniczym \u0142odzi klasy Finn. Najwi\u0119ksze sukcesy jednak&nbsp; odni\u00f3s\u0142 jako wybitny trener. Najpierw polskiej kadry narodowej (1976-1987). Za &#8220;jego czas\u00f3w&#8221; (zerwa\u0142 z bezsensownymi stereotypami metod szkoleniowych) zosta\u0142a odkryta i wyros\u0142a spora grupa wybitnych finnist\u00f3w (Henryk Blaszka, Jacek Sobkowiak, Miros\u0142aw Rychlik, Jaros\u0142aw Maciuk i nieco starszy Ryszard Skarbi\u0144ski), ale nie dane mu by\u0142o zasmakowa\u0107 szcz\u0119\u015bcia za zdobycie olimpijskiego medalu (a by\u0142y takie realne szanse). Na przeszkodzie stan\u0119\u0142a polityka.<\/p>\n\n\n\n<p>Bojkot igrzysk w Los Angeles 1984 (przez ZSRR i ich niekt\u00f3rych sojusznik\u00f3w) sprawi\u0142, \u017ce zamiast na czele dzielnych polskich finnist\u00f3w, polecia\u0142 do USA sam zaproszony przez MKOl w charakterze trenera i opiekuna reprezentant\u00f3w pa\u0144stw tzw. trzeciego \u015bwiata. Po igrzyskach, w czasie stanu wojennego w Polsce pozosta\u0142 w Hiszpanii. By\u0142 kolejno szkoleniowcem reprezentacji tego kraju (1987-1992), potem kadry olimpijskiej USA (1992-1996) i Niemiec (1998-2003). Zas\u0142u\u017cony Mistrz Sportu i Zas\u0142u\u017cony Dzia\u0142acz Kultury Fizycznej, odznaczony m. in. Z\u0142otym Krzy\u017cem Zas\u0142ugi.<\/p>\n\n\n\n<p><strong>*1968 Meksyk: \u017ceglarstwo, klasa Finn <\/strong>&#8211; 12 m.&nbsp; na 36 start. z wynikiem 115.7 pkt. (zw. W. Mankin, ZSRR &#8211; 21.7). Lokaty i punkty w poszczeg\u00f3lnych wy\u015bcigach: 6-11,7, 17-23, 19-25, 10-16, 25-31, 11-17, 17-23.<\/p>\n\n\n\n<p><em>Bibl.: G\u0142uszek, Leksykon, s. 376;&nbsp;Pawlak, Olimpijczycy, s. 296; MES, t. 2, s. 666; Iskier przewodnik sportowy, s. 898; Porada, Igrzyska, s. 878; Ksi\u0119ga 1944-74, s. 541; Rymkiewicz A., Trzydzie\u015bci lat klasy &#8220;Finn&#8221;, &#8220;\u017bagle&#8221;, 1982, nr 8; (JF), Z Finnem przez \u017cycie, &#8220;\u017bagle&#8221;, 1992, nr 3; AAWF Warszawa, sygn. D-2384 \/ S; Wywiad \u015brodowiskowy (ankieta redakcji &#8220;\u017bagli&#8221;).<\/em><\/p>\n","protected":false},"excerpt":{"rendered":"<p>trener, pierwszy polski \u017ceglarz, kt\u00f3rego \u015bwiat uzna\u0142 za autorytet, finnista, mistrz Polski (4), czo\u0142owy zawodnik M\u015a i ME, pierwszy powojenny olimpijczyk w \u017ceglarstwie (Meksyk 1968). &#8230; <a class=\"read-more\" href=\"https:\/\/olimpijski.pl\/en\/olimpijczycy\/zawieja-andrzej-andy-jan\/\">Czytaj dalej<\/a><\/p>\n","protected":false},"featured_media":0,"menu_order":60,"template":"","meta":{"_acf_changed":false,"ub_ctt_via":"","footnotes":""},"class_list":["post-15284","person","type-person","status-publish","hentry","infinite-scroll-item","no-featured-image-padding"],"acf":{"olimpic_information":[{"olimpic":[{"ID":302,"post_author":"1","post_date":"1968-06-17 13:34:45","post_date_gmt":"1968-06-17 12:34:45","post_content":"<!-- wp:heading {\"level\":1,\"className\":\"main-title\"} -->\n<h1 class=\"main-title\"><strong>Igrzyska XIX Olimpiady<\/strong><br>Meksyk 1968<\/h1>\n<!-- \/wp:heading -->\n\n<!-- wp:paragraph -->\n<p><br><\/p>\n<!-- \/wp:paragraph -->\n\n<!-- wp:image {\"align\":\"left\",\"id\":19330,\"sizeSlug\":\"large\",\"className\":\"is-style-default\"} -->\n<div class=\"wp-block-image is-style-default\"><figure class=\"alignleft size-large\"><img src=\"https:\/\/olimpijski.pl\/wp-content\/uploads\/1968\/06\/meksyk1968.png\" alt=\"\" class=\"wp-image-19330\"\/><\/figure><\/div>\n<!-- \/wp:image -->\n\n<!-- wp:list -->\n<ul><li>Igrzyska rozegrano w dniach <strong>12-27 pa\u017adziernika<\/strong>.<\/li><li>Wystartowa\u0142o <strong>5516<\/strong> zawodnik\u00f3w (w tym <strong>781<\/strong> kobiet) ze <strong>112<\/strong>.<\/li><li>Rozdano <strong>172<\/strong> komplety medali.<\/li><li>Przysi\u0119g\u0119 olimpijsk\u0105 w imieniu sportowc\u00f3w z\u0142o\u017cy\u0142 lekkoatleta <strong>Pablo Garrido<\/strong>.<\/li><li>Znicz zapali\u0142a sprinterka i uczestniczka igrzysk <strong>Norma Enriqueta Basilio de Sotelo<\/strong> staj\u0105c si\u0119 pierwsz\u0105 w historii igrzysk kobiet\u0105, kt\u00f3ra zapali\u0142a znicz olimpijski.<\/li><li>Igrzyska otworzy\u0142 <strong>prezydent Meksyku Gustavo Diaz Ordaz<\/strong>.<\/li><\/ul>\n<!-- \/wp:list -->\n\n<!-- wp:heading -->\n<h2><strong>Program Igrzysk \u2013 20 dyscyplin, 172 konkurencje<\/strong><\/h2>\n<!-- \/wp:heading -->\n\n<!-- wp:paragraph -->\n<p>boks (11 konkurencji), gimnastyka (14), hokej na trawie (1), je\u017adziectwo (6), kajakarstwo (7), kolarstwo (7), koszyk\u00f3wka (1), lekkoatletyka (36), pi\u0119ciob\u00f3j nowoczesny (2), pi\u0142ka no\u017cna (1), pi\u0142ka siatkowa (2), pi\u0142ka wodna (1), p\u0142ywanie (29), podnoszenie ci\u0119\u017car\u00f3w (7), skoki do wody (4), strzelectwo (7), szermierka (8), wio\u015blarstwo (7), zapasy (16), \u017ceglarstwo (5).<\/p>\n<!-- \/wp:paragraph -->\n\n<!-- wp:heading -->\n<h2><strong>Gwiazdy Igrzysk<\/strong><\/h2>\n<!-- \/wp:heading -->\n\n<!-- wp:paragraph -->\n<p><strong>Vera Caslavska<\/strong> (Czechos\u0142owacja, gimnastyka) \u2013 4 z\u0142ote medale, 2 srebrne<br><strong>Al Oerter <\/strong>(USA, lekkoatletyka) \u2013 czwarty z rz\u0119du z\u0142oty medal w rzucie dyskiem.<\/p>\n<!-- \/wp:paragraph -->\n\n<!-- wp:heading -->\n<h2><strong>Polska Reprezentacja Olimpijska<\/strong><\/h2>\n<!-- \/wp:heading -->\n\n<!-- wp:paragraph -->\n<p><strong>186 os\u00f3b <\/strong>(startowa\u0142o 177 \u2013 37 kobiet i 140 m\u0119\u017cczyzn) w 15 sportach: 11 bokser\u00f3w, 14 gimnastyk\u00f3w (w tym 7 kobiet; 12 startowa\u0142o + 2 rez.), 4 je\u017ad\u017ac\u00f3w, 8 kajakarzy (w tym 3 kobiety), 12 kolarzy (10 startowa\u0142o + 2 rez.), 33 lekkoatlet\u00f3w (w tym 8 kobiet; 31 startowa\u0142o + 2 rez.), 12 koszykarzy, 24 siatkarzy (w tym 12 kobiet), 9 p\u0142ywak\u00f3w (w tym 2 kobiety), 8 ci\u0119\u017carowc\u00f3w (7 startowa\u0142o + 1 rez.), 12 strzelc\u00f3w (w tym 1 kobieta; 11 startowa\u0142o +1 rez.), 20 szermierzy (w tym 5 kobiet), 3 wio\u015blarzy, 12 zapa\u015bnik\u00f3w, 4 \u017ceglarzy (3 startowa\u0142o + 1 rez.).<\/p>\n<!-- \/wp:paragraph -->\n\n<!-- wp:paragraph -->\n<p>Chor\u0105\u017cym reprezentacji Polski by\u0142 ci\u0119\u017carowiec <strong>Waldemar Baszanowski<\/strong>.<\/p>\n<!-- \/wp:paragraph -->\n\n<!-- wp:heading -->\n<h2><strong>Klasyfikacja medalowa<\/strong><\/h2>\n<!-- \/wp:heading -->\n\n<!-- wp:table {\"hasFixedLayout\":true,\"className\":\"is-style-stripes\"} -->\n<figure class=\"wp-block-table is-style-stripes\"><table class=\"has-fixed-layout\"><tbody><tr><td><\/td><td><\/td><td class=\"has-text-align-center\" data-align=\"center\">&nbsp;<\/td><td class=\"has-text-align-center\" data-align=\"center\">&nbsp;<\/td><td class=\"has-text-align-center\" data-align=\"center\">&nbsp;<\/td><td class=\"has-text-align-center\" data-align=\"center\">&nbsp;<\/td><\/tr><tr><td>&nbsp;<\/td><td>&nbsp;<\/td><td class=\"has-text-align-center\" data-align=\"center\">&nbsp;<\/td><td class=\"has-text-align-center\" data-align=\"center\"><img class=\"wp-image-27817\" style=\"width: 50px;\" src=\"https:\/\/olimpijski.pl\/wp-content\/uploads\/2016\/06\/2016_Rio_zloty_50x50.jpg\" alt=\"\"><\/td><td class=\"has-text-align-center\" data-align=\"center\"><img class=\"wp-image-27819\" style=\"width: 50px;\" src=\"https:\/\/olimpijski.pl\/wp-content\/uploads\/2016\/06\/2016_Rio_sreb_50x50.jpg\" alt=\"\"><\/td><td class=\"has-text-align-center\" data-align=\"center\"><img class=\"wp-image-27821\" style=\"width: 50px;\" src=\"https:\/\/olimpijski.pl\/wp-content\/uploads\/2016\/06\/2016_Rio_braz_50x50.jpg\" alt=\"\"><\/td><\/tr><tr><td>1.<\/td><td>USA<\/td><td class=\"has-text-align-center\" data-align=\"center\">107<\/td><td class=\"has-text-align-center\" data-align=\"center\">45<\/td><td class=\"has-text-align-center\" data-align=\"center\">28<\/td><td class=\"has-text-align-center\" data-align=\"center\">34<\/td><\/tr><tr><td>2.<\/td><td>ZSRR<\/td><td class=\"has-text-align-center\" data-align=\"center\">91<\/td><td class=\"has-text-align-center\" data-align=\"center\">29<\/td><td class=\"has-text-align-center\" data-align=\"center\">32<\/td><td class=\"has-text-align-center\" data-align=\"center\">30<\/td><\/tr><tr><td>3.<\/td><td>Japonia<\/td><td class=\"has-text-align-center\" data-align=\"center\">25<\/td><td class=\"has-text-align-center\" data-align=\"center\">11<\/td><td class=\"has-text-align-center\" data-align=\"center\">7<\/td><td class=\"has-text-align-center\" data-align=\"center\">7<\/td><\/tr><tr><td>...<\/td><td>&nbsp;<\/td><td class=\"has-text-align-center\" data-align=\"center\">&nbsp;<\/td><td class=\"has-text-align-center\" data-align=\"center\">&nbsp;<\/td><td class=\"has-text-align-center\" data-align=\"center\">&nbsp;<\/td><td class=\"has-text-align-center\" data-align=\"center\">&nbsp;<\/td><\/tr><tr><td><strong>11.<\/strong><\/td><td><strong>Polska<\/strong><\/td><td class=\"has-text-align-center\" data-align=\"center\"><strong>18<\/strong><\/td><td class=\"has-text-align-center\" data-align=\"center\"><strong>5<\/strong><\/td><td class=\"has-text-align-center\" data-align=\"center\"><strong>2<\/strong><\/td><td class=\"has-text-align-center\" data-align=\"center\"><strong>11<\/strong><\/td><\/tr><\/tbody><\/table><\/figure>\n<!-- \/wp:table -->\n\n<!-- wp:heading -->\n<h2><strong>Medale dla Polski (18)<\/strong><\/h2>\n<!-- \/wp:heading -->\n\n<!-- wp:ub\/content-toggle-block {\"blockID\":\"1a05adaf-4f93-4171-a580-1c718ee6b70e\",\"theme\":\"#f1f1f1\",\"collapsed\":true,\"titleColor\":\"#000000\"} -->\n<!-- wp:ub\/content-toggle-panel-block {\"parentID\":\"1a05adaf-4f93-4171-a580-1c718ee6b70e\",\"theme\":\"#f1f1f1\",\"collapsed\":true,\"titleColor\":\"#000000\",\"panelTitle\":\"Z\u0142ote\"} -->\n<!-- wp:paragraph -->\n<p><\/p>\n<!-- \/wp:paragraph -->\n\n<!-- wp:media-text {\"align\":\"\",\"mediaId\":30262,\"mediaLink\":\"https:\/\/olimpijski.pl\/igrzyska_letnie\/meksyk-1968\/1968_meksyk_zloty_200\/#main\",\"mediaType\":\"image\",\"mediaWidth\":20} -->\n<div class=\"wp-block-media-text is-stacked-on-mobile\" style=\"grid-template-columns:20% auto\"><figure class=\"wp-block-media-text__media\"><img src=\"https:\/\/olimpijski.pl\/wp-content\/uploads\/1968\/06\/1968_Meksyk_zloty_200.jpg\" alt=\"\" class=\"wp-image-30262\"\/><\/figure><div class=\"wp-block-media-text__content\"><!-- wp:paragraph -->\n<p><strong>Jerzy Kulej<\/strong><br>(boks, waga lekko\u015brednia)<\/p>\n<!-- \/wp:paragraph -->\n\n<!-- wp:paragraph -->\n<p><strong>Irena Szewi\u0144ska<\/strong><br>(lekkoatletyka, 200 m)<\/p>\n<!-- \/wp:paragraph -->\n\n<!-- wp:paragraph -->\n<p><strong>Waldemar Baszanowski<\/strong><br>(podnoszenie ci\u0119\u017car\u00f3w, 87,5 kg)<\/p>\n<!-- \/wp:paragraph -->\n\n<!-- wp:paragraph -->\n<p><strong>J\u00f3zef Zap\u0119dzki<\/strong><br>(strzelectwo, pistolet sylwetkowy)<\/p>\n<!-- \/wp:paragraph -->\n\n<!-- wp:paragraph -->\n<p><strong>Jerzy Paw\u0142owski<\/strong><br>(szermierka, szabla)<\/p>\n<!-- \/wp:paragraph --><\/div><\/div>\n<!-- \/wp:media-text -->\n<!-- \/wp:ub\/content-toggle-panel-block -->\n<!-- \/wp:ub\/content-toggle-block -->\n\n<!-- wp:ub\/content-toggle-block {\"blockID\":\"56a99d1e-5d16-4b96-9117-2cd71c78df48\",\"theme\":\"#f1f1f1\",\"collapsed\":true,\"titleColor\":\"#000000\"} -->\n<!-- wp:ub\/content-toggle-panel-block {\"parentID\":\"56a99d1e-5d16-4b96-9117-2cd71c78df48\",\"theme\":\"#f1f1f1\",\"collapsed\":true,\"titleColor\":\"#000000\",\"panelTitle\":\"Srebrne\"} -->\n<!-- wp:paragraph -->\n<p><\/p>\n<!-- \/wp:paragraph -->\n\n<!-- wp:media-text {\"align\":\"\",\"mediaId\":30264,\"mediaLink\":\"https:\/\/olimpijski.pl\/igrzyska_letnie\/meksyk-1968\/1968_meksyk_sreb_200\/#main\",\"mediaType\":\"image\",\"mediaWidth\":20} -->\n<div class=\"wp-block-media-text is-stacked-on-mobile\" style=\"grid-template-columns:20% auto\"><figure class=\"wp-block-media-text__media\"><img src=\"https:\/\/olimpijski.pl\/wp-content\/uploads\/1968\/06\/1968_Meksyk_sreb_200.jpg\" alt=\"\" class=\"wp-image-30264\"\/><\/figure><div class=\"wp-block-media-text__content\"><!-- wp:paragraph -->\n<p><strong>Artur Olech<\/strong><br>(boks, waga musza)<\/p>\n<!-- \/wp:paragraph -->\n\n<!-- wp:paragraph -->\n<p><strong>J\u00f3zef Grudzie\u0144<\/strong><br>(boks, waga lekka)<\/p>\n<!-- \/wp:paragraph --><\/div><\/div>\n<!-- \/wp:media-text -->\n<!-- \/wp:ub\/content-toggle-panel-block -->\n<!-- \/wp:ub\/content-toggle-block -->\n\n<!-- wp:ub\/content-toggle-block {\"blockID\":\"1f2d265b-a948-4d4c-88f0-7a2510db5f48\",\"theme\":\"#f1f1f1\",\"collapsed\":true,\"titleColor\":\"#000000\"} -->\n<!-- wp:ub\/content-toggle-panel-block {\"parentID\":\"1f2d265b-a948-4d4c-88f0-7a2510db5f48\",\"theme\":\"#f1f1f1\",\"collapsed\":true,\"titleColor\":\"#000000\",\"panelTitle\":\"Br\u0105zowe\"} -->\n<!-- wp:paragraph -->\n<p><\/p>\n<!-- \/wp:paragraph -->\n\n<!-- wp:media-text {\"align\":\"\",\"mediaId\":30266,\"mediaLink\":\"https:\/\/olimpijski.pl\/igrzyska_letnie\/meksyk-1968\/1968_meksyk_braz_200\/#main\",\"mediaType\":\"image\",\"mediaWidth\":21} -->\n<div class=\"wp-block-media-text is-stacked-on-mobile\" style=\"grid-template-columns:21% auto\"><figure class=\"wp-block-media-text__media\"><img src=\"https:\/\/olimpijski.pl\/wp-content\/uploads\/1968\/06\/1968_Meksyk_braz_200.jpg\" alt=\"\" class=\"wp-image-30266\"\/><\/figure><div class=\"wp-block-media-text__content\"><!-- wp:paragraph -->\n<p><strong>Irena Kirszenstein<\/strong><br>(lekkoatletyka, 100 m)<\/p>\n<!-- \/wp:paragraph -->\n\n<!-- wp:paragraph -->\n<p><strong>Egon Franke, Adam Lisewski, Ryszard Parulski, Zbigniew Skrudlik, Witold Wojda<\/strong><br>(szermierka, floret dru\u017cynowo)<\/p>\n<!-- \/wp:paragraph -->\n\n<!-- wp:paragraph -->\n<p><strong>Bohdan Andrzejewski, Kazimierz Barburski, Micha\u0142 Butkiewicz, Bohdan Gonsior, Henryk Nielaba<\/strong><br>(szermierka, szpada dru\u017cynowo)<\/p>\n<!-- \/wp:paragraph -->\n\n<!-- wp:paragraph -->\n<p><strong>Halina Aszkie\u0142owicz, Krystyna Czajkowska, Krystyna Jakubowska, Krystyna Krupa, J\u00f3zefa Ledwig, Jadwiga Marko-Ksi\u0105\u017cek, Barbara Niemczyk, Krystyna Ostrom\u0119cka, El\u017cbieta Porzec, Zofia Szcz\u0119\u015bniewska, Wanda Wiecha, Lidia \u017bmuda<\/strong><br>(siatk\u00f3wka)<\/p>\n<!-- \/wp:paragraph -->\n\n<!-- wp:paragraph -->\n<p><strong>Hubert Skrzypczak<\/strong><br>(boks, waga papierowa)<\/p>\n<!-- \/wp:paragraph -->\n\n<!-- wp:paragraph -->\n<p><strong>Stanis\u0142aw Dragan<\/strong><br>(boks, waga p\u00f3\u0142ci\u0119\u017cka)<\/p>\n<!-- \/wp:paragraph -->\n\n<!-- wp:paragraph -->\n<p><strong>Janusz Kierzkowski<\/strong><br>(kolarstwo torowe, 1000 m)<\/p>\n<!-- \/wp:paragraph -->\n\n<!-- wp:paragraph -->\n<p><strong>Henryk Tr\u0119bicki<\/strong><br>(podnoszenie ci\u0119\u017car\u00f3w, 56 kg)<\/p>\n<!-- \/wp:paragraph -->\n\n<!-- wp:paragraph -->\n<p><strong>Marian Zieli\u0144ski<\/strong><br>(podnoszenie ci\u0119\u017car\u00f3w, 67,5 kg)<\/p>\n<!-- \/wp:paragraph -->\n\n<!-- wp:paragraph -->\n<p><strong>Marek Go\u0142\u0105b<\/strong><br>(podnoszenie ci\u0119\u017car\u00f3w, 90 kg)<\/p>\n<!-- \/wp:paragraph -->\n\n<!-- wp:paragraph -->\n<p><strong>Norbert Ozimek<\/strong><br>(podnoszenie ci\u0119\u017car\u00f3w, 82,5 kg)<\/p>\n<!-- \/wp:paragraph --><\/div><\/div>\n<!-- \/wp:media-text -->\n<!-- \/wp:ub\/content-toggle-panel-block -->\n<!-- \/wp:ub\/content-toggle-block -->\n\n<!-- wp:quote -->\n<blockquote class=\"wp-block-quote\"><p>Kolejne \u015bwietne igrzyska Polak\u00f3w. Sukces z Tokio powt\u00f3rzy\u0142 bokser Jerzy Kulej, tym razem triumfuj\u0105c w wadze lekko\u015bredniej oraz Waldemar Baszanowski, najlepszy w wadze 87,5 kg. Dwa medale (z\u0142oty i br\u0105zowy)\u00a0do kolekcji dorzuci\u0142a Irena Szewi\u0144ska. Pozosta\u0142e tytu\u0142y mistrz\u00f3w przypad\u0142y: strzelcowi J\u00f3zefowi Zap\u0119dzkiemu w pistolecie sylwetkowym i szabli\u015bcie Jerzemu Paw\u0142owskiemu.<\/p><\/blockquote>\n<!-- \/wp:quote -->\n\n<!-- wp:quote -->\n<blockquote class=\"wp-block-quote\"><p>W meksyka\u0144skich igrzyskach zadebiutowa\u0142y: Barbados, Belize (jako Honduras Brytyjski), Demokratyczna Republika Kongo (jako Kongo Kinszasa, Gwinea, Honduras, Kuwejt, Nikaragua, Paragwaj, Republika\u00a0 \u015arodkowo-Afryka\u0144ska, Salwador, Sierra Leone oraz Wyspy Dziewicze Stan\u00f3w Zjednoczonych. Stwierdzono jeden przypadek dopingu.<\/p><\/blockquote>\n<!-- \/wp:quote -->","post_title":"Meksyk 1968","post_excerpt":"","post_status":"publish","comment_status":"closed","ping_status":"closed","post_password":"","post_name":"meksyk-1968","to_ping":"","pinged":"","post_modified":"2020-10-02 16:32:52","post_modified_gmt":"2020-10-02 14:32:52","post_content_filtered":"","post_parent":0,"guid":"https:\/\/wai-q98d7hpf9hy9k.wpallimport-demo.qsandbox.me\/olympics_summer\/meksyk-1968\/","menu_order":0,"post_type":"olympics_summer","post_mime_type":"","comment_count":"0","filter":"raw"}],"competitions_rewards":[{"competition":[{"ID":5855,"post_author":"1","post_date":"2020-06-19 11:32:26","post_date_gmt":"2020-06-19 11:32:26","post_content":"","post_title":"\u017beglarstwo","post_excerpt":"","post_status":"publish","comment_status":"open","ping_status":"open","post_password":"","post_name":"zeglarstwo","to_ping":"","pinged":"","post_modified":"2020-06-29 13:17:09","post_modified_gmt":"2020-06-29 11:17:09","post_content_filtered":"","post_parent":0,"guid":"https:\/\/wai-q7byvryhhcz9k.wpallimport-demo.qsandbox.me\/competition\/zeglarstwo\/","menu_order":0,"post_type":"competition","post_mime_type":"","comment_count":"0","filter":"raw"}],"reward":""}]}],"picture":false,"firstname":"Andrzej","lastname":"Zawieja","birthdate_date":"05\/07\/1940","birthdate":"5 lipca 1940","deathdate_date":"","deathdate":"","placeofbirth":"","club":"","coach":"","metrics":"","seolink":"zawieja-andrzej-andy-jan","tmp_old_id":"14227","tmp_old_fid":"294","tmp_old_parent_id":"15544","createdate":"06\/11\/2013","tmp_old_title":"Zawieja  Andrzej \"andy\" Jan","tmp_old_lead":"","tmp_old_body":"<p class=\"title-m-02\">ZAWIEJA  ANDRZEJ \"ANDY\" JAN<\/p><table  border=\"0\" align=\"LEFT\" cellpadding=\"0\" cellspacing=\"0\"> <tr> <td class=\"photo-td-01\"><table  border=\"0\" cellspacing=\"0\" cellpadding=\"0\"> <tr>  <td><img src=\"files\/old\/i\/olimpijczycy\/Zawieja_Andrzej_m.jpg\" alt=\"ZAWIEJA ANDRZEJ \"andy\" jan\" border=\"0\" width=\"50\" height=\"50\"><\/td> <\/tr> <\/table><\/td><\/tr><\/table><p><strong>trener, pierwszy polski \u017ceglarz, kt\u00f3rego \u015bwiat uzna\u0142 za autorytet, finnista, mistrz Polski (4), czo\u0142owy zawodnik M\u015a i ME, pierwszy powojenny olimpijczyk w \u017ceglarstwie (Meksyk 1968), rodzimy i eksportowy szkoleniowiec (Hiszpania, Niemcy, USA).<br\/><br\/><\/strong>Urodzony 5 lipca 1940 w Kaliszu, syn Jana (administratora rolnego), absolwent Prywatnego Gimnazjum Og\u00f3lnokszta\u0142c\u0105cego im. ks. St. Konarskiego OO Pijar\u00f3w w Krakowie (1958) i warszawskiej AWF (1975), gdzie otrzyma\u0142 tytu\u0142\u00a0magistra wf i uprawnienia trenera II kl. (\u017ceglarstwo, narciarstwo, rugby). \u017beglarz (176 cm, 76 kg),\u00a0wcze\u015bniej w krakowskiej Olszy uprawia\u0142 lekkoatletyk\u0119 i koszyk\u00f3wk\u0119. Wychowanek i reprezentant sto\u0142ecznego AZS w klasach: S\u0142onka (za\u0142ogant), Finn (1964-1976) i Soling (1973). Pierwszy polski \u017ceglarz regatowy klas olimpijskich (rozpoczyna\u0142 jako 19-latek), kt\u00f3rego \u015bwiat uzna\u0142 za autorytet. Wybitny finnista. Czterokrotny mistrz Polski\u00a0w latach 1969-1975, pierwszy powojenny olimpijczyk w \u017ceglarstwie z Meksyku 1968 (niefortunny termin ucieczki z Polski do Szwecji Romana Bidermana spowodowa\u0142, \u017ce polscy \u017ceglarze nie pojechali do Neapolu na IO 1960 i powojenny debiut nale\u017ca\u0142 do Zawiei). Zwyci\u0119zca regat Ski-Yachting Cannes (1969) i Memorial Bistuera we Francji (1968), trzeci finnista w Kieler Woche (1973), niez\u0142e miejsca w ME: 1968 (7), 1969 (7) i M\u015a 1969 (8). Ciekawostk\u0105 mo\u017ce by\u0107 fakt, \u017ce podr\u00f3\u017c na M\u015a 1969 (Bermudy) odby\u0142 statkiem handlowym, wodowanie Finna nast\u0105pi\u0142o na \u015brodku oceanu, po czym na miejsce startu Polak dop\u0142yn\u0105\u0142 ju\u017c na w\u0142asnej \u0142odzi. W czasie swojej pracy zawodowej by\u0142: nauczycielem wf, kierownikiem i trenerem AZS Warszawa, \u017caglomistrzem i budowniczym \u0142odzi klasy Finn. Najwi\u0119ksze sukcesy jednak\u00a0 odni\u00f3s\u0142 jako wybitny trener. Najpierw polskiej kadry narodowej (1976-1987). Za \"jego czas\u00f3w\" (zerwa\u0142\u00a0 z bezsensownymi stereotypami metod szkoleniowych) zosta\u0142a odkryta i wyros\u0142a spora grupa wybitnych finnist\u00f3w (Henryk Blaszka, Jacek Sobkowiak, Miros\u0142aw Rychlik, Jaros\u0142aw Maciuk i nieco starszy Ryszard Skarbi\u0144ski), ale nie dane mu by\u0142o zasmakowa\u0107 szcz\u0119\u015bcia za zdobycie\u00a0olimpijskiego medalu (a by\u0142y takie realne szanse). Na przeszkodzie stan\u0119\u0142a\u00a0polityka. Bojkot igrzysk\u00a0w Los Angeles 1984 (przez ZSRR i ich niekt\u00f3rych sojusznik\u00f3w) sprawi\u0142, \u017ce zamiast na czele dzielnych polskich finnist\u00f3w, polecia\u0142 do USA sam zaproszony przez MKOl w charakterze trenera i opiekuna\u00a0reprezentant\u00f3w pa\u0144stw tzw. trzeciego \u015bwiata. Po igrzyskach, w czasie stanu wojennego w Polsce pozosta\u0142 w Hiszpanii. By\u0142 kolejno szkoleniowcem reprezentacji tego kraju (1987-1992), potem kadry olimpijskiej USA (1992-1996) i Niemiec (1998-2003). Zas\u0142u\u017cony Mistrz Sportu i Zas\u0142u\u017cony Dzia\u0142acz Kultury Fizycznej, odznaczony m. in. Z\u0142otym Krzy\u017cem Zas\u0142ugi. \u017bonaty (Barbara), ma c\u00f3rk\u0119 i dw\u00f3ch syn\u00f3w - bli\u017aniak\u00f3w. Mieszka w Miami na Florydzie (USA), pracuje w klubie tenisowym, organizuje turnieje, jest konsultantem \u017ceglarskim. Bywa w kraju.<br\/>\u00a0 <br\/>Bibl.: G\u0142uszek, Leksykon, s. 376;\u00a0Pawlak, Olimpijczycy, s. 296; MES, t. 2, s. 666; Iskier przewodnik sportowy, s. 898; Porada, Igrzyska, s. 878; Ksi\u0119ga 1944-74, s. 541; Rymkiewicz A., Trzydzie\u015bci lat klasy \"Finn\", \"\u017bagle\", 1982, nr 8; (JF), Z Finnem przez \u017cycie, \"\u017bagle\", 1992, nr 3; AAWF Warszawa, sygn. D-2384 \/ S; Wywiad \u015brodowiskowy (ankieta redakcji \"\u017bagli\"). <br\/><strong>*1968 Meksyk: klasa Finn <\/strong>- 12 m.\u00a0 na 36 start. z\u00a0wynikiem\u00a0115.7 pkt. (zw. W. Mankin, ZSRR - 21.7). <br\/>Lokaty\u00a0i punkty\u00a0w poszczeg\u00f3lnych wy\u015bcigach: 6-11,7, 17-23, 19-25, 10-16, 25-31, 11-17, 17-23.<\/p><!-- history --><table width=\"85%\" style=\"text-align:right\" border=\"0\" cellspacing=\"0\" cellpadding=\"0\">  <tr>    <td align=\"right\" class=\"box3-title\"><a href=\"javascript:history.back()\">\u00ab powr\u00f3t do listy<\/a><\/td>  <\/tr><\/table>","tmp_old_body_img":false,"tmp_old_lead_img":false,"picture_medalists":false,"important":"","group_knuie68fa087fd5h76":false,"person_achivments":""},"_links":{"self":[{"href":"https:\/\/olimpijski.pl\/en\/wp-json\/wp\/v2\/person\/15284"}],"collection":[{"href":"https:\/\/olimpijski.pl\/en\/wp-json\/wp\/v2\/person"}],"about":[{"href":"https:\/\/olimpijski.pl\/en\/wp-json\/wp\/v2\/types\/person"}],"version-history":[{"count":2,"href":"https:\/\/olimpijski.pl\/en\/wp-json\/wp\/v2\/person\/15284\/revisions"}],"predecessor-version":[{"id":58601,"href":"https:\/\/olimpijski.pl\/en\/wp-json\/wp\/v2\/person\/15284\/revisions\/58601"}],"wp:attachment":[{"href":"https:\/\/olimpijski.pl\/en\/wp-json\/wp\/v2\/media?parent=15284"}],"curies":[{"name":"wp","href":"https:\/\/api.w.org\/{rel}","templated":true}]}}