{"id":15330,"date":"2020-06-24T16:52:38","date_gmt":"2020-06-24T14:52:38","guid":{"rendered":"http:\/\/pkol.local\/person\/edward-zulawnik\/"},"modified":"2020-11-23T09:38:26","modified_gmt":"2020-11-23T08:38:26","slug":"edward-zulawnik","status":"publish","type":"person","link":"https:\/\/olimpijski.pl\/en\/olimpijczycy\/edward-zulawnik\/","title":{"rendered":"Edward \u017bu\u0142awnik (1932-1999)"},"content":{"rendered":"\n<p><br><br><strong>ppor. s\u0142. st. WP, trener, zapa\u015bnik stylu klasycznego klub\u00f3w warszawskich, mistrz Polski, olimpijczyk z\u00a0Rzymu (1960).<br><\/strong><br>Urodzony 23 listopada 1932 w\u00a0m. Wych\u00f3d\u017ac, gmina Czerwi\u0144sk n. Wis\u0142\u0105, absolwent zasadniczej szko\u0142y zawodowej (szlifierz), ppor. s\u0142. st. WP. Zapa\u015bnik (165 cm, 73 kg) stylu klasycznego (waga p\u00f3\u0142\u015brednia 73 kg), reprezentant Elektryczno\u015bci Warszawa (trener Tadeusz \u015awi\u0119tulski) i\u00a0sto\u0142ecznej Legii (trener Piotr Szczeblewski, J\u00f3zef Grotkowski).<\/p>\n\n\n\n<p>2-krotny mistrz Polski (w. p\u00f3\u0142\u015brednia) 1960, 1961, olimpijczyk (1960). Zawodnik starszego pokolenia o wszechstronnych predyspozycjach (b\u0142yskotliwa technika), ale kariery mi\u0119dzynarodowej nie zrobi\u0142, podobnie jak inni zapa\u015bnicy tego okresu (brak rzetelnej szko\u0142y walki). Po zako\u0144czeniu kariery sportowej by\u0142 szkoleniowcem (RKS &#8220;B\u0142onie&#8221; Sochaczew i Legia Warszawa) i s\u0119dzi\u0105 zapa\u015bniczym. Mistrz Sportu. Zmar\u0142 w Warszawie 1 wrze\u015bnia 1999 r.<br><strong><br>*1960 Rzym: styl klas., w. p\u00f3\u0142\u015brednia 73 kg<\/strong> &#8211; w&nbsp;pierwszej kolejce przegra\u0142 w&nbsp;10.22 min. z&nbsp;Francuzem R. Schiermeyerem, w&nbsp;drugiej wycofa\u0142 si\u0119 na&nbsp;skutek kontuzji, odp. z&nbsp;konk., zajmuj\u0105c 25. msc na&nbsp;27 start. (zw. M. Bayrak Turcja).<\/p>\n\n\n\n<p><em>Bibl.: G\u0142uszek, Leksykon 1999, s. 381; Pawlak, Olimpijczycy, s. 303; Staniszewski, Dzieje, s. 35, 40, 66, 139; Kronika sportu, s. 1014; Ksi\u0119ga sportu polskiego, s. 538; Godlewski, Olimpijskie turnieje, s. 81, 235, 238; Lipski, MEZ (w przygotowaniu do&nbsp;druku &#8211; tu data \u015bmierci &#8211; 2.09.1999); Wywiad \u015brodowiskowy.<\/em><\/p>\n","protected":false},"excerpt":{"rendered":"<p>ppor. s\u0142. st. WP, trener, zapa\u015bnik stylu klasycznego klub\u00f3w warszawskich, mistrz Polski, olimpijczyk z\u00a0Rzymu (1960).Urodzony 23 listopada 1932 w\u00a0m. Wych\u00f3d\u017ac, gmina Czerwi\u0144sk<\/p>\n","protected":false},"featured_media":0,"menu_order":60,"template":"","meta":{"_acf_changed":false,"ub_ctt_via":"","footnotes":""},"class_list":["post-15330","person","type-person","status-publish","hentry","infinite-scroll-item","no-featured-image-padding"],"acf":{"olimpic_information":[{"olimpic":[{"ID":304,"post_author":"1","post_date":"1960-06-17 13:34:45","post_date_gmt":"1960-06-17 11:34:45","post_content":"<!-- wp:heading {\"level\":1,\"className\":\"main-title\"} -->\n<h1 class=\"wp-block-heading main-title\"><strong>Igrzyska XVII Olimpiady<\/strong><br>Rzym 1960<\/h1>\n<!-- \/wp:heading -->\n\n<!-- wp:paragraph -->\n<p><br><\/p>\n<!-- \/wp:paragraph -->\n\n<!-- wp:image {\"id\":19348,\"sizeSlug\":\"large\",\"align\":\"left\",\"className\":\"is-style-default\"} -->\n<figure class=\"wp-block-image alignleft size-large is-style-default\"><img src=\"https:\/\/olimpijski.pl\/wp-content\/uploads\/1960\/06\/rzym1960.png\" alt=\"\" class=\"wp-image-19348\"\/><\/figure>\n<!-- \/wp:image -->\n\n<!-- wp:list -->\n<ul><!-- wp:list-item -->\n<li>Igrzyska rozegrano w dniach <strong>25 sierpnia \u2013 11 wrze\u015bnia<\/strong>.<\/li>\n<!-- \/wp:list-item -->\n\n<!-- wp:list-item -->\n<li>Wystartowa\u0142o <strong>5338<\/strong> zawodnik\u00f3w (w tym <strong>611<\/strong> kobiet) z <strong>83<\/strong> kraj\u00f3w.<\/li>\n<!-- \/wp:list-item -->\n\n<!-- wp:list-item -->\n<li>Rozdano <strong>150<\/strong> komplet\u00f3w medali.<\/li>\n<!-- \/wp:list-item -->\n\n<!-- wp:list-item -->\n<li>Przysi\u0119g\u0119 w imieniu sportowc\u00f3w z\u0142o\u017cy\u0142 lekkoatleta <strong>Adolfo Consolini<\/strong>.<\/li>\n<!-- \/wp:list-item -->\n\n<!-- wp:list-item -->\n<li>Znicz zapali\u0142 posiadaj\u0105cy greckie korzenie <strong>Giancarlo Peris<\/strong> \u2013 W\u0142oski Komitet Olimpijski zdecydowa\u0142, \u017ce powinien go zapali\u0107 junior, zwyci\u0119zca biegu prze\u0142ajowego w tej kategorii wiekowej.<\/li>\n<!-- \/wp:list-item -->\n\n<!-- wp:list-item -->\n<li>Igrzyska otworzy\u0142 <strong>prezydent W\u0142och Giovanni Gronchi<\/strong>.<\/li>\n<!-- \/wp:list-item --><\/ul>\n<!-- \/wp:list -->\n\n<!-- wp:heading -->\n<h2 class=\"wp-block-heading\"><strong>Program Igrzysk \u2013 19 dyscyplin, 150 konkurencji<\/strong><\/h2>\n<!-- \/wp:heading -->\n\n<!-- wp:paragraph -->\n<p>boks (10 konkurencji), gimnastyka (14), hokej na trawie (1), je\u017adziectwo (5), kajakarstwo (7), kolarstwo (6), koszyk\u00f3wka (1), lekkoatletyka (34), pi\u0119ciob\u00f3j nowoczesny (2), pi\u0142ka no\u017cna (1), pi\u0142ka wodna (1), p\u0142ywanie (15), podnoszenie ci\u0119\u017car\u00f3w (7), skoki do wody (4), strzelectwo (6), szermierka (8), wio\u015blarstwo (7), zapasy (16), \u017ceglarstwo (5).<\/p>\n<!-- \/wp:paragraph -->\n\n<!-- wp:heading -->\n<h2 class=\"wp-block-heading\"><strong>Gwiazdy Igrzysk<\/strong><\/h2>\n<!-- \/wp:heading -->\n\n<!-- wp:paragraph -->\n<p><strong>Borys Szachlin<\/strong> (ZSRR, gimnastyka) \u2013 4 z\u0142ote medale, 2 srebrne i 1 br\u0105zowy<br><strong>Larysa \u0141atynina<\/strong>&nbsp;(ZSRR, gimnastyka) \u2013&nbsp;3 z\u0142ote, 2 srebrne, 1 br\u0105zowy<\/p>\n<!-- \/wp:paragraph -->\n\n<!-- wp:heading -->\n<h2 class=\"wp-block-heading\"><strong>Polska Reprezentacja Olimpijska<\/strong><\/h2>\n<!-- \/wp:heading -->\n\n<!-- wp:paragraph -->\n<p><strong>202 osoby<\/strong> (startowa\u0142o 185 \u2013 29 kobiet i 156 m\u0119\u017cczyzn) w 16 sportach: 10 bokser\u00f3w, 14 gimnastyk\u00f3w (w tym 7 kobiet; 12 startowa\u0142o + 2 rez.), 16 hokeist\u00f3w na trawie (13 startowa\u0142o + 3 rez.), 6 je\u017ad\u017ac\u00f3w (4 startowa\u0142o + 2 rez.), 8 kajakarzy (w tym 2 kobiety; 6 startowa\u0142o + 1 rez., 1 nie), 5 kolarzy, 12 koszykarzy, 51 lekkoatlet\u00f3w (w tym 16 kobiet; 49 startowa\u0142o + 2 rez.), 18 pi\u0142karzy (13 startowa\u0142o + 5 rez.), 3 pi\u0119cioboist\u00f3w, 7 p\u0142ywak\u00f3w (6 startowa\u0142o + 1 rez.), 7 ci\u0119\u017carowc\u00f3w, 7 strzelc\u00f3w, 21 szermierzy (w tym 5 kobiet), 5 wio\u015blarzy, 12 zapa\u015bnik\u00f3w.<\/p>\n<!-- \/wp:paragraph -->\n\n<!-- wp:paragraph -->\n<p>Chor\u0105\u017cym by\u0142 wio\u015blarz <strong>Teodor Kocerka<\/strong>.<\/p>\n<!-- \/wp:paragraph -->\n\n<!-- wp:heading -->\n<h2 class=\"wp-block-heading\"><strong>Klasyfikacja medalowa<\/strong><\/h2>\n<!-- \/wp:heading -->\n\n<!-- wp:table {\"hasFixedLayout\":true,\"className\":\"is-style-stripes\"} -->\n<figure class=\"wp-block-table is-style-stripes\"><table class=\"has-fixed-layout\"><tbody><tr><td><\/td><td><\/td><td class=\"has-text-align-center\" data-align=\"center\">&nbsp;<\/td><td class=\"has-text-align-center\" data-align=\"center\">&nbsp;<\/td><td class=\"has-text-align-center\" data-align=\"center\">&nbsp;<\/td><td class=\"has-text-align-center\" data-align=\"center\">&nbsp;<\/td><\/tr><tr><td>&nbsp;<\/td><td>&nbsp;<\/td><td class=\"has-text-align-center\" data-align=\"center\">&nbsp;<\/td><td class=\"has-text-align-center\" data-align=\"center\"><img class=\"wp-image-27817\" style=\"width: 50px;\" src=\"https:\/\/olimpijski.pl\/wp-content\/uploads\/2016\/06\/2016_Rio_zloty_50x50.jpg\" alt=\"\"><\/td><td class=\"has-text-align-center\" data-align=\"center\"><img class=\"wp-image-27819\" style=\"width: 50px;\" src=\"https:\/\/olimpijski.pl\/wp-content\/uploads\/2016\/06\/2016_Rio_sreb_50x50.jpg\" alt=\"\"><\/td><td class=\"has-text-align-center\" data-align=\"center\"><img class=\"wp-image-27821\" style=\"width: 50px;\" src=\"https:\/\/olimpijski.pl\/wp-content\/uploads\/2016\/06\/2016_Rio_braz_50x50.jpg\" alt=\"\"><\/td><\/tr><tr><td>1.<\/td><td>ZSRR<\/td><td class=\"has-text-align-center\" data-align=\"center\">103<\/td><td class=\"has-text-align-center\" data-align=\"center\">43<\/td><td class=\"has-text-align-center\" data-align=\"center\">29<\/td><td class=\"has-text-align-center\" data-align=\"center\">31<\/td><\/tr><tr><td>2.<\/td><td>USA<\/td><td class=\"has-text-align-center\" data-align=\"center\">71<\/td><td class=\"has-text-align-center\" data-align=\"center\">34<\/td><td class=\"has-text-align-center\" data-align=\"center\">21<\/td><td class=\"has-text-align-center\" data-align=\"center\">16<\/td><\/tr><tr><td>3.<\/td><td>W\u0142ochy<\/td><td class=\"has-text-align-center\" data-align=\"center\">36<\/td><td class=\"has-text-align-center\" data-align=\"center\">13<\/td><td class=\"has-text-align-center\" data-align=\"center\">10<\/td><td class=\"has-text-align-center\" data-align=\"center\">13<\/td><\/tr><tr><td>...<\/td><td>&nbsp;<\/td><td class=\"has-text-align-center\" data-align=\"center\">&nbsp;<\/td><td class=\"has-text-align-center\" data-align=\"center\">&nbsp;<\/td><td class=\"has-text-align-center\" data-align=\"center\">&nbsp;<\/td><td class=\"has-text-align-center\" data-align=\"center\">&nbsp;<\/td><\/tr><tr><td><strong>9.<\/strong><\/td><td><strong>Polska<\/strong><\/td><td class=\"has-text-align-center\" data-align=\"center\"><strong>21<\/strong><\/td><td class=\"has-text-align-center\" data-align=\"center\"><strong>4<\/strong><\/td><td class=\"has-text-align-center\" data-align=\"center\"><strong>6<\/strong><\/td><td class=\"has-text-align-center\" data-align=\"center\"><strong>11<\/strong><\/td><\/tr><\/tbody><\/table><\/figure>\n<!-- \/wp:table -->\n\n<!-- wp:heading -->\n<h2 class=\"wp-block-heading\"><strong>Medale dla Polski (21)<\/strong><\/h2>\n<!-- \/wp:heading -->\n\n<!-- wp:ub\/content-toggle-block {\"blockID\":\"d703506d-3cab-4ae7-bba6-c1f63e5faef8\",\"theme\":\"#f1f1f1\",\"collapsed\":true,\"titleColor\":\"#000000\"} -->\n<!-- wp:ub\/content-toggle-panel-block {\"parentID\":\"6d2bdf16-bc4c-43c4-a83f-43ee612c986d\",\"theme\":\"#f1f1f1\",\"collapsed\":true,\"titleColor\":\"#000000\",\"panelTitle\":\"Z\u0142ote\",\"blockID\":\"6f75d013-b6c3-4bb5-a060-deb5e307cb50\"} -->\n<!-- wp:paragraph -->\n<p><\/p>\n<!-- \/wp:paragraph -->\n\n<!-- wp:media-text {\"align\":\"wide\",\"mediaId\":30248,\"mediaType\":\"image\",\"mediaWidth\":20,\"isStackedOnMobile\":false,\"className\":\"is-stacked-on-mobile\"} -->\n<div class=\"wp-block-media-text alignwide is-stacked-on-mobile\" style=\"grid-template-columns:20% auto\"><figure class=\"wp-block-media-text__media\"><img src=\"https:\/\/olimpijski.pl\/wp-content\/uploads\/1960\/06\/1960_Rzym_zloty_200.jpg\" alt=\"\" class=\"wp-image-30248 size-full\"\/><\/figure><div class=\"wp-block-media-text__content\"><!-- wp:paragraph -->\n<p><strong>Zdzis\u0142aw Krzyszkowiak<\/strong><br>(lekkoatletyka, 3000m z przeszkodami)<\/p>\n<!-- \/wp:paragraph -->\n\n<!-- wp:paragraph -->\n<p><strong>J\u00f3zef Schmidt<\/strong><br>(lekkoatletyka, tr\u00f3jskok)<\/p>\n<!-- \/wp:paragraph -->\n\n<!-- wp:paragraph -->\n<p><strong>Ireneusz Pali\u0144ski<\/strong><br>(podnoszenie ci\u0119\u017car\u00f3w, 82,5 kg)<\/p>\n<!-- \/wp:paragraph -->\n\n<!-- wp:paragraph -->\n<p><strong>Kazimierz Pa\u017adzior<\/strong><br>(boks, waga lekka)<\/p>\n<!-- \/wp:paragraph --><\/div><\/div>\n<!-- \/wp:media-text -->\n<!-- \/wp:ub\/content-toggle-panel-block -->\n<!-- \/wp:ub\/content-toggle-block -->\n\n<!-- wp:ub\/content-toggle-block {\"blockID\":\"347fabe1-7fc8-4573-b872-e1e306314837\",\"theme\":\"#f1f1f1\",\"collapsed\":true,\"titleColor\":\"#000000\"} -->\n<!-- wp:ub\/content-toggle-panel-block {\"parentID\":\"b662193c-5a84-47eb-a9a5-76f446d5e30c\",\"theme\":\"#f1f1f1\",\"collapsed\":true,\"titleColor\":\"#000000\",\"panelTitle\":\"Srebrne\",\"blockID\":\"ed747d28-9a08-410b-b694-c97c0e315451\"} -->\n<!-- wp:paragraph -->\n<p><\/p>\n<!-- \/wp:paragraph -->\n\n<!-- wp:media-text {\"align\":\"wide\",\"mediaId\":30250,\"mediaType\":\"image\",\"mediaWidth\":20,\"isStackedOnMobile\":false,\"className\":\"is-stacked-on-mobile\"} -->\n<div class=\"wp-block-media-text alignwide is-stacked-on-mobile\" style=\"grid-template-columns:20% auto\"><figure class=\"wp-block-media-text__media\"><img src=\"https:\/\/olimpijski.pl\/wp-content\/uploads\/1960\/06\/1960_Rzym_sreb_200.jpg\" alt=\"\" class=\"wp-image-30250 size-full\"\/><\/figure><div class=\"wp-block-media-text__content\"><!-- wp:paragraph -->\n<p><strong>El\u017cbieta Krzesi\u0144ska<\/strong><br>(lekkoatletyka, skok w dal)<\/p>\n<!-- \/wp:paragraph -->\n\n<!-- wp:paragraph -->\n<p><strong>Jaros\u0142awa J\u00f3\u017awiakowska<\/strong><br>(lekkoatletyka, skok wzwy\u017c)<\/p>\n<!-- \/wp:paragraph -->\n\n<!-- wp:paragraph -->\n<p><strong>Jerzy Adamski<\/strong><br>(boks, waga pi\u00f3rkowa)<\/p>\n<!-- \/wp:paragraph -->\n\n<!-- wp:paragraph -->\n<p><strong>Tadeusz Walasek<\/strong><br>(boks, waga \u015brednia)<\/p>\n<!-- \/wp:paragraph -->\n\n<!-- wp:paragraph -->\n<p><strong>Zbigniew Pietrzykowski<\/strong><br>(boks, waga p\u00f3\u0142ci\u0119\u017cka)<\/p>\n<!-- \/wp:paragraph -->\n\n<!-- wp:paragraph -->\n<p><strong>Marian Kuszewski, Emil Ochyra, Jerzy Paw\u0142owski, Andrzej Pi\u0105tkowski, Wojciech Zab\u0142ocki, Ryszard Zub<\/strong><br>(szermierka, szabla dru\u017cynowo)<\/p>\n<!-- \/wp:paragraph --><\/div><\/div>\n<!-- \/wp:media-text -->\n<!-- \/wp:ub\/content-toggle-panel-block -->\n<!-- \/wp:ub\/content-toggle-block -->\n\n<!-- wp:ub\/content-toggle-block {\"blockID\":\"6c7378ab-a429-4ed7-a173-fb3e3494a047\",\"theme\":\"#f1f1f1\",\"collapsed\":true,\"titleColor\":\"#000000\"} -->\n<!-- wp:ub\/content-toggle-panel-block {\"parentID\":\"40cc4003-9e39-4c8d-965f-0ad01819e5ca\",\"theme\":\"#f1f1f1\",\"collapsed\":true,\"titleColor\":\"#000000\",\"panelTitle\":\"Br\u0105zowe\",\"blockID\":\"71fa9c40-d1a4-4c62-babe-89db9bcfdc96\"} -->\n<!-- wp:paragraph -->\n<p><\/p>\n<!-- \/wp:paragraph -->\n\n<!-- wp:media-text {\"align\":\"wide\",\"mediaId\":30252,\"mediaType\":\"image\",\"mediaWidth\":20,\"isStackedOnMobile\":false,\"className\":\"is-stacked-on-mobile\"} -->\n<div class=\"wp-block-media-text alignwide is-stacked-on-mobile\" style=\"grid-template-columns:20% auto\"><figure class=\"wp-block-media-text__media\"><img src=\"https:\/\/olimpijski.pl\/wp-content\/uploads\/1960\/06\/1960_Rzym_braz_200.jpg\" alt=\"\" class=\"wp-image-30252 size-full\"\/><\/figure><div class=\"wp-block-media-text__content\"><!-- wp:paragraph -->\n<p><strong>Brunon Bendig<\/strong><br>(boks - waga kogucia)<\/p>\n<!-- \/wp:paragraph -->\n\n<!-- wp:paragraph -->\n<p><strong>Leszek Drogosz<\/strong><br>(boks, waga lekkop\u00f3\u0142\u015brednia)<\/p>\n<!-- \/wp:paragraph -->\n\n<!-- wp:paragraph -->\n<p><strong>Marian Kasprzyk<\/strong><br>(boks, waga p\u00f3\u0142\u015brednia)<\/p>\n<!-- \/wp:paragraph -->\n\n<!-- wp:paragraph -->\n<p><strong>Danuta Walkowiak<\/strong><br>(kajakarstwo, K1 na 500 m)<\/p>\n<!-- \/wp:paragraph -->\n\n<!-- wp:paragraph -->\n<p><strong>Stefan Kap\u0142aniak, W\u0142adys\u0142aw Zieli\u0144ski<\/strong><br>(kajakarstwo, K2 na 1000 m)<\/p>\n<!-- \/wp:paragraph -->\n\n<!-- wp:paragraph -->\n<p><strong>Tadeusz Rut<\/strong><br>(lekkoatletyka, rzut m\u0142otem)<\/p>\n<!-- \/wp:paragraph -->\n\n<!-- wp:paragraph -->\n<p><strong>Kazimierz Zimny<\/strong><br>(lekkoatletyka, bieg na 5000 m)<\/p>\n<!-- \/wp:paragraph -->\n\n<!-- wp:paragraph -->\n<p><strong>Teresa Ciep\u0142y, Halina G\u00f3recka, Barbara Janiszewska, Celina Jesionowska<\/strong><br>(lekkoatletyka, sztafeta 4x100 m)<\/p>\n<!-- \/wp:paragraph -->\n\n<!-- wp:paragraph -->\n<p><strong>Teodor Kocerka<\/strong><br>(wio\u015blarstwo, jedynki)<\/p>\n<!-- \/wp:paragraph -->\n\n<!-- wp:paragraph -->\n<p><strong>Jan Bochenek<\/strong><br>(podnoszenie ci\u0119\u017car\u00f3w, waga 82,5 kg)<\/p>\n<!-- \/wp:paragraph -->\n\n<!-- wp:paragraph -->\n<p><strong>Tadeusz Trojanowski<\/strong><br>(zapasy, styl wolny - 60 kg)<\/p>\n<!-- \/wp:paragraph --><\/div><\/div>\n<!-- \/wp:media-text -->\n<!-- \/wp:ub\/content-toggle-panel-block -->\n<!-- \/wp:ub\/content-toggle-block -->\n\n<!-- wp:quote {\"className\":\"is-style-default\"} -->\n<blockquote class=\"wp-block-quote is-style-default\"><!-- wp:paragraph -->\n<p>Na starcie po raz pierwszy stan\u0119li sportowcy z Maroka, San Marino, Sudanu i Tunezji.<\/p>\n<!-- \/wp:paragraph --><\/blockquote>\n<!-- \/wp:quote -->","post_title":"Rzym 1960","post_excerpt":"","post_status":"publish","comment_status":"closed","ping_status":"closed","post_password":"","post_name":"rzym-1960","to_ping":"","pinged":"","post_modified":"2024-06-27 13:05:26","post_modified_gmt":"2024-06-27 11:05:26","post_content_filtered":"","post_parent":0,"guid":"https:\/\/wai-q98d7hpf9hy9k.wpallimport-demo.qsandbox.me\/olympics_summer\/rzym-1960\/","menu_order":0,"post_type":"olympics_summer","post_mime_type":"","comment_count":"0","filter":"raw"}],"competitions_rewards":[{"competition":[{"ID":5854,"post_author":"1","post_date":"2020-06-19 11:32:26","post_date_gmt":"2020-06-19 11:32:26","post_content":"","post_title":"Zapasy","post_excerpt":"","post_status":"publish","comment_status":"open","ping_status":"open","post_password":"","post_name":"zapasy","to_ping":"","pinged":"","post_modified":"2020-06-29 13:17:09","post_modified_gmt":"2020-06-29 11:17:09","post_content_filtered":"","post_parent":0,"guid":"https:\/\/wai-q7byvryhhcz9k.wpallimport-demo.qsandbox.me\/competition\/zapasy\/","menu_order":0,"post_type":"competition","post_mime_type":"","comment_count":"0","filter":"raw"}],"reward":""}]}],"picture":false,"firstname":"Edward","lastname":"\u017bu\u0142awnik (1932-1999)","birthdate_date":"23\/11\/1932","birthdate":"23 listopada 1932","deathdate_date":"01\/09\/1999","deathdate":"1 wrze\u015bnia 1999","placeofbirth":"Wych\u00f3d\u017ac","club":"Elektryczno\u015b\u0107 Warszawa, Legia Warszawa","coach":"Tadeusz \u015awi\u0119tulski, Piotr Szczeblewski, J\u00f3zef Grotkowski","metrics":"165\/73","seolink":"zulawnik-edward","tmp_old_id":"13890","tmp_old_fid":"294","tmp_old_parent_id":"15544","createdate":"17\/03\/2016","tmp_old_title":"\u017bu\u0142awnik  Edward (1932-1999)","tmp_old_lead":"","tmp_old_body":"<p class=\"title-m-02\">\u017bU\u0141AWNIK  EDWARD (1932-1999)<\/p><table  border=\"0\" align=\"LEFT\" cellpadding=\"0\" cellspacing=\"0\"> <tr> <td class=\"photo-td-01\"><table  border=\"0\" cellspacing=\"0\" cellpadding=\"0\"> <tr>  <td><img src=\"files\/old\/i\/olimpijczycy\/zulawnik_Edward_m.jpg\" alt=\"\u017bU\u0141AWNIK EDWARD \" border=\"0\" width=\"50\" height=\"50\"><\/td> <\/tr> <\/table><\/td><\/tr><\/table><p><strong>ppor. s\u0142. st. WP, trener, zapa\u015bnik stylu klasycznego klub\u00f3w warszawskich, mistrz Polski, olimpijczyk z Rzymu (1960).<br\/><\/strong><br\/>Urodzony 23 listopada 1932 w m. Wych\u00f3d\u017ac, gmina Czerwi\u0144sk n. Wis\u0142\u0105, absolwent zasadniczej szko\u0142y zawodowej (szlifierz), ppor. s\u0142. st. WP. Zapa\u015bnik (165 cm, 73 kg) stylu klasycznego (waga p\u00f3\u0142\u015brednia\u00a0 73 kg), reprezentant Elektryczno\u015bci Warszawa (trener Tadeusz \u015awi\u0119tulski) i sto\u0142ecznej Legii (trener Piotr Szczeblewski, J\u00f3zef Grotkowski). <strong>2-krotny mistrz Polski<\/strong> (w. p\u00f3\u0142\u015brednia) 1960, 1961, olimpijczyk (1960). Zawodnik starszego pokolenia o wszechstronnych predyspozycjach (b\u0142yskotliwa technika), ale kariery mi\u0119dzynarodowej nie zrobi\u0142, podobnie jak inni zapa\u015bnicy tego okresu (brak rzetelnej szko\u0142y walki). Po zako\u0144czeniu kariery sportowej by\u0142 szkoleniowcem (RKS \"B\u0142onie\" Sochaczew i Legia Warszawa) i s\u0119dzi\u0105 zapa\u015bniczym. Mistrz Sportu. Zmar\u0142 w Warszawie 1 wrze\u015bnia 1999.<br\/><br\/>Bibl.: G\u0142uszek, Leksykon 1999, s. 381; Pawlak, Olimpijczycy, s. 303; Staniszewski, Dzieje, s. 35, 40, 66, 139; Kronika sportu, s. 1014; Ksi\u0119ga sportu polskiego, s. 538; Godlewski, Olimpijskie turnieje, s. 81, 235, 238; Lipski, MEZ (w przygotowaniu do druku - tu data \u015bmierci - 2.09.1999); Wywiad \u015brodowiskowy.<br\/><strong>*1960 Rzym: styl klas., w. p\u00f3\u0142\u015brednia 73 kg<\/strong> - w pierwszej kolejce przegra\u0142 w 10.22 min. z Francuzem R. Schiermeyerem, w drugiej wycofa\u0142 si\u0119 na skutek kontuzji, odp. z konk., zajmuj\u0105c 25 m. na 27 start. (zw. M. Bayrak Turcja).<br\/><\/p><!-- history --><table width=\"85%\" style=\"text-align:right\" border=\"0\" cellspacing=\"0\" cellpadding=\"0\">  <tr>    <td align=\"right\" class=\"box3-title\"><a href=\"javascript:history.back()\">\u00ab powr\u00f3t do listy<\/a><\/td>  <\/tr><\/table>","tmp_old_body_img":false,"tmp_old_lead_img":false,"picture_medalists":false,"important":"","person_achivments":""},"_links":{"self":[{"href":"https:\/\/olimpijski.pl\/en\/wp-json\/wp\/v2\/person\/15330"}],"collection":[{"href":"https:\/\/olimpijski.pl\/en\/wp-json\/wp\/v2\/person"}],"about":[{"href":"https:\/\/olimpijski.pl\/en\/wp-json\/wp\/v2\/types\/person"}],"version-history":[{"count":4,"href":"https:\/\/olimpijski.pl\/en\/wp-json\/wp\/v2\/person\/15330\/revisions"}],"predecessor-version":[{"id":36147,"href":"https:\/\/olimpijski.pl\/en\/wp-json\/wp\/v2\/person\/15330\/revisions\/36147"}],"wp:attachment":[{"href":"https:\/\/olimpijski.pl\/en\/wp-json\/wp\/v2\/media?parent=15330"}],"curies":[{"name":"wp","href":"https:\/\/api.w.org\/{rel}","templated":true}]}}