{"id":15344,"date":"2020-06-24T16:52:49","date_gmt":"2020-06-24T14:52:49","guid":{"rendered":"http:\/\/pkol.local\/person\/konrad-niedzwiedzki\/"},"modified":"2025-02-02T23:44:17","modified_gmt":"2025-02-02T22:44:17","slug":"konrad-niedzwiedzki","status":"publish","type":"person","link":"https:\/\/olimpijski.pl\/en\/olimpijczycy\/konrad-niedzwiedzki\/","title":{"rendered":"Konrad Nied\u017awiedzki"},"content":{"rendered":"\n<p><strong>polski panczenista, olimpijczyk z Turynu (2006), Vancouver (2010), Soczi (2014) i PyeongChang (2018). Br\u0105zowy medalista olimpijski (Soczi 2014) w wy\u015bcigu dru\u017cynowym. Br\u0105zowy medalista mistrzostw \u015bwiata na dystansach w 2013 roku w Soczi.<\/strong><\/p>\n\n\n\n<p>Konrad Nied\u017awiedzki urodzi\u0142 si\u0119 2 stycznia 1985 roku w&nbsp;Warszawie. Syn Krzysztofa Adolfa Nied\u017awiedzkiego i&nbsp;Zofii Marii Budz. Zawodnik SN PTT Zakopane, AZS Zakopane, LKS Poroniec Poronin.<\/p>\n\n\n\n<p>Bra\u0142 udzia\u0142 w&nbsp;Zimowych Igrzyskach olimpijskich w&nbsp;Turynie w&nbsp;2006, gdzie w&nbsp;biegu na&nbsp;1500 metr\u00f3w zaj\u0105\u0142 12. miejsce, a&nbsp;na 1000 metr\u00f3w by\u0142 13. W&nbsp;2010 roku na&nbsp;Zimowych Igrzyskach Olimpijskich zosta\u0142 mianowany chor\u0105\u017cym Polskiej Reprezentacji. W&nbsp;Vancouver zaj\u0105\u0142 17. miejsce na&nbsp;1500 metr\u00f3w, na&nbsp;1000 metr\u00f3w by\u0142 27., a&nbsp;w&nbsp;biegu na&nbsp;500 metr\u00f3w &#8211; 30.<\/p>\n\n\n\n<p>W 2013 roku podczas mistrzostw \u015bwiata na&nbsp;dystansach w&nbsp;Soczi, w&nbsp;biegu dru\u017cynowym zdoby\u0142 br\u0105zowy medal.<\/p>\n\n\n\n<p>Na swoim koncie ma 13 tytu\u0142\u00f3w Mistrza Polski.<\/p>\n\n\n\n<p>Podczas ZIO Soczi 2014 osi\u0105gn\u0105\u0142 niesamowity sukces zdobywaj\u0105c br\u0105zowy medal wraz z&nbsp;kolegami z&nbsp;reprezentacji. Opr\u00f3cz tego zaj\u0105\u0142 tak\u017ce 16. (1000 m) i&nbsp;20. (1500 m) miejsce.<\/p>\n\n\n\n<p><strong>*2006 Turyn: \u0142y\u017cwiarstwo szybkie &#8211; 1000 m<\/strong> &#8211; 13. na&nbsp;41 startuj\u0105cych z&nbsp;czasem 1:09.95, <strong>1500 m<\/strong> &#8211; 12. msc na&nbsp;41 startuj\u0105cych z&nbsp;czasem 1:48.09.<\/p>\n\n\n\n<p><strong>*2010 Vancouver: \u0142y\u017cwiarstwo szybkie &#8211; 500 m<\/strong> &#8211; 31. msc na&nbsp;39 startuj\u0105cych z&nbsp;czasem 72.36;<strong> 1000 m<\/strong> &#8211; 27. na&nbsp;38 startuj\u0105cych z&nbsp;czasem 1:11.24, <strong>1500 m<\/strong> &#8211; 17. na&nbsp;37 startuj\u0105cych z&nbsp;czasem 1:48.15.<\/p>\n\n\n\n<p><strong>*2014 Soczi: \u0142y\u017cwiarstwo szybkie &#8211; 1000 m<\/strong> &#8211; 16. msc, <strong>1500 m<\/strong> &#8211; 20. msc, <strong>dru\u017c.<\/strong> &#8211; 3. msc &#8211; <strong>br\u0105zowy medal.<\/strong><\/p>\n\n\n\n<p><strong>*2018 PyeongChang: \u0142y\u017cwiarstwo szybkie &#8211; 1000 m<\/strong> &#8211; 23. miejsce; <strong>1500 m<\/strong> &#8211; 20. miejsce; <strong>bieg dru\u017cynowy<\/strong> &#8211; 7. miejsce; <strong>bieg masowy<\/strong> &#8211; nie uko\u0144czy\u0142.<\/p>\n","protected":false},"excerpt":{"rendered":"<p>polski panczenista, olimpijczyk z Turynu (2006), Vancouver (2010), Soczi (2014) i PyeongChang (2018). Br\u0105zowy medalista olimpijski (Soczi 2014) w wy\u015bcigu dru\u017cynowym. Br\u0105zowy medalista mistrzostw \u015bwiata na dystansach w 2013 roku w Soczi. &#8230; <a class=\"read-more\" href=\"https:\/\/olimpijski.pl\/en\/olimpijczycy\/konrad-niedzwiedzki\/\">Czytaj dalej<\/a><\/p>\n","protected":false},"featured_media":20398,"menu_order":60,"template":"","meta":{"_acf_changed":false,"ub_ctt_via":"","footnotes":""},"class_list":["post-15344","person","type-person","status-publish","has-post-thumbnail","hentry","infinite-scroll-item","no-featured-image-padding","resize-featured-image"],"acf":{"olimpic_information":[{"olimpic":[{"ID":5892,"post_author":"15","post_date":"2014-06-17 13:54:39","post_date_gmt":"2014-06-17 11:54:39","post_content":"<!-- wp:heading {\"level\":1,\"className\":\"main-title\"} -->\n<h1 class=\"main-title\"><strong>XXII ZIO<\/strong><br>Soczi 2014<\/h1>\n<!-- \/wp:heading -->\n\n<!-- wp:paragraph -->\n<p><br><\/p>\n<!-- \/wp:paragraph -->\n\n<!-- wp:image {\"align\":\"left\",\"id\":19396,\"width\":132,\"height\":132,\"sizeSlug\":\"large\",\"className\":\"is-style-default\"} -->\n<div class=\"wp-block-image is-style-default\"><figure class=\"alignleft size-large is-resized\"><img src=\"https:\/\/olimpijski.pl\/wp-content\/uploads\/2014\/06\/soczi2014.png\" alt=\"\" class=\"wp-image-19396\" width=\"132\" height=\"132\"\/><\/figure><\/div>\n<!-- \/wp:image -->\n\n<!-- wp:list -->\n<ul><li>Igrzyska rozegrano w dniach <strong>7-23 lutego<\/strong>.<\/li><li>Wystartowa\u0142o <strong>2873<\/strong> zawodnik\u00f3w z <strong>88<\/strong> kraj\u00f3w.<\/li><li>Rozdano <strong>98<\/strong> komplet\u00f3w medali.<\/li><li>Znicz zapalili \u0142y\u017cwiarka figurowa <strong>Irina Rodnina<\/strong> i hokeista <strong>W\u0142adys\u0142aw Tretiak<\/strong>.<\/li><li>Igrzyska otworzy\u0142 <strong>prezydent Rosji W\u0142adimir Putin<\/strong>.<\/li><\/ul>\n<!-- \/wp:list -->\n\n<!-- wp:heading -->\n<h2><strong>Program Igrzysk \u2013 13 dyscyplin, 98 konkurencji<\/strong><\/h2>\n<!-- \/wp:heading -->\n\n<!-- wp:paragraph -->\n<p>biathlon (11 konkurencji), bobsleje (3), curling (2), hokej na lodzie (2), \u0142y\u017cwiarstwo figurowe (5), \u0142y\u017cwiarstwo szybkie (12), \u0142y\u017cwiarstwo szybkie \u2013 short-track (8), narciarstwo alpejskie (10), narciarstwo klasyczne (19), narciarstwo dowolne (10), saneczkarstwo (4), skeleton (2), snowboard (10).<\/p>\n<!-- \/wp:paragraph -->\n\n<!-- wp:heading -->\n<h2><strong>Gwiazdy Igrzysk<\/strong><\/h2>\n<!-- \/wp:heading -->\n\n<!-- wp:paragraph -->\n<p><strong>Marit Bjoergen<\/strong> (Norwegia, biegi narciarskie) \u2013 3 z\u0142ote medale<br><strong>Daria Domraczewa<\/strong> (Bia\u0142oru\u015b, biathlon) \u2013 3 z\u0142ote medale<br><strong>Victor An<\/strong> (Rosja, short-track) \u2013 3 z\u0142ote medale<br><strong>Ireen Wust<\/strong> (Holandia, \u0142y\u017cwiarstwo szybkie) \u2013 2 z\u0142ote medale, 3 srebrne<br><strong>Kamil Stoch<\/strong> (Polska, skoki narciarskie) \u2013 2 z\u0142ote medale<\/p>\n<!-- \/wp:paragraph -->\n\n<!-- wp:heading -->\n<h2><strong>Polska Reprezentacja Olimpijska<\/strong><\/h2>\n<!-- \/wp:heading -->\n\n<!-- wp:paragraph -->\n<p><strong>60 os\u00f3b<\/strong> (startowa\u0142o 58 \u2013 23 kobiet i 35 m\u0119\u017cczyzn) w 8 sportach: 10 biathlonist\u00f3w (w tym 5 kobiet; 9 startowa\u0142o +1 rez.), 5 bobsleist\u00f3w (4 startowa\u0142o + 1 rez.), 10 \u0142y\u017cwiarzy szybkich (w tym 4 kobiety), 1 \u0142y\u017cwiarka szybka \u2013 short-track, 22 narciarzy (w tym 8 kobiet), 1 narciarstwo dowolne (kobieta), 5 saneczkarzy (w tym 2 kobiety), 6 snowboardzist\u00f3w (w tym 3 kobiety).<\/p>\n<!-- \/wp:paragraph -->\n\n<!-- wp:paragraph -->\n<p>Chor\u0105\u017cym reprezentacji Polski by\u0142 bobsleista <strong>Dawid Kupczyk<\/strong>.<\/p>\n<!-- \/wp:paragraph -->\n\n<!-- wp:heading -->\n<h2><strong>Klasyfikacja medalowa<\/strong><\/h2>\n<!-- \/wp:heading -->\n\n<!-- wp:table {\"hasFixedLayout\":true,\"className\":\"is-style-stripes\"} -->\n<figure class=\"wp-block-table is-style-stripes\"><table class=\"has-fixed-layout\"><tbody><tr><td><\/td><td><\/td><td class=\"has-text-align-center\" data-align=\"center\">&nbsp;<\/td><td class=\"has-text-align-center\" data-align=\"center\">&nbsp;<\/td><td class=\"has-text-align-center\" data-align=\"center\">&nbsp;<\/td><td class=\"has-text-align-center\" data-align=\"center\">&nbsp;<\/td><\/tr><tr><td>&nbsp;<\/td><td>&nbsp;<\/td><td class=\"has-text-align-center\" data-align=\"center\">&nbsp;<\/td><td class=\"has-text-align-center\" data-align=\"center\"><img class=\"wp-image-26068\" style=\"width: 50px;\" src=\"https:\/\/olimpijski.pl\/wp-content\/uploads\/1948\/06\/2008_Pekin_zloty_50x50.jpg\" alt=\"\"><\/td><td class=\"has-text-align-center\" data-align=\"center\"><img class=\"wp-image-26071\" style=\"width: 50px;\" src=\"https:\/\/olimpijski.pl\/wp-content\/uploads\/1948\/06\/2008_Pekin_sreb_50x50.jpg\" alt=\"\"><\/td><td class=\"has-text-align-center\" data-align=\"center\"><img class=\"wp-image-26073\" style=\"width: 50px;\" src=\"https:\/\/olimpijski.pl\/wp-content\/uploads\/1948\/06\/2008_Pekin_braz_50x50.jpg\" alt=\"\"><\/td><\/tr><tr><td>1.<\/td><td>Rosja<\/td><td class=\"has-text-align-center\" data-align=\"center\">33<\/td><td class=\"has-text-align-center\" data-align=\"center\">13<\/td><td class=\"has-text-align-center\" data-align=\"center\">11<\/td><td class=\"has-text-align-center\" data-align=\"center\">9<\/td><\/tr><tr><td>2.<\/td><td>Norwegia<\/td><td class=\"has-text-align-center\" data-align=\"center\">26<\/td><td class=\"has-text-align-center\" data-align=\"center\">11<\/td><td class=\"has-text-align-center\" data-align=\"center\">5<\/td><td class=\"has-text-align-center\" data-align=\"center\">10<\/td><\/tr><tr><td>3.<\/td><td>Kanada<\/td><td class=\"has-text-align-center\" data-align=\"center\">25<\/td><td class=\"has-text-align-center\" data-align=\"center\">10<\/td><td class=\"has-text-align-center\" data-align=\"center\">10<\/td><td class=\"has-text-align-center\" data-align=\"center\">5<\/td><\/tr><tr><td>...<\/td><td>&nbsp;<\/td><td class=\"has-text-align-center\" data-align=\"center\">&nbsp;<\/td><td class=\"has-text-align-center\" data-align=\"center\">&nbsp;<\/td><td class=\"has-text-align-center\" data-align=\"center\">&nbsp;<\/td><td class=\"has-text-align-center\" data-align=\"center\">&nbsp;<\/td><\/tr><tr><td><strong>11.<\/strong><\/td><td><strong>Polska<\/strong><\/td><td class=\"has-text-align-center\" data-align=\"center\"><strong>6<\/strong><\/td><td class=\"has-text-align-center\" data-align=\"center\"><strong>4<\/strong><\/td><td class=\"has-text-align-center\" data-align=\"center\"><strong>1<\/strong><\/td><td class=\"has-text-align-center\" data-align=\"center\"><strong>1<\/strong><\/td><\/tr><\/tbody><\/table><\/figure>\n<!-- \/wp:table -->\n\n<!-- wp:heading -->\n<h2><strong>Medale dla Polski (6)<\/strong><\/h2>\n<!-- \/wp:heading -->\n\n<!-- wp:paragraph -->\n<p>Z\u0142oty \u2013 Justyna Kowalczyk (biegi narciarskie, 10 km)<\/p>\n<!-- \/wp:paragraph -->\n\n<!-- wp:paragraph -->\n<p>Z\u0142oty \u2013 Kamil Stoch (skoki narciarskie, K-90)<\/p>\n<!-- \/wp:paragraph -->\n\n<!-- wp:paragraph -->\n<p>Z\u0142oty \u2013 Kamil Stoch (skoki narciarskie, K-120)<\/p>\n<!-- \/wp:paragraph -->\n\n<!-- wp:paragraph -->\n<p>Z\u0142oty \u2013 Zbigniew Br\u00f3dka (\u0142y\u017cwiarstwo szybkie, 1500 m)<\/p>\n<!-- \/wp:paragraph -->\n\n<!-- wp:paragraph -->\n<p>Srebrny \u2013 Katarzyna Bachleda-Curu\u015b, Natalia Czerwonka, Katarzyna Wo\u017aniak i Luiza Z\u0142otkowska (\u0142y\u017cwiarstwo szybkie, dru\u017cyna)<\/p>\n<!-- \/wp:paragraph -->\n\n<!-- wp:paragraph -->\n<p>Br\u0105zowy \u2013 Zbigniew Br\u00f3dka, Konrad Nied\u017awiedzki i Jan Szyma\u0144ski (\u0142y\u017cwiarstwo szybkie, dru\u017cyna)<\/p>\n<!-- \/wp:paragraph -->\n\n<!-- wp:quote {\"className\":\"is-style-default\"} -->\n<blockquote class=\"wp-block-quote is-style-default\"><p>Sportowcy z bia\u0142ym or\u0142em na piersi zdobyli w Soczi sze\u015b\u0107 medali: cztery z\u0142ote oraz po jednym srebrnym i br\u0105zowym, dzi\u0119ki czemu ZIO w Soczi by\u0142y najlepszymi w historii polskich start\u00f3w w tej odmianie igrzysk.<br><br>By\u0142a to impreza o gigantycznym, trudnym do precyzyjnego wyliczenia bud\u017cecie \u2013 co najmniej 50 miliard\u00f3w dol. (wi\u0119cej ni\u017c kosztowa\u0142y wszystkie poprzednie \u2013 21 \u2013 igrzyska \u0142\u0105cznie).<br><br>Do historii przeszed\u0142 norweski biathlonista Ole Einar Bjoerndalen, kt\u00f3ry na swych sz\u00f3stych igrzyskach wywalczy\u0142 dwa ostatnie kr\u0105\u017cki, co da\u0142o mu \u0142\u0105cznie 13 medali olimpijskich (o jeden wi\u0119cej ni\u017c dotychczasowy rekordzista w tej zimowej klasyfikacji wszech czas\u00f3w \u2013 jego rodak, biegacz narciarski Bjoern Daehlie).<\/p><\/blockquote>\n<!-- \/wp:quote -->","post_title":"Soczi 2014","post_excerpt":"","post_status":"publish","comment_status":"closed","ping_status":"closed","post_password":"","post_name":"soczi-2014","to_ping":"","pinged":"","post_modified":"2020-09-30 12:49:51","post_modified_gmt":"2020-09-30 10:49:51","post_content_filtered":"","post_parent":0,"guid":"https:\/\/wai-q98d7hpf9hy9k.wpallimport-demo.qsandbox.me\/olympics_winter\/soczi-2014\/","menu_order":0,"post_type":"olympics_winter","post_mime_type":"","comment_count":"0","filter":"raw"}],"competitions_rewards":[{"competition":[{"ID":5551,"post_author":"1","post_date":"2020-06-19 11:31:38","post_date_gmt":"2020-06-19 09:31:38","post_content":"","post_title":"\u0141y\u017cwiarstwo szybkie - Bieg dru\u017cynowy","post_excerpt":"","post_status":"publish","comment_status":"closed","ping_status":"closed","post_password":"","post_name":"bieg-druzynowy","to_ping":"","pinged":"","post_modified":"2020-07-22 11:42:44","post_modified_gmt":"2020-07-22 09:42:44","post_content_filtered":"","post_parent":5838,"guid":"https:\/\/wai-q7byvryhhcz9k.wpallimport-demo.qsandbox.me\/competition\/bieg-druzynowy\/","menu_order":0,"post_type":"competition","post_mime_type":"","comment_count":"0","filter":"raw"}],"reward":{"value":"3","label":"Br\u0105zowy"}}]},{"olimpic":[{"ID":5894,"post_author":"15","post_date":"2006-06-17 13:54:39","post_date_gmt":"2006-06-17 11:54:39","post_content":"<!-- wp:heading {\"level\":1,\"className\":\"main-title\"} -->\n<h1 class=\"main-title\"><strong>XX ZIO<\/strong><br>Turyn 2006<\/h1>\n<!-- \/wp:heading -->\n\n<!-- wp:paragraph -->\n<p><br><\/p>\n<!-- \/wp:paragraph -->\n\n<!-- wp:image {\"align\":\"left\",\"id\":19405,\"sizeSlug\":\"large\",\"className\":\"is-style-default\"} -->\n<div class=\"wp-block-image is-style-default\"><figure class=\"alignleft size-large\"><img src=\"https:\/\/olimpijski.pl\/wp-content\/uploads\/2006\/06\/turyn2006.png\" alt=\"\" class=\"wp-image-19405\"\/><\/figure><\/div>\n<!-- \/wp:image -->\n\n<!-- wp:list -->\n<ul><li>Igrzyska rozegrano w dniach <strong>10-26 lutego<\/strong>.<\/li><li>Wystartowa\u0142o <strong>2508<\/strong> zawodnik\u00f3w (w tym <strong>960<\/strong> kobiet) z <strong>80<\/strong> kraj\u00f3w.<\/li><li>Rozdano <strong>84<\/strong> komplety medali.<\/li><li>Znicz zapali\u0142a biegaczka narciarska, dziesi\u0119ciokrotna medalistka olimpijska <strong>Stefania Belmondo<\/strong>.<\/li><li>Igrzyska otworzy\u0142 <strong>prezydent W\u0142och Carlo Azeglio Ciampi<\/strong>.<\/li><\/ul>\n<!-- \/wp:list -->\n\n<!-- wp:heading -->\n<h2><strong>Program Igrzysk \u2013 13 dyscyplin, 84 konkurencje<\/strong><\/h2>\n<!-- \/wp:heading -->\n\n<!-- wp:paragraph -->\n<p>biathlon (10 konkurencji), bobsleje (3), curling (2), hokej na lodzie (2), \u0142y\u017cwiarstwo figurowe (4), \u0142y\u017cwiarstwo szybkie (12), \u0142y\u017cwiarstwo szybkie \u2013 short-track (8), narciarstwo alpejskie (10), narciarstwo klasyczne (18), narciarstwo dowolne (4), saneczkarstwo (3), skeleton (2), snowboard (6).<\/p>\n<!-- \/wp:paragraph -->\n\n<!-- wp:heading -->\n<h2><strong>Gwiazdy Igrzysk<\/strong><\/h2>\n<!-- \/wp:heading -->\n\n<!-- wp:paragraph -->\n<p><strong>Victor An<\/strong> (Rosja, short-track) \u2013 3 z\u0142ote medale, 1 br\u0105zowy<br><strong>Michael Greis<\/strong> (Niemcy, biathlon) \u2013 3 z\u0142ote medale<br><strong>Sun-Yu Jin<\/strong> (Korea P\u0142d., short-track) \u2013 3 z\u0142ote medale<\/p>\n<!-- \/wp:paragraph -->\n\n<!-- wp:heading -->\n<h2><strong>Polska Reprezentacja Olimpijska<\/strong><\/h2>\n<!-- \/wp:heading -->\n\n<!-- wp:paragraph -->\n<p><strong>46 os\u00f3b<\/strong> (startowa\u0142o 45 \u2013 16 kobiet i 29 m\u0119\u017cczyzn) w 9 sportach: 10 biathlonist\u00f3w (w tym 5 kobiet), 5 bobsleist\u00f3w (4 startowa\u0142o + 1 rez.), 4 \u0142y\u017cwiarzy figurowych (w tym 2 kobiety), 5 \u0142y\u017cwiarzy szybkich (w tym 1 kobieta), 1 \u0142y\u017cwiarz szybki \u2013 short-track, 11 narciarzy (w tym 3 kobiety), 3 saneczkarzy (w tym 1 kobieta), 1 skeletonistka, 6 snowboardzist\u00f3w (w tym 3 kobiety).<\/p>\n<!-- \/wp:paragraph -->\n\n<!-- wp:paragraph -->\n<p>Chor\u0105\u017cym bia\u0142o-czerwonych by\u0142a snowboardzistka <strong>Paulina Ligocka<\/strong>.<\/p>\n<!-- \/wp:paragraph -->\n\n<!-- wp:heading -->\n<h2><strong>Klasyfikacja medalowa<\/strong><\/h2>\n<!-- \/wp:heading -->\n\n<!-- wp:table {\"hasFixedLayout\":true,\"className\":\"is-style-stripes\"} -->\n<figure class=\"wp-block-table is-style-stripes\"><table class=\"has-fixed-layout\"><tbody><tr><td><\/td><td><\/td><td class=\"has-text-align-center\" data-align=\"center\">&nbsp;<\/td><td class=\"has-text-align-center\" data-align=\"center\">&nbsp;<\/td><td class=\"has-text-align-center\" data-align=\"center\">&nbsp;<\/td><td class=\"has-text-align-center\" data-align=\"center\">&nbsp;<\/td><\/tr><tr><td>&nbsp;<\/td><td>&nbsp;<\/td><td class=\"has-text-align-center\" data-align=\"center\">&nbsp;<\/td><td class=\"has-text-align-center\" data-align=\"center\"><img class=\"wp-image-26068\" style=\"width: 50px;\" src=\"https:\/\/olimpijski.pl\/wp-content\/uploads\/1948\/06\/2008_Pekin_zloty_50x50.jpg\" alt=\"\"><\/td><td class=\"has-text-align-center\" data-align=\"center\"><img class=\"wp-image-26071\" style=\"width: 50px;\" src=\"https:\/\/olimpijski.pl\/wp-content\/uploads\/1948\/06\/2008_Pekin_sreb_50x50.jpg\" alt=\"\"><\/td><td class=\"has-text-align-center\" data-align=\"center\"><img class=\"wp-image-26073\" style=\"width: 50px;\" src=\"https:\/\/olimpijski.pl\/wp-content\/uploads\/1948\/06\/2008_Pekin_braz_50x50.jpg\" alt=\"\"><\/td><\/tr><tr><td>1.<\/td><td>Niemcy<\/td><td class=\"has-text-align-center\" data-align=\"center\">29<\/td><td class=\"has-text-align-center\" data-align=\"center\">11<\/td><td class=\"has-text-align-center\" data-align=\"center\">12<\/td><td class=\"has-text-align-center\" data-align=\"center\">6<\/td><\/tr><tr><td>2.<\/td><td>USA<\/td><td class=\"has-text-align-center\" data-align=\"center\">25<\/td><td class=\"has-text-align-center\" data-align=\"center\">9<\/td><td class=\"has-text-align-center\" data-align=\"center\">9<\/td><td class=\"has-text-align-center\" data-align=\"center\">7<\/td><\/tr><tr><td>3.<\/td><td>Austria<\/td><td class=\"has-text-align-center\" data-align=\"center\">23<\/td><td class=\"has-text-align-center\" data-align=\"center\">9<\/td><td class=\"has-text-align-center\" data-align=\"center\">7<\/td><td class=\"has-text-align-center\" data-align=\"center\">7<\/td><\/tr><tr><td>...<\/td><td>&nbsp;<\/td><td class=\"has-text-align-center\" data-align=\"center\">&nbsp;<\/td><td class=\"has-text-align-center\" data-align=\"center\">&nbsp;<\/td><td class=\"has-text-align-center\" data-align=\"center\">&nbsp;<\/td><td class=\"has-text-align-center\" data-align=\"center\">&nbsp;<\/td><\/tr><tr><td><strong>20.<\/strong><\/td><td><strong>Polska<\/strong><\/td><td class=\"has-text-align-center\" data-align=\"center\"><strong>2<\/strong><\/td><td class=\"has-text-align-center\" data-align=\"center\"><strong>0<\/strong><\/td><td class=\"has-text-align-center\" data-align=\"center\"><strong>1<\/strong><\/td><td class=\"has-text-align-center\" data-align=\"center\"><strong>1<\/strong><\/td><\/tr><\/tbody><\/table><\/figure>\n<!-- \/wp:table -->\n\n<!-- wp:heading -->\n<h2><strong>Medale dla Polski (2)<\/strong><\/h2>\n<!-- \/wp:heading -->\n\n<!-- wp:paragraph -->\n<p>Srebrny \u2013 Tomasz Sikora (biathlon, bieg masowy na 15 km)<\/p>\n<!-- \/wp:paragraph -->\n\n<!-- wp:paragraph -->\n<p>Br\u0105zowy \u2013 Justyna Kowalczyk (biegi narciarskie, 30 km)<\/p>\n<!-- \/wp:paragraph -->","post_title":"Turyn 2006","post_excerpt":"","post_status":"publish","comment_status":"closed","ping_status":"closed","post_password":"","post_name":"turyn-2006","to_ping":"","pinged":"","post_modified":"2020-09-30 12:45:20","post_modified_gmt":"2020-09-30 10:45:20","post_content_filtered":"","post_parent":0,"guid":"https:\/\/wai-q98d7hpf9hy9k.wpallimport-demo.qsandbox.me\/olympics_winter\/turyn-2006\/","menu_order":0,"post_type":"olympics_winter","post_mime_type":"","comment_count":"0","filter":"raw"}],"competitions_rewards":[{"competition":[{"ID":5838,"post_author":"1","post_date":"2020-06-19 11:32:23","post_date_gmt":"2020-06-19 11:32:23","post_content":"","post_title":"\u0141y\u017cwiarstwo szybkie","post_excerpt":"","post_status":"publish","comment_status":"open","ping_status":"open","post_password":"","post_name":"lyzwiarstwo-szybkie","to_ping":"","pinged":"","post_modified":"2020-06-29 13:13:11","post_modified_gmt":"2020-06-29 11:13:11","post_content_filtered":"","post_parent":0,"guid":"https:\/\/wai-q7byvryhhcz9k.wpallimport-demo.qsandbox.me\/competition\/lyzwiarstwo-szybkie\/","menu_order":0,"post_type":"competition","post_mime_type":"","comment_count":"0","filter":"raw"}],"reward":""}]},{"olimpic":[{"ID":5893,"post_author":"15","post_date":"2010-06-17 13:54:39","post_date_gmt":"2010-06-17 11:54:39","post_content":"<!-- wp:heading {\"level\":1,\"className\":\"main-title\"} -->\n<h1 class=\"main-title\"><strong>XXI ZIO<\/strong><br>Vancouver 2010<\/h1>\n<!-- \/wp:heading -->\n\n<!-- wp:paragraph -->\n<p>&nbsp;<\/p>\n<!-- \/wp:paragraph -->\n\n<!-- wp:image {\"align\":\"left\",\"id\":19407,\"sizeSlug\":\"large\",\"className\":\"is-style-default\"} -->\n<div class=\"wp-block-image is-style-default\"><figure class=\"alignleft size-large\"><img src=\"https:\/\/olimpijski.pl\/wp-content\/uploads\/2010\/06\/vancouver2010.png\" alt=\"\" class=\"wp-image-19407\"\/><\/figure><\/div>\n<!-- \/wp:image -->\n\n<!-- wp:list -->\n<ul><li>Igrzyska rozegrano w dniach <strong>12-28 lutego<\/strong>.<\/li><li>Wystartowa\u0142o <strong>2536<\/strong> zawodnik\u00f3w (w tym <strong>1033<\/strong> kobiet) z <strong>82<\/strong> kraj\u00f3w.<\/li><li>Rozdano <strong>86<\/strong> komplet\u00f3w medali.<\/li><li>Znicz zapali\u0142 jeden z najs\u0142ynniejszych kanadyjskich hokeist\u00f3w w historii <strong>Wayne Gretzky<\/strong>.<\/li><li>Igrzyska otworzy\u0142a pierwsza ciemnosk\u00f3ra <strong>gubernator generalna Kanady Michaelle Jean<\/strong>.<\/li><\/ul>\n<!-- \/wp:list -->\n\n<!-- wp:heading -->\n<h2><strong>Program Igrzysk \u2013 13 dyscyplin, 86 konkurencji<\/strong><\/h2>\n<!-- \/wp:heading -->\n\n<!-- wp:paragraph -->\n<p>biathlon (10 konkurencji), bobsleje (3), curling (2), hokej na lodzie (2), \u0142y\u017cwiarstwo figurowe (4), \u0142y\u017cwiarstwo szybkie (12), \u0142y\u017cwiarstwo szybkie \u2013 short-track (8), narciarstwo alpejskie (10), narciarstwo klasyczne (18), narciarstwo dowolne (6), saneczkarstwo (3), skeleton (2), snowboard (6).<\/p>\n<!-- \/wp:paragraph -->\n\n<!-- wp:heading -->\n<h2><strong>Gwiazdy Igrzysk<\/strong><\/h2>\n<!-- \/wp:heading -->\n\n<!-- wp:paragraph -->\n<p><strong>Marit Bjoergen<\/strong> (Norwegia, biegi narciarskie) \u2013 3 z\u0142ote medale, 1 srebrny, 1 br\u0105zowy<br><strong>Justyna Kowalczyk<\/strong> (Polska, biegi narciarskie) \u2013 1 z\u0142oty medal, 1 srebrny, 1 br\u0105zowy<br><strong>Adam Ma\u0142ysz<\/strong> (Polska, skoki narciarskie) \u2013 2 srebrne medale<\/p>\n<!-- \/wp:paragraph -->\n\n<!-- wp:heading -->\n<h2><strong>Polska Reprezentacja Olimpijska<\/strong><\/h2>\n<!-- \/wp:heading -->\n\n<!-- wp:paragraph -->\n<p><strong>47 os\u00f3b<\/strong> (startowa\u0142o 46 \u2013 20 kobiet i 26 m\u0119\u017cczyzn) w 9 sportach: 7 biathlonist\u00f3w (w tym 5 kobiet; 6 startowa\u0142o + 1 rez.), 4 bobsleist\u00f3w, 4 \u0142y\u017cwiarzy figurowych (w tym 2 kobiety), 10 \u0142y\u017cwiarzy szybkich (w tym 4 kobiety), 3 \u0142y\u017cwiarzy szybkich \u2013 short-track (w tym 2 kobiety), 12 narciarzy (w tym 5 kobiet), 1 narciarstwo dowolne (kobieta), 4 snowboardzist\u00f3w (w tym 1 kobieta).<\/p>\n<!-- \/wp:paragraph -->\n\n<!-- wp:paragraph -->\n<p>Chor\u0105\u017cym reprezentacji Polski by\u0142 \u0142y\u017cwiarz szybki <strong>Konrad Nied\u017awiedzki<\/strong>.<\/p>\n<!-- \/wp:paragraph -->\n\n<!-- wp:heading -->\n<h2><strong>Klasyfikacja medalowa<\/strong><\/h2>\n<!-- \/wp:heading -->\n\n<!-- wp:table {\"hasFixedLayout\":true,\"className\":\"is-style-stripes\"} -->\n<figure class=\"wp-block-table is-style-stripes\"><table class=\"has-fixed-layout\"><tbody><tr><td><\/td><td><\/td><td class=\"has-text-align-center\" data-align=\"center\">&nbsp;<\/td><td class=\"has-text-align-center\" data-align=\"center\">&nbsp;<\/td><td class=\"has-text-align-center\" data-align=\"center\">&nbsp;<\/td><td class=\"has-text-align-center\" data-align=\"center\">&nbsp;<\/td><\/tr><tr><td>&nbsp;<\/td><td>&nbsp;<\/td><td class=\"has-text-align-center\" data-align=\"center\">&nbsp;<\/td><td class=\"has-text-align-center\" data-align=\"center\"><img class=\"wp-image-26068\" style=\"width: 50px;\" src=\"https:\/\/olimpijski.pl\/wp-content\/uploads\/1948\/06\/2008_Pekin_zloty_50x50.jpg\" alt=\"\"><\/td><td class=\"has-text-align-center\" data-align=\"center\"><img class=\"wp-image-26071\" style=\"width: 50px;\" src=\"https:\/\/olimpijski.pl\/wp-content\/uploads\/1948\/06\/2008_Pekin_sreb_50x50.jpg\" alt=\"\"><\/td><td class=\"has-text-align-center\" data-align=\"center\"><img class=\"wp-image-26073\" style=\"width: 50px;\" src=\"https:\/\/olimpijski.pl\/wp-content\/uploads\/1948\/06\/2008_Pekin_braz_50x50.jpg\" alt=\"\"><\/td><\/tr><tr><td>1.<\/td><td>Kanada<\/td><td class=\"has-text-align-center\" data-align=\"center\">26<\/td><td class=\"has-text-align-center\" data-align=\"center\">14<\/td><td class=\"has-text-align-center\" data-align=\"center\">7<\/td><td class=\"has-text-align-center\" data-align=\"center\">5<\/td><\/tr><tr><td>2.<\/td><td>Niemcy<\/td><td class=\"has-text-align-center\" data-align=\"center\">30<\/td><td class=\"has-text-align-center\" data-align=\"center\">10<\/td><td class=\"has-text-align-center\" data-align=\"center\">13<\/td><td class=\"has-text-align-center\" data-align=\"center\">7<\/td><\/tr><tr><td>3.<\/td><td>USA<\/td><td class=\"has-text-align-center\" data-align=\"center\">37<\/td><td class=\"has-text-align-center\" data-align=\"center\">9<\/td><td class=\"has-text-align-center\" data-align=\"center\">15<\/td><td class=\"has-text-align-center\" data-align=\"center\">13<\/td><\/tr><tr><td>...<\/td><td>&nbsp;<\/td><td class=\"has-text-align-center\" data-align=\"center\">&nbsp;<\/td><td class=\"has-text-align-center\" data-align=\"center\">&nbsp;<\/td><td class=\"has-text-align-center\" data-align=\"center\">&nbsp;<\/td><td class=\"has-text-align-center\" data-align=\"center\">&nbsp;<\/td><\/tr><tr><td><strong>15.<\/strong><\/td><td><strong>Polska<\/strong><\/td><td class=\"has-text-align-center\" data-align=\"center\"><strong>6<\/strong><\/td><td class=\"has-text-align-center\" data-align=\"center\"><strong>1<\/strong><\/td><td class=\"has-text-align-center\" data-align=\"center\"><strong>3<\/strong><\/td><td class=\"has-text-align-center\" data-align=\"center\"><strong>2<\/strong><\/td><\/tr><\/tbody><\/table><\/figure>\n<!-- \/wp:table -->\n\n<!-- wp:heading -->\n<h2><strong>Medale dla Polski (6)<\/strong><\/h2>\n<!-- \/wp:heading -->\n\n<!-- wp:paragraph -->\n<p>Z\u0142oty \u2013 Justyna Kowalczyk (biegi narciarskie, 30 km)<\/p>\n<!-- \/wp:paragraph -->\n\n<!-- wp:paragraph -->\n<p>Srebrny \u2013 Justyna Kowalczyk (biegi narciarskie, sprint)<\/p>\n<!-- \/wp:paragraph -->\n\n<!-- wp:paragraph -->\n<p>Srebrny \u2013 Adam Ma\u0142ysz (skoki narciarskie, K-90)<\/p>\n<!-- \/wp:paragraph -->\n\n<!-- wp:paragraph -->\n<p>Srebrny \u2013 Adam Ma\u0142ysz (skoki narciarskie, K-120)<\/p>\n<!-- \/wp:paragraph -->\n\n<!-- wp:paragraph -->\n<p>Br\u0105zowy \u2013 Justyna Kowalczyk (biegi narciarskie, 15 km)<\/p>\n<!-- \/wp:paragraph -->\n\n<!-- wp:paragraph -->\n<p>Br\u0105zowy \u2013 Katarzyna Bachleda Curu\u015b, Katarzyna Wo\u017aniak i Luiza Z\u0142otkowska (\u0142y\u017cwiarstwo szybkie, dru\u017cyna)<\/p>\n<!-- \/wp:paragraph -->\n\n<!-- wp:quote {\"className\":\"is-style-default\"} -->\n<blockquote class=\"wp-block-quote is-style-default\"><p>Reprezentanci Polski spisali si\u0119 w Vancouver rewelacyjnie zdobywaj\u0105c sze\u015b\u0107 medali: jeden z\u0142oty, trzy srebrne i dwa br\u0105zowe.<\/p><\/blockquote>\n<!-- \/wp:quote -->","post_title":"Vancouver 2010","post_excerpt":"","post_status":"publish","comment_status":"closed","ping_status":"closed","post_password":"","post_name":"vancouver-2010","to_ping":"","pinged":"","post_modified":"2022-04-19 09:23:42","post_modified_gmt":"2022-04-19 07:23:42","post_content_filtered":"","post_parent":0,"guid":"https:\/\/wai-q98d7hpf9hy9k.wpallimport-demo.qsandbox.me\/olympics_winter\/vancouver-2010\/","menu_order":0,"post_type":"olympics_winter","post_mime_type":"","comment_count":"0","filter":"raw"}],"competitions_rewards":[{"competition":[{"ID":5838,"post_author":"1","post_date":"2020-06-19 11:32:23","post_date_gmt":"2020-06-19 11:32:23","post_content":"","post_title":"\u0141y\u017cwiarstwo szybkie","post_excerpt":"","post_status":"publish","comment_status":"open","ping_status":"open","post_password":"","post_name":"lyzwiarstwo-szybkie","to_ping":"","pinged":"","post_modified":"2020-06-29 13:13:11","post_modified_gmt":"2020-06-29 11:13:11","post_content_filtered":"","post_parent":0,"guid":"https:\/\/wai-q7byvryhhcz9k.wpallimport-demo.qsandbox.me\/competition\/lyzwiarstwo-szybkie\/","menu_order":0,"post_type":"competition","post_mime_type":"","comment_count":"0","filter":"raw"}],"reward":""}]},{"olimpic":[{"ID":15684,"post_author":"1","post_date":"2018-06-30 09:46:23","post_date_gmt":"2018-06-30 07:46:23","post_content":"<!-- wp:shortcode -->\n[pkol_slider categories=\"PyeongChang 2018\" autoplay_interval=\"4000\"]\n<!-- \/wp:shortcode -->\n\n<!-- wp:columns {\"verticalAlignment\":\"center\"} -->\n<div class=\"wp-block-columns are-vertically-aligned-center\"><!-- wp:column {\"verticalAlignment\":\"center\",\"width\":\"33.33%\"} -->\n<div class=\"wp-block-column is-vertically-aligned-center\" style=\"flex-basis:33.33%\"><!-- wp:shortcode -->\n[olympics_sidebar]\n<!-- \/wp:shortcode --><\/div>\n<!-- \/wp:column -->\n\n<!-- wp:column {\"verticalAlignment\":\"center\",\"width\":\"66.66%\"} -->\n<div class=\"wp-block-column is-vertically-aligned-center\" style=\"flex-basis:66.66%\"><!-- wp:cover {\"url\":\"https:\/\/olimpijski.pl\/wp-content\/uploads\/2018\/06\/stoch-img.jpg\",\"id\":28038,\"dimRatio\":0,\"overlayColor\":\"black\",\"minHeight\":250,\"minHeightUnit\":\"px\",\"className\":\"big-tekst\"} -->\n<div class=\"wp-block-cover has-black-background-color big-tekst\" style=\"min-height:250px\"><img class=\"wp-block-cover__image-background wp-image-28038\" alt=\"\" src=\"https:\/\/olimpijski.pl\/wp-content\/uploads\/2018\/06\/stoch-img.jpg\" data-object-fit=\"cover\"\/><div class=\"wp-block-cover__inner-container\"><!-- wp:spacer {\"height\":30} -->\n<div style=\"height:30px\" aria-hidden=\"true\" class=\"wp-block-spacer\"><\/div>\n<!-- \/wp:spacer -->\n\n<!-- wp:paragraph {\"align\":\"left\",\"placeholder\":\"Wprowad\u017a tytu\u0142...\",\"textColor\":\"white\",\"className\":\"main-title\",\"fontSize\":\"large\"} -->\n<p class=\"has-text-align-left main-title has-white-color has-text-color has-large-font-size\"><strong>Polska Reprezentacja<\/strong><\/p>\n<!-- \/wp:paragraph -->\n\n<!-- wp:paragraph {\"align\":\"left\",\"placeholder\":\"Wprowad\u017a tytu\u0142...\",\"style\":{\"typography\":{\"fontSize\":74}},\"textColor\":\"black\",\"className\":\"main-title main-title-voice\"} -->\n<p class=\"has-text-align-left main-title main-title-voice has-black-color has-text-color\" style=\"font-size:74px\"><strong>Olimpijska<\/strong><\/p>\n<!-- \/wp:paragraph -->\n\n<!-- wp:buttons -->\n<div class=\"wp-block-buttons\"><!-- wp:button {\"style\":{\"color\":{\"gradient\":\"linear-gradient(135deg,rgba(237,237,237,0) 0%,rgba(168,183,194,0) 99%)\"}},\"textColor\":\"black\",\"className\":\"is-style-fill\"} -->\n<div class=\"wp-block-button is-style-fill\"><a class=\"wp-block-button__link has-black-color has-text-color has-background\" href=\"\/reprezentacja-polski\/?olympic=pyeongchang-2018\" style=\"background:linear-gradient(135deg,rgba(237,237,237,0) 0%,rgba(168,183,194,0) 99%)\">Dowiedz si\u0119 wi\u0119cej o naszej reprezentacji<\/a><\/div>\n<!-- \/wp:button --><\/div>\n<!-- \/wp:buttons --><\/div><\/div>\n<!-- \/wp:cover -->\n\n<!-- wp:paragraph -->\n<p><\/p>\n<!-- \/wp:paragraph --><\/div>\n<!-- \/wp:column --><\/div>\n<!-- \/wp:columns -->\n\n<!-- wp:spacer {\"height\":30} -->\n<div style=\"height:30px\" aria-hidden=\"true\" class=\"wp-block-spacer\"><\/div>\n<!-- \/wp:spacer -->\n\n<!-- wp:heading {\"className\":\"main-title\"} -->\n<h2 class=\"main-title\"><strong>Aktualno\u015bci<\/strong><\/h2>\n<!-- \/wp:heading -->\n\n<!-- wp:spacer {\"height\":30} -->\n<div style=\"height:30px\" aria-hidden=\"true\" class=\"wp-block-spacer\"><\/div>\n<!-- \/wp:spacer -->\n\n<!-- wp:shortcode -->\n[pkol_news categories=\"PyeongChang 2018\" quantity=\"4\" not_in=\"G\u0142\u00f3wny slider\"]\n<!-- \/wp:shortcode -->\n\n<!-- wp:shortcode -->\n[medals_by_game]\n<!-- \/wp:shortcode -->\n\n<!-- wp:paragraph -->\n<p>  <\/p>\n<!-- \/wp:paragraph -->\n\n<!-- wp:columns {\"verticalAlignment\":\"top\"} -->\n<div class=\"wp-block-columns are-vertically-aligned-top\"><!-- wp:column {\"verticalAlignment\":\"top\",\"width\":\"40%\"} -->\n<div class=\"wp-block-column is-vertically-aligned-top\" style=\"flex-basis:40%\"><!-- wp:cover {\"customOverlayColor\":\"#f6f6f6\",\"minHeight\":400,\"minHeightUnit\":\"px\",\"contentPosition\":\"center center\",\"className\":\"is-position-center-center\"} -->\n<div class=\"wp-block-cover has-background-dim is-position-center-center\" style=\"background-color:#f6f6f6;min-height:400px\"><div class=\"wp-block-cover__inner-container\"><!-- wp:paragraph {\"align\":\"left\",\"placeholder\":\"Wprowad\u017a tytu\u0142...\",\"textColor\":\"black\",\"fontSize\":\"medium\"} -->\n<p class=\"has-text-align-left has-black-color has-text-color has-medium-font-size\"><strong>Logo<\/strong><\/p>\n<!-- \/wp:paragraph -->\n\n<!-- wp:image {\"align\":\"center\",\"id\":28034,\"width\":317,\"height\":286,\"sizeSlug\":\"large\"} -->\n<div class=\"wp-block-image\"><figure class=\"aligncenter size-large is-resized\"><img src=\"https:\/\/olimpijski.pl\/wp-content\/uploads\/2018\/06\/logo.jpg\" alt=\"\" class=\"wp-image-28034\" width=\"317\" height=\"286\"\/><\/figure><\/div>\n<!-- \/wp:image --><\/div><\/div>\n<!-- \/wp:cover -->\n\n<!-- wp:paragraph -->\n<p><\/p>\n<!-- \/wp:paragraph --><\/div>\n<!-- \/wp:column -->\n\n<!-- wp:column {\"verticalAlignment\":\"top\",\"width\":\"75.9%\"} -->\n<div class=\"wp-block-column is-vertically-aligned-top\" style=\"flex-basis:75.9%\"><!-- wp:cover {\"customOverlayColor\":\"#f6f6f6\",\"minHeight\":400,\"minHeightUnit\":\"px\",\"contentPosition\":\"center center\",\"className\":\"is-position-center-center\"} -->\n<div class=\"wp-block-cover has-background-dim is-position-center-center\" style=\"background-color:#f6f6f6;min-height:400px\"><div class=\"wp-block-cover__inner-container\"><!-- wp:paragraph {\"align\":\"left\",\"placeholder\":\"Wprowad\u017a tytu\u0142...\",\"textColor\":\"black\",\"fontSize\":\"medium\"} -->\n<p class=\"has-text-align-left has-black-color has-text-color has-medium-font-size\"><strong>Maskotki<\/strong><\/p>\n<!-- \/wp:paragraph -->\n\n<!-- wp:image {\"align\":\"center\",\"id\":28036,\"width\":598,\"height\":273,\"sizeSlug\":\"large\"} -->\n<div class=\"wp-block-image\"><figure class=\"aligncenter size-large is-resized\"><img src=\"https:\/\/olimpijski.pl\/wp-content\/uploads\/2018\/06\/maskotki.jpg\" alt=\"\" class=\"wp-image-28036\" width=\"598\" height=\"273\"\/><\/figure><\/div>\n<!-- \/wp:image --><\/div><\/div>\n<!-- \/wp:cover --><\/div>\n<!-- \/wp:column --><\/div>\n<!-- \/wp:columns -->\n\n<!-- wp:spacer {\"height\":20} -->\n<div style=\"height:20px\" aria-hidden=\"true\" class=\"wp-block-spacer\"><\/div>\n<!-- \/wp:spacer -->\n\n<!-- wp:cover {\"url\":\"https:\/\/olimpijski.pl\/wp-content\/uploads\/2018\/06\/gettyimages-850364110.jpg\",\"id\":28040,\"dimRatio\":6,\"focalPoint\":{\"x\":\"0.46\",\"y\":\"0.61\"},\"minHeight\":395,\"minHeightUnit\":\"px\",\"contentPosition\":\"top left\"} -->\n<div class=\"wp-block-cover has-background-dim-10 has-background-dim has-custom-content-position is-position-top-left\" style=\"min-height:395px\"><img class=\"wp-block-cover__image-background wp-image-28040\" alt=\"\" src=\"https:\/\/olimpijski.pl\/wp-content\/uploads\/2018\/06\/gettyimages-850364110.jpg\" style=\"object-position:46% 61%\" data-object-fit=\"cover\" data-object-position=\"46% 61%\"\/><div class=\"wp-block-cover__inner-container\"><!-- wp:paragraph {\"align\":\"left\",\"placeholder\":\"Wprowad\u017a tytu\u0142...\",\"fontSize\":\"medium\"} -->\n<p class=\"has-text-align-left has-medium-font-size\"><strong>Medale<\/strong><\/p>\n<!-- \/wp:paragraph --><\/div><\/div>\n<!-- \/wp:cover -->\n\n<!-- wp:heading {\"className\":\"main-title\"} -->\n<h2 class=\"main-title\"><strong>Galerie<\/strong><br>PyeongChang 2018<\/h2>\n<!-- \/wp:heading -->\n\n<!-- wp:group -->\n<div class=\"wp-block-group\"><div class=\"wp-block-group__inner-container\"><!-- wp:columns -->\n<div class=\"wp-block-columns\"><!-- wp:column -->\n<div class=\"wp-block-column\"><!-- wp:paragraph -->\n<p>[rl_gallery id=\"34386\"]<\/p>\n<!-- \/wp:paragraph --><\/div>\n<!-- \/wp:column -->\n\n<!-- wp:column -->\n<div class=\"wp-block-column\"><!-- wp:paragraph -->\n<p>[rl_gallery id=\"34417\"]<\/p>\n<!-- \/wp:paragraph --><\/div>\n<!-- \/wp:column -->\n\n<!-- wp:column -->\n<div class=\"wp-block-column\"><!-- wp:paragraph -->\n<p>[rl_gallery id=\"34419\"]<\/p>\n<!-- \/wp:paragraph --><\/div>\n<!-- \/wp:column -->\n\n<!-- wp:column -->\n<div class=\"wp-block-column\"><!-- wp:paragraph -->\n<p>[rl_gallery id=\"34420\"]<\/p>\n<!-- \/wp:paragraph --><\/div>\n<!-- \/wp:column -->\n\n<!-- wp:column -->\n<div class=\"wp-block-column\"><!-- wp:paragraph -->\n<p>[rl_gallery id=\"34430\"]<\/p>\n<!-- \/wp:paragraph --><\/div>\n<!-- \/wp:column -->\n\n<!-- wp:column -->\n<div class=\"wp-block-column\"><!-- wp:paragraph -->\n<p><\/p>\n<!-- \/wp:paragraph --><\/div>\n<!-- \/wp:column --><\/div>\n<!-- \/wp:columns -->\n\n<!-- wp:columns -->\n<div class=\"wp-block-columns\"><!-- wp:column -->\n<div class=\"wp-block-column\"><!-- wp:paragraph -->\n<p><\/p>\n<!-- \/wp:paragraph --><\/div>\n<!-- \/wp:column -->\n\n<!-- wp:column -->\n<div class=\"wp-block-column\"><!-- wp:paragraph -->\n<p><\/p>\n<!-- \/wp:paragraph --><\/div>\n<!-- \/wp:column -->\n\n<!-- wp:column -->\n<div class=\"wp-block-column\"><!-- wp:paragraph -->\n<p><\/p>\n<!-- \/wp:paragraph --><\/div>\n<!-- \/wp:column -->\n\n<!-- wp:column -->\n<div class=\"wp-block-column\"><!-- wp:paragraph -->\n<p><\/p>\n<!-- \/wp:paragraph --><\/div>\n<!-- \/wp:column -->\n\n<!-- wp:column -->\n<div class=\"wp-block-column\"><!-- wp:paragraph -->\n<p><\/p>\n<!-- \/wp:paragraph --><\/div>\n<!-- \/wp:column -->\n\n<!-- wp:column -->\n<div class=\"wp-block-column\"><!-- wp:paragraph -->\n<p><\/p>\n<!-- \/wp:paragraph --><\/div>\n<!-- \/wp:column --><\/div>\n<!-- \/wp:columns -->\n\n<!-- wp:paragraph -->\n<p><\/p>\n<!-- \/wp:paragraph --><\/div><\/div>\n<!-- \/wp:group -->","post_title":"PyeongChang 2018","post_excerpt":"","post_status":"publish","comment_status":"closed","ping_status":"closed","post_password":"","post_name":"pyeongchang-2018","to_ping":"","pinged":"","post_modified":"2021-06-17 14:36:01","post_modified_gmt":"2021-06-17 12:36:01","post_content_filtered":"","post_parent":0,"guid":"http:\/\/pkol.cumulus.atthouse.pl\/?post_type=olympics_winter&#038;p=15684","menu_order":0,"post_type":"olympics_winter","post_mime_type":"","comment_count":"0","filter":"raw"}],"competitions_rewards":[{"competition":[{"ID":5838,"post_author":"1","post_date":"2020-06-19 11:32:23","post_date_gmt":"2020-06-19 11:32:23","post_content":"","post_title":"\u0141y\u017cwiarstwo szybkie","post_excerpt":"","post_status":"publish","comment_status":"open","ping_status":"open","post_password":"","post_name":"lyzwiarstwo-szybkie","to_ping":"","pinged":"","post_modified":"2020-06-29 13:13:11","post_modified_gmt":"2020-06-29 11:13:11","post_content_filtered":"","post_parent":0,"guid":"https:\/\/wai-q7byvryhhcz9k.wpallimport-demo.qsandbox.me\/competition\/lyzwiarstwo-szybkie\/","menu_order":0,"post_type":"competition","post_mime_type":"","comment_count":"0","filter":"raw"}],"reward":""}]}],"picture":{"ID":31206,"id":31206,"title":"Niedz\u2560\u00fcwiedzki (1)","filename":"Niedz\u2560uwiedzki-1.jpg","filesize":24099,"url":"https:\/\/olimpijski.pl\/wp-content\/uploads\/2020\/06\/Niedz\u2560uwiedzki-1.jpg","link":"https:\/\/olimpijski.pl\/en\/olimpijczycy\/konrad-niedzwiedzki\/niedz%e2%95%a0uwiedzki-1\/#main","alt":"","author":"15","description":"","caption":"","name":"niedz%e2%95%a0uwiedzki-1","status":"inherit","uploaded_to":15344,"date":"2020-10-07 12:54:37","modified":"2020-10-07 12:54:37","menu_order":0,"mime_type":"image\/jpeg","type":"image","subtype":"jpeg","icon":"https:\/\/olimpijski.pl\/wp-includes\/images\/media\/default.png","width":472,"height":421,"sizes":{"thumbnail":"https:\/\/olimpijski.pl\/wp-content\/uploads\/2020\/06\/Niedz\u2560uwiedzki-1-150x150.jpg","thumbnail-width":150,"thumbnail-height":150,"medium":"https:\/\/olimpijski.pl\/wp-content\/uploads\/2020\/06\/Niedz\u2560uwiedzki-1-300x268.jpg","medium-width":300,"medium-height":268,"medium_large":"https:\/\/olimpijski.pl\/wp-content\/uploads\/2020\/06\/Niedz\u2560uwiedzki-1.jpg","medium_large-width":472,"medium_large-height":421,"large":"https:\/\/olimpijski.pl\/wp-content\/uploads\/2020\/06\/Niedz\u2560uwiedzki-1.jpg","large-width":472,"large-height":421,"1536x1536":"https:\/\/olimpijski.pl\/wp-content\/uploads\/2020\/06\/Niedz\u2560uwiedzki-1.jpg","1536x1536-width":472,"1536x1536-height":421,"2048x2048":"https:\/\/olimpijski.pl\/wp-content\/uploads\/2020\/06\/Niedz\u2560uwiedzki-1.jpg","2048x2048-width":472,"2048x2048-height":421,"ultp_layout_landscape_large":"https:\/\/olimpijski.pl\/wp-content\/uploads\/2020\/06\/Niedz\u2560uwiedzki-1.jpg","ultp_layout_landscape_large-width":472,"ultp_layout_landscape_large-height":421,"ultp_layout_landscape":"https:\/\/olimpijski.pl\/wp-content\/uploads\/2020\/06\/Niedz\u2560uwiedzki-1.jpg","ultp_layout_landscape-width":472,"ultp_layout_landscape-height":421,"ultp_layout_portrait":"https:\/\/olimpijski.pl\/wp-content\/uploads\/2020\/06\/Niedz\u2560uwiedzki-1.jpg","ultp_layout_portrait-width":472,"ultp_layout_portrait-height":421,"ultp_layout_square":"https:\/\/olimpijski.pl\/wp-content\/uploads\/2020\/06\/Niedz\u2560uwiedzki-1.jpg","ultp_layout_square-width":472,"ultp_layout_square-height":421}},"firstname":"Konrad","lastname":"Nied\u017awiedzki","birthdate_date":"02\/01\/1985","birthdate":"2 stycznia 1985","deathdate_date":"","deathdate":"","placeofbirth":"Warszawa","club":"SN PTT Zakopane, AZS Zakopane, LKS Poroniec Poronin","coach":"Rafa\u0142 G\u0105sior, Wies\u0142aw Kmiecik","metrics":"180 cm \/ 87 kg","seolink":"niedzwiedzki-konrad","tmp_old_id":"","tmp_old_fid":"","tmp_old_parent_id":"","createdate":"24\/02\/2014","tmp_old_title":"","tmp_old_lead":"","tmp_old_body":"","tmp_old_body_img":false,"tmp_old_lead_img":false,"picture_medalists":false,"important":"","person_achivments":"<ul>\n<li>ZIO\/WOG &#8211; Turyn 2006: 1000 m &#8211; 13., 1500 m &#8211; 12.; Vancouver 2010: 1500 m &#8211; 17., 1000 m &#8211; 27., 500 m &#8211; 30.; Soczi 2014: bieg dru\u017c. &#8211; 3., 1000 m &#8211; 16., 1500 m &#8211; 20.<\/li>\n<li>M\u015a\/WCh &#8211; 2013: bieg dru\u017c. &#8211; 3.<\/li>\n<li>ME\/ECh &#8211; 2006: 500 m &#8211; 1., 1500 m &#8211; 2.; 2007: 500 m &#8211; 3.; 2008: 500 m &#8211; 2.; 2009: 500 m &#8211; 2.; 2010-2013: 500 m &#8211; 1.; 2013: 1500 m &#8211; 1.; 2014: 500 m &#8211; 2., 1500 m &#8211; 2.<\/li>\n<\/ul>\n","group_knuie68fa087fd5h76":false},"_links":{"self":[{"href":"https:\/\/olimpijski.pl\/en\/wp-json\/wp\/v2\/person\/15344"}],"collection":[{"href":"https:\/\/olimpijski.pl\/en\/wp-json\/wp\/v2\/person"}],"about":[{"href":"https:\/\/olimpijski.pl\/en\/wp-json\/wp\/v2\/types\/person"}],"version-history":[{"count":8,"href":"https:\/\/olimpijski.pl\/en\/wp-json\/wp\/v2\/person\/15344\/revisions"}],"predecessor-version":[{"id":92464,"href":"https:\/\/olimpijski.pl\/en\/wp-json\/wp\/v2\/person\/15344\/revisions\/92464"}],"wp:featuredmedia":[{"embeddable":true,"href":"https:\/\/olimpijski.pl\/en\/wp-json\/wp\/v2\/media\/20398"}],"wp:attachment":[{"href":"https:\/\/olimpijski.pl\/en\/wp-json\/wp\/v2\/media?parent=15344"}],"curies":[{"name":"wp","href":"https:\/\/api.w.org\/{rel}","templated":true}]}}