{"id":16404,"date":"2020-07-09T14:32:12","date_gmt":"2020-07-09T12:32:12","guid":{"rendered":"http:\/\/pkol.cumulus.atthouse.pl\/?post_type=team&#038;p=16404"},"modified":"2020-08-17T10:53:28","modified_gmt":"2020-08-17T08:53:28","slug":"kolarstwo-paryz-1924","status":"publish","type":"team","link":"https:\/\/olimpijski.pl\/en\/team\/kolarstwo-paryz-1924\/","title":{"rendered":"Kolarstwo torowe &#8211; Wy\u015bcig dru\u017cynowy na 4000 m &#8211; Pary\u017c 1924"},"content":{"rendered":"","protected":false},"featured_media":0,"template":"","class_list":["post-16404","team","type-team","status-publish","hentry","infinite-scroll-item","no-featured-image-padding"],"acf":{"team_olimpic":{"ID":311,"post_author":"1","post_date":"1924-06-17 13:34:47","post_date_gmt":"1924-06-17 12:34:47","post_content":"<!-- wp:heading {\"level\":1,\"className\":\"main-title\"} -->\n<h1 class=\"main-title\"><strong>Igrzyska VIII Olimpiady<\/strong><br>Pary\u017c 1924<\/h1>\n<!-- \/wp:heading -->\n\n<!-- wp:paragraph -->\n<p><br><\/p>\n<!-- \/wp:paragraph -->\n\n<!-- wp:image {\"align\":\"left\",\"id\":19342,\"sizeSlug\":\"large\"} -->\n<div class=\"wp-block-image\"><figure class=\"alignleft size-large\"><img src=\"https:\/\/olimpijski.pl\/wp-content\/uploads\/1924\/06\/paryz1924.png\" alt=\"\" class=\"wp-image-19342\"\/><\/figure><\/div>\n<!-- \/wp:image -->\n\n<!-- wp:list -->\n<ul><li>Igrzyska rozegrano w dniach <strong>4 maja \u2013 27 lipca<\/strong>.<\/li><li>Wystartowa\u0142o <strong>3092<\/strong> uczestnik\u00f3w (w tym <strong>136<\/strong> kobiet) z <strong>44<\/strong> kraj\u00f3w.<\/li><li>Rozdano <strong>126<\/strong> komplet\u00f3w medali.<\/li><li>Przysi\u0119g\u0119 w imieniu sportowc\u00f3w z\u0142o\u017cy\u0142 lekkoatleta <strong>Georges Yvan Andre<\/strong>.<\/li><li>Igrzyska otworzy\u0142 <strong>prezydent Francji Gaston Doumergue<\/strong>.<\/li><\/ul>\n<!-- \/wp:list -->\n\n<!-- wp:heading -->\n<h2><strong>Program Igrzysk <strong>\u2013<\/strong> 19 dyscyplin, 126 konkurencji<\/strong><\/h2>\n<!-- \/wp:heading -->\n\n<!-- wp:paragraph -->\n<p>boks (8 konkurencji), gimnastyka (9), je\u017adziectwo (5), kolarstwo (6), lekkoatletyka (27), pi\u0119ciob\u00f3j nowoczesny (1), pi\u0142ka no\u017cna (1), pi\u0142ka wodna (1), p\u0142ywanie (11), podnoszenie ci\u0119\u017car\u00f3w (5), polo (1), rugby (1), skoki do wody (5), strzelectwo (10), szermierka (7), tenis (5), wio\u015blarstwo (7), zapasy (13), \u017ceglarstwo (3).<\/p>\n<!-- \/wp:paragraph -->\n\n<!-- wp:heading -->\n<h2><strong>Gwiazda Igrzysk<\/strong><\/h2>\n<!-- \/wp:heading -->\n\n<!-- wp:paragraph -->\n<p><strong>Paavo Nurmi<\/strong> (Finlandia, lekkoatletyka) \u2013 5 z\u0142otych medali<\/p>\n<!-- \/wp:paragraph -->\n\n<!-- wp:heading -->\n<h2><strong>Polska Reprezentacja Olimpijska<\/strong><\/h2>\n<!-- \/wp:heading -->\n\n<!-- wp:paragraph -->\n<p><strong>81 os\u00f3b<\/strong> (startowa\u0142o 66 \u2013 1 kobieta i 65 m\u0119\u017cczyzn) w 10 sportach: 5 bokser\u00f3w, 6 je\u017ad\u017ac\u00f3w, 10 kolarzy (8 startowa\u0142o + 2 rez.), 14 lekkoatlet\u00f3w, 18 pi\u0142karzy (11 startowa\u0142o + 7 rez.), 7 strzelc\u00f3w, 9 szermierzy (w tym 1 kobieta; 6 startowa\u0142o + 3 rez.), 9 wio\u015blarzy (6 startowa\u0142o + 3 rez.), 2 zapa\u015bnik\u00f3w, 1 \u017ceglarz.<\/p>\n<!-- \/wp:paragraph -->\n\n<!-- wp:paragraph -->\n<p>Chor\u0105\u017cym reprezentacji Polski by\u0142 lekkoatleta <strong>S\u0142awosz Mieczys\u0142aw Szyd\u0142owski<\/strong>.<\/p>\n<!-- \/wp:paragraph -->\n\n<!-- wp:heading -->\n<h2><strong>Klasyfikacja medalowa<\/strong><\/h2>\n<!-- \/wp:heading -->\n\n<!-- wp:table {\"hasFixedLayout\":true,\"className\":\"is-style-stripes\"} -->\n<figure class=\"wp-block-table is-style-stripes\"><table class=\"has-fixed-layout\"><tbody><tr><td><\/td><td><\/td><td class=\"has-text-align-center\" data-align=\"center\">&nbsp;<\/td><td class=\"has-text-align-center\" data-align=\"center\">&nbsp;<\/td><td class=\"has-text-align-center\" data-align=\"center\">&nbsp;<\/td><td class=\"has-text-align-center\" data-align=\"center\">&nbsp;<\/td><\/tr><tr><td>&nbsp;<\/td><td>&nbsp;<\/td><td class=\"has-text-align-center\" data-align=\"center\">&nbsp;<\/td><td class=\"has-text-align-center\" data-align=\"center\"><img class=\"wp-image-27817\" style=\"width: 50px;\" src=\"https:\/\/olimpijski.pl\/wp-content\/uploads\/2016\/06\/2016_Rio_zloty_50x50.jpg\" alt=\"\"><\/td><td class=\"has-text-align-center\" data-align=\"center\"><img class=\"wp-image-27819\" style=\"width: 50px;\" src=\"https:\/\/olimpijski.pl\/wp-content\/uploads\/2016\/06\/2016_Rio_sreb_50x50.jpg\" alt=\"\"><\/td><td class=\"has-text-align-center\" data-align=\"center\"><img class=\"wp-image-27821\" style=\"width: 50px;\" src=\"https:\/\/olimpijski.pl\/wp-content\/uploads\/2016\/06\/2016_Rio_braz_50x50.jpg\" alt=\"\"><\/td><\/tr><tr><td>1.<\/td><td>USA<\/td><td class=\"has-text-align-center\" data-align=\"center\">99<\/td><td class=\"has-text-align-center\" data-align=\"center\">45<\/td><td class=\"has-text-align-center\" data-align=\"center\">27<\/td><td class=\"has-text-align-center\" data-align=\"center\">27<\/td><\/tr><tr><td>2.<\/td><td>Finlandia<\/td><td class=\"has-text-align-center\" data-align=\"center\">37<\/td><td class=\"has-text-align-center\" data-align=\"center\">14<\/td><td class=\"has-text-align-center\" data-align=\"center\">13<\/td><td class=\"has-text-align-center\" data-align=\"center\">10<\/td><\/tr><tr><td>3.<\/td><td>Francja<\/td><td class=\"has-text-align-center\" data-align=\"center\">38<\/td><td class=\"has-text-align-center\" data-align=\"center\">13<\/td><td class=\"has-text-align-center\" data-align=\"center\">15<\/td><td class=\"has-text-align-center\" data-align=\"center\">10<\/td><\/tr><tr><td>...<\/td><td>&nbsp;<\/td><td class=\"has-text-align-center\" data-align=\"center\">&nbsp;<\/td><td class=\"has-text-align-center\" data-align=\"center\">&nbsp;<\/td><td class=\"has-text-align-center\" data-align=\"center\">&nbsp;<\/td><td class=\"has-text-align-center\" data-align=\"center\">&nbsp;<\/td><\/tr><tr><td><strong>22.<\/strong><\/td><td><strong>Polska<\/strong><\/td><td class=\"has-text-align-center\" data-align=\"center\"><strong>2<\/strong><\/td><td class=\"has-text-align-center\" data-align=\"center\"><strong>0<\/strong><\/td><td class=\"has-text-align-center\" data-align=\"center\"><strong>1<\/strong><\/td><td class=\"has-text-align-center\" data-align=\"center\"><strong>1<\/strong><\/td><\/tr><\/tbody><\/table><\/figure>\n<!-- \/wp:table -->\n\n<!-- wp:heading -->\n<h2><strong>Medale dla Polski (2)<\/strong><\/h2>\n<!-- \/wp:heading -->\n\n<!-- wp:ub\/content-toggle-block {\"blockID\":\"ae61bb01-9d6e-419e-964f-40f2a96cd1b5\",\"theme\":\"#f1f1f1\",\"collapsed\":true,\"titleColor\":\"#000000\"} -->\n<!-- wp:ub\/content-toggle-panel-block {\"parentID\":\"ae61bb01-9d6e-419e-964f-40f2a96cd1b5\",\"theme\":\"#f1f1f1\",\"collapsed\":true,\"titleColor\":\"#000000\",\"panelTitle\":\"Srebrny\"} -->\n<!-- wp:paragraph -->\n<p><\/p>\n<!-- \/wp:paragraph -->\n\n<!-- wp:media-text {\"align\":\"\",\"mediaId\":30193,\"mediaLink\":\"https:\/\/olimpijski.pl\/igrzyska_letnie\/paryll-1924\/1924_paryz_sreb_200\/#main\",\"mediaType\":\"image\",\"mediaWidth\":20} -->\n<div class=\"wp-block-media-text is-stacked-on-mobile\" style=\"grid-template-columns:20% auto\"><figure class=\"wp-block-media-text__media\"><img src=\"https:\/\/olimpijski.pl\/wp-content\/uploads\/1924\/06\/1924_Paryz_sreb_200.jpg\" alt=\"\" class=\"wp-image-30193\"\/><\/figure><div class=\"wp-block-media-text__content\"><!-- wp:paragraph -->\n<p><strong>J\u00f3zef Lange, Jan \u0141azarski, Tomasz Stankiewicz, Franciszek Szymczyk<\/strong><br>(kolarstwo torowe, wy\u015bcig dru\u017cynowy na 4000 m)<\/p>\n<!-- \/wp:paragraph --><\/div><\/div>\n<!-- \/wp:media-text -->\n<!-- \/wp:ub\/content-toggle-panel-block -->\n<!-- \/wp:ub\/content-toggle-block -->\n\n<!-- wp:ub\/content-toggle-block {\"blockID\":\"5187d2a3-10d6-4ef9-b7d2-dd3545ff023b\",\"theme\":\"#f1f1f1\",\"collapsed\":true,\"titleColor\":\"#000000\"} -->\n<!-- wp:ub\/content-toggle-panel-block {\"parentID\":\"5187d2a3-10d6-4ef9-b7d2-dd3545ff023b\",\"theme\":\"#f1f1f1\",\"collapsed\":true,\"titleColor\":\"#000000\",\"panelTitle\":\"Br\u0105zowy\"} -->\n<!-- wp:paragraph -->\n<p><\/p>\n<!-- \/wp:paragraph -->\n\n<!-- wp:media-text {\"align\":\"\",\"mediaId\":30195,\"mediaLink\":\"https:\/\/olimpijski.pl\/igrzyska_letnie\/paryll-1924\/1924_paryz_braz_200\/#main\",\"mediaType\":\"image\",\"mediaWidth\":20} -->\n<div class=\"wp-block-media-text is-stacked-on-mobile\" style=\"grid-template-columns:20% auto\"><figure class=\"wp-block-media-text__media\"><img src=\"https:\/\/olimpijski.pl\/wp-content\/uploads\/1924\/06\/1924_Paryz_braz_200.jpg\" alt=\"\" class=\"wp-image-30195\"\/><\/figure><div class=\"wp-block-media-text__content\"><!-- wp:paragraph -->\n<p><strong>Adam Kr\u00f3likiewicz<\/strong><br>(je\u017adziectwo, skoki przez przeszkody)<\/p>\n<!-- \/wp:paragraph --><\/div><\/div>\n<!-- \/wp:media-text -->\n<!-- \/wp:ub\/content-toggle-panel-block -->\n<!-- \/wp:ub\/content-toggle-block -->\n\n<!-- wp:quote {\"className\":\"is-style-default\"} -->\n<blockquote class=\"wp-block-quote is-style-default\"><p>Sw\u00f3j medal Adam Kr\u00f3likiewicz wywalczy\u0142 po wy\u015bcigu dru\u017cynowym kolarzy, ale otrzyma\u0142 go wcze\u015bniej, bowiem organizatorzy zapomnieli udekorowa\u0107 polskich kolarzy \u2013 srebrnych medalist\u00f3w w wy\u015bcigu na 4 km na dochodzenie \u2013 naprawiaj\u0105c to niedopatrzenie p\u00f3\u017aniej. J\u00f3zef Lange, Jan \u0141azarski, Tomasza Stankiewicz i Franciszek Szymczyk przegrali jedynie z W\u0142ochami.<\/p><\/blockquote>\n<!-- \/wp:quote -->","post_title":"Pary\u017c 1924","post_excerpt":"","post_status":"publish","comment_status":"closed","ping_status":"closed","post_password":"","post_name":"paryz-1924","to_ping":"","pinged":"","post_modified":"2020-10-11 02:39:06","post_modified_gmt":"2020-10-11 00:39:06","post_content_filtered":"","post_parent":0,"guid":"https:\/\/wai-q98d7hpf9hy9k.wpallimport-demo.qsandbox.me\/olympics_summer\/paryll-1924\/","menu_order":0,"post_type":"olympics_summer","post_mime_type":"","comment_count":"0","filter":"raw"},"team_competition":{"ID":5631,"post_author":"1","post_date":"2020-06-19 11:31:48","post_date_gmt":"2020-06-19 09:31:48","post_content":"","post_title":"Kolarstwo - wy\u015bcig dru\u017c. na dochodzenie","post_excerpt":"","post_status":"publish","comment_status":"closed","ping_status":"closed","post_password":"","post_name":"wyscig-druz-na-dochodzenie","to_ping":"","pinged":"","post_modified":"2020-07-22 11:26:53","post_modified_gmt":"2020-07-22 09:26:53","post_content_filtered":"","post_parent":5853,"guid":"https:\/\/wai-q7byvryhhcz9k.wpallimport-demo.qsandbox.me\/competition\/wyscig-druz-na-dochodzenie\/","menu_order":0,"post_type":"competition","post_mime_type":"","comment_count":"0","filter":"raw"},"team_players":[{"ID":14316,"post_author":"15","post_date":"2020-06-24 16:48:07","post_date_gmt":"2020-06-24 14:48:07","post_content":"<!-- wp:paragraph -->\n<p><strong>w\u0142a\u015bciciel zak\u0142adu garbarskiego,&nbsp;kolarz z&nbsp;pierwszej po\u0142owy lat dwudziestych, cz\u0142onek dru\u017cyny torowej, kt\u00f3ra zdoby\u0142a (1924) pierwszy dla&nbsp;Polski (srebrny) medal olimpijski.<br><\/strong><br>Urodzony 16 marca 1897 w Warszawie, syn Feliksa i Weroniki Zientek, uko\u0144czy\u0142 miejscow\u0105 6-klasow\u0105 szko\u0142\u0119 realn\u0105, gdzie opr\u00f3cz normalnej nauki uczestniczy\u0142 w tajnych kursach samokszta\u0142ceniowych i zaj\u0119ciach paramilitarnych. Legionista (1915-1917), wst\u0105pi\u0142 do Wojska Polskiego (1 listopada 1918) pe\u0142ni\u0105c s\u0142u\u017cb\u0119 w adiutanturze Komendy m. Warszawy, po czym w sk\u0142adzie 11 pu\u0142. uczestniczy\u0142 w wojnie polsko-bolszewickiej (zwolniony do rezerwy w 1921 w stopniu wachmistrza). Przez ca\u0142y okres mi\u0119dzywojenny prowadzi\u0142 zak\u0142ad garbarski swojego ojca. Karabin zamieni\u0142 na rower i startuj\u0105c w barwach WTC (1921-1928) oraz sto\u0142ecznej Legii (1928-1930), sta\u0142 si\u0119 najwszechstronniejszym polskim kolarzem pierwszej po\u0142owy lat dwudziestych. Ale jeszcze w latach trzydziestych z 21 rekord\u00f3w krajowych w r\u00f3\u017cnych konkurencjach i na r\u00f3\u017cnych dystansach - 15 nale\u017ca\u0142o do Langego.<\/p>\n<!-- \/wp:paragraph -->\n\n<!-- wp:paragraph -->\n<p>Sportowe sukcesy zawdzi\u0119cza\u0142 pilnemu treningowi, uregulowanemu i&nbsp;higienicznemu trybowi \u017cycia (nigdy nie pi\u0142 ani nie pali\u0142), dyscyplinie wewn\u0119trznej i&nbsp;mimo nienadzwyczajnych warunk\u00f3w fizycznych (165 cm, 70 kg),&nbsp;wspania\u0142emu, silnemu sercu. M\u00f3wiono o&nbsp;nim \"ma\u0142y cia\u0142em - wielki duchem\" , \"\u017celazny Lange\" lub po prostu niezast\u0105piony J\u00f3zio. Ulubieniec Dynas\u00f3w. Startowa\u0142 niemal we wszystkich konkurencjach na&nbsp;torze,&nbsp;d\u0142ugodystansowych, sprinterskich, stayerowskich (tu by\u0142 arcymistrzem wraz ze swym prowadz\u0105cym na&nbsp;motorze Stefanem Jankowskim),&nbsp;pojedynczo, parami, dru\u017cynowo a&nbsp;tak\u017ce na&nbsp;szosie.<\/p>\n<!-- \/wp:paragraph -->\n\n<!-- wp:paragraph -->\n<p>By\u0142 autorem historycznych dla&nbsp;polskiego kolarstwa \"drogowego\" zwyci\u0119stw: pierwszych mistrzostw Polski (1921) i&nbsp;pierwszego wieloetapowego wy\u015bcigu Dooko\u0142a Wojew\u00f3dztwa Warszawskiego (1925). Ale najwi\u0119ksze sukcesy (tak\u017ce historyczne&nbsp;dla polskiego kolarstwa) odni\u00f3s\u0142 na&nbsp;torze. Na krajowym podw\u00f3rku rekordy bi\u0142 na&nbsp;zawo\u0142anie, w&nbsp;pierwszych mistrzostwach Polski w&nbsp;sprincie nale\u017ca\u0142 do&nbsp;najlepszych: 1921 (2) , 1923 (3), dwukrotnie (wraz z&nbsp;kolegami olimpijczykami) si\u0119gn\u0105\u0142 (1925, 1928) po nieoficjalne rekordy \u015bwiata w&nbsp;wy\u015bcigu dru\u017cynowym na&nbsp;4000 m. Z&nbsp;t\u0105 konkurencj\u0105 torow\u0105 zwi\u0105zany jest&nbsp;najwi\u0119kszy sukces Langego na&nbsp;IO. Po olimpiadzie w&nbsp;Amsterdamie Lange koncentrowa\u0142 swoje starty w&nbsp;wy\u015bcigach za motorami. Po raz ostatni wyst\u0105pi\u0142 przed publiczno\u015bci\u0105 w&nbsp;pojedynku dla&nbsp;weteran\u00f3w podczas zamkni\u0119cia Dynas\u00f3w (1937). Mimo 40 lat by\u0142 drugi za swym najgro\u017aniejszych rywalem w&nbsp;biegach stayerowskich - J. Oksiutyczem. Dzia\u0142a\u0142 spo\u0142ecznie w&nbsp;ruchu sportowym (Legia) i&nbsp;w Zrzeszeniu Hodowli Go\u0142\u0119bi Pocztowych (tak\u017ce powojenne hobby). W&nbsp;czasie okupacji niemieckiej mieszka\u0142 w&nbsp;Warszawie (bra\u0142 udzia\u0142 w&nbsp;konspiracyjnych spotkaniach dzia\u0142aczy WTC). Po wojnie prowadzi\u0142 (mimo wielu trudno\u015bci) zak\u0142ad garbarski i&nbsp;zajmowa\u0142 si\u0119 szkoleniem ps\u00f3w my\u015bliwskich. Zmar\u0142 w&nbsp;Warszawie 11 sierpnia 1972.<\/p>\n<!-- \/wp:paragraph -->\n\n<!-- wp:paragraph -->\n<p><strong>*1924 Pary\u017c: kolarstwo torowe, 4000 m. dru\u017c. na dochodzenie<\/strong> - w&nbsp;przedb. Polacy pokonali \u0141otw\u0119 (5.16,0), w&nbsp;\u0107wier\u0107fin. przegrali (5.16,8) z&nbsp;Belgi\u0105 (5.12,2), ale&nbsp;weszli do&nbsp;p\u00f3\u0142fin. z&nbsp;najlepszym czasem (w\u015br\u00f3d pokonanych) i&nbsp;wygrali (5.18,0) z&nbsp;Francj\u0105 (5.19,6). W&nbsp;fina\u0142owym pojedynku zwyci\u0119\u017cyli W\u0142osi - 5.15,0 , a&nbsp;Polacy z&nbsp;najs\u0142abszym czasem (ze wszystkich start\u00f3w) 5.23,0 <strong>zdobyli srebrny medal.&nbsp;<\/strong>By\u0142 to&nbsp;pierwszy medal&nbsp; bia\u0142o-czerwonych w&nbsp;historii IO (je\u017adziec Kr\u00f3likiewicz wywalczy\u0142 medal br\u0105zowy kilkana\u015bcie minut p\u00f3\u017aniej, tak\u017ce 27 lipca 1924). Partnerami Langego w&nbsp;dru\u017cynie byli: J. \u0141azarski, T. Stankiewicz i&nbsp;F. Szymczyk.; 50 km (wy\u015bcig d\u0142ugodystansowy) indyw. - 5. msc start. kilka metr\u00f3w za zwyci\u0119zc\u0105 (Holender J. Willems-1:18.24,0). By\u0142 to&nbsp;najdramatyczniejszy wy\u015bcig Polaka w&nbsp;historii jego start\u00f3w. Lange uciek\u0142 rywalom i&nbsp;prowadzi\u0142 na&nbsp;olimpijskim torze solo 250 metr\u00f3w przed rywalami. By\u0142 bliski zdublowania konkurent\u00f3w , ale&nbsp;chwila zw\u0105tpienia (kt\u00f3rej Lange nigdy nie m\u00f3g\u0142 sobie wybaczy\u0107) sprawi\u0142a, \u017ce&nbsp;nie kontynuowa\u0142 ataku i&nbsp;da\u0142 si\u0119 doj\u015b\u0107 najlepszym, szukaj\u0105c szcz\u0119\u015bcia w&nbsp;rozgrywce fina\u0142owej. I tu pope\u0142ni\u0142 b\u0142\u0105d rozpoczynaj\u0105c finisz zbyt p\u00f3\u017ano. Przegra\u0142 minimalnie z&nbsp;Holendrem, kt\u00f3rego potem wielokrotnie pokona\u0142 na&nbsp;Dynasach.<\/p>\n<!-- \/wp:paragraph -->\n\n<!-- wp:paragraph -->\n<p><strong>*1928 Amsterdam: kolarstwo torowe, 1000 m. ze startu zatrzymanego<\/strong> - 6-7. msc start. z&nbsp;czasem 1.18,0 (zw. Du\u0144czyk W. Hansen - 1.14,2); <strong>4000 m. dru\u017c. na&nbsp;dochodzenie<\/strong> - w&nbsp;przedb. Polacy&nbsp; przegrali wprawdzie z&nbsp;Belgi\u0105, ale&nbsp;awansowali do&nbsp;\u0107wier\u0107fina\u0142u z&nbsp;najlepszym czasem w\u015br\u00f3d pokonanych. W&nbsp;\u0107wier\u0107finale ulegli jednak Holendrom i&nbsp;odpadli z&nbsp;dalszej walki (zw. W\u0142ochy - 5.01,8). Partnerami Langego w&nbsp;dru\u017cynie byli: J. Oksiutycz, A. Reul i&nbsp;J. Zybert (Siebert), kt\u00f3ry w&nbsp;ostatniej chwili musia\u0142 zast\u0105pi\u0107 F. Szymczyka (pogrzeb ojca).<\/p>\n<!-- \/wp:paragraph -->\n\n<!-- wp:paragraph -->\n<p><em>Bibl.: S\u0142ownik WF, 1999 , z. 4 , s. 150-151 (Ryszard Wryk); Tuszy\u0144ski B., Pierwszy medal dla&nbsp;Polski (w: ) Poczet olimpijczyk\u00f3w polskich, Warszawa 1984, z. 1, s. 15-24; Tuszy\u0144ski, Z\u0142ota ksi\u0119ga, s. 39 i&nbsp;dalsze; Tuszy\u0144ski, 100 lat WTC, s. 5 i&nbsp;dalsze; Grabowski T. A., Dramat olimpijskiego asa, \"Dysk Olimpijski\", 1968, nr&nbsp;11, s. 27-28; Du\u0144ski, Od Pary\u017ca, s. 480; G\u0142uszek, Leksykon 1999, s. 254; Pawlak, Olimpijczycy, s. 148; Kronika sportu, s. 910; CAW: AP 843.&nbsp;<\/em><\/p>\n<!-- \/wp:paragraph -->","post_title":"J\u00f3zef Lange (1897-1972)","post_excerpt":"w\u0142a\u015bciciel zak\u0142adu garbarskiego,\u00a0kolarz z\u00a0pierwszej po\u0142owy lat dwudziestych, cz\u0142onek dru\u017cyny torowej, kt\u00f3ra zdoby\u0142a (1924) pierwszy dla\u00a0Polski (srebrny) medal olimpijski.","post_status":"publish","comment_status":"closed","ping_status":"closed","post_password":"","post_name":"jozef-lange","to_ping":"","pinged":"","post_modified":"2023-02-10 10:27:10","post_modified_gmt":"2023-02-10 09:27:10","post_content_filtered":"","post_parent":0,"guid":"http:\/\/pkol.local\/person\/jozef-lange\/","menu_order":115,"post_type":"person","post_mime_type":"","comment_count":"0","filter":"raw"},{"ID":14382,"post_author":"15","post_date":"2020-06-24 16:48:21","post_date_gmt":"2020-06-24 14:48:21","post_content":"<!-- wp:paragraph -->\n<p><br><br><br><strong>\u015blusarz - mechanik, jeden z&nbsp;najlepszych torowc\u00f3w lat dwudziestych, srebrny medalista olimpijski z&nbsp;Pary\u017ca (1924).<br><\/strong><br>Urodzony 26 pa\u017adziernika 1892 w&nbsp;Krakowie, syn Wawrzy\u0144ca (w\u0142a\u015bciciel gospodarstwa rolnego) i&nbsp;Julii. Po&nbsp;uko\u0144czeniu szko\u0142y podstawowej, sze\u015bciu klas miejscowego gimnazjum (\u015bw. Jacka) i&nbsp;odbyciu praktyki w&nbsp;zakresie \u015blusarstwa (fabryka \"L. Zieleniewski i&nbsp;Fitzner - Gamper S.A\") otworzy\u0142 w\u0142asny zak\u0142ad mechaniczny. Chc\u0105c si\u0119 doskonali\u0107 zawodowo wyje\u017cd\u017ca do&nbsp;Szko\u0142y Technicznej&nbsp; w&nbsp;Ilmenau w&nbsp;Turyngii (kwiecie\u0144 1914). Letnie ferie (lipiec 1914) sp\u0119dza u&nbsp;brata w&nbsp;Pary\u017cu, gdzie zastaje go wybuch I wojny \u015bwiatowej. Poddany jest internowany na&nbsp;p\u00f3\u0142nocy Francji (Rouen), sk\u0105d ucieka (pocz\u0105tek 1916) do&nbsp;Szwajcarii, gdzie pod przybranym nazwiskiem Jana Buszka&nbsp;pracuje w&nbsp;fabrykach broni i&nbsp;amunicji a\u017c&nbsp;do powrotu do&nbsp;kraju (1919). Wznawia dzia\u0142alno\u015b\u0107 zamkni\u0119ty w&nbsp;czasie wojny zak\u0142ad mechaniczny, a&nbsp;jego w\u0142a\u015bciciel (1920) wst\u0119puje jako ochotnik do&nbsp;Wojska Polskiego (kolumna samochodowa w&nbsp;Krakowie), sk\u0105d zostaje zwolniony po zawarciu pokoju z&nbsp;Rosj\u0105 Sowieck\u0105. Od\u017cywa zainteresowanie&nbsp;rowerem.<\/p>\n<!-- \/wp:paragraph -->\n\n<!-- wp:paragraph -->\n<p>15 sierpnia 1919&nbsp;w Krakowie, gdzie odbywa si\u0119 zjazd dzia\u0142aczy w&nbsp;celu zorganizowania centralnych w\u0142adz kolarskich, dwa razy wygrywa&nbsp;(Bieg nowicjuszy, Bieg otwarcia). To pocz\u0105tek kariery sportowej&nbsp;(1919-1929), podczas kt\u00f3rej reprezentowa\u0142 barwy: Krakowskiego Klubu Cyklist\u00f3w i&nbsp;Motorzyst\u00f3w, a&nbsp;od&nbsp;1921 Cracovii. Nie przerwa\u0142 jej (w pocz\u0105tkowej fazie) przypadkowy postrza\u0142&nbsp; z&nbsp;austriackiego rewolweru i&nbsp;\u0141azarski z&nbsp;kul\u0105 w&nbsp;kolanie&nbsp;je\u017adzi\u0142 na&nbsp;rowerze do&nbsp;ko\u0144ca \u017cycia. By\u0142 zawodnikiem (podobnie jak wi\u0119kszo\u015b\u0107 jego koleg\u00f3w w&nbsp;tym okresie) wszechstronnym, wyra\u017anie unikaj\u0105cym specjalizacji. Tote\u017c na&nbsp;\"drogowych\" mistrzostwach Polski zajmowa\u0142 niez\u0142e miejsca: 1922 (3), 1923&nbsp; (4), ale&nbsp;z&nbsp;czasem bardziej go porwa\u0142a walka na&nbsp;torze, gdzie w&nbsp;sprincie zajmowa\u0142 w&nbsp;krajowej rywalizacji nast\u0119puj\u0105ce lokaty: 1922 (3), 1924 (1), 1925 (1), 1926 (1), 1927 (2). Wej\u015bcie do&nbsp;krajowej czo\u0142\u00f3wki zawodnika z&nbsp;Krakowa nie by\u0142o \u0142atwe.&nbsp;Warszawiacy i&nbsp;\u0142odzianie je\u017adzili ju\u017c na&nbsp;betonie, a&nbsp;w&nbsp;Krakowie nadal by\u0142 tylko tor&nbsp;ziemny, trudniejszy i&nbsp;wolniejszy. \u0141azarski s\u0142usznie wi\u0119c szuka\u0142 \"sportowego szcz\u0119\u015bcia\" na&nbsp;Dynasach.<\/p>\n<!-- \/wp:paragraph -->\n\n<!-- wp:paragraph -->\n<p>Okazja nadarzy\u0142a si\u0119 w&nbsp;1923. Podczas pierwszego startu Polak\u00f3w na&nbsp;torowych mistrzostwach \u015bwiata w&nbsp;Zurichu&nbsp;zakontraktowano przyjazd do&nbsp;Warszawy zawodnik\u00f3w&nbsp; zagranicznych. W&nbsp;kraju&nbsp;nast\u0105pi\u0142a og\u00f3lnopolska mobilizacja. I wtedy, po raz pierwszy, \u0141azarski b\u0142ysn\u0105\u0142 w&nbsp;stolicy swoim wielkim talentem. Wygra\u0142 nawet z&nbsp;Francuzami, a&nbsp;ci zaproponowali mu&nbsp;szkolenie w&nbsp;Pary\u017cu. Skorzysta\u0142 z&nbsp;zaproszenia wraz z&nbsp;Sukiennikiem, Garleyem i&nbsp;Langem. W&nbsp;1924 wygra\u0142 ju\u017c mistrzostwo Polski i sta\u0142 si\u0119...&nbsp;olimpijczykiem. Starty \u0141azarskiego na&nbsp;mistrzostwach \u015bwiata (1924-1926) by\u0142y&nbsp;nieudane. Odpada\u0142 z&nbsp;walki ju\u017c w&nbsp;eliminacjach (sprint). W&nbsp;1929 zako\u0144czy\u0142 karier\u0119 zawodnicz\u0105. Jako zas\u0142u\u017cony i&nbsp;najstarszy olimpijczyk SKS Cracovia wchodzi\u0142 w&nbsp;sk\u0142ad Rady Senior\u00f3w klubu. W&nbsp;czasie okupacji niemieckiej,&nbsp;\u017co\u0142nierz AK, wi\u0119zie\u0144 gestapo&nbsp;(przez osiem miesi\u0119cy). Po wojnie nadal prowadzi\u0142 zak\u0142ad \u015blusarsko - mechaniczny przy ul. Barskiej. Zas\u0142u\u017cony Dzia\u0142acz Kultury Fizycznej. Odznaczony Z\u0142otym Krzy\u017cem Zas\u0142ugi. Zmar\u0142&nbsp;11 sierpnia 1968 w&nbsp;Krakowie i&nbsp;spoczywa na&nbsp;Cmentarzu Rakowickim.&nbsp;&nbsp;<\/p>\n<!-- \/wp:paragraph -->\n\n<!-- wp:paragraph -->\n<p><strong>* 1924 Pary\u017c: kolarstwo torowe, sprint<\/strong> - 2. msc w\u00a0przedb. (3 zaw.) z\u00a0 czasem (ostatnie 200 m.) 12.8, 2. msc w\u00a0repesa\u017cach (3 zaw.), odp. z\u00a0 konk. (zw. L. Michard, Francja - 12.8);\u00a0<strong>50 km (d\u0142ugodystansowy wy\u015bcig indywid.)<\/strong> - nie uko\u0144czy\u0142\u00a0(mia\u0142 pomaga\u0107 Langemu), zw. J. Wilems, Holandia - 1:18,24,0; <strong>4000 m. dru\u017c. (na dochodzenie)<\/strong> - w\u00a0przedb. Polacy pokonali \u0141otw\u0119 w\u00a0czasie 5.16,0, w\u00a0\u0107wier\u0107fin. przegrali z\u00a0Belgi\u0105 w\u00a0czasie 5.16,8 (Belgia 5.12,2), ale\u00a0weszli do\u00a0p\u00f3\u0142fin. z\u00a0najlepszym czasem w\u015br\u00f3d przegranych; w\u00a0p\u00f3\u0142fin.\u00a0zwyci\u0119\u017cyli Francj\u0119 5.18,0 (Francja 5.19,6), a\u00a0w\u00a0finale ulegli\u00a0W\u0142ochom w\u00a0czasie 5.23,0 (W\u0142ochy - 5.15,0) zdobywaj\u0105c\u00a0<strong>srebrny medal.\u00a0<\/strong>Partnerami\u00a0byli: J. Lange, T. Stankiewicz i\u00a0F. Szymczyk.<\/p>\n<!-- \/wp:paragraph -->\n\n<!-- wp:paragraph -->\n<p><em>Bibl.: PSB, t. 18, s. 289 (Kazimierz Toporowicz); S\u0142ownik WF, 1972, z. 4 , s. 183-184 (Kazimierz Toporowicz); Tuszy\u0144ski B., Pierwszy&nbsp;medal dla&nbsp;Polski (w:), Poczet polskich olimpijczyk\u00f3w, Warszawa 1984, z. 1, s. 15-24; Tuszy\u0144ski, Z\u0142ota ksi\u0119ga, s. 39 i&nbsp;dalsze; G\u0142uszek, Leksykon 1999, s. 261; Pawlak, Olimpijczycy, s. 156; Kronika sportu, s. 911; Brenda Z., \u015aladami Jana \u0141azarskiego (w: ) 50 lat Klubu Sportowego \"Cracovia\" 1906-1956, Krak\u00f3w 1956, s. 157-161; Du\u0144ski, Od Pary\u017ca, s. 521; CAW:AP 13828, KK i&nbsp;MN -46. &nbsp;&nbsp;<\/em><\/p>\n<!-- \/wp:paragraph -->","post_title":"Jan \u0141azarski (1892-1968)","post_excerpt":"\u015blusarz - mechanik, jeden z\u00a0najlepszych torowc\u00f3w lat dwudziestych, srebrny medalista olimpijski z\u00a0Pary\u017ca (1924).","post_status":"publish","comment_status":"closed","ping_status":"closed","post_password":"","post_name":"jan-lazarski","to_ping":"","pinged":"","post_modified":"2023-02-10 10:27:59","post_modified_gmt":"2023-02-10 09:27:59","post_content_filtered":"","post_parent":0,"guid":"http:\/\/pkol.local\/person\/jan-lazarski\/","menu_order":106,"post_type":"person","post_mime_type":"","comment_count":"0","filter":"raw"},{"ID":15148,"post_author":"15","post_date":"2020-06-24 16:51:54","post_date_gmt":"2020-06-24 14:51:54","post_content":"<!-- wp:paragraph -->\n<p><strong>in\u017cynier chemii i&nbsp;technologii, d\u0142ugowieczny mistrz kolarskiego sprintu, srebrny medalista olimpijski (dru\u017cyna - tor) z&nbsp;Pary\u017ca (1924).<br><\/strong><br>Urodzony 21 lutego 1892 we Lwowie, uko\u0144czy\u0142 warszawskie Gimnazjum Realne przy ul. Jezuickiej oraz&nbsp;Wydzia\u0142 Chemii i&nbsp;Technologii Politechniki Kijowskiej, gdzie otrzyma\u0142 tytu\u0142 in\u017cyniera. Traf chcia\u0142 , \u017ce&nbsp;absolwentem tej samej szko\u0142y \u015bredniej by\u0142&nbsp;mistrz \u015bwiata w&nbsp;zawodowym sprincie, Niemiec Willy Arend (1897). To by\u0142a w&nbsp;tamtych czasach wielka sportowa s\u0142awa. Nic wi\u0119c dziwnego, \u017ce&nbsp;ambicj\u0105 wszystkich uczni\u00f3w z&nbsp;Jezuickiej by\u0142o \u015bciganie si\u0119 na&nbsp;rowerze. Wsiad\u0142 na&nbsp;niego r\u00f3wnie\u017c m\u0142odziutki Szymczyk (1903), kt\u00f3ry trafi\u0142 na&nbsp;Dynasy (1910) i&nbsp;w wy\u015bcigu na&nbsp;6 okr\u0105\u017ce\u0144 toru by\u0142 trzeci i&nbsp;zdoby\u0142 pierwszy br\u0105zowy medal. Wtedy dosta\u0142 od&nbsp;ojca nowy wy\u015bcigowy rower (Releigh), a&nbsp;Dynasy by\u0142y \u015bwiadkiem jego dalszej, d\u0142ugiej kariery sportowej (1931). Jeden z&nbsp;pierwszych kolarskich muszkieter\u00f3w II Rzeczypospolitej, zawodnik WTC o&nbsp;znakomitych warunkach fizycznych (184 cm wzrostu, 90 kg wagi) by\u0142 wr\u0119cz niecodziennym zjawiskiem sportowym.<\/p>\n<!-- \/wp:paragraph -->\n\n<!-- wp:paragraph -->\n<p>Startuj\u0105c na&nbsp;igrzyskach olimpijskich w&nbsp;Pary\u017cu mia\u0142 ju\u017c 32 lata. Kiedy obchodzi\u0142 uroczy\u015bcie na&nbsp;Dynasach 20-lecie swoich start\u00f3w (19 pa\u017adziernika 1930), a&nbsp;wi\u0119c maj\u0105c 38 lat, w&nbsp;krajowych mistrzostwach sprinter\u00f3w zaj\u0105\u0142 jeszcze 4 miejsce. Pisano w\u00f3wczas: \"Posta\u0107 Szymczyka by\u0142a akordem radosnym, pe\u0142nym mocy i&nbsp;triumfu. Dwadzie\u015bcia lat nieprzerwanego treningu, dwadzie\u015bcia lat cotygodniowych niemal start\u00f3w nie odebra\u0142y mu si\u0142 i&nbsp;rado\u015bci \u017cycia. Z&nbsp;tym samym, co w&nbsp;pierwszym swym biegu niepokojem siada na&nbsp;rower, z&nbsp;t\u0105 sam\u0105 niepewno\u015bci\u0105 oczekuje wyniku, z&nbsp;t\u0105 sam\u0105 zaci\u0119to\u015bci\u0105 i&nbsp;lojalno\u015bci\u0105 walczy o&nbsp;zwyci\u0119stwo\". Odni\u00f3s\u0142 ich wiele. Oto miejsca na&nbsp;mistrzostwach Polski (sprint): 1921 \/1\/, 1922 \/1\/, 1924 \/2\/, 1925 \/3\/, 1926 \/2\/. Za granic\u0105 triumfowa\u0142 w&nbsp;zawodach o&nbsp;Wielk\u0105 Nagrod\u0119 Lozanny (1925).<\/p>\n<!-- \/wp:paragraph -->\n\n<!-- wp:paragraph -->\n<p>Nie mia\u0142 natomiast szcz\u0119\u015bcia na mistrzostwach \u015bwiata (sprint). Startowa\u0142 5-krotnie (1923-1927) odpadaj\u0105c ju\u017c w&nbsp;eliminacjach (w 1925 w&nbsp;Amsterdamie w&nbsp;1\/8 fina\u0142u). By\u0142 natomiast&nbsp;\"g\u0142\u00f3wnym udzia\u0142owcem\" paryskiego sukcesu olimpijskiego. Sukces polskiej dru\u017cyny torowej (kt\u00f3rej spiritus movens by\u0142 niew\u0105tpliwie Szymczyk) by\u0142 niespodziank\u0105,&nbsp;ale nie kompletnym zaskoczeniem. Mo\u017cna si\u0119 by\u0142o spodziewa\u0107, \u017ce&nbsp;kolarstwo maj\u0105ce na&nbsp;ziemiach polskich bogate tradycje i&nbsp;wiele lat ci\u0119\u017ckiej pracy z&nbsp;m\u0142odzie\u017c\u0105, &nbsp;jest w&nbsp;stanie podo\u0142a\u0107 wysokim olimpijskim wyzwaniom. Nieznany i&nbsp;ma\u0142o popularny torowy wy\u015bcig dru\u017cynowy (4000 poursuite par equipe) sta\u0142 si\u0119 potem \"polsk\u0105 specjalno\u015bci\u0105\". Szymczyk wraz z&nbsp;kolegami uzyska\u0142 dwukrotnie wyniki lepsze od&nbsp;(nie notowanych niestety) rekord\u00f3w \u015bwiata: 5.09,0 (4 lipca 1925 Warszawa) wraz z&nbsp;J. Lange, S. Podg\u00f3rskim i&nbsp;J. Oksiutyczem oraz&nbsp;5.04,0 (16 lipca 1928 Warszawa) wraz z&nbsp;J. Lange, J. Oksiutyczem i&nbsp;A. Reulem. Szymczyk by\u0142 zawodniczym wzorem i&nbsp;drogowskazem (sportowo-moralnym) dla&nbsp;wielu pokole\u0144 polskich torowc\u00f3w, ale&nbsp;by\u0142 r\u00f3wnie\u017c organizatorem sportu kolarskiego i&nbsp;jego wszechstronnym dzia\u0142aczem w&nbsp;ci\u0105gu ponad sze\u015b\u0107dziesi\u0119ciu lat.<\/p>\n<!-- \/wp:paragraph -->\n\n<!-- wp:paragraph -->\n<p>Cz\u0142onek zarz\u0105d\u00f3w: WTC , PZTK , PZ\u0141, ZPZS-PKOl. By\u0142 autorem pierwszego regulaminu kolarskiego PZTK, kapitanem sportowym i&nbsp;przewodnicz\u0105cym Kolegium S\u0119dzi\u00f3w tego zwi\u0105zku,&nbsp;projektantem tor\u00f3w kolarskich, redaktorem dwutygodnika \"Kolarz Polski\" (lata trzydzieste), autorem ksi\u0105\u017cek \"Przepisy wy\u015bcigowe i&nbsp;og\u00f3lne\" (1924) oraz&nbsp; \"Kolarstwo: turystyka, tor , szosa\" (1931). Analizowa\u0142, por\u00f3wnywa\u0142, radzi\u0142. Zawodnikom, szkoleniowcom, s\u0119dziom, dzia\u0142aczom, organizatorem imprez. To samo robi\u0142 po II wojnie \u015bwiatowej. Zn\u00f3w by\u0142 dzia\u0142aczem PZKol, g\u0142\u00f3wnym organizatorem WOZKol (i jego prezesem w&nbsp;latach 1945-1949) oraz&nbsp;pierwszych imprez na&nbsp;terenie zniszczonej stolicy (m. in. mistrzostw Polski w&nbsp;1945). Szkoli\u0142 zawodnik\u00f3w, trener\u00f3w i&nbsp;s\u0119dzi\u00f3w. Pisa\u0142 podr\u0119czniki: \"Kolarstwo u\u017cytkowe i&nbsp;turystyczne\" (1948), \"Kolarstwo wyczynowe\" (1949), \"Kolarstwo dla&nbsp;wszystkich\" (1956). By\u0142 tak\u017ce m. in. s\u0119dzi\u0105 g\u0142\u00f3wnym Wy\u015bcigu Pokoju (1950). Odegra\u0142 wielk\u0105 rol\u0119 w&nbsp;odrodzeniu si\u0119 polskiego kolarstwa po II wojnie \u015bwiatowej. Je\u017adzi\u0142 na&nbsp;rowerze do&nbsp;p\u00f3\u017anej staro\u015bci m. in. do&nbsp;pracy na&nbsp;ulic\u0119 Chocimsk\u0105 do&nbsp;Pa\u0144stwowego Zak\u0142adu Higieny, kt\u00f3ry kocha\u0142 r\u00f3wnie mocno jak kolarstwo. Zmar\u0142 w&nbsp;Warszawie 5 listopada 1976.<\/p>\n<!-- \/wp:paragraph -->\n\n<!-- wp:paragraph -->\n<p><strong>*1924 Pary\u017c: sprint<\/strong> - 1. w&nbsp;przedb. (3 zaw.), 3. msc w&nbsp;\u0107wier\u0107finale (3 zaw.) z&nbsp;czasem 13,6; ze wzgl\u0119du na&nbsp;start w&nbsp;dru\u017cynie Szymczyk nie stan\u0105\u0142 do&nbsp;wy\u015bcigu repasa\u017cowego. Zw. L. Michard, Francja - 12.8; <strong>4000 m. dru\u017c.<\/strong> (na dochodzenie) - w&nbsp;przedbiegu Polacy pokonali \u0141otw\u0119 - 5.16,0, w&nbsp;\u0107wier\u0107finale przegrali z&nbsp;Belgi\u0105 w&nbsp;czasie 5.16,8 (Belgia - 5.12,2) ale&nbsp;weszli do&nbsp;p\u00f3\u0142fina\u0142u z&nbsp;najlepszym czasem w\u015br\u00f3d pokonanych zespo\u0142\u00f3w; w&nbsp;p\u00f3\u0142finale zwyci\u0119\u017cyli Francj\u0119 z&nbsp;czasem 5.18,0 (Francja - 5.19,6), a&nbsp;w&nbsp;finale ulegli W\u0142ochom w&nbsp;najs\u0142abszym czasie 5.23,0 (W\u0142ochy 5.15,0) <strong>zdobywaj\u0105c srebrny medal<\/strong>. Partnerami Szymczyka byli: J. Lange, J. \u0141azarski i&nbsp;T. Stankiewicz.<\/p>\n<!-- \/wp:paragraph -->\n\n<!-- wp:paragraph -->\n<p><em>Bibl.: Tuszy\u0144ski B., Pierwszy medal dla&nbsp;Polski (w:) Poczet polskich olimpijczyk\u00f3w, Warszawa 1984, z. 1, s. 15-24; Tuszy\u0144ski, 100 lat WTC, s. 5 i&nbsp;dalsze; Tuszy\u0144ski, Z\u0142ota ksi\u0119ga, s. 39 i&nbsp;dalsze; G\u0142uszek, Leksykon 1999, s. 346; Pawlak, Olimpijczycy, s. 258-259 (tu b\u0142\u0119dnie konkurencje i&nbsp;lata kariery sportowej); Kronika sportu, s. 911; S\u0142oniewski, Zarys, s. 123; Du\u0144ski, Od Pary\u017ca, s. 924-925.<\/em><\/p>\n<!-- \/wp:paragraph -->","post_title":"Franciszek Szymczyk (1892-1976)","post_excerpt":"","post_status":"publish","comment_status":"closed","ping_status":"closed","post_password":"","post_name":"franciszek-szymczyk","to_ping":"","pinged":"","post_modified":"2020-10-22 13:03:42","post_modified_gmt":"2020-10-22 11:03:42","post_content_filtered":"","post_parent":0,"guid":"http:\/\/pkol.local\/person\/franciszek-szymczyk\/","menu_order":45,"post_type":"person","post_mime_type":"","comment_count":"0","filter":"raw"},{"ID":15074,"post_author":"15","post_date":"2020-06-24 16:51:30","post_date_gmt":"2020-06-24 14:51:30","post_content":"<!-- wp:paragraph -->\n<p><br><strong>handlowiec, czo\u0142owy torowiec pierwszej po\u0142owy lat dwudziestych, medalista olimpijski z Pary\u017ca z 1924 roku.<\/strong><\/p>\n<!-- \/wp:paragraph -->\n\n<!-- wp:paragraph -->\n<p>Urodzony 28 grudnia 1902 w&nbsp;Warszawie, pojawi\u0142 si\u0119 na&nbsp;Dynasach (mekka&nbsp; sto\u0142ecznego kolarstwa) jako 19-letni gimnazjalista (szko\u0142a handlowa) i&nbsp;wni\u00f3s\u0142 do&nbsp;treningu reprezentant\u00f3w WTC sporo spontaniczno\u015bci i&nbsp;\"ducha przyspieszonej rywalizacji\" (od razu chcia\u0142 wygrywa\u0107). By\u0142 \u015bwietnie zbudowanym ch\u0142opcem (186 cm i&nbsp;80 kg), nadawa\u0142 si\u0119 do&nbsp;przys\u0142owiowego \"ta\u0144ca i&nbsp;r\u00f3\u017ca\u0144ca\" (szala\u0142 na&nbsp;torze, ale&nbsp;tak\u017ce ta\u0144czy\u0142 do&nbsp;rana na&nbsp;balach), tote\u017c starszyzna klubowa orzek\u0142a, \u017ce&nbsp;\"z&nbsp;Tomasza b\u0119d\u0105 jeszcze ludzie\". Szybko przeszed\u0142 do&nbsp;klasy drugiej, wygra\u0142 w&nbsp;niej wszystkie wy\u015bcigi (1922) i&nbsp;awansowa\u0142 do&nbsp;ekstraklasy. W&nbsp;dalszych latach kr\u00f3tkiej sportowej kariery (1923-1925) nale\u017ca\u0142 ju\u017c do&nbsp;najlepszych.<\/p>\n<!-- \/wp:paragraph -->\n\n<!-- wp:paragraph -->\n<p>Na krajowym podw\u00f3rku wygra\u0142 \"wszystko co mo\u017cna by\u0142o wygra\u0107\": by\u0142 mistrzem Polski (1923) w&nbsp;sprincie, mistrzem Warszawy, triumfatorem wy\u015bcigu o&nbsp;naramiennik WTC i&nbsp;tzw. wy\u015bcigu zamkni\u0119cia sezonu (najbardziej presti\u017cowe imprezy torowe). Pokona\u0142 te\u017c na&nbsp;Dynasach naszych go\u015bci, wielkich mistrz\u00f3w toru, m. in. W\u0142och\u00f3w Boiocchiego i&nbsp;Bossiego oraz&nbsp;Francuza Galvainga. Zdoby\u0142 liczne nagrody, wygra\u0142 kilka wy\u015bcig\u00f3w w&nbsp;Oslo, odni\u00f3s\u0142 sporo efektywnych zwyci\u0119stw we Francji i&nbsp;Afryce, kt\u00f3rych ukoronowaniem by\u0142a Wielka Nagroda Oranu (1925). Ale oczywi\u015bcie najwi\u0119kszym sportowym sukcesem Stankiewicza jest udzia\u0142 w&nbsp;historycznym wydarzeniu w&nbsp;dziejach polskiego kolarstwa i&nbsp;naszego olimpizmu, jakim by\u0142o zdobycie pierwszego medalu (26-27 lipca 1924) dla&nbsp;bia\u0142o-czerwonych barw.<\/p>\n<!-- \/wp:paragraph -->\n\n<!-- wp:paragraph -->\n<p>W rok po igrzyskach Stankiewicz zako\u0144czy\u0142 karier\u0119 sportow\u0105, podejmuj\u0105c prac\u0119 w bran\u017cy automobilowej. By\u0142 kierownikiem dzia\u0142u sprzeda\u017cy firmy ameryka\u0144skiej Chryslera w Warszawie. Gdy wybuch\u0142a wojna otrzyma\u0142 zadanie wyprowadzenia ze stolicy kilku samochod\u00f3w. Dotar\u0142 z nim do \u0141ucka i po r\u00f3\u017cnego rodzaju przej\u015bciach (wkroczenie Armii Czerwonej) powr\u00f3ci\u0142 do Warszawy. W pierwszych dniach okupacji niemieckiej prowadzi\u0142 dorywczy handel. Przypadkowo aresztowany, mia\u0142 przy sobie pras\u0119 podziemn\u0105. Przes\u0142uchiwany na Pawiaku, do\u0142\u0105czony zosta\u0142 do wielkiego transportu wi\u0119\u017ani\u00f3w do Palmir, gdzie 21 czerwca 1940 r. zosta\u0142 rozstrzelany wraz m.in. z Januszem Kusoci\u0144skim, Feliksem \u017buberem i swoim koleg\u0105 z WTC - Tadeuszem Bartodziejskim.<\/p>\n<!-- \/wp:paragraph -->\n\n<!-- wp:paragraph -->\n<p><strong>1924 Pary\u017c: kolarstwo, 4000 m. dru\u017c. (na dochodzenie)<\/strong> - w&nbsp;przedb. Polacy pokonali \u0141otw\u0119 w&nbsp;czasie 5.16,0, w&nbsp;\u0107wier\u0107fin. przegrali z&nbsp;Belgi\u0105 w&nbsp;czasie 5.16,8 (Belgia 5.12,2), ale&nbsp;zakwalifikowali si\u0119 do&nbsp;p\u00f3\u0142fina\u0142u z&nbsp;najlepszym czasem w\u015br\u00f3d pokonanych zespo\u0142\u00f3w. W&nbsp;p\u00f3\u0142finale zwyci\u0119\u017cyli Francj\u0119 w&nbsp;czasie 5.18,0 (Francja - 5.19,6) a&nbsp;w&nbsp;finale ulegli&nbsp; W\u0142ochom w&nbsp;czasie 5.23,0 (W\u0142ochy - 5.15,0 ) <strong>zdobywaj\u0105c srebrny medal<\/strong>. Partnerami Stankiewicza w&nbsp;dru\u017cynie byli: J. Lange, J. \u0141azarski i&nbsp;F. Szymczyk.<\/p>\n<!-- \/wp:paragraph -->\n\n<!-- wp:paragraph -->\n<p><em>Bibl.: Bartoszewski, Pier\u015bcie\u0144, s. 89 i&nbsp;dalsze; Doma\u0144ska, Pawiak, s. 68; G\u0142uszek, Leksykon 1999, s. 330; Pawlak, Olimpijczycy, s. 240; Igrzyska stare, s. 118-119; Lis , Romantyczne, s. 189 (tu b\u0142\u0119dny rok urodzenia); Lis , Polscy medali\u015bci , s. 327 (tu te\u017c b\u0142\u0119dny rok urodzenia 1899); Olszewicz , Lista strat , s. 259; Polakiewicz, Igrzyska, s. 360-361; Du\u0144ski, Od Pary\u017ca, s. 849-850; Tuszy\u0144ski, Ksi\u0119ga, s. 269-271; Kronika sportu, s. 911; Tuszy\u0144ski, Od Dynas\u00f3w, s. 147 i&nbsp;dalsze; Tuszy\u0144ski, 100 lat WTC, s. 5 i&nbsp;dalsze; Tuszy\u0144ski, Z\u0142ota ksi\u0119ga, s. 39 i&nbsp;dalsze; MES, t. 2, s. 463.<\/em><\/p>\n<!-- \/wp:paragraph -->","post_title":"Tomasz Stankiewicz (1902-1940)","post_excerpt":"handlowiec, czo\u0142owy torowiec pierwszej po\u0142owy lat dwudziestych, medalista olimpijski z Pary\u017ca z 1924 roku.","post_status":"publish","comment_status":"closed","ping_status":"closed","post_password":"","post_name":"tomasz-stankiewicz","to_ping":"","pinged":"","post_modified":"2020-12-28 10:36:56","post_modified_gmt":"2020-12-28 09:36:56","post_content_filtered":"","post_parent":0,"guid":"http:\/\/pkol.local\/person\/tomasz-stankiewicz\/","menu_order":66,"post_type":"person","post_mime_type":"","comment_count":"0","filter":"raw"}]},"_links":{"self":[{"href":"https:\/\/olimpijski.pl\/en\/wp-json\/wp\/v2\/team\/16404"}],"collection":[{"href":"https:\/\/olimpijski.pl\/en\/wp-json\/wp\/v2\/team"}],"about":[{"href":"https:\/\/olimpijski.pl\/en\/wp-json\/wp\/v2\/types\/team"}],"wp:attachment":[{"href":"https:\/\/olimpijski.pl\/en\/wp-json\/wp\/v2\/media?parent=16404"}],"curies":[{"name":"wp","href":"https:\/\/api.w.org\/{rel}","templated":true}]}}