{"id":18913,"date":"2020-07-14T11:54:26","date_gmt":"2020-07-14T09:54:26","guid":{"rendered":"http:\/\/pkol.cumulus.atthouse.pl\/?post_type=team&#038;p=18913"},"modified":"2020-08-17T10:18:28","modified_gmt":"2020-08-17T08:18:28","slug":"jezdziectwo-amsterdam-1928","status":"publish","type":"team","link":"https:\/\/olimpijski.pl\/en\/team\/jezdziectwo-amsterdam-1928\/","title":{"rendered":"Je\u017adziectwo &#8211; Konkurs skok\u00f3w &#8211; Amsterdam 1928"},"content":{"rendered":"","protected":false},"featured_media":0,"template":"","class_list":["post-18913","team","type-team","status-publish","hentry","infinite-scroll-item","no-featured-image-padding"],"acf":{"team_olimpic":{"ID":310,"post_author":"1","post_date":"1928-06-17 13:34:47","post_date_gmt":"1928-06-17 12:34:47","post_content":"<!-- wp:heading {\"level\":1,\"className\":\"main-title\"} -->\n<h1 class=\"main-title\">Igrzyska IX Olimpiady<br><strong>Amsterdam 1928<\/strong><\/h1>\n<!-- \/wp:heading -->\n\n<!-- wp:paragraph -->\n<p><br><\/p>\n<!-- \/wp:paragraph -->\n\n<!-- wp:image {\"align\":\"left\",\"id\":19258,\"sizeSlug\":\"large\"} -->\n<div class=\"wp-block-image\"><figure class=\"alignleft size-large\"><img src=\"https:\/\/olimpijski.pl\/wp-content\/uploads\/1928\/06\/amsterdam1928.png\" alt=\"\" class=\"wp-image-19258\"\/><\/figure><\/div>\n<!-- \/wp:image -->\n\n<!-- wp:list -->\n<ul><li>Igrzyska rozegrano w dniach <strong>17 maja \u2013 12 sierpnia<\/strong> [17\u201326 maja 1928 (hokej na trawie), 27 maja \u2013 3 czerwca 1928 (pi\u0142ka no\u017cna)].<\/li><li>Wystartowa\u0142o <strong>2883<\/strong> uczestnik\u00f3w (w tym <strong>277<\/strong> kobiet) z <strong>46<\/strong> kraj\u00f3w.<\/li><li>Rozdano <strong>109<\/strong> komplet\u00f3w medali.<\/li><li>Przysi\u0119g\u0119 w imieniu sportowc\u00f3w z\u0142o\u017cy\u0142 pi\u0142karz <strong>Leonard Barthlemie Denis<\/strong>.<\/li><li>Igrzyska otworzy\u0142 ksi\u0105\u017c\u0119 <strong>Hendrick Mecklenburg-Schwerin<\/strong>.<\/li><\/ul>\n<!-- \/wp:list -->\n\n<!-- wp:heading -->\n<h2><strong>Program Igrzysk \u2013 16 dyscyplin, 109 konkurencji<\/strong><\/h2>\n<!-- \/wp:heading -->\n\n<!-- wp:paragraph -->\n<p>boks (8 konkurencji), gimnastyka (8), hokej na trawie (1), je\u017adziectwo (6), kolarstwo (6), lekkoatletyka (27), pi\u0119ciob\u00f3j nowoczesny (1), pi\u0142ka no\u017cna (1), pi\u0142ka wodna (1), p\u0142ywanie (11), podnoszenie ci\u0119\u017car\u00f3w (5), skoki do wody (4), szermierka (7), wio\u015blarstwo (7), zapasy (13), \u017ceglarstwo (3).<\/p>\n<!-- \/wp:paragraph -->\n\n<!-- wp:heading -->\n<h2><strong>Gwiazdy Igrzysk<\/strong><\/h2>\n<!-- \/wp:heading -->\n\n<!-- wp:paragraph -->\n<p><strong>Herman Haenggi<\/strong> (Szwajcaria, gimnastyka) \u2013 2 z\u0142ote, 1 srebrny, 1 br\u0105z<br><strong>Georges Miez<\/strong> (Szwajcaria, gimnastyka) \u2013 3 z\u0142ote<br><strong>Paavo Nurmi<\/strong> (Finlandia, lekkoatletyka) \u2013 1 z\u0142oty, 2 srebrne<br><strong>Johnny Weismueller<\/strong> (USA, p\u0142ywanie) \u2013 2 z\u0142ote<br><strong>Albina Osipowichowa<\/strong> (USA, p\u0142ywanie) \u2013 2 z\u0142ote<\/p>\n<!-- \/wp:paragraph -->\n\n<!-- wp:heading -->\n<h2><strong>Polska Reprezentacja Olimpijska<\/strong><\/h2>\n<!-- \/wp:heading -->\n\n<!-- wp:paragraph -->\n<p>75 os\u00f3b (startowa\u0142o 66 \u2013 5 kobiet i 61 m\u0119\u017cczyzn) w 10 sportach: 4 bokser\u00f3w, 7 je\u017ad\u017ac\u00f3w (5 start + 2 rez.), 12 kolarzy (11 startowa\u0142o, 1 nie), 16 lekkoatlet\u00f3w (w tym 5 kobiet; 15 startowa\u0142o, 1 nie), 4 pi\u0119cioboist\u00f3w (3 startowa\u0142o, 1 nie), 2 p\u0142ywak\u00f3w (w tym 1 kobieta), 6 szermierzy, 17 wio\u015blarzy (14 startowa\u0142o + 3 rez.), 5 zapa\u015bnik\u00f3w (4 startowa\u0142o, 1 nie), 2 \u017ceglarzy.<\/p>\n<!-- \/wp:paragraph -->\n\n<!-- wp:paragraph -->\n<p>Chor\u0105\u017cym reprezentacji Polski by\u0142 zapa\u015bnik <strong>Marian Cieniewski<\/strong>.<\/p>\n<!-- \/wp:paragraph -->\n\n<!-- wp:heading -->\n<h2><strong>Klasyfikacja medalowa<\/strong><\/h2>\n<!-- \/wp:heading -->\n\n<!-- wp:table {\"hasFixedLayout\":true,\"className\":\"is-style-stripes\"} -->\n<figure class=\"wp-block-table is-style-stripes\"><table class=\"has-fixed-layout\"><tbody><tr><td><\/td><td><\/td><td class=\"has-text-align-center\" data-align=\"center\">&nbsp;<\/td><td class=\"has-text-align-center\" data-align=\"center\">&nbsp;<\/td><td class=\"has-text-align-center\" data-align=\"center\">&nbsp;<\/td><td class=\"has-text-align-center\" data-align=\"center\">&nbsp;<\/td><\/tr><tr><td>&nbsp;<\/td><td>&nbsp;<\/td><td class=\"has-text-align-center\" data-align=\"center\">&nbsp;<\/td><td class=\"has-text-align-center\" data-align=\"center\"><img class=\"wp-image-27817\" style=\"width: 50px;\" src=\"https:\/\/olimpijski.pl\/wp-content\/uploads\/2016\/06\/2016_Rio_zloty_50x50.jpg\" alt=\"\"><\/td><td class=\"has-text-align-center\" data-align=\"center\"><img class=\"wp-image-27819\" style=\"width: 50px;\" src=\"https:\/\/olimpijski.pl\/wp-content\/uploads\/2016\/06\/2016_Rio_sreb_50x50.jpg\" alt=\"\"><\/td><td class=\"has-text-align-center\" data-align=\"center\"><img class=\"wp-image-27821\" style=\"width: 50px;\" src=\"https:\/\/olimpijski.pl\/wp-content\/uploads\/2016\/06\/2016_Rio_braz_50x50.jpg\" alt=\"\"><\/td><\/tr><tr><td>1.<\/td><td>USA<\/td><td class=\"has-text-align-center\" data-align=\"center\">56<\/td><td class=\"has-text-align-center\" data-align=\"center\">22<\/td><td class=\"has-text-align-center\" data-align=\"center\">18<\/td><td class=\"has-text-align-center\" data-align=\"center\">16<\/td><\/tr><tr><td>2.<\/td><td>Niemcy<\/td><td class=\"has-text-align-center\" data-align=\"center\">31<\/td><td class=\"has-text-align-center\" data-align=\"center\">10<\/td><td class=\"has-text-align-center\" data-align=\"center\">7<\/td><td class=\"has-text-align-center\" data-align=\"center\">14<\/td><\/tr><tr><td>3.<\/td><td>Finlandia<\/td><td class=\"has-text-align-center\" data-align=\"center\">25<\/td><td class=\"has-text-align-center\" data-align=\"center\">8<\/td><td class=\"has-text-align-center\" data-align=\"center\">8<\/td><td class=\"has-text-align-center\" data-align=\"center\">9<\/td><\/tr><tr><td>...<\/td><td>&nbsp;<\/td><td class=\"has-text-align-center\" data-align=\"center\">&nbsp;<\/td><td class=\"has-text-align-center\" data-align=\"center\">&nbsp;<\/td><td class=\"has-text-align-center\" data-align=\"center\">&nbsp;<\/td><td class=\"has-text-align-center\" data-align=\"center\">&nbsp;<\/td><\/tr><tr><td><strong>21-22.<\/strong><\/td><td><strong>Polska<\/strong><\/td><td class=\"has-text-align-center\" data-align=\"center\"><strong>5<\/strong><\/td><td class=\"has-text-align-center\" data-align=\"center\"><strong>1<\/strong><\/td><td class=\"has-text-align-center\" data-align=\"center\"><strong>1<\/strong><\/td><td class=\"has-text-align-center\" data-align=\"center\"><strong>3<\/strong><\/td><\/tr><\/tbody><\/table><\/figure>\n<!-- \/wp:table -->\n\n<!-- wp:heading -->\n<h2><strong>Medale dla Polski (5)<\/strong><\/h2>\n<!-- \/wp:heading -->\n\n<!-- wp:ub\/content-toggle-block {\"blockID\":\"df8e2a5a-82a8-4f24-87e2-30492831c6fc\",\"theme\":\"#f1f1f1\",\"collapsed\":true,\"titleColor\":\"#000000\"} -->\n<!-- wp:ub\/content-toggle-panel-block {\"parentID\":\"df8e2a5a-82a8-4f24-87e2-30492831c6fc\",\"theme\":\"#f1f1f1\",\"collapsed\":true,\"titleColor\":\"#000000\",\"panelTitle\":\"Z\u0142oty\"} -->\n<!-- wp:paragraph -->\n<p><\/p>\n<!-- \/wp:paragraph -->\n\n<!-- wp:media-text {\"align\":\"\",\"mediaId\":30202,\"mediaLink\":\"https:\/\/olimpijski.pl\/igrzyska_letnie\/amsterdam-1928\/1928_amsterdam_zloty_200\/#main\",\"mediaType\":\"image\",\"mediaWidth\":20} -->\n<div class=\"wp-block-media-text is-stacked-on-mobile\" style=\"grid-template-columns:20% auto\"><figure class=\"wp-block-media-text__media\"><img src=\"https:\/\/olimpijski.pl\/wp-content\/uploads\/1928\/06\/1928_Amsterdam_zloty_200.jpg\" alt=\"\" class=\"wp-image-30202\"\/><\/figure><div class=\"wp-block-media-text__content\"><!-- wp:paragraph -->\n<p><strong>Halina Konopacka<\/strong><br>(lekkoatletyka, rzut dyskiem)<\/p>\n<!-- \/wp:paragraph --><\/div><\/div>\n<!-- \/wp:media-text -->\n<!-- \/wp:ub\/content-toggle-panel-block -->\n<!-- \/wp:ub\/content-toggle-block -->\n\n<!-- wp:ub\/content-toggle-block {\"blockID\":\"7bb790d6-4119-4c10-8275-0050b117058b\",\"theme\":\"#f1f1f1\",\"collapsed\":true,\"titleColor\":\"#000000\"} -->\n<!-- wp:ub\/content-toggle-panel-block {\"parentID\":\"7bb790d6-4119-4c10-8275-0050b117058b\",\"theme\":\"#f1f1f1\",\"collapsed\":true,\"titleColor\":\"#000000\",\"panelTitle\":\"Srebrny\"} -->\n<!-- wp:paragraph -->\n<p><\/p>\n<!-- \/wp:paragraph -->\n\n<!-- wp:media-text {\"align\":\"\",\"mediaId\":30204,\"mediaLink\":\"https:\/\/olimpijski.pl\/igrzyska_letnie\/amsterdam-1928\/1928_amsterdam_sreb_aw\/#main\",\"mediaType\":\"image\",\"mediaWidth\":20} -->\n<div class=\"wp-block-media-text is-stacked-on-mobile\" style=\"grid-template-columns:20% auto\"><figure class=\"wp-block-media-text__media\"><img src=\"https:\/\/olimpijski.pl\/wp-content\/uploads\/1928\/06\/1928_Amsterdam_sreb_aw.jpg\" alt=\"\" class=\"wp-image-30204\"\/><\/figure><div class=\"wp-block-media-text__content\"><!-- wp:paragraph -->\n<p><strong>Micha\u0142 Woysym-Antoniewicz, Kazimierz Gzowski, Kazimierz Szosland<\/strong><br>(je\u017adziectwo, skoki przez przeszkody)<\/p>\n<!-- \/wp:paragraph --><\/div><\/div>\n<!-- \/wp:media-text -->\n<!-- \/wp:ub\/content-toggle-panel-block -->\n<!-- \/wp:ub\/content-toggle-block -->\n\n<!-- wp:ub\/content-toggle-block {\"blockID\":\"c93581ba-53bc-42f5-aa8a-a0434da9f859\",\"theme\":\"#f1f1f1\",\"collapsed\":true,\"titleColor\":\"#000000\"} -->\n<!-- wp:ub\/content-toggle-panel-block {\"parentID\":\"c93581ba-53bc-42f5-aa8a-a0434da9f859\",\"theme\":\"#f1f1f1\",\"collapsed\":true,\"titleColor\":\"#000000\",\"panelTitle\":\"Br\u0105zowe\"} -->\n<!-- wp:paragraph -->\n<p><\/p>\n<!-- \/wp:paragraph -->\n\n<!-- wp:media-text {\"align\":\"\",\"mediaId\":30206,\"mediaLink\":\"https:\/\/olimpijski.pl\/igrzyska_letnie\/amsterdam-1928\/1928_amsterdam_braz_200\/#main\",\"mediaType\":\"image\",\"mediaWidth\":20} -->\n<div class=\"wp-block-media-text is-stacked-on-mobile\" style=\"grid-template-columns:20% auto\"><figure class=\"wp-block-media-text__media\"><img src=\"https:\/\/olimpijski.pl\/wp-content\/uploads\/1928\/06\/1928_Amsterdam_braz_200.jpg\" alt=\"\" class=\"wp-image-30206\"\/><\/figure><div class=\"wp-block-media-text__content\"><!-- wp:paragraph -->\n<p><strong>Micha\u0142 Woysym-Antoniewicz, Karol R\u00f3mmel, J\u00f3zef Trenkwald<\/strong><br>(je\u017adziectwo, WKKW)<\/p>\n<!-- \/wp:paragraph -->\n\n<!-- wp:paragraph -->\n<p><strong>Tadeusz Friedrich, Kazimierz Laskowski, Aleksander Ma\u0142ecki, Adam Papee,\u00a0W\u0142adys\u0142aw Segda, Jerzy Zabielski<\/strong><br>(szermierka, szabla dru\u017cynowo)<\/p>\n<!-- \/wp:paragraph -->\n\n<!-- wp:paragraph -->\n<p><strong>Leon Birkholc, Franciszek Bronikowski, Edmund Jankowski, Bernard Ormanowski i\u00a0sternik Boles\u0142aw Drewek<\/strong><br>(wio\u015blarstwo, czw\u00f3rka ze sternikiem)<\/p>\n<!-- \/wp:paragraph --><\/div><\/div>\n<!-- \/wp:media-text -->\n<!-- \/wp:ub\/content-toggle-panel-block -->\n<!-- \/wp:ub\/content-toggle-block -->\n\n<!-- wp:quote {\"className\":\"is-style-default\"} -->\n<blockquote class=\"wp-block-quote is-style-default\"><p>Igrzyska w Amsterdamie przynios\u0142y Polsce pierwszy z\u0142oty medal olimpijski. Konkurs rzutu dyskiem wygra\u0142a uznana potem za miss imprezy Halina Konopacka. Je\u017adziectwo zanotowa\u0142o kolejne dwa medale: srebrny i br\u0105zowy. Po raz pierwszy na podium pojawili si\u0119 polscy wio\u015blarze.<\/p><\/blockquote>\n<!-- \/wp:quote -->","post_title":"Amsterdam 1928","post_excerpt":"","post_status":"publish","comment_status":"closed","ping_status":"closed","post_password":"","post_name":"amsterdam-1928","to_ping":"","pinged":"","post_modified":"2020-10-02 15:14:59","post_modified_gmt":"2020-10-02 13:14:59","post_content_filtered":"","post_parent":0,"guid":"https:\/\/wai-q98d7hpf9hy9k.wpallimport-demo.qsandbox.me\/olympics_summer\/amsterdam-1928\/","menu_order":0,"post_type":"olympics_summer","post_mime_type":"","comment_count":"0","filter":"raw"},"team_competition":{"ID":564,"post_author":"1","post_date":"2020-06-19 11:32:17","post_date_gmt":"2020-06-19 09:32:17","post_content":"","post_title":"Je\u017adziectwo - skoki dru\u017c.","post_excerpt":"","post_status":"publish","comment_status":"closed","ping_status":"closed","post_password":"","post_name":"skoki-druz","to_ping":"","pinged":"","post_modified":"2020-07-22 11:18:13","post_modified_gmt":"2020-07-22 09:18:13","post_content_filtered":"","post_parent":5877,"guid":"https:\/\/wai-q7byvryhhcz9k.wpallimport-demo.qsandbox.me\/competition\/skoki-druz\/","menu_order":0,"post_type":"competition","post_mime_type":"","comment_count":"0","filter":"raw"},"team_players":[{"ID":15232,"post_author":"15","post_date":"2020-06-24 16:52:17","post_date_gmt":"2020-06-24 14:52:17","post_content":"<p class=\"title-m-02\">WOYSYM - ANTONIEWICZ MICHA\u0141 (1897-1989)<\/p>\n<strong>mjr&nbsp;kaw. WP, je\u017adziec, srebrny i&nbsp;br\u0105zowy medalista olimpijski (1928).\n<\/strong>\nUrodzony 7 lipca 1897 w&nbsp;Krakowie, syn Wac\u0142awa i&nbsp;Ewy z&nbsp;d. Ostoja, absolwent gimnazjum i&nbsp;Oficerskiej Szko\u0142y Kawalerii (przez 6 semestr\u00f3w student prawa i&nbsp;administracji na&nbsp;UJ). W&nbsp;armii austriackiej uczestniczy\u0142 w&nbsp;I wojnie \u015bwiatowej (ranny), legionista (2 p. U\u0142an\u00f3w Legionowych). Internowany na&nbsp;W\u0119grzech, a&nbsp;nast\u0119pnie zn\u00f3w na&nbsp;froncie (w\u0142oskim) w&nbsp;szeregach 1 p. U\u0142an\u00f3w Austriackich. Po zako\u0144czeniu wojny we W\u0142oszech, przez&nbsp;ob\u00f3z internowanych w&nbsp;Huszt wraca do&nbsp;Krakowa. Od 22 listopada 1918 w&nbsp;Wojsku Polskim (podporucznik) w&nbsp;(od 1 stycznia 1919) 2 p. Szwole\u017cer\u00f3w Rokitnia\u0144skich z&nbsp;kt\u00f3rym m. in. bra\u0142 udzia\u0142 w&nbsp;akcjach na&nbsp;\u015al\u0105sku (1920), zajmowa\u0142 Pomorze, bra\u0142 udzia\u0142 w&nbsp;uroczysto\u015bci za\u015blubin Polski z&nbsp;Ba\u0142tykiem (10 lutego 1920) i&nbsp;ofensywie kijowskiej (drugi raz ranny). Po zako\u0144czeniu wojny rozpocz\u0119\u0142a si\u0119 s\u0142u\u017cba wojskowa.\n\nW&nbsp;latach 1924-1929 szkoli\u0142 u\u0142an\u00f3w, szwole\u017cer\u00f3w i&nbsp;strzelc\u00f3w konnych w&nbsp;Centrum Wyszkolenia Kawalerii w&nbsp;Grudzi\u0105dzu a&nbsp;nast\u0119pnie w&nbsp;latach 1930-1934 by\u0142 szefem ekwitacji. Od 1936 mianowany Rejonowym Inspektorem Koni w&nbsp;Tarnopolu. Je\u017adziectwo uprawia\u0142 w&nbsp;2 Pu\u0142ku Szwole\u017cer\u00f3w Rokitnia\u0144skich. Jako znakomity je\u017adziec zosta\u0142 (21 czerwca 1924) skierowany na&nbsp;kurs Kadry Olimpijskiej w&nbsp;Grudzi\u0105dzu. Ale na&nbsp;start zas\u0142u\u017cy\u0142 sobie dopiero w&nbsp;1928. 4-krotnie uczestniczy\u0142 w&nbsp;presti\u017cowym Pucharze Narod\u00f3w, odnosz\u0105c 2 zwyci\u0119stwa (1927 Nowy Jork na&nbsp;koniu Readgledcie, 1928 Warszawa na&nbsp;koniu Banzaj). Podczas jednego z&nbsp;trening\u00f3w uleg\u0142 wypadkowi.. Zosta\u0142 przygnieciony przez&nbsp;konia. Operacja. Usuni\u0119to mu p\u0142uco. Startowa\u0142 z&nbsp;jednym. By\u0142 szwole\u017cerem z&nbsp;fantazj\u0105, ale&nbsp;trzyman\u0105 na&nbsp;wodzy. Uczestnik wojny obronnej 1939 (nie bi\u0142 si\u0119 jednak w&nbsp;sk\u0142adzie 2 p. Szwole\u017cer\u00f3w Rokitnia\u0144skich). Po przedarciu na&nbsp;W\u0119gry - internowany i&nbsp;wi\u0119ziony w&nbsp;obozach niemieckich Kaiserslautern, Luckenwalde i&nbsp;Ganshagen do&nbsp;1945. Po wojnie zamieszka\u0142 na&nbsp;sta\u0142e w&nbsp;USA, pracuj\u0105c jako trener - koordynator. \u017bonaty (1932) z&nbsp;Zofi\u0105 Juliann\u0105 Brengosz, mia\u0142 jednego syna Piotr Jan (ur. 1936). Odznaczony m. in. trzykrotnie Krzy\u017cem Walecznych. Zmar\u0142 12 grudnia 1989 w&nbsp;m. Austin st. Texas.\n\n<strong>*1928 Amsterdam: WKKW ind.<\/strong> - 19. na&nbsp;46 start. z&nbsp;wynikiem 1822.50 pkt (zw. P. de Mortanges, Holandia - 1969.82 pkt.); <strong>WKKW dru\u017c.<\/strong> - 3. na&nbsp;14 start. z&nbsp;wynikiem 5067.92 pkt., <strong>zdobywaj\u0105c<\/strong> <strong>br\u0105zowy meda<\/strong>l (zw. Holandia - 5865.68 pkt.). Partnerami&nbsp;w dru\u017cynie byli: K. R\u00f3mmel i&nbsp;J. Trenkwald;<strong> konkurs<\/strong> <strong>skok\u00f3w ind.<\/strong> - 20. na&nbsp;46 start. z&nbsp;wynikiem 6 pkt. karnych i&nbsp;czasem przejazdu 1:31.0 (zw. F. Ventura, Czechos\u0142owacja, 0 pkt. karnych i&nbsp;czas 1:34; <strong>konkurs skok\u00f3w dru\u017c.<\/strong> - 2. na&nbsp;14 start. z&nbsp;wynikiem 8 pkt. karnych (zw. Hiszpania - 4 pkt. karne). Partnerami&nbsp;w dru\u017cynie byli: C. Gzowski i&nbsp;K. Szosland. W&nbsp;WKKW&nbsp;dosiada\u0142 konia \"Moja Mi\u0142a\" a&nbsp;w&nbsp;konkursie skok\u00f3w \"Readgleadta\".\n\n<em>Bibl.: G\u0142uszek, Leksykon 1999 , s. 369; Pawlak, Olimpijczycy, s. 22; Pruski, Dzieje konkurs\u00f3w, s. 305, 306; Du\u0144ski, Od Pary\u017ca, s. 23-25; Je\u017ad\u017acy olimpijscy, s. 28-31; Baza danych Muzeum \u0141owiectwa i&nbsp;Je\u017adziectwa w&nbsp;Warszawie.<\/em>\n\n<!-- history -->\n<table style=\"text-align: right; width: 85%;\" cellspacing=\"0\" cellpadding=\"0\" border=\"0\">\n<tbody>\n<tr>\n<td class=\"box3-title\" align=\"right\"><a href=\"javascript:history.back()\"><\/a><\/td>\n<\/tr>\n<\/tbody>\n<\/table>","post_title":"Micha\u0142 Woysym-Antoniewicz","post_excerpt":"","post_status":"publish","comment_status":"closed","ping_status":"closed","post_password":"","post_name":"michal-woysym-antoniewicz","to_ping":"","pinged":"","post_modified":"2020-10-09 10:39:58","post_modified_gmt":"2020-10-09 08:39:58","post_content_filtered":"","post_parent":0,"guid":"http:\/\/pkol.local\/person\/michal-woysym-antoniewicz\/","menu_order":33,"post_type":"person","post_mime_type":"","comment_count":"0","filter":"raw"},{"ID":13814,"post_author":"15","post_date":"2020-06-24 16:45:52","post_date_gmt":"2020-06-24 14:45:52","post_content":"<p class=\"title-m-02\">GZOWSKI KAZIMIERZ ALEKSANDER (1901-1986)<\/p>\r\n<strong>rotmistrz 15. Pu\u0142ku U\u0142an\u00f3w Pozna\u0144skich, srebrny medalista dru\u017cynowego konkursu skok\u00f3w w\u00a0Amsterdamie (1928).\r\n<\/strong>\r\nUrodziny 8 pa\u017adziernika 1901 w\u00a0Summach (gubernia charkowska), syn Aleksandra i\u00a0Wandy del Campo Scipio, uko\u0144czy\u0142 7-klasowe gimnazjum w\u00a0Smiele (gubernia kijowska), po czym wcielony zosta\u0142 do\u00a0armii rosyjskiej i\u00a0w sk\u0142adzie 11. p. Kozak\u00f3w wzi\u0105\u0142 udzia\u0142 w\u00a0I wojnie \u015bwiatowej (1916-1917). Od 1 sierpnia 1919 w\u00a0Wojsku Polskim (2. p. dragon\u00f3w rtm. Kossaka, 3. dywizjon strzelc\u00f3w granicznych, 1. p. Szwole\u017cer\u00f3w). Po\u00a0Szkole Podchor\u0105\u017cych\u00a0i nauce w\u00a0Centrum\u00a0Wyszkolenia Kawalerii oraz\u00a0w\u00a0Centralnej Szkole Gimnastyki i\u00a0Sport\u00f3w skierowany zosta\u0142 do\u00a015. p. U\u0142an\u00f3w Pozna\u0144skich, w\u00a0kt\u00f3rym przeszed\u0142 wszystkie etapy wtajemniczenia\u00a0 wojskowego (dow\u00f3dca plutonu, dow\u00f3dca szwadronu,\u00a0p.o. dow\u00f3dcy do\u00a0spraw uzbrojenia). Niezwykle wysoko ocenia\u0142 jego prac\u0119 dow\u00f3dca pu\u0142ku p\u0142k dypl. Rudolf Dreszer pisz\u0105c w\u00a0s\u0142u\u017cbowej opinii: <em>\"Od czasu przydzia\u0142u do\u00a0pu\u0142ku pracuje intensywnie nad sportem konnym wykorzystuj\u0105c po s\u0142u\u017cbie liniowej ka\u017cd\u0105 chwil\u0119 na\u00a0prac\u0119 sportow\u0105\".<\/em>\r\n\r\nW\u00a0konkursach hippicznych uczestniczy\u0142 od\u00a0roku 1923.\u00a0Szczeg\u00f3lnie wyr\u00f3\u017cnia si\u0119 (1928) podczas start\u00f3w zagranicznych w\u00a0Nicei, Brukseli, Amsterdamie, Warszawie, a\u00a0w\u00a0roku 1929 w\u00a0Budapeszcie i\u00a0Nowym Jorku. 3-krotnie zwyci\u0119\u017cy\u0142 podczas 5 start\u00f3w w\u00a0konkursach o\u00a0Puchar Narod\u00f3w (Nicea 1928, Warszawa 1928, Nowy Jork 1929). W\u00a0swojej karierze sportowej Gzowski\u00a0zdoby\u0142 oko\u0142o 150 nagr\u00f3d\u00a0indywidualnych i\u00a0dru\u017cynowych w\u00a0konkursach skok\u00f3w i\u00a0w WKKW, ale\u00a0najwi\u0119kszy sukces odni\u00f3s\u0142 na\u00a0IO. Jak podaj\u0105 fachowcy, by\u0142 zawodnikiem je\u017cd\u017c\u0105cym elegancko, skacz\u0105cym pewnie i\u00a0stylowo i\u00a0tylko z\u0142y stan zdrowia wy\u0142\u0105czy\u0142 go z\u00a0rywalizacji sportowej. Przeszed\u0142 w\u00a0stan spoczynku (30 kwietnia 1935), ale\u00a0kontakt\u00f3w z\u00a015. p. U\u0142an\u00f3w Pozna\u0144skich nie zerwa\u0142.\r\n\r\nW\u00a0swojej macierzystej jednostce odby\u0142 kampani\u0119 wrze\u015bniow\u0105 1939 (walczy\u0142 w\u00a0bitwie nad Bzur\u0105), a\u00a0w\u00a0po\u0142owie listopada by\u0142 ju\u017c w\u00a0organizuj\u0105cym si\u0119 we Francji 2. Pu\u0142ku Grenadier\u00f3w (dow\u00f3dca kompanii), z\u00a0kt\u00f3rym \u0142\u0105czy\u0142\u00a0 dalszy udzia\u0142 w\u00a0II wojnie \u015bwiatowej. Po wojnie zamieszka\u0142 w\u00a0Wielkiej Brytanii, gdzie by\u0142 instruktorem jazdy konnej. Mia\u0142 uczni\u00f3w tak\u017ce we Francji i\u00a0Kanadzie. Kawaler Orderu Virtuti Militari zmar\u0142 w\u00a0Londynie 25 czerwca 1986 i\u00a0tam te\u017c jest pochowany.\r\n\r\n<strong>*1928 Amsterdam: konkurs skok\u00f3w indyw.<\/strong> - lokaty 4\/5 na\u00a046 start. z\u00a0czasem 1.33,0 i\u00a02 pkt. karne (zw. Czechos\u0142owak F. Ventura - 1.34,0 i\u00a00 pkt. karnych; <strong>konkurs skok\u00f3w dru\u017c.<\/strong> - 2. msc na\u00a014 start. z\u00a0wynikiem 8 pkt. karnych (zw. Hiszpania - 4 pkt. karne ). Partnerami Gzowskiego (dosiada\u0142\u00a0 konia \"Mylord\") w\u00a0dru\u017cynie byli: M. Antoniewicz i\u00a0K. Szosland.\r\n\r\n<em>Bibl.: G\u0142uszek, Leksykon 1999, s. 206 (tu b\u0142\u0119dny dzie\u0144 urodzenia 21); Pawlak, Olimpijczycy, s. 91 (tu b\u0142\u0119dny dzie\u0144 i\u00a0miejsce urodzenia); Du\u0144ski, Od Pary\u017ca, s. 240-241 (tu b\u0142\u0119dne miejsce urodzenia Rost\u00f3w nad Donem); Pruski, Dzieje konkurs\u00f3w, s. 305-306; \u0141ysakowska, Je\u017ad\u017acy olimpijscy, s. 29; Baza danych Muzeum \u0141owiectwa i\u00a0Je\u017adziectwa w\u00a0Warszawie; CAW:AP 4583 + 9402 + 10206.<\/em>\r\n\r\n<!-- history -->\r\n<table style=\"text-align: right; width: 85%;\" border=\"0\" cellspacing=\"0\" cellpadding=\"0\">\r\n<tbody>\r\n<tr>\r\n<td class=\"box3-title\" align=\"right\"><\/td>\r\n<\/tr>\r\n<\/tbody>\r\n<\/table>","post_title":"Kazimierz Gzowski","post_excerpt":"","post_status":"publish","comment_status":"closed","ping_status":"closed","post_password":"","post_name":"kazimierz-aleksander-gzowski","to_ping":"","pinged":"","post_modified":"2020-10-09 10:22:27","post_modified_gmt":"2020-10-09 08:22:27","post_content_filtered":"","post_parent":0,"guid":"http:\/\/pkol.local\/person\/kazimierz-aleksander-gzowski\/","menu_order":141,"post_type":"person","post_mime_type":"","comment_count":"0","filter":"raw"},{"ID":15137,"post_author":"15","post_date":"2020-06-24 16:51:49","post_date_gmt":"2020-06-24 14:51:49","post_content":"<!-- wp:paragraph -->\n<p><strong>mjr s\u0142. st. Wojska Polskiego, czo\u0142owy je\u017adziec polski w&nbsp;latach 1923-1935, dwukrotny olimpijczyk, srebrny medalista olimpijski z&nbsp;Amsterdamu w&nbsp;dru\u017cynowym konkursie skok\u00f3w (1928).<\/strong><\/p>\n<!-- \/wp:paragraph -->\n\n<!-- wp:paragraph -->\n<p>Urodzony 21 lutego 1891 w\u00a0miejscowo\u015bci Grzymaczew\u00a0pow. Kalisz, syn Stanis\u0142awa i\u00a0Kazimiery z\u00a0Bia\u0142obrzeskich, otrzyma\u0142 \u015bwiadectwo dojrza\u0142o\u015bci\u00a0w 7-klasowej Szkole Handlowej w\u00a0Kaliszu (1911), po czym zaliczy\u0142 6 semestr\u00f3w na\u00a0Wydziale Budowy Maszyn Politechniki Lwowskiej. \u017bo\u0142nierz armii rosyjskiej (1915), od\u00a018 listopada 1918 ochotniczo w\u00a0Wojsku Polskim. Zasili\u0142\u00a0 3 szwadron 2 pu\u0142. Grochowskich im. gen. J. Dwernickiego, kt\u00f3remu pozosta\u0142 wierny a\u017c do\u00a0wojny obronnej 1939. W\u00a0jego szeregach przeszed\u0142 kampani\u0119 ukrai\u0144sk\u0105, potem front bolszewicki; od\u00a0kwietnia 1919 rozpocz\u0105\u0142 wojskow\u0105 edukacj\u0119 ko\u0144cz\u0105c Warszawsk\u0105 Szko\u0142\u0119 Podchor\u0105\u017cych i\u00a0Centrum Szkolenia Podchor\u0105\u017cych Kawalerii (Przemy\u015bl) specjalizuj\u0105c si\u0119 w\u00a0budowie dr\u00f3g i\u00a0most\u00f3w. Mianowany ppor. (1920) zako\u0144czy\u0142 w\u00a0tym stopniu sw\u00f3j udzia\u0142 w\u00a0dzia\u0142aniach wojennych (15 marca 1921).<\/p>\n<!-- \/wp:paragraph -->\n\n<!-- wp:paragraph -->\n<p>By\u0142 jeszcze dow\u00f3dc\u0105 kompanii sztabowej (1921-1922) i&nbsp;dow\u00f3dc\u0105 plutonu&nbsp;po awansie na&nbsp;porucznika (1923), ale&nbsp;coraz wi\u0119cej miejsca w&nbsp;jego \u017cyciu prywatnym i&nbsp;s\u0142u\u017cbowym zacz\u0119\u0142y odgrywa\u0107&nbsp;konie. Je\u017adziectwu po\u015bwi\u0119ci\u0142 sw\u00f3j wybitny talent, kt\u00f3ry sprawi\u0142, \u017ce&nbsp;w&nbsp;\"z\u0142otej epoce\" tej dyscypliny aportu (1923- 1928). Szosland&nbsp; nale\u017ca\u0142 do&nbsp;naszych czo\u0142owych reprezentant\u00f3w, a&nbsp;r\u00f3wnocze\u015bnie i&nbsp;nieco p\u00f3\u017aniej - znakomitych nauczycieli - instruktor\u00f3w jazdy konnej Centrum Wyszkolenia Artylerii, by w&nbsp;ko\u0144cu zosta\u0107 kierownikiem Grupy Sportu Konnego Wojska Polskiego (15 kwietnia 1937). Pocz\u0105tek bogatej kariery zawodniczej Szoslanda przypada na&nbsp;koniec 1922, kiedy por. Leon Kon z&nbsp;macierzystego 2 pu\u0142. zosta\u0142 przeniesiony do&nbsp;szko\u0142y kawalerii w&nbsp;Grudzi\u0105dzu, by rozpocz\u0105\u0107 przygotowania polskich je\u017ad\u017ac\u00f3w do&nbsp;wyst\u0119pu olimpijskiego w&nbsp;Pary\u017cu.<\/p>\n<!-- \/wp:paragraph -->\n\n<!-- wp:paragraph -->\n<p>Olimpijskie do\u015bwiadczenia nie posz\u0142y na&nbsp;marne. Pierwszy znacz\u0105cy sukces odnie\u015bli Polacy (pp\u0142k K. R\u00f3mmel, rtm. A. Kr\u00f3likiewicz, rtm. H. Dobrza\u0144ski, por. K. Szosland, por. W. Zgorzelski) ju\u017c rok p\u00f3\u017aniej (1925) na&nbsp;konkursach w&nbsp;Nicei. By\u0142y to&nbsp;zwyci\u0119stwa bez&nbsp;precedensu. Takiej przewagi jednej dru\u017cyny nad wszystkimi innymi, jak\u0105 uzyska\u0142a ekipa polska, konkursy tamtejsze w&nbsp;ca\u0142ej swej historii nie zna\u0142y. Jeszcze wi\u0119kszy rezonans mia\u0142y wyst\u0119py naszych je\u017ad\u017ac\u00f3w w&nbsp;Nowym Jorku (wrzesie\u0144 1926). Szosland (startowa\u0142 na&nbsp;\"Readgledt'cie\") by\u0142 gwiazd\u0105 pierwszej wielko\u015bci, przyczyniaj\u0105c si\u0119 do&nbsp;wygrania Pucharu Narod\u00f3w (The International Military Trophy), gdzie w&nbsp;pokonanym polu zostali je\u017ad\u017acy Francji, Belgii, Kanady, Holandii , Hiszpanii i&nbsp;USA.&nbsp;Gratulacjom nie by\u0142o ko\u0144ca, a&nbsp;nazwiska M. Toczka, A. Kr\u00f3likiewicza, K. Szoslanda wraz z&nbsp; podzi\u0119kowaniami w&nbsp;imieniu s\u0142u\u017cby, znalaz\u0142y si\u0119 w&nbsp;Rozkazach Dziennych MS Wojsk. z&nbsp;podpisami ministra W. Sikorskiego i&nbsp;szefa Departamentu Kawalerii M. T. Tokarzewskiego.<\/p>\n<!-- \/wp:paragraph -->\n\n<!-- wp:paragraph -->\n<p>By\u0142 rekordzist\u0105 pod wzgl\u0119dem start\u00f3w w&nbsp;konkursach o&nbsp;Puchar Narod\u00f3w (23 starty), odni\u00f3s\u0142 9 zwyci\u0119stw: Nicea (1925, 1928), Nowy Jork (1926), Warszawa 1927, 1931, 1933), Ryga (1931, 1932), Spa (1935). Najbardziej spektakularny sukces odni\u00f3s\u0142 jednak&nbsp;Szosland podczas kolejnych igrzysk olimpijskich. Polacy minimalnie ulegli Hiszpanom, ale&nbsp;wyprzedzili Szwed\u00f3w (10 pkt. karnych) i&nbsp;wspania\u0142e ekipy W\u0142och, Portugalii i&nbsp;Francji (wszystkie po 12 pkt. karnych), Niemiec (14), Szwajcarii i&nbsp;USA (po 18) i&nbsp;Holandii (26). \"Polacy byli zupe\u0142nie pierwszorz\u0119dni\"- napisa\u0142 o&nbsp;nich m. in. czo\u0142owy niemiecki hipolog Gustaw Rau. Wybuch II wojny \u015bwiatowej zastaje Szoslanda w&nbsp;Grudzi\u0105dzu, gdzie otrzymuje rozkaz, aby wraz z&nbsp;grup\u0105 oficer\u00f3w i&nbsp;personelu pomocniczego (by\u0142a w&nbsp;nim tak\u017ce \u017cona Stefania wraz z&nbsp;synem Andrzejem i&nbsp;rodzina mjr A. Kr\u00f3likiewicza), przetransportowa\u0107 najlepsze polskie konie sportowe z&nbsp;Grudzi\u0105dza do&nbsp;Sarn.<\/p>\n<!-- \/wp:paragraph -->\n\n<!-- wp:paragraph -->\n<p>Niestety, pod G\u00f3r\u0105 Kalwari\u0105 od\u00a0bomb lotniczych ginie wi\u0119kszo\u015b\u0107 koni znanych na\u00a0wszystkich hipodromach Europy (m. in. wspania\u0142y \"Arlekin\" rotmistrza Roycewicza). Widz\u0105c zbli\u017caj\u0105cy si\u0119 koniec wrze\u015bniowej kampanii Szosland ma nadziej\u0119 przedrze\u0107 si\u0119 do\u00a0granicy w\u0119gierskiej i\u00a0dalej na\u00a0zach\u00f3d. Zagarni\u0119ty przez\u00a0Armi\u0119 Czerwon\u0105 w\u00a0okolicach Lwowa, ucieka z\u00a0niewoli, powraca do\u00a0Warszawy, a\u00a0p\u00f3\u017aniej osiedla si\u0119 w\u00a0Wie\u017c\u00f3wce pod Grodziskiem Mazowieckim. Szybko nawi\u0105zuje kontakt z\u00a0kom\u00f3rk\u0105 ZWZ - AK. Jego praca w\u00a0konspiracji polega na\u00a0zaopatrywaniu w\u00a0\u017cywno\u015b\u0107 oddzia\u0142\u00f3w partyzanckich. Ginie w\u00a0lasach pod Grodziskiem. Kryska-Karski podaje, \u017ce\u00a0na\u00a0jesieni 1943 z\u00a0r\u0105k komunistycznych partyzant\u00f3w; przez\u00a0wiele lat w\u00a0PRL za dat\u0119 \u015bmierci uznawano 20 kwietnia 1944 z\u00a0uzasadnieniem: \"w zasadzce zorganizowanej przez\u00a0Niemc\u00f3w\". Najbli\u017cszy prawdy wydaje si\u0119 by\u0107 historyk tego regionu M. Cabanowski, kt\u00f3ry twierdzi, \u017ce\u00a0Szosland (kt\u00f3ry dla\u00a0potrzeb konspiracji przyjmowa\u0142 tak\u017ce zrzuty z\u00a0samolot\u00f3w) zgin\u0105\u0142 z\u00a0r\u0119ki skrytob\u00f3jczej przed w\u0142asnym domem. \"Wok\u00f3\u0142 okoliczno\u015bci tego mordu panuje zmowa milczenia - pisze autor. Wymienia si\u0119 nazwiska podejrzanych na\u00a0ucho i\u00a0bez prawa do\u00a0publikowania. Podobno \u017cyj\u0105 w\u00a0Grodzisku rodziny, z\u00a0kt\u00f3rych mogli pochodzi\u0107 ewentualni napastnicy\". Data \u015bmierci (20.04.1944) jest prawdziwa (akt\u00a0zgonu). By\u0142 odznaczony Krzy\u017cem Walecznych oraz\u00a0Srebrnym i\u00a0Z\u0142otym Krzy\u017cem Zas\u0142ugi.<\/p>\n<!-- \/wp:paragraph -->\n\n<!-- wp:paragraph -->\n<p><strong>*1924 Pary\u017c: je\u017adziectwo, WKKW ind.<\/strong> - 23. na\u00a044 start. z\u00a0wynikiem 964,5 pkt. (zw. Holender A. Van der Voort - 1976 pkt.); <strong>WKKW dru\u017c.<\/strong> - 7. na\u00a010 start. z\u00a0wynikiem 3571,5 pkt. (zw. Holandia - 5297,5 pkt.). Partnerami S. (dosiada\u0142 konia \"Helusia\") w\u00a0dru\u017cynie byli: T. Komorowski, K. Rostwo-Suski i\u00a0K. R\u00f3mmel.; <strong>konkurs skok\u00f3w<\/strong> <strong>ind.<\/strong> - 32. na\u00a044 start.; <strong>konkurs skok\u00f3w dru\u017c.<\/strong> - 6. na\u00a011 start. z\u00a0wynikiem 58,5 pkt. (zw. Szwecja - 42.25 pkt.). Partnerami S., kt\u00f3ry dosiada\u0142 konia \"Alli\" byli: Z. Dziadulski, A. Kr\u00f3likiewicz i\u00a0K. R\u00f3mmel.<\/p>\n<!-- \/wp:paragraph -->\n\n<!-- wp:paragraph -->\n<p><strong>*1928 Amsterdam: <strong>je\u017adziectwo, <\/strong>konkurs skok\u00f3w ind<\/strong>. - 13. na\u00a046 start. z\u00a0czasem 1.40.0 i\u00a02 pkt. karne (zw. Czechos\u0142owak F. Ventura - 1.34,0 i\u00a00 pkt. karnych); <strong>konkurs skok\u00f3w dru\u017c.<\/strong> - 2. na\u00a014 start. z\u00a0wynikiem 8 pkt. karnych (zw. Hiszpania - 4 pkt. karne) - <strong>zdobywaj\u0105c srebrny medal<\/strong>.<\/p>\n<!-- \/wp:paragraph -->\n\n<!-- wp:paragraph -->\n<p><em>Bibl.: Kryska-Karski, Straty , s. 421; G\u0142uszek, Leksykon 1999, s. 343 (tu b\u0142\u0119dna informacja dot. studi\u00f3w wy\u017cszych); Pawlak, Olimpijczycy, s. 255; Tuszy\u0144ski, Ksi\u0119ga, s. 280-281; S\u0142ownik WF, 1987, z. 3 , s. 113-114 (Micha\u0142 S\u0142oniewski); Du\u0144ski, Od Pary\u017ca, s. 901-903 (tu \"zgin\u0105\u0142 w&nbsp;walce\"); MES , t. 2 , s. 518 (tu b\u0142\u0119dny rok urodzenia 1894); Chwa\u0142a olimpijczykom, s. 83-85 (tu brak podstawowych danych&nbsp; biograficznych); Polakiewicz, Igrzyska, s. 363-378; Lis, Romantyczne olimpiady, s. 190 (tu b\u0142\u0119dnie miesi\u0105c urodzenia marzec); Pruski, Dzieje konkurs\u00f3w, s. 70 i&nbsp;dalsze: Cabanowski, Grodziszanie, 10-18; \u0141ysakowska, Je\u017ad\u017acy olimpijscy, s. 25, 29, 38-39; Baza danych Muzeum \u0141owiectwa i&nbsp;Je\u017adziectwa w&nbsp;Warszawie; CAW:AP 16381 + 4822 , KZ 9-77.<\/em><\/p>\n<!-- \/wp:paragraph -->","post_title":"Kazimierz Szosland (1891-1944)","post_excerpt":"mjr s\u0142. st. Wojska Polskiego, czo\u0142owy je\u017adziec polski w\u00a0latach 1923-1935, dwukrotny olimpijczyk, srebrny medalista olimpijski z\u00a0Amsterdamu w\u00a0dru\u017cynowym konkursie skok\u00f3w (1928).","post_status":"publish","comment_status":"closed","ping_status":"closed","post_password":"","post_name":"kazimierz-szosland","to_ping":"","pinged":"","post_modified":"2022-04-20 14:01:06","post_modified_gmt":"2022-04-20 12:01:06","post_content_filtered":"","post_parent":0,"guid":"http:\/\/pkol.local\/person\/kazimierz-szosland\/","menu_order":50,"post_type":"person","post_mime_type":"","comment_count":"0","filter":"raw"}]},"_links":{"self":[{"href":"https:\/\/olimpijski.pl\/en\/wp-json\/wp\/v2\/team\/18913"}],"collection":[{"href":"https:\/\/olimpijski.pl\/en\/wp-json\/wp\/v2\/team"}],"about":[{"href":"https:\/\/olimpijski.pl\/en\/wp-json\/wp\/v2\/types\/team"}],"wp:attachment":[{"href":"https:\/\/olimpijski.pl\/en\/wp-json\/wp\/v2\/media?parent=18913"}],"curies":[{"name":"wp","href":"https:\/\/api.w.org\/{rel}","templated":true}]}}