{"id":18921,"date":"2020-07-14T12:38:49","date_gmt":"2020-07-14T10:38:49","guid":{"rendered":"http:\/\/pkol.cumulus.atthouse.pl\/?post_type=team&#038;p=18921"},"modified":"2020-07-16T11:21:00","modified_gmt":"2020-07-16T09:21:00","slug":"dwojka-ze-sternikiem-los-angeles-1932","status":"publish","type":"team","link":"https:\/\/olimpijski.pl\/en\/team\/dwojka-ze-sternikiem-los-angeles-1932\/","title":{"rendered":"Wio\u015blarstwo &#8211; Dw\u00f3jka ze sternikiem &#8211; Los Angeles 1932"},"content":{"rendered":"","protected":false},"featured_media":0,"template":"","class_list":["post-18921","team","type-team","status-publish","hentry","infinite-scroll-item","no-featured-image-padding"],"acf":{"team_olimpic":{"ID":309,"post_author":"1","post_date":"1932-06-17 13:34:45","post_date_gmt":"1932-06-17 12:34:45","post_content":"<!-- wp:heading {\"level\":1,\"className\":\"main-title\"} -->\n<h1 class=\"main-title\">Igrzyska X Olimpiady<strong><br>Los Angeles 1932<\/strong><br><\/h1>\n<!-- \/wp:heading -->\n\n<!-- wp:paragraph -->\n<p><br><\/p>\n<!-- \/wp:paragraph -->\n\n<!-- wp:image {\"align\":\"left\",\"id\":19326,\"sizeSlug\":\"large\"} -->\n<div class=\"wp-block-image\"><figure class=\"alignleft size-large\"><img src=\"https:\/\/olimpijski.pl\/wp-content\/uploads\/1932\/06\/los-angeles1932.png\" alt=\"\" class=\"wp-image-19326\"\/><\/figure><\/div>\n<!-- \/wp:image -->\n\n<!-- wp:list -->\n<ul><li>Igrzyska rozegrano w dniach <strong>30 lipca \u2013 14 sierpnia<\/strong>.<\/li><li>Wystartowa\u0142o <strong>1408<\/strong> zawodnik\u00f3w (w tym <strong>127<\/strong> kobiet) z <strong>37<\/strong> kraj\u00f3w.<\/li><li>Rozdano <strong>117<\/strong> komplet\u00f3w medali.<\/li><li>Przysi\u0119g\u0119 olimpijsk\u0105 w imieniu sportowc\u00f3w z\u0142o\u017cy\u0142 szpadzista <strong>George Charles Calnan<\/strong>.<\/li><li>Igrzyska otworzy\u0142 wiceprezydent USA <strong>Charles Curtis<\/strong>.<\/li><\/ul>\n<!-- \/wp:list -->\n\n<!-- wp:heading -->\n<h2><strong>Program Igrzysk \u2013 16 dyscyplin, 117 konkurencji<\/strong><\/h2>\n<!-- \/wp:heading -->\n\n<!-- wp:paragraph -->\n<p>boks (8 konkurencji), gimnastyka (11), hokej na trawie (1), je\u017adziectwo (6), kolarstwo (6), lekkoatletyka (29), pi\u0119ciob\u00f3j nowoczesny (1), pi\u0142ka wodna (1), p\u0142ywanie (11), podnoszenie ci\u0119\u017car\u00f3w (5), skoki do wody (4), strzelectwo (2), szermierka (7), wio\u015blarstwo (7), zapasy (14), \u017ceglarstwo (4).<\/p>\n<!-- \/wp:paragraph -->\n\n<!-- wp:heading -->\n<h2><strong>Polska Reprezentacja Olimpijska<\/strong><\/h2>\n<!-- \/wp:heading -->\n\n<!-- wp:paragraph -->\n<p><strong>20 os\u00f3b<\/strong> (3 kobiety i 17 m\u0119\u017cczyzn) w 3 sportach: 7 lekkoatlet\u00f3w (w tym 3 kobiety), 7 wio\u015blarzy, 6 szermierzy.<\/p>\n<!-- \/wp:paragraph -->\n\n<!-- wp:paragraph -->\n<p>Chor\u0105\u017cym reprezentacji Polski by\u0142 wio\u015blarz <strong>Janusz \u015al\u0105zak<\/strong>.<\/p>\n<!-- \/wp:paragraph -->\n\n<!-- wp:heading -->\n<h2><strong>Klasyfikacja medalowa<\/strong><\/h2>\n<!-- \/wp:heading -->\n\n<!-- wp:table {\"hasFixedLayout\":true,\"className\":\"is-style-stripes\"} -->\n<figure class=\"wp-block-table is-style-stripes\"><table class=\"has-fixed-layout\"><tbody><tr><td><\/td><td><\/td><td class=\"has-text-align-center\" data-align=\"center\">&nbsp;<\/td><td class=\"has-text-align-center\" data-align=\"center\">&nbsp;<\/td><td class=\"has-text-align-center\" data-align=\"center\">&nbsp;<\/td><td class=\"has-text-align-center\" data-align=\"center\">&nbsp;<\/td><\/tr><tr><td>&nbsp;<\/td><td>&nbsp;<\/td><td class=\"has-text-align-center\" data-align=\"center\">&nbsp;<\/td><td class=\"has-text-align-center\" data-align=\"center\"><img class=\"wp-image-27817\" style=\"width: 50px;\" src=\"https:\/\/olimpijski.pl\/wp-content\/uploads\/2016\/06\/2016_Rio_zloty_50x50.jpg\" alt=\"\"><\/td><td class=\"has-text-align-center\" data-align=\"center\"><img class=\"wp-image-27819\" style=\"width: 50px;\" src=\"https:\/\/olimpijski.pl\/wp-content\/uploads\/2016\/06\/2016_Rio_sreb_50x50.jpg\" alt=\"\"><\/td><td class=\"has-text-align-center\" data-align=\"center\"><img class=\"wp-image-27821\" style=\"width: 50px;\" src=\"https:\/\/olimpijski.pl\/wp-content\/uploads\/2016\/06\/2016_Rio_braz_50x50.jpg\" alt=\"\"><\/td><\/tr><tr><td>1.<\/td><td>USA<\/td><td class=\"has-text-align-center\" data-align=\"center\">103<\/td><td class=\"has-text-align-center\" data-align=\"center\">41<\/td><td class=\"has-text-align-center\" data-align=\"center\">32<\/td><td class=\"has-text-align-center\" data-align=\"center\">30<\/td><\/tr><tr><td>2.<\/td><td>W\u0142ochy<\/td><td class=\"has-text-align-center\" data-align=\"center\">36<\/td><td class=\"has-text-align-center\" data-align=\"center\">12<\/td><td class=\"has-text-align-center\" data-align=\"center\">12<\/td><td class=\"has-text-align-center\" data-align=\"center\">12<\/td><\/tr><tr><td>3.<\/td><td>Francja<\/td><td class=\"has-text-align-center\" data-align=\"center\">19<\/td><td class=\"has-text-align-center\" data-align=\"center\">10<\/td><td class=\"has-text-align-center\" data-align=\"center\">5<\/td><td class=\"has-text-align-center\" data-align=\"center\">4<\/td><\/tr><tr><td>...<\/td><td>&nbsp;<\/td><td class=\"has-text-align-center\" data-align=\"center\">&nbsp;<\/td><td class=\"has-text-align-center\" data-align=\"center\">&nbsp;<\/td><td class=\"has-text-align-center\" data-align=\"center\">&nbsp;<\/td><td class=\"has-text-align-center\" data-align=\"center\">&nbsp;<\/td><\/tr><tr><td><strong>14.<\/strong><\/td><td><strong>Polska<\/strong><\/td><td class=\"has-text-align-center\" data-align=\"center\"><strong>7<\/strong><\/td><td class=\"has-text-align-center\" data-align=\"center\"><strong>2<\/strong><\/td><td class=\"has-text-align-center\" data-align=\"center\"><strong>1<\/strong><\/td><td class=\"has-text-align-center\" data-align=\"center\"><strong>4<\/strong><\/td><\/tr><\/tbody><\/table><\/figure>\n<!-- \/wp:table -->\n\n<!-- wp:heading -->\n<h2><strong>Medale dla Polski (7)<\/strong><\/h2>\n<!-- \/wp:heading -->\n\n<!-- wp:ub\/content-toggle-block {\"blockID\":\"941c73d8-c409-456b-b9b4-db54b913c937\",\"theme\":\"#f1f1f1\",\"collapsed\":true,\"titleColor\":\"#000000\"} -->\n<!-- wp:ub\/content-toggle-panel-block {\"parentID\":\"941c73d8-c409-456b-b9b4-db54b913c937\",\"theme\":\"#f1f1f1\",\"collapsed\":true,\"titleColor\":\"#000000\",\"panelTitle\":\"Z\u0142ote\"} -->\n<!-- wp:paragraph -->\n<p><\/p>\n<!-- \/wp:paragraph -->\n\n<!-- wp:media-text {\"align\":\"\",\"mediaId\":30210,\"mediaLink\":\"https:\/\/olimpijski.pl\/igrzyska_letnie\/los-angeles-1932\/1932_losangeles_zloty_200\/#main\",\"mediaType\":\"image\",\"mediaWidth\":20} -->\n<div class=\"wp-block-media-text is-stacked-on-mobile\" style=\"grid-template-columns:20% auto\"><figure class=\"wp-block-media-text__media\"><img src=\"https:\/\/olimpijski.pl\/wp-content\/uploads\/1932\/06\/1932_LosAngeles_zloty_200.jpg\" alt=\"\" class=\"wp-image-30210\"\/><\/figure><div class=\"wp-block-media-text__content\"><!-- wp:paragraph -->\n<p><strong>Stanis\u0142awa Walasiewicz<\/strong><br>(lekkoatletyka, 100 m)<\/p>\n<!-- \/wp:paragraph -->\n\n<!-- wp:paragraph -->\n<p><strong>Janusz Kusoci\u0144ski<\/strong><br>(lekkoatletyka, 10 000 m)<\/p>\n<!-- \/wp:paragraph --><\/div><\/div>\n<!-- \/wp:media-text -->\n<!-- \/wp:ub\/content-toggle-panel-block -->\n<!-- \/wp:ub\/content-toggle-block -->\n\n<!-- wp:ub\/content-toggle-block {\"blockID\":\"152b71a8-a414-4ce6-bb8e-4954b90b9ed9\",\"theme\":\"#f1f1f1\",\"collapsed\":true,\"titleColor\":\"#000000\"} -->\n<!-- wp:ub\/content-toggle-panel-block {\"parentID\":\"152b71a8-a414-4ce6-bb8e-4954b90b9ed9\",\"theme\":\"#f1f1f1\",\"collapsed\":true,\"titleColor\":\"#000000\",\"panelTitle\":\"Srebrny\"} -->\n<!-- wp:paragraph -->\n<p><\/p>\n<!-- \/wp:paragraph -->\n\n<!-- wp:media-text {\"align\":\"\",\"mediaId\":30212,\"mediaLink\":\"https:\/\/olimpijski.pl\/igrzyska_letnie\/los-angeles-1932\/1932_losangeles_sreb_200\/#main\",\"mediaType\":\"image\",\"mediaWidth\":20} -->\n<div class=\"wp-block-media-text is-stacked-on-mobile\" style=\"grid-template-columns:20% auto\"><figure class=\"wp-block-media-text__media\"><img src=\"https:\/\/olimpijski.pl\/wp-content\/uploads\/1932\/06\/1932_LosAngeles_sreb_200.jpg\" alt=\"\" class=\"wp-image-30212\"\/><\/figure><div class=\"wp-block-media-text__content\"><!-- wp:paragraph -->\n<p><strong>Jerzy Braun, Janusz \u015al\u0105zak i sternik Jerzy Skolimowski<\/strong><br>(wio\u015blarstwo, dw\u00f3jka ze sternikiem)<\/p>\n<!-- \/wp:paragraph --><\/div><\/div>\n<!-- \/wp:media-text -->\n<!-- \/wp:ub\/content-toggle-panel-block -->\n<!-- \/wp:ub\/content-toggle-block -->\n\n<!-- wp:ub\/content-toggle-block {\"blockID\":\"21118689-4b5d-4f23-99d5-543fa2996ab7\",\"theme\":\"#f1f1f1\",\"collapsed\":true,\"titleColor\":\"#000000\"} -->\n<!-- wp:ub\/content-toggle-panel-block {\"parentID\":\"21118689-4b5d-4f23-99d5-543fa2996ab7\",\"theme\":\"#f1f1f1\",\"collapsed\":true,\"titleColor\":\"#000000\",\"panelTitle\":\"Br\u0105zowe\"} -->\n<!-- wp:paragraph -->\n<p><\/p>\n<!-- \/wp:paragraph -->\n\n<!-- wp:media-text {\"align\":\"\",\"mediaId\":30218,\"mediaLink\":\"https:\/\/olimpijski.pl\/igrzyska_letnie\/los-angeles-1932\/1932_losangeles_braz_200\/#main\",\"mediaType\":\"image\",\"mediaWidth\":20} -->\n<div class=\"wp-block-media-text is-stacked-on-mobile\" style=\"grid-template-columns:20% auto\"><figure class=\"wp-block-media-text__media\"><img src=\"https:\/\/olimpijski.pl\/wp-content\/uploads\/1932\/06\/1932_LosAngeles_braz_200.jpg\" alt=\"\" class=\"wp-image-30218\"\/><\/figure><div class=\"wp-block-media-text__content\"><!-- wp:paragraph -->\n<p><strong>Jadwiga Wajs<\/strong><br>(lekkoatletyka, rzut dyskiem)<\/p>\n<!-- \/wp:paragraph -->\n\n<!-- wp:paragraph -->\n<p><strong>Jerzy Braun, Edward Kobyli\u0144ski, Janusz \u015al\u0105zak, Stanis\u0142aw Urban i sternik Jerzy Skolimowski<\/strong><br>(wio\u015blarstwo, czw\u00f3rka ze sternikiem)<\/p>\n<!-- \/wp:paragraph -->\n\n<!-- wp:paragraph -->\n<p><strong>W\u0142adys\u0142aw Dobrowolski, Tadeusz Friedrich, Leszek Lubicz-Nycz, Adam Papee, W\u0142adys\u0142aw Segda, Marian Suski<\/strong><br>(szermierka, turniej dru\u017cynowy szablist\u00f3w)<\/p>\n<!-- \/wp:paragraph -->\n\n<!-- wp:paragraph -->\n<p><strong>Henryk Budzi\u0144ski, Jan Krenz-Miko\u0142ajczak<\/strong><br>(wio\u015blarstwo, dw\u00f3jka bez sternika)<\/p>\n<!-- \/wp:paragraph --><\/div><\/div>\n<!-- \/wp:media-text -->\n<!-- \/wp:ub\/content-toggle-panel-block -->\n<!-- \/wp:ub\/content-toggle-block -->\n\n<!-- wp:quote {\"className\":\"is-style-default\"} -->\n<blockquote class=\"wp-block-quote is-style-default\"><p>W Mie\u015bcie Anio\u0142\u00f3w, w drugich igrzyskach w USA, bia\u0142o-czerwoni stan\u0119li na podium siedem razy. Janusz Kusoci\u0144ski zdoby\u0142 pierwsze polskie m\u0119skie z\u0142oto.<br><br>Nowo\u015bci\u0105 by\u0142o zastosowania po raz pierwszy fotokom\u00f3rki ustalaj\u0105cej kolejno\u015b\u0107 na mecie, a ciekawostk\u0105, \u017ce jedyny raz przyznano medale w alpinizmie.<br><br>W Los Angeles chcia\u0142 zako\u0144czy\u0107 karier\u0119 s\u0142ynny fi\u0144ski biegacz Paavo Nurmi maj\u0105cy w dorobku&nbsp; 12 medali. Zosta\u0142&nbsp; jednak zdyskwalifikowany za przekroczenie statusu amatora.<\/p><\/blockquote>\n<!-- \/wp:quote -->","post_title":"Los Angeles 1932","post_excerpt":"","post_status":"publish","comment_status":"closed","ping_status":"closed","post_password":"","post_name":"los-angeles-1932","to_ping":"","pinged":"","post_modified":"2020-10-02 15:24:55","post_modified_gmt":"2020-10-02 13:24:55","post_content_filtered":"","post_parent":0,"guid":"https:\/\/wai-q98d7hpf9hy9k.wpallimport-demo.qsandbox.me\/olympics_summer\/los-angeles-1932\/","menu_order":0,"post_type":"olympics_summer","post_mime_type":"","comment_count":"0","filter":"raw"},"team_competition":{"ID":18904,"post_author":"15","post_date":"2020-07-14 08:44:39","post_date_gmt":"2020-07-14 06:44:39","post_content":"","post_title":"Wio\u015blarstwo - Dw\u00f3jka ze sternikiem","post_excerpt":"","post_status":"publish","comment_status":"closed","ping_status":"closed","post_password":"","post_name":"dwojka-ze-sternikiem","to_ping":"","pinged":"","post_modified":"2020-07-22 15:17:15","post_modified_gmt":"2020-07-22 13:17:15","post_content_filtered":"","post_parent":5870,"guid":"http:\/\/pkol.cumulus.atthouse.pl\/?post_type=competition&#038;p=18904","menu_order":0,"post_type":"competition","post_mime_type":"","comment_count":"0","filter":"raw"},"team_players":[{"ID":13372,"post_author":"15","post_date":"2020-06-24 16:43:57","post_date_gmt":"2020-06-24 14:43:57","post_content":"<!-- wp:paragraph -->\n<p><strong>utytu\u0142owany wio\u015blarz BTW i&nbsp;WTW, czterokrotny uczestnik mistrzostw Europy, srebrny i&nbsp;br\u0105zowy medalista olimpijski z&nbsp;Los Angeles (1932).<br><\/strong><br>Urodzony 13 kwietnia 1911 w&nbsp;Bydgoszczy, syn W\u0142adys\u0142awa i&nbsp;Katarzyny z&nbsp;Ro\u017cd\u017cy\u0144skich uko\u0144czy\u0142 miejscowe gimnazjum klasyczne i&nbsp;tam te\u017c w&nbsp;Gimnazjalnym Towarzystwie Wio\u015blarskim Wis\u0142a zacz\u0105\u0142 uprawia\u0107&nbsp;bardzo popularn\u0105 w&nbsp;tym mie\u015bcie dyscyplin\u0119 sportu (1927). Rok p\u00f3\u017aniej zosta\u0142 cz\u0142onkiem Bydgoskiego Towarzystwa Wio\u015blarskiego, w&nbsp;kt\u00f3rego barwach startowa\u0142 w&nbsp;latach 1928-1931 i&nbsp;1934-1935, kontynuuj\u0105c dalsz\u0105 d\u0142ug\u0105 karier\u0119 zawodnicz\u0105 w&nbsp;Warszawskim Towarzystwie Wio\u015blarskim (1932-1933 i&nbsp;1936-1939).<\/p>\n<!-- \/wp:paragraph -->\n\n<!-- wp:paragraph -->\n<p>By\u0142 zawodnikiem bardzo utytu\u0142owanym, a\u017c 13-krotnym mistrzem Polski: w&nbsp;dw\u00f3jce ze sternikiem (1933, 1936, 1939), dw\u00f3jce bez&nbsp;sternika (1938, 1939), czw\u00f3rce ze sternikiem (1933-1935), czw\u00f3rce bez&nbsp;sternika (1929, 1936, 1939 ) i&nbsp;\u00f3semce (1930, 1931). Czterokrotnie startowa\u0142 w&nbsp;mistrzostwach Europy: w&nbsp;Bydgoszczy zaj\u0105\u0142 3. miejsce w&nbsp;czw\u00f3rce bez&nbsp;sternika (1929), w&nbsp;Pary\u017cu w&nbsp;konkurencji \u00f3semek odpad\u0142 w&nbsp;p\u00f3\u0142finale (1931), w&nbsp;Budapeszcie zaj\u0105\u0142 2. miejsce w&nbsp;dw\u00f3jce ze sternikiem (1933),&nbsp;w Lucernie w&nbsp;czw\u00f3rce ze sternikiem odpad\u0142 w&nbsp;repesa\u017cu&nbsp; (1934). Najcenniejsze trofea zdoby\u0142 jednak na&nbsp;igrzyskach olimpijskich jako \"szlakowy\" obu za\u0142\u00f3g. Uczestnik kampanii wrze\u015bniowej 1939 w&nbsp;stopniu plutonowego podchor\u0105\u017cego, po unikni\u0119ciu niewoli przedosta\u0142 si\u0119 do&nbsp;Wojska Polskiego na&nbsp;Bliskim Wschodzie.<\/p>\n<!-- \/wp:paragraph -->\n\n<!-- wp:paragraph -->\n<p>Jako \u017co\u0142nierz Samodzielnej Brygady Strzelc\u00f3w Karpackich (3 batalion) broni\u0142 Tobruku (tam po raz pierwszy otrzyma\u0142 Krzy\u017c Walecznych), a&nbsp;po jej przekszta\u0142ceniu w&nbsp;3 Dywizj\u0119 Strzelc\u00f3w Karpackich walczy\u0142 pod Monte Cassino, Ancon\u0105 i&nbsp;Boloni\u0105 a\u017c do&nbsp;zako\u0144czenia wojny (dwukrotnie ranny).&nbsp;1 marca 1944 awansowany do&nbsp;stopnia podporucznika i&nbsp;odznaczony po raz drugi Krzy\u017cem Walecznych). Po zako\u0144czeniu wojny zamieszka\u0142 w&nbsp;Londynie. Tam te\u017c za\u0142o\u017cy\u0142 rodzin\u0119. Zmar\u0142 w&nbsp;Crawley Surey (ko\u0142o stolicy Wielkiej Brytanii) 8 marca 1968, gdzie te\u017c zosta\u0142 pochowany. W&nbsp;plebiscycie na&nbsp;najlepszego wio\u015blarza w&nbsp;80-leciu PZTW (1999) zaj\u0105\u0142 20 miejsce.<\/p>\n<!-- \/wp:paragraph -->\n\n<!-- wp:paragraph -->\n<p><strong>*1932 Los Angeles: wio\u015blarstwo, dw\u00f3jki ze ster.<\/strong> - 2. msc na&nbsp;4 start. osady z&nbsp;czasem 8.31,2 <strong>zdobywaj\u0105c srebrny medal olimpijski<\/strong> (zw. USA - 8.25,8). Partnerami w&nbsp;osadzie byli: J. \u015al\u0105zak i&nbsp;sternik J. Skolimowski; <strong>czw\u00f3rki ze ster.<\/strong> - 1. msc w&nbsp;elim. (3 osady) z&nbsp;czasem 7.04,2, 3. msc w&nbsp;finale (4 osady) z&nbsp;czasem 7.26,8 <strong>zdobywaj\u0105c br\u0105zowy medal olimpijski<\/strong> (zw. Niemcy - 7.19.0). Partnerami byli: E. Kobyli\u0144ski, J. \u015al\u0105zak i&nbsp;S. Urban, sternik J. Skolimowski.<br><strong><br>*1936 Berlin: wio\u015blarstwo, dw\u00f3jki ze ster.<\/strong> - 4. miejsce w&nbsp;elim. (6 osad) z&nbsp;czasem 7.53,9, 3. msc w&nbsp;repesa\u017cach (4 osady) z&nbsp; czasem 8.56,2 i&nbsp;odpadli z&nbsp;konkurencji (zw. Niemcy&nbsp;- 8.36,9). Partnerami w&nbsp;osadzie byli: J. \u015al\u0105zak i&nbsp;sternik J. Skolimowski.<\/p>\n<!-- \/wp:paragraph -->\n\n<!-- wp:paragraph -->\n<p><em>Bibl.: S\u0142ownik WF, 1998, z. 3, s. 121-122 (Ryszard Wryk); G\u0142uszek, Leksykon 1999, s. 162 (tu b\u0142\u0119dny czas Polak\u00f3w w&nbsp;dw\u00f3jce ze sternikiem, zamiast 8.31,2 jest 8.11,2 - czas lepszy od&nbsp;zwyci\u0119skiej ekipy USA); Pawlak, Olimpijczycy, s. 38; Du\u0144ski, Od Pary\u017ca, s. 80-81 (tu b\u0142\u0119dna data \u015bmierci 13 marca); Lis, Polscy medali\u015bci, s. 44 (tu b\u0142\u0119dnie podany rok urodzenia); Kobendza, 80 lat PZTW, s. 55, 57, 79.<\/em><\/p>\n<!-- \/wp:paragraph -->","post_title":"Jerzy Braun (1911-1968)","post_excerpt":"utytu\u0142owany wio\u015blarz BTW i\u00a0WTW, czterokrotny uczestnik mistrzostw Europy, srebrny i\u00a0br\u0105zowy medalista olimpijski z\u00a0Los Angeles (1932).","post_status":"publish","comment_status":"closed","ping_status":"closed","post_password":"","post_name":"jerzy-braun","to_ping":"","pinged":"","post_modified":"2022-03-08 10:31:03","post_modified_gmt":"2022-03-08 09:31:03","post_content_filtered":"","post_parent":0,"guid":"http:\/\/pkol.local\/person\/jerzy-braun\/","menu_order":164,"post_type":"person","post_mime_type":"","comment_count":"0","filter":"raw"},{"ID":15031,"post_author":"15","post_date":"2020-06-24 16:51:20","post_date_gmt":"2020-06-24 14:51:20","post_content":"<p class=\"title-m-02\">\u015aL\u0104ZAK JANUSZ LUBOMIR (1907-1985)<\/p>\n<strong>ekonomista, wio\u015blarz klub\u00f3w warszawskich, trzykrotny olimpijczyk (1928, 1932, 1936), srebrny i&nbsp;br\u0105zowy medalista z&nbsp;Los Angeles (1932).\n<\/strong>\nUrodzony 20 marca 1907 w&nbsp;Warszawie, syn Stefana i&nbsp;Apolonii z&nbsp;Jesionk\u00f3w, zda\u0142 matur\u0119 przed Pa\u0144stwow\u0105 Komisj\u0105 Egzaminacyjn\u0105 Kuratorium Okr\u0119gu Szkolnego Warszawskiego (1928), uko\u0144czy\u0142 VIII kurs Szko\u0142y Podchor\u0105\u017cych Rezerwy Saper\u00f3w w&nbsp;Modlinie (1929-1930) i&nbsp;odby\u0142 studia w&nbsp;Wy\u017cszej Szkole Handlowej (studiowa\u0142 tak\u017ce na&nbsp;Wydziale In\u017cynierii L\u0105dowej PW). Sportem zacz\u0105\u0142 si\u0119 interesowa\u0107 (po\u0142owa lat dwudziestych) w&nbsp;czasie nauki szkolnej (gimnazjum im. M. Reja) pocz\u0105tkowo w&nbsp;sto\u0142ecznym klubie Wis\u0142a, p\u00f3\u017aniej AZS (1926-1931 i&nbsp;1937-1939) i&nbsp;WTW. Mia\u0142 znakomite warunki fizyczne (186 cm wzrostu, 74 kg wagi) tote\u017c pisano o&nbsp;nim: <em>\"Muskularnej budowy olbrzym o&nbsp;kszta\u0142tach greckiego boga, zawsze dowcipny, zawsze got\u00f3w do&nbsp;kawa\u0142\u00f3w, czasem mo\u017ce rubaszny, ale&nbsp;w&nbsp;ka\u017cdym calu solidny sportowiec i&nbsp;mimo m\u0142odego wieku cz\u0142owiek powa\u017cny\"<\/em>.\n\nSzybko awansowa\u0142 do&nbsp;grona najlepszych w&nbsp;kraju zdobywaj\u0105c z&nbsp;r\u00f3\u017cnymi partnerami w&nbsp;r\u00f3\u017cnych osadach 5 tytu\u0142\u00f3w mistrza Polski: w&nbsp;\u00f3semce (1927), czw\u00f3rce ze sternikiem (1933), czw\u00f3rce bez&nbsp;sternika (1936) i&nbsp;dw\u00f3jce ze sternikiem (1933, 1936). Zdoby\u0142 r\u00f3wnie\u017c w&nbsp;krajowych mistrzostwach dwa srebrne i&nbsp;cztery br\u0105zowe medale. Zosta\u0142 tak\u017ce <strong>srebrnym medalist\u0105 mistrzostw Europy<\/strong> w&nbsp;Budapeszcie (1933) w&nbsp;dw\u00f3jce ze sternikiem (Braun, sternik Skolimowski), ale&nbsp;najistotniejszymi w&nbsp;jego karierze by\u0142y a\u017c trzy starty olimpijskie (szczeg\u00f3lnie ten za oceanem). Uczestnik kampanii wrze\u015bniowej 1939 (Armia Modlin, M\u0142awa - Warszawa, ppor. saper). Wzi\u0119ty do&nbsp;niewoli niemieckiej przebywa\u0142 w&nbsp;obozie jenieckim w&nbsp;Woldenbergu. Po wojnie pracowa\u0142 jako ekonomista w&nbsp;Dyrekcji Kolei Pa\u0144stwowych i&nbsp;Centrali Rybnej (zak\u0142ada\u0142 m. in. bazy rybo\u0142\u00f3wstwa polskiego w&nbsp;Ghanie i&nbsp;Nigerii). By\u0142 trenerem i&nbsp;dzia\u0142aczem PZTW. Od 1958 tak\u017ce s\u0119dzi\u0105 wio\u015blarskim. Zmar\u0142 24 lutego 1985 w&nbsp;Warszawie, gdzie te\u017c na&nbsp;Cmentarzu Pow\u0105zkowskim w&nbsp;grobowcu rodzinnym zosta\u0142 pochowany.\n\n<strong>*1928 Amsterdam: \u00f3semki<\/strong> - w&nbsp;elim. Polacy wygrali z&nbsp;Holandi\u0105 (6.37.0), przegrali nast\u0119pnie z&nbsp;W. Brytani\u0105 (6.43.2), w&nbsp;repesa\u017cach zwyci\u0119\u017cyli Argentyn\u0119 (6.24,6) ulegaj\u0105c w&nbsp;nast\u0119pnej rundzie Kanadzie (6.42.2) i&nbsp;zdobywaj\u0105c 4. msc (zw. USA). Partnerami \u015al\u0105zaka w&nbsp;osadzie byli: O. Gordzia\u0142kowski, J. \u0141aszewski, M. Michalski, A. So\u0142tan, S. Urban i&nbsp;M. Wodzia\u0144ski i&nbsp;st. J. Skolimowski.\n<strong>*1932 Los Angeles: dw\u00f3jki ze sternikiem<\/strong> - 2. na&nbsp;4 start. osady z&nbsp;czasem 8.31.2 <strong>zdobywaj\u0105c srebrny medal<\/strong> (zw. USA - 8.25.8). \u015al\u0105zak p\u0142yn\u0105\u0142&nbsp; z&nbsp;J. Braunem i&nbsp;st J. Skolimowskim; <strong>czw\u00f3rki ze sternikiem<\/strong> - 1. w&nbsp;elim. (3 osady) z&nbsp;czasem 7.04.2 , 3. msc w&nbsp;finale (4 osady) z&nbsp;czasem 7.26.8 <strong>zdobywaj\u0105c br\u0105zowy medal<\/strong> (zw. Niemcy - 7.19.0). Partnerami \u015al\u0105zaka, kt\u00f3ry by\u0142 naszym chor\u0105\u017cym podczas IO w&nbsp;Los Angeles byli: J. Braun, E. Kobyli\u0144ski, S. Urban i&nbsp;st. J. Skolimowski.\n<strong>*1936 Berlin: dw\u00f3jki ze sternikiem<\/strong> - 4. w&nbsp;przedb. (6 osad) z&nbsp;czasem 7.53.9 , 3. msc w&nbsp;repesa\u017cach (4 osady) z&nbsp;czasem 8.56.2 i&nbsp;eliminacja z&nbsp;konkurencji (zw. Niemcy - 8.36,9). Partnerami w&nbsp;osadzie byli: J. Braun i&nbsp;st. Skolimowski.\n\n<em>Bibl.: S\u0142ownik WF, 1999 , z. 1-2 , s. 119-120 (Ryszard Wryk); Du\u0144ski, Od Pary\u017ca, s. 928-930 (tu b\u0142\u0119dny rok \u015bmierci 1984 i&nbsp;b\u0142\u0119dna informacja o&nbsp;o\u015bmiu tytu\u0142ach mistrzowskich); G\u0142uszek, Leksykon 1999, s. 347; P\u00f3\u0142 wieku AZS, s.350; Wryk, Akademicki, s.267 i&nbsp;dalsze; Pawlak, Olimpijczycy, s. 260; Kobendza, 80 lat PZTW, s. 57, 79, 195; CAW: AP 12560 + 21001.<\/em>\n\n<!-- history -->\n<table style=\"text-align: right; width: 85%;\" border=\"0\" cellspacing=\"0\" cellpadding=\"0\">\n<tbody>\n<tr>\n<td class=\"box3-title\" align=\"right\"><a href=\"javascript:history.back()\"><\/a><\/td>\n<\/tr>\n<\/tbody>\n<\/table>","post_title":"Janusz \u015al\u0105zak","post_excerpt":"","post_status":"publish","comment_status":"closed","ping_status":"closed","post_password":"","post_name":"janusz-lubomir-slazak","to_ping":"","pinged":"","post_modified":"2020-10-09 10:00:50","post_modified_gmt":"2020-10-09 08:00:50","post_content_filtered":"","post_parent":0,"guid":"http:\/\/pkol.local\/person\/janusz-lubomir-slazak\/","menu_order":46,"post_type":"person","post_mime_type":"","comment_count":"0","filter":"raw"},{"ID":15011,"post_author":"15","post_date":"2020-06-24 16:51:16","post_date_gmt":"2020-06-24 14:51:16","post_content":"<!-- wp:paragraph -->\n<p><strong>ps. \"Ma\u0142y\", \"Deen\", architekt , znakomity sternik polskich osad wio\u015blarskich, olimpijczyk z Amsterdamu (1928), Los Angeles (1932) i Berlina (1936), zdobywca srebrnego i br\u0105zowego medalu.<br><\/strong><br>Urodzony 9 grudnia 1907 w \u0141ukowie, woj. lubelskie, syn Micha\u0142a i Heleny Michaliny \u017byszkowskiej, uko\u0144czy\u0142 Pa\u0144stwowe Gimnazjum im. Kr\u00f3la W\u0142adys\u0142awa IV w Warszawie (1926) i Wydzia\u0142 Architektury PW, gdzie otrzyma\u0142 tytu\u0142 magistra in\u017cyniera architekta (28 czerwca 1934). Sportem interesowa\u0142 si\u0119 od wczesnej m\u0142odo\u015bci, ale ze wzgl\u0119du na s\u0142abe warunki fizyczne (150 cm, 49 kg ) dopiero podczas&nbsp; studi\u00f3w, w warszawskim AZS (1928) znalaz\u0142 sobie miejsce w wielkiej sportowej rywalizacji. Zosta\u0142 wio\u015blarskim sternikiem. \u017bartowano, \u017ce \"pcha\u0142 \u0142odzie swoich koleg\u00f3w... sercem i nami\u0119tnym g\u0142osem\". Robi\u0142 to - jak zreszt\u0105 wszystko w \u017cyciu - z ogromnym zaanga\u017cowaniem, osi\u0105gaj\u0105c znakomite wyniki (2-krotny wicemistrz Polski w czw\u00f3rkach i 3-krotny w \u00f3semkach), srebrny medalista mistrzostw Europy w Budapeszcie (1933) w dw\u00f3jce ze sternikiem, z J. Braunem i J. \u015al\u0105zakiem i dwukrotny medalista olimpijski (1932).<\/p>\n<!-- \/wp:paragraph -->\n\n<!-- wp:paragraph -->\n<p>Skolimowskiego mo\u017cna tak\u017ce nazwa\u0107 mistrzem w swojej zawodowej specjalno\u015bci i \"\u017co\u0142nierskim fachu\". Jego dzie\u0142em by\u0142 m.in. wystr\u00f3j wn\u0119trza transatlantyku MS Pi\u0142sudski, plakaty na \u015awiatowe Wystawy w Pary\u017cu i Nowym Jorku, wsp\u00f3\u0142udzia\u0142 w zaprojektowaniu i wykonaniu Cmentarza na Monte Cassino. Projektowa\u0142 wn\u0119trza pa\u0142ac\u00f3w arabskich szejk\u00f3w, wygrywa\u0142 dziesi\u0105tki konkurs\u00f3w architektonicznych.<\/p>\n<!-- \/wp:paragraph -->\n\n<!-- wp:paragraph -->\n<p>Uczestnik\u00a0 kampanii wrze\u015bniowej 1939. Po wielu przygodach (zagarni\u0119cie przez Armi\u0119 Czerwon\u0105, wi\u0119zienie) przez W\u0119gry, Rumuni\u0119 przedostaje si\u0119 do Francji a potem do Anglii. Walczy w Samodzielnej Brygadzie Strzelc\u00f3w Karpackich w Tobruku. Jako polski oficer (porucznik) wywiadu Inteligence Service (podobnie jak inny azetesiak Jerzy Iwanow Szajnowicz) zostaje zrzucony na Ba\u0142kanach i obejmuje w Grecji plac\u00f3wk\u0119 \"Deen\" przygotowuj\u0105c l\u0105dowanie brytyjskiej Drugiej Brygady Spadochronowej (rejon Lianokkladi). Po wojnie (przez kr\u00f3tki okres czasu by\u0142 w Polsce) pozostaje na emigracji w Anglii. O\u017ceniony tam ze Stanis\u0142aw\u0105 z Beker\u00f3w (druga \u017cona) mia\u0142 dwie c\u00f3rki (Barbara, Maria). Zmar\u0142 w Londynie 12 lutego 1985 roku, ale spoczywa na Cmentarzu Pow\u0105zkowskim w grobie rodzinnym Skolimowskich wraz z ojcem, matk\u0105 i bra\u0107mi.<\/p>\n<!-- \/wp:paragraph -->\n\n<!-- wp:paragraph -->\n<p><strong>*1928 Amsterdam: wio\u015blarstwo, sternik osady \u00f3semki<\/strong> - w elim. Polacy wygrali z Holandi\u0105 w czasie 6.37.0 , nast\u0119pnie przegrali z W. Brytani\u0105 w czasie 6.43,2 (Anglia 6.30,6), w repesa\u017cach zwyci\u0119\u017cyli Argentyn\u0119 w czasie 6.24,6 (Argentyna 6.33,0), ulegaj\u0105c w nast\u0119pnej rundzie Kanadzie - 6.42,2 (Kanada 6.37,4) i zdobywaj\u0105c ostatecznie 4 m. (zw. USA). Sk\u0142ad za\u0142ogi, kt\u00f3r\u0105\u00a0 Skolimowski mobilizowa\u0142 do walki: O. Gordzia\u0142kowski, J. \u0141aszewski, W. Michalski, A. So\u0142tan, J. \u015al\u0105zak, S. Urban i M. Wodzia\u0144ski.<\/p>\n<!-- \/wp:paragraph -->\n\n<!-- wp:paragraph -->\n<p><strong>*1932 Los Angeles: <strong>wio\u015blarstwo,<\/strong> sternik osady dw\u00f3jki ze sternikiem<\/strong> - 2 m. na 4 start. osady z czasem 8.31,2 (zw. USA - 8.25,8) - <strong>srebrny medal<\/strong>. Partnerami\u00a0byli: J. Braun i J. \u015al\u0105zak; <strong>sternik osady czw\u00f3rki ze sternikiem<\/strong> - 1 m. w elim. (3 osady) z czasem 7.04,2, 3 m. w finale (4 osady) z czasem 7.26,8 - <strong>br\u0105zowy medal <\/strong>(zw. Niemcy - 7.19,0). Kolegami w osadzie byli: J. Braun, E. Kobyli\u0144ski, J. \u015al\u0105zak i S. Urban.<\/p>\n<!-- \/wp:paragraph -->\n\n<!-- wp:paragraph -->\n<p><strong>*1936 Berlin: <strong>wio\u015blarstwo,<\/strong><\/strong> <strong>sternik osady dw\u00f3jki ze sternikiem<\/strong> - 4 m. w przedb. (6 osad ) z czasem 7.53,9, 3 m. w repesa\u017cach (4 osady) z czasem 8.56,2 odp. z\u00a0 konk. (zw. Niemcy - 8.36,9). W osadzie p\u0142yn\u0119li: J. Braun i J. \u015al\u0105zak; <strong>sternik osady czw\u00f3rki ze sternikiem<\/strong> - 5 m. w przedb. (5 osad ) z czasem 6.50,5, 2 m. w repesa\u017cach (4 osady) z czasem 8.12,2 i odp. z konk. p\u0142yn\u0105c w sk\u0142adzie: B. Karwecki, S. Kury\u0142\u0142owicz, W. Leporowski i W. Zawadzki. Zw. osada Niemiec - 7.16,2.<\/p>\n<!-- \/wp:paragraph -->\n\n<!-- wp:paragraph -->\n<p><em>Bibl.: APW , nr alb. 10814 ; Du\u0144ski, Od Pary\u017ca, s. 801-803 (tu data \u015bmierci 18 lipca 1987); G\u0142uszek, Leksykon 1999, s. 321 (tu brak daty \u015bmierci); Pawlak, Olimpijczycy, s. 230 (tu brak dnia urodzin, daty \u015bmierci i nieprawdziwa informacja i\u017c by\u0142&nbsp; 6-krotnym&nbsp; mistrzem Polski); Wryk, Akademicki, s. 267 i dalsze;&nbsp; Kobendza, 80 lat PZTW, s. 57, 79, 80; Archiwum POSK (Londyn ) - tu data \u015bmierci: 12.02.1985 (20.07.2001).<\/em><\/p>\n<!-- \/wp:paragraph -->","post_title":"Jerzy Skolimowski (1907-1985)","post_excerpt":"ps. \"Ma\u0142y\", \"Deen\", architekt , znakomity sternik polskich osad wio\u015blarskich, olimpijczyk z Amsterdamu (1928), Los Angeles (1932) i Berlina (1936), zdobywca srebrnego i br\u0105zowego medalu.","post_status":"publish","comment_status":"closed","ping_status":"closed","post_password":"","post_name":"skolimowski-jerzy-walerian","to_ping":"","pinged":"","post_modified":"2020-12-09 09:18:12","post_modified_gmt":"2020-12-09 08:18:12","post_content_filtered":"","post_parent":0,"guid":"http:\/\/pkol.local\/person\/skolimowski-jerzy-walerian\/","menu_order":176,"post_type":"person","post_mime_type":"","comment_count":"0","filter":"raw"}]},"_links":{"self":[{"href":"https:\/\/olimpijski.pl\/en\/wp-json\/wp\/v2\/team\/18921"}],"collection":[{"href":"https:\/\/olimpijski.pl\/en\/wp-json\/wp\/v2\/team"}],"about":[{"href":"https:\/\/olimpijski.pl\/en\/wp-json\/wp\/v2\/types\/team"}],"wp:attachment":[{"href":"https:\/\/olimpijski.pl\/en\/wp-json\/wp\/v2\/media?parent=18921"}],"curies":[{"name":"wp","href":"https:\/\/api.w.org\/{rel}","templated":true}]}}