{"id":18941,"date":"2020-07-14T14:07:37","date_gmt":"2020-07-14T12:07:37","guid":{"rendered":"http:\/\/pkol.cumulus.atthouse.pl\/?post_type=team&#038;p=18941"},"modified":"2020-07-14T14:07:38","modified_gmt":"2020-07-14T12:07:38","slug":"pilka-reczna-montreal-1976","status":"publish","type":"team","link":"https:\/\/olimpijski.pl\/en\/team\/pilka-reczna-montreal-1976\/","title":{"rendered":"Pi\u0142ka r\u0119czna &#8211; Montreal 1976"},"content":{"rendered":"","protected":false},"featured_media":0,"template":"","class_list":["post-18941","team","type-team","status-publish","hentry","infinite-scroll-item","no-featured-image-padding"],"acf":{"team_olimpic":{"ID":300,"post_author":"1","post_date":"1976-06-17 13:34:45","post_date_gmt":"1976-06-17 12:34:45","post_content":"<!-- wp:heading {\"level\":1,\"className\":\"main-title\"} -->\n<h1 class=\"main-title\"><strong>Igrzyska XXI Olimpiady<\/strong><br>Montreal 1976<\/h1>\n<!-- \/wp:heading -->\n\n<!-- wp:paragraph -->\n<p><br><\/p>\n<!-- \/wp:paragraph -->\n\n<!-- wp:image {\"align\":\"left\",\"id\":19336,\"sizeSlug\":\"large\",\"className\":\"is-style-default\"} -->\n<div class=\"wp-block-image is-style-default\"><figure class=\"alignleft size-large\"><img src=\"https:\/\/olimpijski.pl\/wp-content\/uploads\/1976\/06\/montreal1976.png\" alt=\"\" class=\"wp-image-19336\"\/><\/figure><\/div>\n<!-- \/wp:image -->\n\n<!-- wp:list -->\n<ul><li>Igrzyska rozegrano w dniach <strong>17 lipca \u2013 1 sierpnia<\/strong>.<\/li><li>Wystartowa\u0142o <strong>6084<\/strong> zawodnik\u00f3w (w tym <strong>1260<\/strong> kobiet) z <strong>92<\/strong> kraj\u00f3w.<\/li><li>Rozdano <strong>198<\/strong> komplet\u00f3w medali.<\/li><li>Przysi\u0119g\u0119 olimpijsk\u0105 w imieniu sportowc\u00f3w z\u0142o\u017cy\u0142 ci\u0119\u017carowiec <strong>Pierre Saint-Jean<\/strong>, natomiast w imieniu s\u0119dzi\u00f3w i trener\u00f3w \u2013 <strong>Maurice Fauget<\/strong>.<\/li><li>Znicz olimpijski zapalili nastolatkowie reprezentuj\u0105cy angielsk\u0105 i francusk\u0105 spo\u0142eczno\u015b\u0107 Kanady \u2013 <strong>Sandra Henderson<\/strong> i <strong>Stephane Prefontaine<\/strong>.<\/li><li>Igrzyska otworzy\u0142a <strong>kr\u00f3lowa Anglii El\u017cbieta II<\/strong>.<\/li><\/ul>\n<!-- \/wp:list -->\n\n<!-- wp:heading -->\n<h2><strong>Program Igrzysk \u2013 23 dyscypliny, 198 konkurencji<\/strong><\/h2>\n<!-- \/wp:heading -->\n\n<!-- wp:paragraph -->\n<p>boks (11 konkurencji), gimnastyka (14), hokej na trawie (1), je\u017adziectwo (6), judo (6), kajakarstwo (11), kolarstwo (6), koszyk\u00f3wka (2), lekkoatletyka (37), \u0142ucznictwo (2), pi\u0119ciob\u00f3j nowoczesny (2), pi\u0142ka no\u017cna (1), pi\u0142ka r\u0119czna (2), pi\u0142ka siatkowa (2), pi\u0142ka wodna (1), p\u0142ywanie (26), podnoszenie ci\u0119\u017car\u00f3w (9), skoki do wody (4), strzelectwo (7), szermierka (8), wio\u015blarstwo (14), zapasy (20), \u017ceglarstwo (6).<\/p>\n<!-- \/wp:paragraph -->\n\n<!-- wp:heading -->\n<h2><strong>Gwiazda Igrzysk<\/strong><\/h2>\n<!-- \/wp:heading -->\n\n<!-- wp:paragraph -->\n<p><strong>Nadia Comaneci<\/strong> (Rumunia, gimnastyka) \u2013 3 z\u0142ote medale, 1 srebrny, 1 br\u0105zowy<\/p>\n<!-- \/wp:paragraph -->\n\n<!-- wp:heading -->\n<h2><strong>Polska Reprezentacja Olimpijska<\/strong><\/h2>\n<!-- \/wp:heading -->\n\n<!-- wp:paragraph -->\n<p>223 osoby (startowa\u0142o 207 \u2013 27 kobiet i 180 m\u0119\u017cczyzn) w 18 sportach: 11 bokser\u00f3w, 7 gimnastyk\u00f3w (6 startowa\u0142o, 1 nie), 5 judok\u00f3w, 16 kajakarzy (w tym 4 kobiety; 13 startowa\u0142o + 3 rez.), 14 kolarzy (11 startowa\u0142o + 3 rez.), 33 lekkoatlet\u00f3w (w tym 4 kobiety; 32 startowa\u0142o, 1 nie), 4 \u0142ucznik\u00f3w (w tym 2 kobiety), 4 pi\u0119cioboist\u00f3w (3 startowa\u0142o + 1 rez.), 17 pi\u0142karzy, 14 pi\u0142karzy r\u0119cznych, 12 siatkarzy, 3 p\u0142ywak\u00f3w (w tym 1 kobieta), 11 ci\u0119\u017carowc\u00f3w (9 startowa\u0142o + 2 rez.), 12 strzelc\u00f3w, 18 szermierzy (w tym 5 kobiet), 26 wio\u015blarzy (w tym 14 kobiet; 22 startowa\u0142o + 4 rez.), 14 zapa\u015bnik\u00f3w, 2 \u017ceglarzy (1 startowa\u0142o + 1 rez.).<\/p>\n<!-- \/wp:paragraph -->\n\n<!-- wp:paragraph -->\n<p>Chor\u0105\u017cym reprezentacji Polski by\u0142 kajakarz <strong>Grzegorz \u015aledziewski<\/strong>.<\/p>\n<!-- \/wp:paragraph -->\n\n<!-- wp:heading -->\n<h2><strong>Klasyfikacja medalowa<\/strong><\/h2>\n<!-- \/wp:heading -->\n\n<!-- wp:table {\"hasFixedLayout\":true,\"className\":\"is-style-stripes\"} -->\n<figure class=\"wp-block-table is-style-stripes\"><table class=\"has-fixed-layout\"><tbody><tr><td><\/td><td><\/td><td class=\"has-text-align-center\" data-align=\"center\">&nbsp;<\/td><td class=\"has-text-align-center\" data-align=\"center\">&nbsp;<\/td><td class=\"has-text-align-center\" data-align=\"center\">&nbsp;<\/td><td class=\"has-text-align-center\" data-align=\"center\">&nbsp;<\/td><\/tr><tr><td>&nbsp;<\/td><td>&nbsp;<\/td><td class=\"has-text-align-center\" data-align=\"center\">&nbsp;<\/td><td class=\"has-text-align-center\" data-align=\"center\"><img class=\"wp-image-27817\" style=\"width: 50px;\" src=\"https:\/\/olimpijski.pl\/wp-content\/uploads\/2016\/06\/2016_Rio_zloty_50x50.jpg\" alt=\"\"><\/td><td class=\"has-text-align-center\" data-align=\"center\"><img class=\"wp-image-27819\" style=\"width: 50px;\" src=\"https:\/\/olimpijski.pl\/wp-content\/uploads\/2016\/06\/2016_Rio_sreb_50x50.jpg\" alt=\"\"><\/td><td class=\"has-text-align-center\" data-align=\"center\"><img class=\"wp-image-27821\" style=\"width: 50px;\" src=\"https:\/\/olimpijski.pl\/wp-content\/uploads\/2016\/06\/2016_Rio_braz_50x50.jpg\" alt=\"\"><\/td><\/tr><tr><td>1.<\/td><td>ZSRR<\/td><td class=\"has-text-align-center\" data-align=\"center\">125<\/td><td class=\"has-text-align-center\" data-align=\"center\">49<\/td><td class=\"has-text-align-center\" data-align=\"center\">41<\/td><td class=\"has-text-align-center\" data-align=\"center\">35<\/td><\/tr><tr><td>2.<\/td><td>NRD<\/td><td class=\"has-text-align-center\" data-align=\"center\">90<\/td><td class=\"has-text-align-center\" data-align=\"center\">40<\/td><td class=\"has-text-align-center\" data-align=\"center\">25<\/td><td class=\"has-text-align-center\" data-align=\"center\">25<\/td><\/tr><tr><td>3.<\/td><td>USA<\/td><td class=\"has-text-align-center\" data-align=\"center\">94<\/td><td class=\"has-text-align-center\" data-align=\"center\">34<\/td><td class=\"has-text-align-center\" data-align=\"center\">35<\/td><td class=\"has-text-align-center\" data-align=\"center\">25<\/td><\/tr><tr><td>...<\/td><td>&nbsp;<\/td><td class=\"has-text-align-center\" data-align=\"center\">&nbsp;<\/td><td class=\"has-text-align-center\" data-align=\"center\">&nbsp;<\/td><td class=\"has-text-align-center\" data-align=\"center\">&nbsp;<\/td><td class=\"has-text-align-center\" data-align=\"center\">&nbsp;<\/td><\/tr><tr><td><strong>6.<\/strong><\/td><td><strong>Polska<\/strong><\/td><td class=\"has-text-align-center\" data-align=\"center\"><strong>26<\/strong><\/td><td class=\"has-text-align-center\" data-align=\"center\"><strong>7<\/strong><\/td><td class=\"has-text-align-center\" data-align=\"center\"><strong>6<\/strong><\/td><td class=\"has-text-align-center\" data-align=\"center\"><strong>13<\/strong><\/td><\/tr><\/tbody><\/table><\/figure>\n<!-- \/wp:table -->\n\n<!-- wp:heading -->\n<h2><strong>Medale dla Polski (26)<\/strong><\/h2>\n<!-- \/wp:heading -->\n\n<!-- wp:paragraph -->\n<p>z\u0142oty - Irena Szewi\u0144ska (lekkoatletyka - bieg na 400 m)<br>z\u0142oty - Janusz Pyciak-Peciak (pi\u0119ciob\u00f3j nowoczesny)<br>z\u0142oty - Jerzy Rybicki (boks - waga lekko\u015brednia)<br>z\u0142oty - Tadeusz \u015alusarski (lekkoatletyka - skok o tyczce)<br>z\u0142oty - Jacek Wszo\u0142a (lekkoatletyka - skok wzwy\u017c)<br>z\u0142oty Kazimierz Lipie\u0144 (zapasy - styl klasyczny - waga 62 kg)<br>z\u0142oty - Bronis\u0142aw Bebel, Ryszard Bosek, Wies\u0142aw Gaw\u0142owski, Marek Karbarz, Zbigniew Lubiejewski, Lech Lasko, Miros\u0142aw Rybaczewski, W\u0142odzimierz Sadalski, Edward Skorek, W\u0142odzimierz Stefa\u0144ski, Tomasz Wojtowicz i Zbigniew Zarzycki (siatk\u00f3wka)<\/p>\n<!-- \/wp:paragraph -->\n\n<!-- wp:paragraph -->\n<p>srebrny - Andrzej Gronowicz i Jerzy Opara (kajakarstwo - C2&nbsp; 500 m)<br>srebrny - Bronis\u0142aw Malinowski (lekkoatletyka- bieg na 3000 m z przeszkodami)<br>srebrny - Grzegorz Cziura (podnoszenie ci\u0119\u017car\u00f3w - waga 56 kg)<br>srebrny - Grzegorz Jaremski, Jerzy Pietrzyk, Ryszard Podlas i Jan Werner (lekkoatletyka - sztafeta 4x400 m)<br>srebrny - Tadeusz Mytnik, Mieczys\u0142aw Nowicki, Stanis\u0142aw Szozda, Ryszard Szurkowski (kolarstwo - szosowy wy\u015bcig dru\u017c. na 100 km)<br>srebrny - (Jan Beniger, Les\u0142aw \u0106mikiewicz, Kazimierz Deyna, Jerzy Gorgo\u0144, Henryk Kasperczak, Kazimierz Kmiecik, Grzegorz Lato, Zygmunt Maszczyk, Piotr Mowlik, Roman Ogaza, Wojciech Rudy, Andrzej Szarmach, Antoni Szymanowski, Jan Tomaszewski, Henryk Wawrowski, Henryk Wieczorek, W\u0142adys\u0142aw \u017bmuda (pi\u0142ka no\u017cna)<\/p>\n<!-- \/wp:paragraph -->\n\n<!-- wp:paragraph -->\n<p>br\u0105zowy - Leszek B\u0142a\u017cy\u0144ski (boks - waga musza)<br>br\u0105zowy - Leszek Kosedowski (boks - waga pi\u00f3rkowa)<br>br\u0105zowy - Kazimierz Szczerba (boks - waga lekkop\u00f3\u0142\u015brednia)<br>br\u0105zowy - Janusz Gortat (boks -waga p\u00f3\u0142ci\u0119\u017cka)<br>br\u0105zowy - Marian Ta\u0142aj (judo - waga 71 kg)<br>br\u0105zowy - Mieczys\u0142aw Nowicki (kolarstwo - wy\u015bcig indywidualny)<br>br\u0105zowy - Wies\u0142aw Gawlikowski (strzelectwo - skeet)<br>br\u0105zowy - Jerzy Greszkiewicz (strzelectwo - strzelanie do sylwetki biegn\u0105cego dzika)<br>br\u0105zowy - Czes\u0142aw Kwieci\u0144ski (zapasy - styl klasyczny - waga 90 kg)<br>br\u0105zowy - Andrzej Skrzydlewski (zapasy - styl klasyczny - waga 100 kg)<br>br\u0105zowy - Kazimierz Czarnecki (podnoszenie ci\u0119\u017car\u00f3w - waga 67,5 kg)<br>br\u0105zowy - Tadeusz Rutkowski (podnoszenie ci\u0119\u017car\u00f3w - waga ponad 110 kg)<br>br\u0105zowy - Zdzis\u0142aw Antczak, Janusz Brzozowski, Piotr Cie\u015bla, Jan Gmyrek, Alfred Ka\u0142uzi\u0144ski, Jerzy Klempel, Zygfryd Kuchta, Jerzy Melcer, Ryszard Przybysz, Henryk Rozmiarek, Andrzej Soko\u0142owski, Andrzej Szymczak, Mieczys\u0142aw Wojczak i W\u0142odzimierz Zieli\u0144ski (pi\u0142ka r\u0119czna)<\/p>\n<!-- \/wp:paragraph -->\n\n<!-- wp:quote {\"className\":\"is-style-default\"} -->\n<blockquote class=\"wp-block-quote is-style-default\"><p>A\u017c siedem razy zagrano bia\u0142o-czerwonym Mazurek D\u0105browskiego: Irenie Szewi\u0144skiej triumfatorce biegu na 400 m, bokserowi Jerzemu Rybickiemu, Jackowi Wszole najlepszemu w skoku wzwy\u017c i Tadeuszowi \u015alusarskiemu, kt\u00f3ry wygra\u0142 konkurs skoku o tyczce, najlepszemu pi\u0119cioboi\u015bcie nowoczesnemu igrzysk Januszowi Pyciakowi-Peciakowi, zapa\u015bnikowi klasykowi Kazimierzowi Lipieniowi oraz siatkarzom, podopiecznym trenera Huberta Wagnera.<\/p><p>Drugi olimpijski kr\u0105\u017cek wywalczyli pi\u0142karze no\u017cni \u2013 tym razem srebro, z kolei zdobyli br\u0105z pi\u0142karze r\u0119czni.<\/p><\/blockquote>\n<!-- \/wp:quote -->","post_title":"Montreal 1976","post_excerpt":"","post_status":"publish","comment_status":"closed","ping_status":"closed","post_password":"","post_name":"montreal-1976","to_ping":"","pinged":"","post_modified":"2020-09-28 15:51:36","post_modified_gmt":"2020-09-28 13:51:36","post_content_filtered":"","post_parent":0,"guid":"https:\/\/wai-q98d7hpf9hy9k.wpallimport-demo.qsandbox.me\/olympics_summer\/montreal-1976\/","menu_order":0,"post_type":"olympics_summer","post_mime_type":"","comment_count":"0","filter":"raw"},"team_competition":{"ID":5866,"post_author":"1","post_date":"2020-06-19 11:32:30","post_date_gmt":"2020-06-19 11:32:30","post_content":"","post_title":"Pi\u0142ka r\u0119czna","post_excerpt":"","post_status":"publish","comment_status":"open","ping_status":"open","post_password":"","post_name":"pilka-reczna","to_ping":"","pinged":"","post_modified":"2020-06-29 13:17:08","post_modified_gmt":"2020-06-29 11:17:08","post_content_filtered":"","post_parent":0,"guid":"https:\/\/wai-q7byvryhhcz9k.wpallimport-demo.qsandbox.me\/competition\/pilka-reczna\/","menu_order":0,"post_type":"competition","post_mime_type":"","comment_count":"0","filter":"raw"},"team_players":[{"ID":13232,"post_author":"15","post_date":"2020-06-24 16:43:26","post_date_gmt":"2020-06-24 14:43:26","post_content":"<p class=\"title-m-02\"><strong>Zdzis\u0142aw Antczak (1947-2019),<\/strong> <strong>ps. \"Szyna\",\u00a0 jeden z\u00a0najlepszych polskich pi\u0142karzy r\u0119cznych XX wieku (lewor\u0119czny prawoskrzyd\u0142owy), olimpijczyk z\u00a0Monachium (1972) i\u00a0Montrealu (1976), gdzie zdoby\u0142 br\u0105zowy medal.<\/strong><\/p>\nUrodzony 20 listopada 1947 w\u00a0Mi\u0142kowicach ko\u0142o Legnicy, absolwent wroc\u0142awskiej AWF, gdzie otrzyma\u0142 tytu\u0142 magistra wf. Pi\u0142karz r\u0119czny (188 cm, 82 kg) wroc\u0142awskiego \u015al\u0105ska (od 1960) w\u00a0kt\u00f3rego barwach wywalczy\u0142 6-krotnie tytu\u0142 mistrza Polski (1972-1977), podopieczny trener\u00f3w: Bogdana Kowalczyka (klub) oraz\u00a0Janusza Czerwi\u0144skiego i\u00a0Stanis\u0142awa Majorka (kadra). 130-krotny reprezentant Polski, w\u00a0dru\u017cynie narodowej gra\u0142 na\u00a0prawym skrzydle b\u0119d\u0105c zawodnikiem lewor\u0119cznym (kiedy\u015b by\u0142 to\u00a0ewenement i\u00a0zawodnik\u00f3w tego typu poszukiwano w\u00a0ka\u017cdym zespole). Wyj\u0105tkowe predyspozycje Antczaka wybiega\u0142y jednak daleko poza jego \"lewor\u0119czno\u015b\u0107\". By\u0142 przede wszystkim bardzo szybki (biega\u0142 300 m w\u00a035.6, a\u00a060 m w\u00a07.1 sekundy), posiada\u0142 niezwyk\u0142e zdolno\u015bci manualne (lewa r\u0119ka zr\u0119czna, nietypowa w\u00a0opanowaniu pi\u0142ki) i\u00a0bardzo specyficzny strza\u0142 ze skrzyd\u0142a, co powodowa\u0142o, \u017ce\u00a0by\u0142 postrachem bramkarzy na\u00a0igrzyskach i\u00a0mistrzostwach \u015bwiata (w M\u015a 1974 zosta\u0142 uznany za najlepszego skrzyd\u0142owego). Dodajmy do\u00a0tego, \u017ce\u00a0mia\u0142 nieprawdopodobn\u0105 wydolno\u015b\u0107 fizyczn\u0105, by\u0142 b\u0142yskotliwy w\u00a0grze i\u00a0niebywale odporny psychicznie. A do\u00a0tego inteligentny (wszechstronne zainteresowania humanistyczne) i\u00a0lubiany przez\u00a0koleg\u00f3w i\u00a0szkoleniowc\u00f3w.\n\nDwukrotny olimpijczyk i\u00a0finalista mistrzostw \u015bwiata 1974 (4 m.). Wybrany zosta\u0142 do\u00a0najlepszej polskiej \"si\u00f3demki\" XX wieku (og\u0142osi\u0142o j\u0105 \"Tempo\" nr\u00a019 z\u00a02001) z\u00a0adnotacj\u0105: \"Prawe skrzyd\u0142o. Zdzis\u0142aw Antczak. Niepowtarzalny, nietuzinkowy rzut. Bardzo dobry technik\". W\u00a0dru\u017cynie tej znale\u017ali si\u0119 poza tym: E. Szymczak (bramkarz), J. Melcer (lewe skrzyd\u0142o), A. Soko\u0142owski (ko\u0142o), B. Wenta (lewe rozegranie), D. Waszkiewicz (\u015brodek rozegrania) i\u00a0J. Klempel (prawe rozegranie). Po zako\u0144czeniu kariery sportowej w\u00a0kraju gra\u0142 w\u00a0Belgii (S.C. Mechelen). Zas\u0142u\u017cony Mistrz Sportu (1976) odznaczony m. in. srebrnym Medalem za Wybitne Osi\u0105gni\u0119cia Sportowe (1976).\n\nZmar\u0142 28 lutego 2019 roku po ci\u0119\u017ckiej chorobie.\n\n<strong>*1972 Monachium: cz\u0142onek dru\u017cyny pi\u0142ki r\u0119cznej<\/strong>, kt\u00f3ra w\u00a0grupie elim. (4 dru\u017c.) zremisowa\u0142a ze Szwecj\u0105 13:13 (Antczak zdoby\u0142 2 bramki), wygra\u0142a z\u00a0Dani\u0105 11:8 (2 bramki) i\u00a0przegra\u0142a z\u00a0ZSRR 11:17, zajmuj\u0105c 3 m. w\u00a0grupie; w\u00a0spotkaniu o\u00a0msc 9-12 pokona\u0142a Islandi\u0119 20:17 (5 bramek); w\u00a0meczu o\u00a0msc 9-10 przegra\u0142a z\u00a0Norwegi\u0105 20:23 (2 bramki), zajmuj\u0105c 10. msc w\u00a0turnieju (zw. Jugos\u0142awia). Antczak wzi\u0105\u0142 udzia\u0142 we wszystkich spotkaniach. Jego partnerami w\u00a0dru\u017cynie byli: Z. Dybol, F. G\u0105sior, J. Gmyrek, B. Kowalczyk, Z. Kuchta, A. Lech, J. Melcer, H. Pnioci\u0144ski, H. Rozmiarek, A. Soko\u0142owski, E. Szolc, A. Szymczak, W. Wachowicz i\u00a0R. Zawada.\n\n<strong>*1976 Montreal: cz\u0142onek dru\u017cyny pi\u0142ki r\u0119cznej<\/strong>, kt\u00f3ra w\u00a0grupie elim. (5 dru\u017c.) pokona\u0142a W\u0119gry 18:16 (1 bramka), CSRS 21:18 i\u00a0USA 26:20 (1 bramka) oraz\u00a0przegra\u0142a z\u00a0Rumuni\u0105 15:17 (1 bramka) zajmuj\u0105c 2. msc w\u00a0grupie (w rozgrywkach tej grupy uczestniczy\u0142a pocz\u0105tkowo Tunezja, kt\u00f3ra uleg\u0142a Polsce 12:26, ale\u00a0potem wycofa\u0142a si\u0119 z\u00a0turnieju i\u00a0nie zosta\u0142a sklasyfikowana); w\u00a0meczu o\u00a03-4. msc zwyci\u0119\u017cy\u0142a RFN 21:18 (11:9) po dogrywce przy stanie 17:17 (2 bramki) <strong>zdobywaj\u0105c br\u0105zowy medal<\/strong> (zw. ZSRR). Antczak wzi\u0105\u0142 udzia\u0142 we wszystkich spotkaniach, a\u00a0jego partnerami w\u00a0dru\u017cynie byli: J. Brzozowski, P. Cie\u015bla, J. Gmyrek, A. Ka\u0142uzi\u0144ski, J. Klempel, Z. Kuchta, J. Melcer, R. Przybysz, H. Rozmiarek, A. Soko\u0142owski, A. Szymczak, M. Wojczak i\u00a0W. Zieli\u0144ski.\n\n<em>Bibl.: G\u0142uszek, Leksykon 1999, s. 149; Pawlak, Olimpijczycy, s. 22; MES, t. 1, s. 42; Porada, Igrzyska, s. 444, 888, 902; Drygas, 75 lat pi\u0142ki r\u0119cznej, s. 60-61, 63-64, 67- 68; Du\u0144ski, Od Pary\u017ca, s. 20; Schwarzer, Dolno\u015bl\u0105scy olimpijczycy, s. 43, 44, 48; Wywiad \u015brodowiskowy.<\/em>\n\n<!-- history -->\n<table style=\"text-align: right; width: 85%;\" border=\"0\" cellspacing=\"0\" cellpadding=\"0\">\n<tbody>\n<tr>\n<td class=\"box3-title\" align=\"right\"><\/td>\n<\/tr>\n<\/tbody>\n<\/table>","post_title":"Zdzis\u0142aw Antczak (1947-2019)","post_excerpt":"","post_status":"publish","comment_status":"closed","ping_status":"closed","post_password":"","post_name":"zdzislaw-antczak","to_ping":"","pinged":"","post_modified":"2020-11-20 12:00:55","post_modified_gmt":"2020-11-20 11:00:55","post_content_filtered":"","post_parent":0,"guid":"http:\/\/pkol.local\/person\/zdzislaw-antczak\/","menu_order":60,"post_type":"person","post_mime_type":"","comment_count":"0","filter":"raw"},{"ID":13396,"post_author":"1","post_date":"2020-06-24 16:44:01","post_date_gmt":"2020-06-24 14:44:01","post_content":"<p class=\"title-m-02\">BRZOZOWSKI JANUSZ<\/p>\r\n<strong>ps. \"B\u0105bel\", trener, pi\u0142karz r\u0119czny Pogoni Szczecin, jeden z\u00a0najlepszych prawoskrzyd\u0142owych dru\u017cyny narodowej, olimpijczyk z\u00a0Montrealu (1976) i\u00a0Moskwy (1980), zdobywca br\u0105zowego medalu.<\/strong>\r\nUrodzony 29 czerwca 1951 w\u00a0Szczecinie, pi\u0142karz r\u0119czny (173 cm, 79 kg), wychowanek miejscowej Pogoni (trener Igor Pazur). Zawodnik wybitny (profesjonalista) zaliczony (obok H. G\u0105siora, Dybola, Kuchty, Panasa, Fr\u0105szczaka i\u00a0K\u0142oska) przez\u00a0fachowc\u00f3w do\u00a0II si\u00f3demki w\u00a0historii naszej pi\u0142ki r\u0119cznej na\u00a0pozycji prawoskrzyd\u0142owego (podczas IO w\u00a0Montrealu z\u00a0powodzeniem zmienia\u0142\u00a0 Z. Antczaka). Mimo nie najlepszych warunk\u00f3w fizycznych (tylko 173 cm wzrostu i\u00a0st\u0105d przezwisko \"B\u0105bel\"), potrafi\u0142 na\u00a0sta\u0142e zadomowi\u0107 si\u0119 w\u00a0dru\u017cynie narodowej (na IO w\u00a0Moskwie 1980 i\u00a0M\u015a w\u00a0Dortmundzie 1982, gdzie Polacy zdobyli br\u0105zowy medal by\u0142 podstawowym zawodnikiem zespo\u0142u). M\u00f3wiono o\u00a0nim: <em>\"hazardzista, bardzo odwa\u017cny ryzykant\"<\/em>.\r\n\r\nSkuteczny w\u00a0obronie, celowa\u0142 w\u00a0rzutach ze skrzyd\u0142a i\u00a0z podaniem na\u00a0deski. Niestety zawodzi\u0142 w\u00a0kontrataku i\u00a0nie m\u00f3g\u0142\u00a0 by\u0107 zaliczony do\u00a0zawodnik\u00f3w all round. By\u0142 pasjonatem swojej dyscypliny sportu. Powiedzia\u0142 kiedy\u015b, \u017ce\u00a0najwi\u0119ksz\u0105 rado\u015b\u0107 daje mu to, \u017ce\u00a0w\u00a0pi\u0142ce r\u0119cznej ci\u0105gle mo\u017cna pokaza\u0107 co\u015b nowego. St\u0105d bardzo d\u0142ugo wytrzyma\u0142 na\u00a0parkiecie. Rozegra\u0142 w\u00a0reprezentacji 164 spotkania m. in. na\u00a0dw\u00f3ch igrzyskach i\u00a0dw\u00f3ch mistrzostwach \u015bwiata (1978, 1982). Po zako\u0144czeniu kariery w\u00a0kraju, przez\u00a0kilka lat gra\u0142 we Francji, gdzie cieszy\u0142 si\u0119 znakomit\u0105 opini\u0105. Zas\u0142u\u017cony Mistrz Sportu (1983).\r\n\r\n<strong>*1976 Montreal: cz\u0142onek dru\u017cyny pi\u0142ki r\u0119cznej<\/strong>, kt\u00f3ra w\u00a0grupie elim. (5 dru\u017c.) pokona\u0142a W\u0119gry 18:16, CSRS 21:18 (Brzozowski 2 bramki) i\u00a0USA 26:20 (1 bramka) oraz\u00a0przegra\u0142a z\u00a0Rumuni\u0105 15:17 (1 bramka), zajmuj\u0105c 2. msc w\u00a0grupie (w rozgrywkach tej grupy uczestniczy\u0142a pocz\u0105tkowo Tunezja, kt\u00f3ra przegra\u0142a z\u00a0Polsk\u0105 12:26, ale\u00a0potem zbojkotowa\u0142a igrzyska, wycofa\u0142a si\u0119 z\u00a0turnieju i\u00a0nie zosta\u0142a sklasyfikowana); w\u00a0meczu o\u00a0msc 3-4 zwyci\u0119\u017cy\u0142a RFN 21:18 po dogrywce (1 bramka), <strong>zdobywaj\u0105c br\u0105zowy medal<\/strong> (zw. ZSRR). Brzozowski wzi\u0105\u0142 udzia\u0142 we wszystkich meczach. Sk\u0142ad dru\u017cyny zob. - Antczak Zdzis\u0142aw.\r\n<strong>*1980 Moskwa: cz\u0142onek dru\u017cyny pi\u0142ki r\u0119cznej<\/strong>, kt\u00f3ra w\u00a0grupie elim. (6 dru\u017c.) pokona\u0142a Kub\u0119 34:19 (1 bramka) i\u00a0Dani\u0119 26:12 (2 bramki), zremisowa\u0142a z\u00a0W\u0119grami 20:20 oraz\u00a0przegra\u0142a z\u00a0NRD 21:22 i\u00a0Hiszpani\u0105 22:24 (2 bramki), zajmuj\u0105c 4. msc w\u00a0grupie; w\u00a0meczu o\u00a0msc 7-8 wygra\u0142a ze Szwajcari\u0105 23:22 (2 bramki), zajmuj\u0105c 7. msc w\u00a0turnieju (zw. NRD). Brzozowski wyst\u0105pi\u0142 we wszystkich meczach. Jego partnerami w\u00a0dru\u017cynie byli: P. Czaczka, J. Garpiel, Z. Gawlik, R. Jedli\u0144ski, A. Ka\u0142uzi\u0144ski, A. K\u0105cki, J. Klempel, G. Kosma, M. Panas, H. Rozmiarek, Z. T\u0142uczy\u0144ski, D. Waszkiewicz i\u00a0M. Wojczak.\r\n\r\n<em>Bibl.: G\u0142uszek, Leksykon 1999, s. 164; Pawlak, Olimpijczycy, s. 41; MES, t. 1, s. 104; Porada, Igrzyska, s. 444, 902, 989; Du\u0144ski, Od Pary\u017ca, s. 89 (tu b\u0142\u0119dnie absolwent WSP i\u00a0lewoskrzyd\u0142owy); Drygas, 75 lat pi\u0142ki r\u0119cznej, s. 67-68, 72, 77-78, 82; Wywiad \u015brodowiskowy.<\/em>\r\n\r\n<!-- history -->\r\n<table style=\"text-align: right; width: 85%;\" border=\"0\" cellspacing=\"0\" cellpadding=\"0\">\r\n<tbody>\r\n<tr>\r\n<td class=\"box3-title\" align=\"right\"><\/td>\r\n<\/tr>\r\n<\/tbody>\r\n<\/table>","post_title":"Janusz Brzozowski","post_excerpt":"","post_status":"publish","comment_status":"open","ping_status":"open","post_password":"","post_name":"janusz-brzozowski","to_ping":"","pinged":"","post_modified":"2020-10-09 12:18:23","post_modified_gmt":"2020-10-09 10:18:23","post_content_filtered":"","post_parent":0,"guid":"http:\/\/pkol.local\/person\/janusz-brzozowski\/","menu_order":60,"post_type":"person","post_mime_type":"","comment_count":"0","filter":"raw"},{"ID":13478,"post_author":"15","post_date":"2020-06-24 16:44:19","post_date_gmt":"2020-06-24 14:44:19","post_content":"<p class=\"title-m-02\">CIE\u015aLA PIOTR J\u00d3ZEF<\/p>\n\n<table cellspacing=\"0\" cellpadding=\"0\" border=\"0\" align=\"LEFT\">\n<tbody>\n<tr>\n<td class=\"photo-td-01\">\n<table cellspacing=\"0\" cellpadding=\"0\" border=\"0\">\n<tbody>\n<tr>\n<td><img src=\"\/pl\/soczi2014\/files\/old\/i\/olimpijczycy\/Ciesla_Piotr_m.jpg\" alt=\"CIE\u015aLA PIOTR J\u00d3ZEF \" width=\"50\" height=\"50\" border=\"0\"><\/td>\n<\/tr>\n<\/tbody>\n<\/table>\n<\/td>\n<\/tr>\n<\/tbody>\n<\/table>\n<strong>przedsi\u0119biorca, pi\u0142karz r\u0119czny gda\u0144skiej Sp\u00f3jni, reprezentacyjny obro\u0144ca dru\u017cyny narodowej, br\u0105zowy medalista z&nbsp;Montrealu (1976).\n<\/strong>\nUrodzony 16 stycznia 1955 w&nbsp;Gda\u0144sku, syn J\u00f3zefa i&nbsp;Czes\u0142awy Przyjemskiej, absolwent miejscowego Technikum Mechanicznego (1976), przez&nbsp;kilka lat student tamtejszej AWF. Pi\u0142karz r\u0119czny (186 cm, 92 kg) gda\u0144skiej Sp\u00f3jni (od 1972), wychowanek trenera Jana Kleina (szko\u0142a podstawowa nr&nbsp;39 z&nbsp;ul. Obywatelskiej) oraz&nbsp;Janusza Nycza i&nbsp;Janusza Czerwi\u0144skiego (kadra). Karier\u0119 sportow\u0105 rozpoczyna\u0142 (m.in. wraz z&nbsp;przysz\u0142ym koleg\u0105 z&nbsp;reprezentacji W\u0142odzimierzem Zieli\u0144skim) na&nbsp;og\u00f3lnopolskich spartakiadach o&nbsp;mistrzostwo szk\u00f3\u0142 podstawowych (trzykrotnie 1 m.). Potem (ju\u017c w&nbsp;barwach Sp\u00f3jni) gra\u0142 w&nbsp;dru\u017cynie mistrza Polski w&nbsp;kat. junior\u00f3w, a&nbsp;od&nbsp;1972 znalaz\u0142 si\u0119 w&nbsp;kadrze I-ligowej Sp\u00f3jni, gdzie wyst\u0119powa\u0142 podczas ca\u0142ej kariery zawodniczej. W&nbsp;reprezentacji debiutowa\u0142 (1974) podczas meczu z&nbsp;W\u0119grami w&nbsp;Debreczynie, rozgrywaj\u0105c w&nbsp;barwach narodowych (1974-1978) 51 spotka\u0144 (wyst\u0105pi\u0142 poza IO w&nbsp;Montrealu&nbsp;- na&nbsp;M\u015a w&nbsp;Danii w&nbsp;1978). Mia\u0142 dobr\u0105 opini\u0119.\"Cie\u015bla - m\u00f3wi\u0142 o&nbsp;nim trener kadry prof. J. Czerwi\u0144ski&nbsp;- wyst\u0119puj\u0105cy zazwyczaj na&nbsp;\u015brodku, ogromnie pracowity, bez&nbsp;reszty zaanga\u017cowany w&nbsp;to co robi, na&nbsp;boisku walcz\u0105cy jak lew, poprawnie przy tym realizuj\u0105cy trenerskie zalecenia.\n\nBardzo lubiany przez&nbsp;koleg\u00f3w. \u015awietny obro\u0144ca, nieco s\u0142abszy w&nbsp;ataku, cho\u0107 rzut z&nbsp;dystansu, a&nbsp;szczeg\u00f3lnie z&nbsp;biodra na&nbsp;wysokim poziomie. Pewne sk\u0142onno\u015bci do&nbsp;gry faul, wynikaj\u0105ce jednak z&nbsp;jego walecznego charakteru. Do zawodnika \u015bwiatowego formatu brakowa\u0142o mu tak\u017ce nieco lepszych warunk\u00f3w fizycznych (mimo 186 cm wzrostu)\". Przeszed\u0142 do&nbsp;historii naszego udzia\u0142u w&nbsp;IO w&nbsp;Montrealu. W&nbsp;decyduj\u0105cym o&nbsp;medalu meczu z&nbsp;RFN, przy stanie 17:14 dla&nbsp;Polski (nieca\u0142e 3 minuty do&nbsp;ko\u0144ca) atakuje on zbyt agresywnie rywala i&nbsp;\"spada\" z&nbsp;boiska na&nbsp;dwie karne minuty. Os\u0142abieni w&nbsp;ten spos\u00f3b bia\u0142o-czerwoni trac\u0105 dwie bramki, a&nbsp;8 sekund przed ko\u0144cem Niemcy wyr\u00f3wnuj\u0105 na&nbsp;17:17. W&nbsp;dogrywce (2 x 5 min.), Polacy zachowuj\u0105 jednak \"zimn\u0105 krew\", strzelaj\u0105 dalsze cztery bramki i&nbsp;wygrywaj\u0105c ostatecznie 21:18 zdobywaj\u0105 jedyny (jak do&nbsp;tej pory w&nbsp;tej dyscyplinie sportu) br\u0105zowy medal olimpijski.&nbsp;Po zako\u0144czeniu kariery sportowej w&nbsp;kraju&nbsp;- gra\u0142 r\u00f3wnie\u017c w&nbsp;Austrii. Mistrz Sportu (1985) odznaczony zosta\u0142 Br\u0105zowym Medalem za Wybitne Osi\u0105gni\u0119cia Sportowe (1986).\n\n<strong>* 1976 Montreal: cz\u0142onek dru\u017cyny pi\u0142ki r\u0119cznej<\/strong>, kt\u00f3ra w&nbsp;grupie elim. (5 dru\u017c.) pokona\u0142a W\u0119gry 18:16 (Cie\u015bla zdoby\u0142 1 bramk\u0119), CSRS 21:18 i&nbsp;USA 26:20 oraz&nbsp;przegra\u0142a z&nbsp;Rumuni\u0105 15:17, zajmuj\u0105c w&nbsp;grupie 2. msc (w rozgrywkach tej grupy uczestniczy\u0142a pocz\u0105tkowo Tunezja, kt\u00f3ra jednak po pora\u017cce z&nbsp;Polsk\u0105 12:26 wycofa\u0142a si\u0119 z&nbsp;turnieju i&nbsp;nie zosta\u0142a sklasyfikowana); w&nbsp;meczu o&nbsp;3-4. msc zwyci\u0119\u017cy\u0142a RFN 21:18 po dogrywce, <strong>zdobywaj\u0105c br\u0105zowy medal<\/strong> (zw. ZSRR). Cie\u015bla wzi\u0105\u0142 udzia\u0142 we wszystkich spotkaniach. Sk\u0142ad dru\u017cyny zob.&nbsp;- Antczak Zdzis\u0142aw.\n\n<em>Bibl.: G\u0142uszek, Leksykon 1999, s. 172; Pawlak, Olimpijczycy, s. 49; Gebert, Poczet olimpijczyk\u00f3w, s. 72-76; Du\u0144ski, Od Pary\u017ca, s. 118; Drygas, 75 lat pi\u0142ki r\u0119cznej, s. 67-68, 72-73; MES, t. 1, s. 117; Porada, Igrzyska, s. 444, 902; AAWF Gda\u0144sk.<\/em>\n\n<!-- history -->\n<table style=\"text-align: right; width: 85%;\" cellspacing=\"0\" cellpadding=\"0\" border=\"0\">\n<tbody>\n<tr>\n<td class=\"box3-title\" align=\"right\"><\/td>\n<\/tr>\n<\/tbody>\n<\/table>","post_title":"Piotr Cie\u015bla","post_excerpt":"","post_status":"publish","comment_status":"closed","ping_status":"closed","post_password":"","post_name":"jozef-piotr-ciesla","to_ping":"","pinged":"","post_modified":"2020-10-09 13:03:08","post_modified_gmt":"2020-10-09 11:03:08","post_content_filtered":"","post_parent":0,"guid":"http:\/\/pkol.local\/person\/jozef-piotr-ciesla\/","menu_order":60,"post_type":"person","post_mime_type":"","comment_count":"0","filter":"raw"},{"ID":13730,"post_author":"15","post_date":"2020-06-24 16:45:33","post_date_gmt":"2020-06-24 14:45:33","post_content":"<!-- wp:paragraph -->\n<p><br><br><br><strong>trener, jeden z\u00a0najwybitniejszych pi\u0142karzy r\u0119cznych, olimpijczyk z\u00a0Monachium (1972) i\u00a0br\u0105zowy medalista IO w\u00a0Montrealu (1976).<br><\/strong><br>Urodzony 2 marca 1951 w Krakowie (syn Edmunda), absolwent miejscowego Technikum Elektrotechnicznego im. Powsta\u0144c\u00f3w \u015al\u0105skich (1971) i warszawskiej AWF (1977), gdzie otrzyma\u0142 tytu\u0142 magistra wf (spec. sport). Pi\u0142karz r\u0119czny (177 cm, 79 kg) AZS Krak\u00f3w (od 1964), Stali Mielec i Hutnika Krak\u00f3w. Wielki talent sportowy. Jako ucze\u0144 Szko\u0142y Podstawowej nr 2 gra\u0142 w pi\u0142k\u0119 no\u017cn\u0105 i reprezentowa\u0142 barwy Krakowa w zespole trampkarzy. W wieku 13 lat zmieni\u0142 dyscyplin\u0119, rozpocz\u0105\u0142 treningi pi\u0142ki r\u0119cznej. Post\u0119py robi\u0142 b\u0142yskawiczne, awansuj\u0105c jako 18-latek do dru\u017cyny I-ligowej, a jako 19-latek do reprezentacji Polski. W Mielcu (od 1969, Krak\u00f3w nie mia\u0142 wtedy dru\u017cyny w ekstraklasie) pod kierunkiem trener\u00f3w Stanis\u0142awa Majorka i Leona Nosili doskonali\u0142 swoje umiej\u0119tno\u015bci, staj\u0105c si\u0119 z biegiem lat jednym z najwybitniejszych zawodnik\u00f3w (\u015brodkowe rozegranie) zaliczanych do krajowej i \u015bwiatowej czo\u0142\u00f3wki (mimo nie najlepszych warunk\u00f3w fizycznych). M\u00f3wiono o nim, \u017ce ma \"oczy dooko\u0142a g\u0142owy\", to znaczy, \u017ce wszystko widzia\u0142 i m\u00f3g\u0142 wyst\u0119powa\u0107 w roli \"re\u017cysera gry zespo\u0142u\".<\/p>\n<!-- \/wp:paragraph -->\n\n<!-- wp:paragraph -->\n<p>Pracowity, odpowiedzialny, prowadz\u0105cy sportowy tryb \u017cycia. I podziwiany. \"Na boisku by\u0142 tym, kt\u00f3ry potrafi\u0142 zmyli\u0107 i\u00a0wyprowadzi\u0107 z\u00a0r\u00f3wnowagi ka\u017cdego przeciwnika\" - m\u00f3wili o\u00a0nim koledzy.\u00a0Trzykrotny mistrz Polski (1978-1980), dwukrotny finalista M\u015a (1974 - 4. msc, 1978 - 6. msc), srebrny medalista P\u015a (1974), rozegra\u0142 w\u00a0barwach narodowych 160 spotka\u0144 (1970-1979), a\u00a0najwi\u0119kszy sukces odni\u00f3s\u0142 wraz z\u00a0kolegami na\u00a0IO w\u00a0Montrealu 1976, strzelaj\u0105c Niemcom pierwsz\u0105 bramk\u0119 w\u00a0walce o\u00a0br\u0105zowy medal (w sumie zdoby\u0142 ich w\u00a0Kanadzie 15). Po zako\u0144czeniu gry w\u00a0kraju wyjecha\u0142 do\u00a0Austrii, gdzie walnie przyczyni\u0142 si\u0119 do\u00a0rozwoju i\u00a0popularyzacji tamtejszej pi\u0142ki r\u0119cznej, co przez\u00a0gospodarzy zosta\u0142o zauwa\u017cone i\u00a0jest ciep\u0142o komentowane. Zas\u0142u\u017cony Mistrz Sportu (1974), odznaczony m. in. br\u0105zowym Medalem za Wybitne Osi\u0105gni\u0119cia Sportowe (1976) i\u00a0Srebrnym Krzy\u017cem Zas\u0142ugi. Czynny dzia\u0142acz sportowy (bierze udzia\u0142 w\u00a0zawodach dla\u00a0m\u0142odzie\u017cy, a\u00a0tak\u017ce old boy'\u00f3w).<\/p>\n<!-- \/wp:paragraph -->\n\n<!-- wp:paragraph -->\n<p><strong>*1972 Monachium: cz\u0142onek dru\u017cyny pi\u0142ki r\u0119cznej<\/strong>, kt\u00f3ra w&nbsp;grupie elim. (4 dru\u017c.) zremisowa\u0142a ze Szwecj\u0105 13:13 (Gmyrek 3 bramki), wygra\u0142a z&nbsp;Dani\u0105 11:8 (2 bramki) i&nbsp;przegra\u0142a z&nbsp;ZSRR 11:17 (2 bramki), zajmuj\u0105c 3. msc w&nbsp;grupie; w&nbsp;spotkaniu o&nbsp;9-12. msc pokona\u0142a Islandi\u0119 20:17, a&nbsp;w&nbsp;meczu o&nbsp;msc 9-10 przegra\u0142a z&nbsp;Norwegi\u0105 20:23 zajmuj\u0105c ostatecznie w&nbsp;turnieju 10. msc (zw. Jugos\u0142awia). Gmyrek wzi\u0105\u0142 udzia\u0142 w&nbsp;spotkaniach ze Szwecj\u0105, Dani\u0105, ZSRR i&nbsp;Norwegi\u0105. Sk\u0142ad dru\u017cyny zob. - Antczak Zdzis\u0142aw.<\/p>\n<!-- \/wp:paragraph -->\n\n<!-- wp:paragraph -->\n<p><strong>*1976 Montreal: cz\u0142onek dru\u017cyny pi\u0142ki r\u0119cznej<\/strong>, kt\u00f3ra w&nbsp;grupie elim. (5 dru\u017c.) pokona\u0142a W\u0119gry 18:16 (1 bramka), CSRS 21:18 (5 bramek) i&nbsp;USA 26:20 (5 bramek) oraz&nbsp;przegra\u0142a z&nbsp;Rumuni\u0105 15:17 (2 bramki), zajmuj\u0105c w&nbsp;grupie 2. msc (w rozgrywkach tej grupy bra\u0142a jeszcze udzia\u0142 pocz\u0105tkowo Tunezja, kt\u00f3ra po pora\u017cce z&nbsp;Polsk\u0105 12:26 zbojkotowa\u0142a igrzyska, wycofa\u0142a si\u0119 z&nbsp;turnieju i&nbsp;nie zosta\u0142a sklasyfikowana); w&nbsp;meczu o&nbsp;msc 3-4 zwyci\u0119\u017cy\u0142a RFN 21:18 po dogrywce (2 bramki) <strong>zdobywaj\u0105c br\u0105zowy medal<\/strong> (zw. ZSRR). Gmyrek wzi\u0105\u0142 udzia\u0142 we wszystkich meczach. Sk\u0142ad dru\u017cyny zob. - Antczak Zdzis\u0142aw.<\/p>\n<!-- \/wp:paragraph -->\n\n<!-- wp:paragraph -->\n<p><em>Bibl.: G\u0142uszek, Leksykon 1999, s. 197; Pawlak, Olimpijczycy, s. 81; MES, t. 1, s. 188; Porada, Igrzyska, s. 444, 888, 902; Du\u0144ski, Od Pary\u017ca, s. 209-210 (tu, podobnie jak u&nbsp;wszystkich pi\u0142karzy r\u0119cznych autor lokuje Puchar \u015awiata w&nbsp;Szwecji w&nbsp;roku 1975; winno by\u0107 1974); Drygas, 75 lat pi\u0142ki r\u0119cznej, s. 60-61, 63-64, 67-68, 72, 188; Kasprzyk, 50 lat krakowskiej pi\u0142ki r\u0119cznej, Krak\u00f3w 1978, s. 54; AAWF Warszawa, sygn. D - 2534 \/ Z.<\/em><\/p>\n<!-- \/wp:paragraph -->","post_title":"Jan Gmyrek","post_excerpt":"trener, jeden z\u00a0najwybitniejszych pi\u0142karzy r\u0119cznych, olimpijczyk z\u00a0Monachium (1972) i\u00a0br\u0105zowy medalista IO w\u00a0Montrealu (1976).","post_status":"publish","comment_status":"closed","ping_status":"closed","post_password":"","post_name":"jan-wojciech-gmyrek","to_ping":"","pinged":"","post_modified":"2021-03-02 14:02:23","post_modified_gmt":"2021-03-02 13:02:23","post_content_filtered":"","post_parent":0,"guid":"http:\/\/pkol.local\/person\/jan-wojciech-gmyrek\/","menu_order":60,"post_type":"person","post_mime_type":"","comment_count":"0","filter":"raw"},{"ID":13973,"post_author":"15","post_date":"2020-06-24 16:46:34","post_date_gmt":"2020-06-24 14:46:34","post_content":"<p class=\"title-m-02\">KA\u0141UZI\u0143SKI ALFRED J\u00d3ZEF (1952-1997)<\/p>\n<strong>trener, najlepszy (obok Gmyrka) pi\u0142karz r\u0119czny Krakowa, jeden z&nbsp;najskuteczniejszych strzelc\u00f3w dru\u017cyny narodowej, br\u0105zowy medalista olimpijski z&nbsp;Montrealu (1976), uczestnik IO w&nbsp;Moskwie (1980).\n<\/strong>\nUrodzony 21 grudnia 1952 w&nbsp;Krakowie, syn J\u00f3zefa Franciszka i&nbsp;Alfredy Kr\u00f3l, absolwent miejscowego Technikum Elektrycznego, kierowca mechanik, trener. Zawodnik (190 cm, 81 kg) krakowskich klub\u00f3w: Wawelu (od 1971) i&nbsp;Hutnika, wychowanek trenera Boguchwa\u0142a Fulary (prawdziwy \u0142owca krakowskich talent\u00f3w). Zaczyna\u0142 od&nbsp;siatk\u00f3wki&nbsp;i ze wzgl\u0119du na&nbsp;warunki fizyczne oraz&nbsp;inne predyspozycje (pracowito\u015b\u0107, ch\u0119\u0107 walki), by\u0142by zapewne kandydatem do&nbsp;dru\u017cyny Huberta Wagnera, ale&nbsp;on szuka\u0142 w&nbsp;sporcie bardziej \"m\u0119skiej przygody\", wi\u0119cej ruchu, elementu si\u0142y, twardo\u015bci. Znalaz\u0142 to&nbsp;w&nbsp;pi\u0142ce r\u0119cznej, cho\u0107 zawsze siatk\u00f3wce zazdro\u015bci\u0142 wi\u0119kszej popularno\u015bci. Awansowa\u0142 do&nbsp;dru\u017cyny narodowej w&nbsp;sam\u0105 por\u0119 (1973), kiedy dojrzewa\u0142 najlepszy zesp\u00f3\u0142 w&nbsp;historii polskiej pi\u0142ki r\u0119cznej. Szybko si\u0119 w&nbsp;nim przyj\u0105\u0142 i&nbsp;zadomowi\u0142 rozgrywaj\u0105c w&nbsp;sumie 140 mecz\u00f3w (1973-1982).\n\nDebiutuj\u0105c zdoby\u0142 na&nbsp;M\u015a 1974 - 4. msc Potem by\u0142 <strong>br\u0105zowy medal olimpijski<\/strong> i&nbsp;niejako na&nbsp;po\u017cegnanie reprezentacji - br\u0105zowy medal M\u015a w&nbsp;Dortmundzie (1982). Tak\u017ce 3-krotny mistrz Polski (1979-1981 z&nbsp;Hutnikiem). By\u0142 zawodnikiem rozgrywaj\u0105cym, ale&nbsp;dawa\u0142 sobie rad\u0119 na&nbsp;wszystkich pozycjach (lubi\u0142 mie\u0107 za partnera swego przyjaciela z&nbsp;Krakowa Jana Gmyrka). Gra\u0142 efektownie, ale&nbsp;przede wszystkim skutecznie i&nbsp;st\u0105d chyba selekcjonerzy trzykrotnie zakwalifikowali go do&nbsp;\"dru\u017cyny gwiazd\" (reprezentacja \u015bwiata IHF). By\u0142 r\u00f3wnie\u017c najskuteczniejszym strzelcem w&nbsp;wielu presti\u017cowych pojedynkach bia\u0142o - czerwonych. Niemcom, podczas \"ma\u0142ego fina\u0142u\" o&nbsp;br\u0105zowy medal w&nbsp;Montrealu strzeli\u0142 6 bramek.&nbsp;Kiedy przy stanie 17:17 zarz\u0105dzono dogrywk\u0119 i&nbsp;niejako od&nbsp;nowa zaczyna\u0142a si\u0119 \"gra o&nbsp;wszystko\",&nbsp;strzelcem osiemnastej tzw. psychologicznej bramki by\u0142 niezapomniany Alfred Ka\u0142uzi\u0144ski, wielki wojownik polskiej dru\u017cyny. A nie wygl\u0105da\u0142 na&nbsp;wojownika. Spokojny, jakby wyciszony, lekko u\u015bmiechni\u0119ty, potrafi\u0142 wywie\u017a\u0107 w&nbsp;pole i&nbsp;przechytrzy\u0107 ka\u017cdego bramkarza.\n\nW&nbsp;latach osiemdziesi\u0105tych (ju\u017c po IO w&nbsp;Moskwie) gra\u0142 jeszcze z&nbsp;powodzeniem w&nbsp;Niemczech (Norymberga). Mistrz Sportu (1975), odznaczony m. in. br\u0105zowym Medalem za Wybitne Osi\u0105gni\u0119cia Sportowe (1982). Zmar\u0142 4 wrze\u015bnia 1997 w&nbsp;Klimk\u00f3wce pod Gorlicami. Co roku, w&nbsp;Bo\u017ce Cia\u0142o, jego przyjaciele z&nbsp;Polski i&nbsp;Niemiec organizuj\u0105 na&nbsp;jego cze\u015b\u0107 zawody dla&nbsp;m\u0142odzie\u017cy i&nbsp;starszych pan\u00f3w (Krak\u00f3w).\n\n<strong>*1976 Montreal: cz\u0142onek dru\u017cyny pi\u0142ki r\u0119cznej<\/strong>, kt\u00f3ra w&nbsp;grupie elim. (5 dru\u017c.) pokona\u0142a W\u0119gry 18:16 (Ka\u0142uzi\u0144ski - 8 bramek), CSRS 21:18 (4 bramki) i&nbsp;USA 26:20 (1 bramka) oraz&nbsp;przegra\u0142a z&nbsp;Rumuni\u0105 15:17 (2 bramki), zajmuj\u0105c 2. msc w&nbsp;grupie (bra\u0142a w&nbsp;niej udzia\u0142 r\u00f3wnie\u017c Tunezja, kt\u00f3ra przegra\u0142a z&nbsp;Polsk\u0105 12:26, ale&nbsp;potem zbojkotowa\u0142a igrzyska, wycofa\u0142a si\u0119 z&nbsp;turnieju i&nbsp;nie zosta\u0142a sklasyfikowana); w&nbsp;meczu o&nbsp;msc 3-4 zwyci\u0119\u017cy\u0142a RFN 21:18 po dogrywce (6 bramek), <strong>zdobywaj\u0105c br\u0105zowy medal<\/strong> (zw. ZSRR). Sk\u0142ad dru\u017cyny zob. - Amtczak Zdzis\u0142aw.\n<strong>*1980 Moskwa: cz\u0142onek dru\u017cyny pi\u0142ki r\u0119cznej<\/strong>, kt\u00f3ra w&nbsp;grupie elim. (6 dru\u017c.) pokona\u0142a Kub\u0119 34:19 (5 bramek) i&nbsp; Dani\u0119 26:12 (1 bramka), zremisowa\u0142a z&nbsp;W\u0119grami 20:20 (5 bramek) oraz&nbsp;przegra\u0142a z&nbsp;NRD 21:22 (1 bramka) i&nbsp;Hiszpani\u0105 22:24 (3 bramki), zajmuj\u0105c w&nbsp;grupie 4. msc; w&nbsp;meczu o&nbsp;msc 7-8 wygra\u0142a ze Szwajcari\u0105 23:22 (6 bramek) zajmuj\u0105c 7. msc w&nbsp;turnieju (zw. NRD). Ka\u0142uzi\u0144ski wyst\u0105pi\u0142 we wszystkich meczach. Sk\u0142ad dru\u017cyny zob. - Brzozowski Janusz.\n\n<em>&nbsp;Bibl.: G\u0142uszek, Leksykon 1999, s. 219-220; Pawlak, Olimpijczycy, s. 108-109; MES, t. 1, s. 258, t. 2, s. 42; Porada, Igrzyska, s. 444, 902, 989; Du\u0144ski, Od Pary\u017ca, s. 299; Drygas, 75 lat pi\u0142ki r\u0119cznej, s. 63-64, 67-68, 77-78, 81-82, 189-190; Kasprzyk, 50 lat krakowskiej pi\u0142ki r\u0119cznej, s. 55; USC Krak\u00f3w, AU 8163\/52\/\u015ar. (25.03.2003).<\/em>\n\n<!-- history -->\n<table style=\"text-align: right; width: 85%;\" cellspacing=\"0\" cellpadding=\"0\" border=\"0\">\n<tbody>\n<tr>\n<td class=\"box3-title\" align=\"right\"><a href=\"javascript:history.back()\"><\/a><\/td>\n<\/tr>\n<\/tbody>\n<\/table>","post_title":"Alfred Ka\u0142uzi\u0144ski","post_excerpt":"","post_status":"publish","comment_status":"closed","ping_status":"closed","post_password":"","post_name":"alfred-jozef-kaluzinski","to_ping":"","pinged":"","post_modified":"2020-10-09 11:35:35","post_modified_gmt":"2020-10-09 09:35:35","post_content_filtered":"","post_parent":0,"guid":"http:\/\/pkol.local\/person\/alfred-jozef-kaluzinski\/","menu_order":60,"post_type":"person","post_mime_type":"","comment_count":"0","filter":"raw"},{"ID":14043,"post_author":"1","post_date":"2020-06-24 16:46:56","post_date_gmt":"2020-06-24 14:46:56","post_content":"<p class=\"title-m-02\">KLEMPEL JERZY (1953 - 2004)<\/p>\r\n\r\n<table border=\"0\" cellspacing=\"0\" cellpadding=\"0\" align=\"LEFT\">\r\n<tbody>\r\n<tr>\r\n<td class=\"photo-td-01\">\r\n<table border=\"0\" cellspacing=\"0\" cellpadding=\"0\">\r\n<tbody>\r\n<tr>\r\n<td><img src=\"\/pl\/soczi2014\/files\/old\/i\/olimpijczycy\/Klempel_Jerzy_m.jpg\" alt=\"KLEMPEL JERZY\" width=\"50\" height=\"50\" border=\"0\" \/><\/td>\r\n<\/tr>\r\n<\/tbody>\r\n<\/table>\r\n<\/td>\r\n<\/tr>\r\n<\/tbody>\r\n<\/table>\r\n<strong>ps.\u00a0\"Kuku\u015b\", st. chor. sztab. s\u0142. st. WP, trener, jeden z\u00a0najskuteczniejszych pi\u0142karzy r\u0119cznych \u015bwiata, \"strzelec wyborowy\" reprezentacji Polski (224 mecze), br\u0105zowy medalista olimpijski (1976) i\u00a0br\u0105zowy medalista mistrzostw \u015bwiata (1982).\r\n<\/strong>\r\nUrodzony 23 kwietnia 1953 w\u00a0Mi\u0119dzylesiu, absolwent szko\u0142y \u015bredniej, \u017co\u0142nierz zawodowy (st. chor. sztab.), trener. Pi\u0142karz r\u0119czny (192 cm, 90 kg) Gwardii Opole (1970-1971) i\u00a0\u015al\u0105ska Wroc\u0142aw (1971-1982), wychowanek trener\u00f3w Edwarda Hyla i\u00a0Bogdana Kowalczyka. Karier\u0119 sportow\u0105 zaczyna\u0142 (1968) od\u00a0tytu\u0142u mistrza Polski junior\u00f3w Odry Opole w\u00a0hokeju na\u00a0lodzie. Ju\u017c wtedy w\u00a0starciu z\u00a0rywalami nabra\u0142 pewno\u015bci siebie, pozby\u0142 si\u0119 l\u0119ku przed starciem z\u00a0przeciwnikiem. Wyrobi\u0142 sobie si\u0142\u0119, sprawno\u015b\u0107, szybko\u015b\u0107. Przyda\u0142o si\u0119. Dwa lata p\u00f3\u017aniej trafi\u0142 na\u00a0trening szczypiornist\u00f3w Gwardii Opole, a\u00a0potem wszystko potoczy\u0142o si\u0119 b\u0142yskawicznie: zadebiutowa\u0142 w\u00a0I lidze, w\u00a0dwu meczu z\u00a0Pogoni\u0105 Zabrze zdoby\u0142 20 bramek, szybko zabrano go do\u00a0\u015al\u0105ska Wroc\u0142aw, a\u00a0nied\u0142ugo potem zadebiutowa\u0142 w\u00a0reprezentacji narodowej. Tak narodzi\u0142 si\u0119 zawodnik, kt\u00f3ry sta\u0142 si\u0119 legend\u0105 polskiej i\u00a0\u015bwiatowej pi\u0142ki r\u0119cznej. Lewor\u0119czny szczypiornista gra\u0142 na\u00a0pozycji prawego rozgrywaj\u0105cego, a\u00a0czasami go\u015bci\u0142 na\u00a0prawym skrzydle. Jego atutem podstawowym by\u0142o jednak nie miejsce na\u00a0kt\u00f3rym gra\u0142, a\u00a0skuteczno\u015b\u0107 rzutu. Umia\u0142 strzela\u0107 i\u00a0zdobywa\u0107 bramki, dlatego zazwyczaj ca\u0142a taktyka gry zespo\u0142u by\u0142a tak konstruowana, aby w\u0142a\u015bnie on m\u00f3g\u0142 skutecznie zako\u0144czy\u0107 akcj\u0119 celnym strza\u0142em.\u00a0<span style=\"font-size: 0.95em; line-height: 1.35em;\">Z zasady nie pud\u0142owa\u0142. Tote\u017c cieszy\u0142 si\u0119 tytu\u0142em kr\u00f3la strzelc\u00f3w m. in. na\u00a0turniejach olimpijskich w\u00a0Moskwie oraz\u00a0mistrzostwach \u015bwiata w\u00a0Danii (1978) i\u00a0RFN (1982). Jego wyb\u00f3r do\u00a0grona najlepszego polskiego zespo\u0142u XX wieku (na pozycji prawe rozegranie) uzasadniano: \"nieprawdopodobnie celne oko. W\u0142a\u015bciwie pi\u0142ka zawsze l\u0105dowa\u0142a tam, gdzie chcia\u0142. Nie by\u0142 jednak asem techniki\". <\/span>\r\n\r\n<span style=\"font-size: 0.95em; line-height: 1.35em;\">8-krotny mistrz Polski w\u00a0dru\u017cynie \u015al\u0105ska (1972-1978, 1982) by\u0142 tak\u017ce (obok dw\u00f3ch wyst\u0119p\u00f3w olimpijskich, br\u0105zowym medalist\u0105 M\u015a 1982) i\u00a02-krotnym finalist\u0105 M\u015a (1974 - 4. msc i\u00a01978\u00a0- 6. msc). 224-krotny reprezentant Polski w\u00a0kt\u00f3rej by\u0142 najskuteczniejszym strzelcem (brak dok\u0142adnej statystyki, ile zdoby\u0142 bramek). Posiada\u0142 jeszcze dwa rekordy. Jako jedyny (na \u015bwiecie) a\u017c 18 razy po r\u00f3\u017cnego typu imprezach najwy\u017cszej rangi umieszczany by\u0142 w\u00a0reprezentacji \u015bwiata (tzw. \"dru\u017cyny gwiazd\", wybieranej przez\u00a0organizator\u00f3w, trener\u00f3w lub dziennikarzy). Po zako\u0144czeniu kariery w\u00a0Polsce przez\u00a0wiele lat gra\u0142 w\u00a0niemieckim zespole FA Goeppingen (1982-1991). I tu jako jedyny gracz w\u00a0historii zosta\u0142 trzy razy z\u00a0rz\u0119du kr\u00f3lem strzelc\u00f3w Bundesligi. Strzeli\u0142 og\u00f3\u0142em 1147 bramek, co da\u0142o \u015bredni\u0105 w\u00a0sezonie: 9,8 gola na\u00a0mecz.\u00a0Zas\u0142u\u017cony Mistrz Sportu (1987), odznaczony m.in. br\u0105zowym Medalem za Wybitne Osi\u0105gni\u0119cia Sportowe (1976, 1982) i\u00a0Srebrnym Krzy\u017cem Zas\u0142ugi. Zmar\u0142 w\u00a0maju 2004 roku.<\/span>\r\n\r\n<strong>*1976 Montreal: cz\u0142onek dru\u017cyny pi\u0142ki r\u0119cznej<\/strong>, kt\u00f3ra w\u00a0grupie elim. (5 dru\u017c.) pokona\u0142a W\u0119gry 18:16 (Klempel 1 bramka), CSRS 21:18 (2 bramki) i\u00a0USA 26:20 (8 bramek) oraz\u00a0przegra\u0142a z\u00a0Rumuni\u0105 15:17 (6 bramek), zajmuj\u0105c 2. msc w\u00a0grupie (w rozgrywkach tej grupy bra\u0142a r\u00f3wnie\u017c udzia\u0142 dru\u017cyna Tunezji, kt\u00f3ra po pora\u017cce z\u00a0Polsk\u0105 12:26 zbojkotowa\u0142a igrzyska i\u00a0wycofa\u0142a si\u0119 z\u00a0turnieju nie b\u0119d\u0105c sklasyfikowana); w\u00a0meczu o\u00a03-4. msc zwyci\u0119\u017cy\u0142a RFN 21:18 po dogrywce (6 bramek) <strong>zdobywaj\u0105c br\u0105zowy medal<\/strong> (zw. ZSRR). Klempel gra\u0142 we wszystkich meczach. Sk\u0142ad dru\u017cyny zob.\u00a0- Antczak Zdzis\u0142aw.\r\n<strong>*1980 Moskwa: cz\u0142onek dru\u017cyny pi\u0142ki r\u0119cznej<\/strong>, kt\u00f3ra w\u00a0grupie elim. (6 dru\u017c.) pokona\u0142a Kub\u0119 34:19 (11 bramek) i\u00a0Dani\u0119 26:12 (10 bramek), zremisowa\u0142a z\u00a0W\u0119grami 20:20 (1 bramka) oraz\u00a0przegra\u0142a z\u00a0NRD 21:22 (5 bramek) i\u00a0Hiszpani\u0105 22:24 (8 bramek) zajmuj\u0105c 4. msc w\u00a0grupie; w\u00a0meczu o\u00a0msc 7-8 wygra\u0142a ze Szwajcari\u0105 23:22 (9 bramek) zajmuj\u0105c 7. msc w\u00a0turnieju (zw. NRD). Klempel wyst\u0105pi\u0142 we wszystkich meczach. Sk\u0142ad dru\u017cyny zob. - Brzozowski Janusz.\r\n\r\n<em>Bibl.: G\u0142uszek, Leksykon 1999, s. 227; Pawlak, Olimpijczycy, s. 117; MES, t. 1, s. 273; Porada, Igrzyska, s. 444, 902, 989; Du\u0144ski, Od Pary\u017ca, s. 333-334; Drygas, 75 lat pi\u0142ki r\u0119cznej, s. 63-64, 67-68, 77-78, 81-82, 188;\u00a0 Schwarzer, Dolno\u015bl\u0105scy olimpijczycy, s. 44, 52.<\/em>\r\n\r\n<!-- history -->\r\n<table style=\"text-align: right; width: 85%;\" border=\"0\" cellspacing=\"0\" cellpadding=\"0\">\r\n<tbody>\r\n<tr>\r\n<td class=\"box3-title\" align=\"right\"><\/td>\r\n<\/tr>\r\n<\/tbody>\r\n<\/table>","post_title":"Jerzy Klempel","post_excerpt":"","post_status":"publish","comment_status":"open","ping_status":"open","post_password":"","post_name":"jerzy-klempel","to_ping":"","pinged":"","post_modified":"2020-10-09 12:21:19","post_modified_gmt":"2020-10-09 10:21:19","post_content_filtered":"","post_parent":0,"guid":"http:\/\/pkol.local\/person\/jerzy-klempel\/","menu_order":60,"post_type":"person","post_mime_type":"","comment_count":"0","filter":"raw"},{"ID":14258,"post_author":"15","post_date":"2020-06-24 16:47:54","post_date_gmt":"2020-06-24 14:47:54","post_content":"<!-- wp:paragraph -->\n<p><strong>trener, nauczyciel akademicki, najlepszy obro\u0144ca w&nbsp;historii polskiej pi\u0142ki r\u0119cznej, br\u0105zowy medalista olimpijski z&nbsp;Montrealu (1976), trener \"br\u0105zowej\" dru\u017cyny polskiej z&nbsp;M\u015a w&nbsp;Dortmundzie (1982).<br><\/strong><br>Urodzony 5 stycznia 1944 w&nbsp;Diepholz (Niemcy), syn Stefana i&nbsp;Weroniki Chmielewskiej, absolwent Technikum Przetw\u00f3rstwa Papierniczego w&nbsp;\u0141odzi (1963) i&nbsp;warszawskiej AWF (1968), gdzie otrzyma\u0142 tytu\u0142 magistra wf i&nbsp;uprawnienia trenera II kl. w&nbsp;koszyk\u00f3wce i&nbsp;pi\u0142ce r\u0119cznej. Sportem zainteresowa\u0142 si\u0119 (1960) trenuj\u0105c koszyk\u00f3wk\u0119 w&nbsp;dru\u017cynie m\u0142odzik\u00f3w \u0142\u00f3dzkiego MKS MDK (pierwszy trener Andrzej Bogusz, p\u00f3\u017aniejszy wieloletni dyrektor Muzeum Sportu w&nbsp;\u0141odzi), a&nbsp;potem w&nbsp;Widzewie. Lekcje basketu kontynuowa\u0142 podczas studi\u00f3w w&nbsp;dru\u017cynie AZS - AWF (\"Czarodzieje z&nbsp;Bielan\") pod kierunkiem Zygmunta Olesiewicza. By\u0142 tam jednak tylko dobrym sparing partnerem w&nbsp;zespole gwiazd (Nartowski, Perka, Roniker, Niemiec, Kwiatkowski, Piwowar, Sitkowski). Kiedy zdecydowa\u0142 si\u0119 na&nbsp;zmian\u0119 dyscypliny (za namow\u0105 pp. Kami\u0144skiego i&nbsp;Jaworskiego) mia\u0142 ju\u017c 23 lata, ale&nbsp;jego kariera sportowa prawie natychmiast nabra\u0142a rumie\u0144c\u00f3w i&nbsp;potoczy\u0142a si\u0119 b\u0142yskawicznie.<\/p>\n<!-- \/wp:paragraph -->\n\n<!-- wp:paragraph -->\n<p>Po uko\u0144czeniu studi\u00f3w (1968) jest zawodnikiem (189 cm, 88 kg) Sp\u00f3jni Gda\u0144sk z&nbsp;kt\u00f3r\u0105 zdobywa dwa tytu\u0142y mistrza Polski (1969, 1970). Po powrocie do&nbsp;\u0141odzi (1970) gra kilka lat w&nbsp;miejscowej Anilanie (w sumie ok.500 spotka\u0144) po czym wyje\u017cd\u017ca do&nbsp;Austrii (1976-1979), gdzie jako szkoleniowiec i&nbsp;zawodnik zdobywa z&nbsp;ASKO Linz&nbsp;dwukrotnie mistrzostwo tego kraju (1978, 1979). Kolejny powr\u00f3t do&nbsp;\u0141odzi (1980) i&nbsp;zn\u00f3w sukces szkoleniowy: zdobywa z&nbsp;Anilan\u0105 tytu\u0142 mistrza Polski (1983) pe\u0142ni\u0105c r\u00f3wnolegle (od 1981) funkcj\u0119 trenera kadry narodowej (tu odnosi tak\u017ce sukces na&nbsp;M\u015a 1982). Kiedy okaza\u0142o si\u0119, \u017ce&nbsp;na&nbsp;\u017cyczenie Moskwy bojkotujemy igrzyska w&nbsp;Los Angeles (1984), wyje\u017cd\u017ca do&nbsp;Zjednoczonych Emirat\u00f3w Arabskich, gdzie pracuje z&nbsp;zespo\u0142ami klubowymi i&nbsp;reprezentacj\u0105. Potem pe\u0142ni\u0142 jeszcze funkcje trenerskie ponownie w&nbsp;Anilanie i&nbsp;Linzu, by na&nbsp;sta\u0142e osi\u0105\u015b\u0107 w&nbsp;\u0141odzi, gdzie w&nbsp;miejscowym uniwersytecie jest starszym wyk\u0142adowc\u0105 na&nbsp;Wydziale Wychowania Fizycznego. Wybitny zawodnik i&nbsp;trener.<\/p>\n<!-- \/wp:paragraph -->\n\n<!-- wp:paragraph -->\n<p>W&nbsp;latach 1967-1976 rozegra\u0142 w&nbsp;barwach narodowych 142 spotkania (uczestnik m. in. M\u015a 1970 i&nbsp;1974 - 4 m.) pe\u0142ni\u0105c wielokrotnie funkcj\u0119 kapitana zespo\u0142u. Obrotowy i&nbsp;doskona\u0142y obro\u0144ca uznany przez&nbsp;fachowc\u00f3w za najlepszego zawodnika na&nbsp;tej pozycji w&nbsp;historii naszej pi\u0142ki r\u0119cznej. Z&nbsp;jego osob\u0105 \u0142\u0105cz\u0105 si\u0119 te\u017c dwa najwi\u0119ksze wyczyny zwi\u0105zane z&nbsp;histori\u0105 tej dyscypliny sportu: br\u0105zowy medal olimpijski w&nbsp;Montrealu (1976), gdzie wyst\u0119powa\u0142 jako zawodnik i&nbsp;kapitan zespo\u0142u (mia\u0142 ju\u017c 32 lata) oraz&nbsp;br\u0105zowy medal mistrzostw \u015bwiata w&nbsp;Dortmundzie (1982), kt\u00f3ry zdobyli bia\u0142o-czerwoni pod jego trenerskim kierownictwem. W&nbsp;Kanadzie, kiedy decydowa\u0142y si\u0119 losy medalu, a&nbsp;Niemcy zastosowali w&nbsp;obronie \"krycie ka\u017cdy swego\", rozegra\u0142 swoj\u0105 najlepsz\u0105 parti\u0119: wykorzystuj\u0105c umiej\u0119tno\u015bci koszykarza zdoby\u0142 jedn\u0105 z&nbsp;decyduj\u0105cych bramek.&nbsp;A w&nbsp;Dortmundzie&nbsp;jego podopieczni nie tylko rozegrali kilka kapitalnych spotka\u0144 zdobywaj\u0105c br\u0105zowy medal, ale&nbsp;r\u00f3wnie\u017c wywalczyli olimpijski awans, o&nbsp;kt\u00f3rym teraz ci\u0105gle marzymy, a&nbsp;do kt\u00f3rego w&nbsp;Los Angeles (1984) nie dosz\u0142o. Lubiany i&nbsp;ceniony, posiada dar i&nbsp;umiej\u0119tno\u015b\u0107 wsp\u00f3\u0142pracy z&nbsp;lud\u017ami (zawodnicy, dzia\u0142acze) nie tylko w&nbsp;kraju. Jest lektorem-wyk\u0142adowc\u0105 Europejskiej Federacji Pi\u0142ki R\u0119cznej (EHF). Zas\u0142u\u017cony Mistrz Sportu (1973) odznaczony m.in. z\u0142otym Medalem za Wybitne Osi\u0105gni\u0119cia Sportowe i&nbsp;Z\u0142otym Krzy\u017cem Zas\u0142ugi.<\/p>\n<!-- \/wp:paragraph -->\n\n<!-- wp:paragraph -->\n<p><strong>*1972 Monachium: cz\u0142onek dru\u017cyny pi\u0142ki r\u0119cznej<\/strong>, kt\u00f3ra w&nbsp;grupie elim. (4 dru\u017c.) zremisowa\u0142a ze Szwecj\u0105 13:13 (Kuchta 1 bramka), wygra\u0142a z&nbsp;Dani\u0105 11:8 (2 bramki) i&nbsp;przegra\u0142a z&nbsp;ZSRR 11:17 (1 bramka) zajmuj\u0105c 3. msc w&nbsp;grupie; w&nbsp;spotkaniu o&nbsp;9-12. msc pokona\u0142a Islandi\u0119 20:17 (1 bramka); w&nbsp;meczu o&nbsp;msc 9-10 przegra\u0142a z&nbsp;Norwegi\u0105 20:23 (2 bramki) zajmuj\u0105c 10. msc w&nbsp;turnieju (zw. Jugos\u0142awia). Kuchta wzi\u0105\u0142 udzia\u0142 we wszystkich spotkaniach. Sk\u0142ad dru\u017cyny zob. - Antczak Zdzis\u0142aw.<br><strong><br>*1976 Montreal: cz\u0142onek dru\u017cyny pi\u0142ki r\u0119cznej<\/strong>, kt\u00f3ra w&nbsp;grupie elim. (5 dru\u017c.) pokona\u0142a W\u0119gry 18:16 (1 bramka), CSRS 21:18 i&nbsp;USA 26:20 (2 bramki) oraz&nbsp;przegra\u0142a z&nbsp;Rumuni\u0105 15:17, zajmuj\u0105c 2. msc w&nbsp;grupie (w rozgrywkach tej grupy uczestniczy\u0142a pocz\u0105tkowo Tunezja, kt\u00f3ra po pora\u017cce z&nbsp;Polsk\u0105 12:26 (ale nie dlatego, bojkot) wycofa\u0142a si\u0119 z&nbsp;turnieju i&nbsp;nie zosta\u0142a sklasyfikowana; w&nbsp;meczu o&nbsp;3-4. msc zwyci\u0119\u017cy\u0142a RFN 21:18 po dogrywce (2 bramki), <strong>zdobywaj\u0105c<\/strong> <strong>br\u0105zowy medal<\/strong> (zw. ZSRR). Sk\u0142ad dru\u017cyny zob. - Antczak Zdzis\u0142aw.<\/p>\n<!-- \/wp:paragraph -->\n\n<!-- wp:paragraph -->\n<p><em>Bibl.: G\u0142uszek, Leksykon 1999, s. 248; Pawlak, Olimpijczycy, s. 141; Drygas, 75 lat pi\u0142ki r\u0119cznej, s. 60, 63-64, 67-68, 145-146; MES, t. 1, s. 314; Porada, Igrzyska, s. 444, 888, 902; Bogusz, \u0141\u00f3dzcy olimpijczycy, s. 92-93; Du\u0144ski, Od Pary\u017ca, s. 450-451; AAWF Warszawa, sygn. D-3556 \/ S.<\/em><\/p>\n<!-- \/wp:paragraph -->","post_title":"Zygfryd Kuchta","post_excerpt":"trener, nauczyciel akademicki, najlepszy obro\u0144ca w historii polskiej pi\u0142ki r\u0119cznej, br\u0105zowy medalista olimpijski z Montrealu (1976), trener \"br\u0105zowej\" dru\u017cyny polskiej z M\u015a w Dortmundzie (1982).","post_status":"publish","comment_status":"closed","ping_status":"closed","post_password":"","post_name":"zygfryd-kuchta","to_ping":"","pinged":"","post_modified":"2021-01-05 10:20:58","post_modified_gmt":"2021-01-05 09:20:58","post_content_filtered":"","post_parent":0,"guid":"http:\/\/pkol.local\/person\/zygfryd-kuchta\/","menu_order":60,"post_type":"person","post_mime_type":"","comment_count":"0","filter":"raw"},{"ID":14512,"post_author":"15","post_date":"2020-06-24 16:49:03","post_date_gmt":"2020-06-24 14:49:03","post_content":"<!-- wp:paragraph -->\n<p><strong>przedsi\u0119biorca, pi\u0142karz r\u0119czny z&nbsp;Bia\u0142egostoku, najlepszy (i najwy\u017cszy) lewoskrzyd\u0142owy polskiej dru\u017cyny narodowej, olimpijczyk z&nbsp;Monachium (1972) i&nbsp;zdobywca br\u0105zowego medalu olimpijskiego w&nbsp;Montrealu (1976).<br><\/strong><br>Urodzony 10 marca 1949 w&nbsp;Bia\u0142ymstoku, absolwent miejscowego Liceum Og\u00f3lnokszta\u0142c\u0105cego 1968 (studiowa\u0142 w&nbsp;filii bia\u0142ostockiej UW i&nbsp;gda\u0144skiej AWF), jeden z&nbsp;najwy\u017cszych polskich pi\u0142karzy r\u0119cznych (196 cm, 85 kg), zawodnik AZS Bia\u0142ystok (od 1966), Sp\u00f3jni Gda\u0144sk i&nbsp;Korony Kielce (trenerzy: Piotr Botuli\u0144ski, Janusz Czerwi\u0144ski, Janusz Nycz) uznany przez&nbsp;fachowc\u00f3w za najlepszego lewoskrzyd\u0142owego w&nbsp;historii polskiej pi\u0142ki&nbsp; r\u0119cznej. Uzasadnienie: \"jeden z&nbsp;najwy\u017cszych zawodnik\u00f3w obdarzony bardzo silnym rzutem, rozwa\u017cny w&nbsp;grze. Na cztery rzuty trzy ko\u0144czy\u0142y si\u0119 bramk\u0105, na&nbsp;sze\u015b\u0107 - pi\u0119\u0107 pi\u0142ek trafia\u0142o do&nbsp;siatki rywali\".121-krotny reprezentant Polski (4 m. w&nbsp;M\u015a 1974, podstawowy gracz dru\u017cyny olimpijskiej w&nbsp;Montrealu 1976). Zas\u0142u\u017cony Mistrz Sportu (1978) odznaczony m. in. Medalem za Wybitne Osi\u0105gni\u0119cia Sportowe (1976) i&nbsp;Srebrnym Krzy\u017cem Zas\u0142ugi.<\/p>\n<!-- \/wp:paragraph -->\n\n<!-- wp:paragraph -->\n<p><strong>*1972 Monachium: cz\u0142onek dru\u017cyny pi\u0142ki r\u0119cznej<\/strong>, kt\u00f3ra w&nbsp;grupie elim. (4 dru\u017c.) zremisowa\u0142a ze Szwecj\u0105 13:13, wygra\u0142a z&nbsp;Dani\u0105 11:8 (Melcer 5 bramek) i&nbsp;przegra\u0142a z&nbsp;ZSRR 11:17 (4 bramki), zajmuj\u0105c 3. msc w&nbsp;grupie; w&nbsp;spotkaniu o&nbsp;msc 9-12 pokona\u0142a Islandi\u0119 20:17 (4 bramki); w&nbsp;meczu o&nbsp;msc 9-10 przegra\u0142a z&nbsp;Norwegi\u0105 20:23 (6 bramek), zajmuj\u0105c 10. msc w&nbsp;turnieju (zw. Jugos\u0142awia). Melcer wyst\u0105pi\u0142 we wszystkich spotkaniach. Sk\u0142ad dru\u017cyny zob.&nbsp;- Antczak Zdzis\u0142aw.<\/p>\n<!-- \/wp:paragraph -->\n\n<!-- wp:paragraph -->\n<p><strong>*1976 Montreal: cz\u0142onek dru\u017cyny pi\u0142ki r\u0119cznej<\/strong>, kt\u00f3ra w&nbsp;grupie elim. (5 dru\u017c.) pokona\u0142a W\u0119gry 18:16 (2 bramki), CSRS 21:18 (5 bramek) i&nbsp;USA 26:20 oraz&nbsp;przegra\u0142a z&nbsp;Rumuni\u0105 15:17 (1 bramka) zajmuj\u0105c w&nbsp;grupie 2. msc w&nbsp;rozgrywkach tej grupy uczestniczy\u0142a tak\u017ce Tunezja, kt\u00f3ra po pora\u017cce z&nbsp;Polsk\u0105 12:26, ze wzgl\u0119du na&nbsp;bojkot wycofa\u0142a si\u0119 z&nbsp;turnieju i&nbsp;nie zosta\u0142a sklasyfikowana); w&nbsp;meczu o&nbsp;msc 3-4 zwyci\u0119\u017cy\u0142a RFN 21:18, po dogrywce (1 bramka) <strong>zdobywaj\u0105c br\u0105zowy medal<\/strong> (zw. ZSRR). Sk\u0142ad dru\u017cyny zob.&nbsp;- Antczak Zdzis\u0142aw.<\/p>\n<!-- \/wp:paragraph -->\n\n<!-- wp:paragraph -->\n<p><em>Bibl.: G\u0142uszek, Leksykon 1999, s. 274; Pawlak, Olimpijczycy, s. 171; MES, t. 2, s. 135; Porada, Igrzyska, s. 444, 888, 902; Du\u0144ski, Od Pary\u017ca, s. 559 (tu b\u0142\u0119dnie miejsce urodzenia Gda\u0144sk i&nbsp;pozycja, na&nbsp;kt\u00f3rej gra\u0142 w&nbsp;reprezentacji, prawoskrzyd\u0142owy?); Drygas, 75 lat pi\u0142ki&nbsp;r\u0119cznej, s. 60-61, 63-64, 67-68, 188; Wywiad \u015brodowiskowy.<\/em><\/p>\n<!-- \/wp:paragraph -->","post_title":"Jerzy Melcer","post_excerpt":"przedsi\u0119biorca, pi\u0142karz r\u0119czny z\u00a0Bia\u0142egostoku, najlepszy (i najwy\u017cszy) lewoskrzyd\u0142owy polskiej dru\u017cyny narodowej, olimpijczyk z\u00a0Monachium (1972) i\u00a0zdobywca br\u0105zowego medalu olimpijskiego w\u00a0Montrealu (1976).","post_status":"publish","comment_status":"closed","ping_status":"closed","post_password":"","post_name":"jerzy-melcer","to_ping":"","pinged":"","post_modified":"2021-03-10 08:44:17","post_modified_gmt":"2021-03-10 07:44:17","post_content_filtered":"","post_parent":0,"guid":"http:\/\/pkol.local\/person\/jerzy-melcer\/","menu_order":60,"post_type":"person","post_mime_type":"","comment_count":"0","filter":"raw"},{"ID":14840,"post_author":"15","post_date":"2020-06-24 16:50:26","post_date_gmt":"2020-06-24 14:50:26","post_content":"<p class=\"title-m-02\">PRZYBYSZ RYSZARD STANIS\u0141AW (1950-2002)<\/p>\n\n<table cellspacing=\"0\" cellpadding=\"0\" border=\"0\" align=\"LEFT\">\n<tbody>\n<tr>\n<td class=\"photo-td-01\">\n<table cellspacing=\"0\" cellpadding=\"0\" border=\"0\">\n<tbody>\n<tr>\n<td><img src=\"\/pl\/soczi2014\/files\/old\/i\/olimpijczycy\/Przybysz_Ryszard_m.jpg\" alt=\"PRZYBYSZ RYSZARD STANIS\u0141AW \" width=\"50\" height=\"50\" border=\"0\"><\/td>\n<\/tr>\n<\/tbody>\n<\/table>\n<\/td>\n<\/tr>\n<\/tbody>\n<\/table>\n<strong>ps. \"Zaj\u0105c\", technik-mechanik, pi\u0142karz r\u0119czny Anilany \u0141\u00f3d\u017a, br\u0105zowy medalista z&nbsp;IO w&nbsp;Montrealu (1976).\n<\/strong>\nUrodzony 8 stycznia 1950 w&nbsp;Kole, syn Heliodora i&nbsp;Pelagii Indrzejczak, lata szkolne sp\u0119dzi\u0142 w&nbsp;\u0141odzi, gdzie uko\u0144czy\u0142 szko\u0142\u0119 podstawow\u0105 nr&nbsp;26 oraz&nbsp;Technikum Mechaniczne i&nbsp;tam te\u017c (1964) rozpocz\u0105\u0142 trening sportowy od&nbsp;pi\u0142ki no\u017cnej (najpierw Budowlani, a&nbsp;p\u00f3\u017aniej \u0141KS) po czym w&nbsp;Mi\u0119dzyszkolnym KS \u0141odzianka (trener Jan Pe\u0142ka) kontynuowa\u0142 przygod\u0119 sportow\u0105 ju\u017c z&nbsp;pi\u0142k\u0105 r\u0119czn\u0105. Od 1969 zawodnik (187 cm, 81 kg) \u0142\u00f3dzkiej Anilany (trener Jacek Zglinicki) w&nbsp;kt\u00f3rej barwach rozegra\u0142 w&nbsp;I lidze 290 spotka\u0144 i&nbsp;zdoby\u0142 tytu\u0142 mistrza kraju 1983. 93-krotny reprezentant Polski (od 1973), m.in. uczestnik Pucharu \u015awiata 1974, gdzie bia\u0142o-czerwoni zaj\u0119li 2. msc (najlepszy snajper turnieju w&nbsp;Szwecji) i&nbsp;M\u015a 1978 (6. msc), najwi\u0119kszy sukces odni\u00f3s\u0142 podczas IO w&nbsp;Montrealu (1976). W&nbsp;latach 1981-1982 gra\u0142 w&nbsp;Zjednoczonych Emiratach Arabskich; zako\u0144czy\u0142 karier\u0119 sportow\u0105 w&nbsp;kraju (1983). Mistrz Sportu (1979) odznaczony m. in. br\u0105zowym Medalem za Wybitne Osi\u0105gni\u0119cia Sportowe (1976).\n\n<strong>*1976 Montreal: cz\u0142onek dru\u017cyny pi\u0142ki r\u0119cznej<\/strong>, kt\u00f3ra w&nbsp;grupie elim. (5 dru\u017c.) pokona\u0142a W\u0119gry 18:16 (Przybysz 2 bramki), CSRS 21:18 (2 bramki) i&nbsp;USA 26:20 (8 bramek!) oraz&nbsp;przegra\u0142a z&nbsp;Rumuni\u0105 15:17 zajmuj\u0105c w&nbsp;grupie 2. msc (w rozgrywkach tej grupy uczestniczy\u0142a na&nbsp;pocz\u0105tku Tunezja, kt\u00f3ra przegra\u0142a z&nbsp;Polsk\u0105 12:26, a&nbsp;p\u00f3\u017aniej zbojkotowa\u0142a igrzyska i&nbsp;nie zosta\u0142a sklasyfikowana); w&nbsp;meczu o&nbsp;msc 3-4 zwyci\u0119\u017cy\u0142a po dogrywce RFN 21:18 (1 bramka) <strong>zdobywaj\u0105c br\u0105zowy medal<\/strong> (zw. ZSRR). Sk\u0142ad dru\u017cyny zob.&nbsp;- Antczak Zdzis\u0142aw.\n\n<em>Bibl.: G\u0142uszek, Leksykon 1999, s. 305; Pawlak, Olimpijczycy, s. 209-210; Bogusz, \u0141\u00f3dzcy olimpijczycy, s. 134-135; MES, t. 2, s. 320; Porada, Igrzyska, s. 444, 902; Du\u0144ski, Od Pary\u017ca, s. 710; Drygas, 75 lat pi\u0142ki r\u0119cznej, s. 67-68, 72, 190; USC \u0141\u00f3d\u017a&nbsp;- Centrum, pismo z&nbsp;1.04.2003; Wywiad \u015brodowiskowy.<\/em>\n\n<!-- history -->\n<table style=\"text-align: right; width: 85%;\" cellspacing=\"0\" cellpadding=\"0\" border=\"0\">\n<tbody>\n<tr>\n<td class=\"box3-title\" align=\"right\"><\/td>\n<\/tr>\n<\/tbody>\n<\/table>","post_title":"Ryszard Przybysz","post_excerpt":"","post_status":"publish","comment_status":"closed","ping_status":"closed","post_password":"","post_name":"ryszard-stanislaw-przybysz","to_ping":"","pinged":"","post_modified":"2020-10-09 13:08:00","post_modified_gmt":"2020-10-09 11:08:00","post_content_filtered":"","post_parent":0,"guid":"http:\/\/pkol.local\/person\/ryszard-stanislaw-przybysz\/","menu_order":60,"post_type":"person","post_mime_type":"","comment_count":"0","filter":"raw"},{"ID":14909,"post_author":"15","post_date":"2020-06-24 16:50:48","post_date_gmt":"2020-06-24 14:50:48","post_content":"<!-- wp:paragraph -->\n<p><strong>trener, przedsi\u0119biorca, \"rozgrywaj\u0105cy bramkarz\" dru\u017cyny narodowej w&nbsp;pi\u0142ce r\u0119cznej, olimpijczyk z&nbsp;Monachium (1972), Montrealu (1976) i Moskwy (1980).<\/strong><\/p>\n<!-- \/wp:paragraph -->\n\n<!-- wp:paragraph -->\n<p>Urodzony 13 stycznia 1949 w Poznaniu, syn Czes\u0142awa i Zofii Renn, absolwent miejscowego Technikum Mechanicznego nr 1 (1968) i gda\u0144skiej AWF (1979), gdzie otrzyma\u0142 tytu\u0142 magistra wf, pi\u0142karz r\u0119czny (180 cm, 77 kg) graj\u0105cy na bramce, klub\u00f3w pozna\u0144skich: Grunwaldu (od 1962, od 1969 kadra narodowa) i Posnanii (trenerzy Boles\u0142aw Olejniczak i Wies\u0142aw Koz\u0142owski). Bojowy i dynamiczny w grze by\u0142 nie tylko obro\u0144c\u0105 strza\u0142\u00f3w rywali, ale tak\u017ce, poprzez odpowiednie szybkie podania na skrzyd\u0142a - \"organizatorem\" kontratak\u00f3w i&nbsp; wsp\u00f3\u0142tw\u00f3rc\u0105 zdobytych bramek; st\u0105d nazywano go cz\u0119sto \"bramkarzem rozgrywaj\u0105cym\".<\/p>\n<!-- \/wp:paragraph -->\n\n<!-- wp:paragraph -->\n<p>Mistrz Polski w&nbsp;barwach Grunwaldu (1971), srebrny medalista P\u015a (1975) i&nbsp;dwukrotny finalista M\u015a: w&nbsp;1974 (4. msc) i&nbsp;1978 (6. msc) oraz&nbsp;trzykrotny olimpijczyk. Podczas walki o&nbsp;medal w&nbsp;Montrealu (1976) by\u0142 zast\u0119pc\u0105, znajduj\u0105cego si\u0119 w&nbsp;znakomitej formie, naszego bramkarza nr&nbsp;1 - Andrzeja Szymczaka. Po zako\u0144czeniu d\u0142ugiej kariery sportowej w&nbsp;kraju, gra\u0142 w&nbsp;Niemczech (PS Hanover). Obecnie jest trenerem dru\u017cyny \u017ce\u0144skiej w&nbsp;\u017borach. Zas\u0142u\u017cony Mistrz&nbsp; Sportu (1974) odznaczony m. in. br\u0105zowym Medalem za Wybitne Osi\u0105gni\u0119cia Sportowe (1976)i Srebrnym Krzy\u017cem Zas\u0142ugi.<\/p>\n<!-- \/wp:paragraph -->\n\n<!-- wp:paragraph -->\n<p>Zmar\u0142 10 marca 2021 roku.<\/p>\n<!-- \/wp:paragraph -->\n\n<!-- wp:paragraph -->\n<p><strong>*1972 Monachium: bramkarz dru\u017cyny pi\u0142ki r\u0119cznej<\/strong>, kt\u00f3ra w&nbsp;grupie elim. (4 dru\u017c.) zremisowa\u0142a ze Szwecj\u0105 13:13, wygra\u0142a z&nbsp;Dani\u0105 11:8 i&nbsp;przegra\u0142a z&nbsp;ZSRR 11:17, zajmuj\u0105c 3. msc w&nbsp;grupie; w&nbsp;spotkaniu o&nbsp;msc 9-12 pokona\u0142a Islandi\u0119 20:17; w&nbsp;meczu o&nbsp;msc 9-10 przegra\u0142a z&nbsp;Norwegi\u0105 20:23, zajmuj\u0105c ostatecznie w&nbsp;turnieju 10. msc (zw. Jugos\u0142awia). Rozmiarek wyst\u0105pi\u0142 we wszystkich spotkaniach. Sk\u0142ad dru\u017cyny zob. - Antczak Zdzis\u0142aw.<\/p>\n<!-- \/wp:paragraph -->\n\n<!-- wp:paragraph -->\n<p><strong>*1976 Montreal: bramkarz dru\u017cyny pi\u0142ki r\u0119cznej<\/strong>, kt\u00f3ra w&nbsp;grupie (5 dru\u017c.) pokona\u0142a W\u0119gry 18:16, CSRS 21:18 i&nbsp;USA 26:20 oraz&nbsp;przegra\u0142a z&nbsp;Rumuni\u0105 15:17, zajmuj\u0105c 2. msc w&nbsp;grupie (w rozgrywkach tej grupy uczestniczy\u0142a jeszcze Tunezja, kt\u00f3ra przegra\u0142a z&nbsp;Polsk\u0105 12:26, ale&nbsp;potem wycofa\u0142a si\u0119 z&nbsp;turnieju i&nbsp;nie zosta\u0142a sklasyfikowana); w&nbsp;meczu o&nbsp;3-4 msc zwyci\u0119\u017cy\u0142a RFN 21:18 po dogrywce, <strong>zdobywaj\u0105c br\u0105zowy medal<\/strong> (zw. ZSRR). Sk\u0142ad dru\u017cyny zob. - Antczak Zdzis\u0142aw.<\/p>\n<!-- \/wp:paragraph -->\n\n<!-- wp:paragraph -->\n<p><strong>*1980 Moskwa: bramkarz dru\u017cyny pi\u0142ki r\u0119cznej<\/strong>, kt\u00f3ra w&nbsp;grupie elim. (6 dru\u017c.) pokona\u0142a Kub\u0119 34:19 i&nbsp;Dani\u0119 26:12, zremisowa\u0142a z&nbsp;W\u0119grami 20:20 oraz&nbsp;przegra\u0142a z&nbsp;NRD 21:22 i&nbsp;Hiszpani\u0105 22:24, zajmuj\u0105c w&nbsp;grupie 4. msc; w&nbsp;meczu o msc 7-8 wygra\u0142a ze Szwajcari\u0105 23:22, zajmuj\u0105c w&nbsp;turnieju 7, msc (zw. NRD). Rozmiarek wyst\u0105pi\u0142 w&nbsp;meczach z&nbsp;W\u0119grami, Dani\u0105, NRD, Hiszpani\u0105 i&nbsp;Szwajcari\u0105. Sk\u0142ad dru\u017cyny zob. - Brzozowski Janusz.<\/p>\n<!-- \/wp:paragraph -->\n\n<!-- wp:paragraph -->\n<p><em>Bibl.: G\u0142uszek, Leksykon 1999, s. 311; Pawlak, Olimpijczycy, s. 217; MES, t. 2, s. 354; Porada, Igrzyska, s. 444, 888, 902, 989; Du\u0144ski, Od Pary\u017ca, s. 739 (tu brak potwierdzenia posiadania studi\u00f3w wy\u017cszych); Drygas, 75 lat pi\u0142ki r\u0119cznej, s. 60, 63, 67-68, 72, 77, 188; AAWF Gda\u0144sk.<\/em><\/p>\n<!-- \/wp:paragraph -->\n\n<!-- wp:table -->\n<figure class=\"wp-block-table\"><table><tbody><tr><td>&nbsp;<\/td><\/tr><\/tbody><\/table><\/figure>\n<!-- \/wp:table -->","post_title":"Henryk Rozmiarek (1949-2021)","post_excerpt":"\"rozgrywaj\u0105cy bramkarz\" dru\u017cyny narodowej w pi\u0142ce r\u0119cznej, olimpijczyk z Monachium (1972), Montrealu (1976) i Moskwy (1980).","post_status":"publish","comment_status":"closed","ping_status":"closed","post_password":"","post_name":"henryk-rozmiarek","to_ping":"","pinged":"","post_modified":"2021-03-10 17:33:04","post_modified_gmt":"2021-03-10 16:33:04","post_content_filtered":"","post_parent":0,"guid":"http:\/\/pkol.local\/person\/henryk-rozmiarek\/","menu_order":60,"post_type":"person","post_mime_type":"","comment_count":"0","filter":"raw"},{"ID":15055,"post_author":"15","post_date":"2020-06-24 16:51:25","post_date_gmt":"2020-06-24 14:51:25","post_content":"<!-- wp:paragraph -->\n<p><br><strong>ps. \"Olaf\", trener, jeden z\u00a0najlepszych pi\u0142karzy r\u0119cznych w\u00a0historii polskiego szczypiorniaka, uczestnik IO (1972, 1976), br\u0105zowy medalista olimpijski z\u00a0Montrealu (1976).<br><\/strong><br>Urodzony 23 listopada 1948 w\u00a0Komorznie, syn Edmunda i\u00a0Stefanii Gi\u0144ko, absolwent Technikum Przemys\u0142u Budowlanych Materia\u0142\u00f3w Wi\u0105\u017c\u0105cych w\u00a0Opolu (1967), student wroc\u0142awskiej AWF. Pi\u0142karz r\u0119czny (192 cm, 82 kg) Gwardii Opole (trener Edward Hyla) i\u00a0\u015al\u0105ska Wroc\u0142aw (Bogdan Kowalczyk), kt\u00f3rego kariera sportowa zamyka si\u0119 w\u00a0latach 1964-1991.<\/p>\n<!-- \/wp:paragraph -->\n\n<!-- wp:paragraph -->\n<p>Od 1970 reprezentant Polski, kt\u00f3ry od&nbsp;wieloletniego trenera kadry Janusza Czerwi\u0144skiego otrzyma\u0142 nast\u0119puj\u0105c\u0105 opini\u0119: <em>\"Szybko sta\u0142 si\u0119 podstawowym zawodnikiem naszej dru\u017cyny. Niezwykle inteligentny. Nie imponowa\u0142 wprawdzie szybko\u015bci\u0105, ale&nbsp;mia\u0142 wrodzony dar znajdowania si\u0119 tam, gdzie lecia\u0142a pi\u0142ka. Wyczuwa\u0142 intuicyjnie, dok\u0105d zostanie skierowana. By\u0142 obrotowym, podobnie jak Zygfryd Kuchta. Rozszyfrowywa\u0142 bezb\u0142\u0119dnie obron\u0119 przeciwnika. Technicznie dobry. Czasami sprawia\u0142 wra\u017cenie zawodnika ospa\u0142ego, poruszaj\u0105cego si\u0119 w&nbsp;zwolnionym tempie, ale&nbsp;by\u0142o to&nbsp;z\u0142udzenie\"<\/em>. Inny trener kary Stanis\u0142aw Majorek do&nbsp;oceny tej doda\u0142: <em>\"Doskona\u0142y zawodnik na&nbsp;kt\u00f3rego zawsze mo\u017cna by\u0142o liczy\u0107\"<\/em>. Interesuj\u0105ce jest r\u00f3wnie\u017c uzasadnienie decyzji ekspert\u00f3w, kt\u00f3rzy desygnowali szczypiornist\u0119 wroc\u0142awskiego \u015al\u0105ska do&nbsp;najlepszej dru\u017cyny polskiej (na pozycji ko\u0142o) XX wieku:<em> \"Pracowity ponad miar\u0119. Jak na&nbsp;tamte czasy (lata 70 i&nbsp;80) dysponowa\u0142 znakomitymi warunkami fizycznymi. \u015awietnie wsp\u00f3\u0142pracowa\u0142 z&nbsp;partnerami, potrafi\u0142 gra\u0107 \"pod\" koleg\u00f3w\"<\/em>.<\/p>\n<!-- \/wp:paragraph -->\n\n<!-- wp:paragraph -->\n<p><strong>7-krotny mistrz Polski w&nbsp;dru\u017cynie \u015al\u0105ska<\/strong> (1972-1978) i&nbsp;145-krotny reprezentant Polski (1968-1976), m.in. medalista Pucharu \u015awiata (1974 - 2. msc) i&nbsp;finalista M\u015a 1974 (4. msc). Zas\u0142u\u017cony Mistrz Sportu (1978), odznaczony m.in. br\u0105zowym Medalem za Wybitne Osi\u0105gni\u0119cia Sportowe (1976) i&nbsp;Srebrnym Krzy\u017cem Zas\u0142ugi. Po zako\u0144czeniu Kariery zawodniczej - trener \u015al\u0105ska Wroc\u0142aw i&nbsp;dru\u017cyn belgijskich.<\/p>\n<!-- \/wp:paragraph -->\n\n<!-- wp:paragraph -->\n<p><strong>*1972 Monachium: cz\u0142onek dru\u017cyny pi\u0142ki r\u0119cznej<\/strong>, kt\u00f3ra w&nbsp;grupie elim. (4 dru\u017c.) zremisowa\u0142a ze Szwecj\u0105 13:13 (Soko\u0142owski 1 bramka) wygra\u0142a z&nbsp;Dani\u0105 11:8 i&nbsp;przegra\u0142a z&nbsp;ZSRR 11:17, zajmuj\u0105c 3. msc w&nbsp;grupie; w&nbsp;spotkaniu o&nbsp;m. 9-12 pokona\u0142a Islandi\u0119 20:17; w&nbsp;meczu o&nbsp;msc 9-10 przegra\u0142a z&nbsp;Norwegi\u0105 20:23, zajmuj\u0105c 10. msc w&nbsp;turnieju (zw. Jugos\u0142awia). Soko\u0142owski wyst\u0105pi\u0142 we wszystkich meczach. Sk\u0142ad dru\u017cyny zob. - Antczak Zdzis\u0142aw.<br><br><strong>*1976 Montreal: cz\u0142onek dru\u017cyny pi\u0142ki r\u0119cznej<\/strong>, kt\u00f3ra w&nbsp;grupie elim. (5 dru\u017c.) pokona\u0142a W\u0119gry 18:16 (1 bramka), CSRS 21:18 (1 bramka) i&nbsp;USA 26:20 oraz&nbsp;przegra\u0142a z&nbsp;Rumuni\u0105 15:17 (2 bramki), zajmuj\u0105c 2. msc w&nbsp;grupie (w rozgrywkach tej grupy uczestniczy\u0142a pocz\u0105tkowo tak\u017ce Tunezja, kt\u00f3ra po pora\u017cce z&nbsp;Polsk\u0105 12:26 wycofa\u0142a si\u0119 (zbojkotowa\u0142a igrzyska) z&nbsp;turnieju i&nbsp;nie by\u0142a sklasyfikowana); w&nbsp;meczu o&nbsp;3-4. msc zwyci\u0119\u017cy\u0142a RFN 21:18 po dogrywce, <strong>zdobywaj\u0105c br\u0105zowy medal<\/strong> (zw. ZSRR). Soko\u0142owski gra\u0142 we wszystkich meczach. Sk\u0142ad dru\u017cyny zob. - Antczak Zdzis\u0142aw.<\/p>\n<!-- \/wp:paragraph -->\n\n<!-- wp:paragraph -->\n<p><em>Bibl.: G\u0142uszek, Leksykon 1999, s. 326; Pawlak, Olimpijczycy, s.236; MES, t. 2, s. 433; Porada, Igrzyska, s. 444, 888, 902; Du\u0144ski, Od Pary\u017ca, s. 838-839; Drygas, 75 lat pi\u0142ki r\u0119cznej, s. 60-61, 67-68, 188; Iskier przewodnik, s. 500; Wywiad \u015brodowiskowy.<\/em><\/p>\n<!-- \/wp:paragraph -->","post_title":"Andrzej Soko\u0142owski","post_excerpt":"ps. \"Olaf\", trener, jeden z najlepszych pi\u0142karzy r\u0119cznych w historii polskiego szczypiorniaka, uczestnik IO (1972, 1976), br\u0105zowy medalista olimpijski z Montrealu (1976).","post_status":"publish","comment_status":"closed","ping_status":"closed","post_password":"","post_name":"andrzej-sokolowski","to_ping":"","pinged":"","post_modified":"2020-11-23 12:46:49","post_modified_gmt":"2020-11-23 11:46:49","post_content_filtered":"","post_parent":0,"guid":"http:\/\/pkol.local\/person\/andrzej-sokolowski\/","menu_order":60,"post_type":"person","post_mime_type":"","comment_count":"0","filter":"raw"},{"ID":15146,"post_author":"15","post_date":"2020-06-24 16:51:54","post_date_gmt":"2020-06-24 14:51:54","post_content":"<!-- wp:paragraph -->\n<p><br><br><br><strong>przedsi\u0119biorca, trener, pi\u0142karz r\u0119czny Anilany \u0141\u00f3d\u017a, w\u00a0latach siedemdziesi\u0105tych jeden z\u00a0najlepszych bramkarzy \u015bwiata,\u00a0olimpijczyk z\u00a0Monachium (1972) i\u00a0Montrealu (1976), zdobywca br\u0105zowego medalu.<br><\/strong><br>Urodzony 8 wrze\u015bnia 1948 w\u00a0Konstantynowie pod \u0141odzi\u0105, syn Jana i\u00a0Zofii Figat, absolwent miejscowego Gimnazjum i\u00a0Liceum (1967), w\u00a0tamtejszym te\u017c MKS Sok\u00f3\u0142 (1964) rozpocz\u0105\u0142 trening w\u00a0sekcji pi\u0142ki r\u0119cznej (pierwszy trener Robert Szklennik) zdobywaj\u0105c w\u00a0wieku juniora tytu\u0142 mistrza Polski szk\u00f3\u0142 og\u00f3lnokszta\u0142c\u0105cych. Nast\u0119pnie zawodnik (193 cm, 96 kg) W\u0142\u00f3kniarza Konstantyn\u00f3w, \u015al\u0105ska Wroc\u0142aw (1970-1971 podczas s\u0142u\u017cby wojskowej) i\u00a0Anilany \u0141\u00f3d\u017a (1971-1983 z\u00a0przerwami). Reprezentacyjny bramkarz Polski (1967-1983), rozegra\u0142 w\u00a0dru\u017cynie narodowej 219 spotka\u0144 (trenerzy: Tadeusz Wadych, Jacek Zglinicki, Jan Pe\u0142ka), kt\u00f3ry sta\u0142 si\u0119 symbolem d\u0142ugiej i\u00a0trudnej drogi polskiej pi\u0142ki r\u0119cznej na\u00a0\u015bwiatowe szczyty (od IO w\u00a0Monachium 1972, poprzez M\u015a w\u00a0NRD 1974, gdzie znale\u017ali si\u0119 ju\u017c na\u00a04. msc, olimpijski medal w\u00a0Montrealu (1976), M\u015a w\u00a0Danii 1978 - 6. msc do\u00a0br\u0105zowego medalu M\u015a 1982 w\u00a0Dortmundzie).<\/p>\n<!-- \/wp:paragraph -->\n\n<!-- wp:paragraph -->\n<p>We wszystkich tych i&nbsp;innych imprezach \u015bwiatowej rangi jednym z&nbsp;najlepszych graczy ekipy bia\u0142o-czerwonych by\u0142 bramkarz, kt\u00f3remu przyznano tytu\u0142 najlepszego w&nbsp;historii tej dyscypliny w&nbsp;kraju z&nbsp;adnotacj\u0105: <em>\"bodaj jeden z&nbsp;pierwszych bramkarzy, kt\u00f3ry zacz\u0105\u0142 wprowadza\u0107 taktyk\u0119 mi\u0119dzy s\u0142upkami. Do tej pory zawodnicy bronili rzuty rywali refleksem\"<\/em>. Najwy\u017cszej klasy talent, posiada\u0142 nie tylko tradycyjne cechy i&nbsp;umiej\u0119tno\u015bci bramkarskie takie jak intuicja, refleks, umiej\u0119tno\u015b\u0107 ustawienia si\u0119, gra na&nbsp;przedpolu, odwaga. On dba\u0142 oczywi\u015bcie przede wszystkim o&nbsp;\"zabezpieczenie\" bramki, ale&nbsp;jednocze\u015bnie posiad\u0142 umiej\u0119tno\u015b\u0107 kierowania w\u0142asn\u0105 obron\u0105, b\u0142yskawicznego analizowania gry przeciwnika, natychmiastowego wyci\u0105gania wniosk\u00f3w. \"By\u0142 po prostu niesamowity - opowiada\u0142 kiedy\u015b o&nbsp;nim trener Janusz Czerwi\u0144ski. Podczas pami\u0119tnych M\u015a 1974 w&nbsp;NRD (gdzie zosta\u0142 uznany za najlepszego bramkarza tej imprezy) w&nbsp;meczu z&nbsp;Hiszpani\u0105 obroni\u0142 siedem rzut\u00f3w karnych, a&nbsp;w&nbsp;ca\u0142ych mistrzostwach dwadzie\u015bcia jeden. Wyczuwa\u0142 strzelaj\u0105cych napastnik\u00f3w (doprowadzi\u0142 ich wr\u0119cz do&nbsp;rozpaczy). Ustawia\u0142 si\u0119 tak, \u017ce&nbsp;pi\u0142ka zatrzymywa\u0142a si\u0119 na&nbsp;jego nogach, tu\u0142owiu, chwyta\u0142 j\u0105 r\u0119kami, odbija\u0142 piersiami\".<\/p>\n<!-- \/wp:paragraph -->\n\n<!-- wp:paragraph -->\n<p>By\u0142 \"postrachem napastnik\u00f3w\", a&nbsp;przecie\u017c to&nbsp;prawie zawsze jest odwrotnie: najlepsi strzelcy s\u0105 postrachami bramkarzy. Oczywi\u015bcie nie zawsze i&nbsp;nie wszystko w&nbsp;reprezentacyjnej bramce ko\u0144czy\u0142o si\u0119 dla&nbsp;polskiego golkipera pomy\u015blnie.&nbsp;Ryzyko i&nbsp;szale\u0144cza odwaga z&nbsp;kt\u00f3rymi musia\u0142 by\u0107 za pan brat,&nbsp;doprowadza\u0142y czasem do&nbsp;ci\u0119\u017cszych kontuzji, np. podczas monachijskich igrzysk, kiedy morderczy strza\u0142 otrzyma\u0142 prosto w&nbsp;twarz. Ale jeden z&nbsp;najlepszych bramkarzy \u015bwiata (w 1974 po M\u015a wybrano go do&nbsp;reprezentacji \u015bwiata) mia\u0142 do&nbsp;pi\u0142ki r\u0119cznej wielki sentyment. M\u00f3wi\u0142, \u017ce&nbsp;ta gra da\u0142a mu w&nbsp;\u017cyciu wiele przyjemno\u015bci. Po igrzyskach w&nbsp;Montrealu (1976) przez&nbsp;3 lata gra\u0142 w&nbsp;austriackim SBL Linz; od&nbsp;1981 ponownie w&nbsp;Anilanie (walnie przyczyni\u0142 si\u0119 do&nbsp;zdobycia tytu\u0142u mistrza Polski w&nbsp;1983). Po zakwalifikowaniu si\u0119 dru\u017cyny narodowej (M\u015a 1982 Dortmund, 3. msc) do&nbsp;IO w&nbsp;Los Angeles (1984) postanowi\u0142 zako\u0144czy\u0107 karier\u0119 trzecim wyst\u0119pem olimpijskim.<\/p>\n<!-- \/wp:paragraph -->\n\n<!-- wp:paragraph -->\n<p>Z&nbsp;powodu naszego bojkotu (pod naciskiem Moskwy) nie zrealizowa\u0142 swoich marze\u0144. Zamiast na&nbsp;igrzyskach startowa\u0142 po raz ostatni w&nbsp;reprezentacji na&nbsp;\"turnieju pocieszenia\" w&nbsp;NRD, gdzie Polacy zdobyli br\u0105zowy medal i&nbsp;- jak to&nbsp;pisze we wspomnieniach sam Szymczak - \"zamiast 1500 dolar\u00f3w ameryka\u0144skich, wci\u015bni\u0119to nam do&nbsp;r\u0105k 500 rubli radzieckich\". By\u0142o to&nbsp;najsmutniejsze wydarzenie z&nbsp;ca\u0142ej sportowej kariery jednego z&nbsp;najlepszych bramkarzy \u015bwiata. Zas\u0142u\u017cony Mistrz Sportu (1974) odznaczony m. in. Medalem za Wybitne Osi\u0105gni\u0119cia Sportowe.<\/p>\n<!-- \/wp:paragraph -->\n\n<!-- wp:paragraph -->\n<p>Zmar\u0142 6 wrze\u015bnia 2016 roku.<\/p>\n<!-- \/wp:paragraph -->\n\n<!-- wp:paragraph -->\n<p><strong>*1972 Monachium: <\/strong>bramkarz dru\u017cyny <strong>pi\u0142ki r\u0119cznej<\/strong>, kt\u00f3ra w&nbsp;grupie elim. (4 dru\u017c.) zremisowa\u0142a ze Szwecj\u0105 13:13, wygra\u0142a z&nbsp;Dani\u0105 11:8 i&nbsp;przegra\u0142a z&nbsp;ZSRR 11:17, zajmuj\u0105c 3. msc w&nbsp;grupie; w&nbsp;spotkaniu o&nbsp;msc 9-12 pokona\u0142a Islandi\u0119 20:17; w&nbsp;meczu o&nbsp;9-10. msc przegra\u0142a z&nbsp;Norwegi\u0105 20:23, zajmuj\u0105c ostatecznie w&nbsp;turnieju 10. msc (zw. Jugos\u0142awia). Szymczak wyst\u0105pi\u0142 w&nbsp;meczach ze Szwecj\u0105, Dani\u0105 i&nbsp;ZSRR. Sk\u0142ad dru\u017cyny zob. - Antczak Zdzis\u0142aw.<\/p>\n<!-- \/wp:paragraph -->\n\n<!-- wp:paragraph -->\n<p><strong>*1976 Montreal: <\/strong>bramkarz dru\u017cyny <strong>pi\u0142ki r\u0119cznej<\/strong>, kt\u00f3ra w&nbsp;grupie elim. (5 dru\u017c.) pokona\u0142a W\u0119gry 18:16, CSRS 21:18 i&nbsp;USA 26:20 oraz&nbsp;przegra\u0142a z&nbsp;Rumuni\u0105 15:17, zajmuj\u0105c 2. msc w&nbsp;grupie (w rozgrywkach tej grupy pocz\u0105tkowo uczestniczy\u0142a te\u017c Tunezja, kt\u00f3ra po pora\u017cce z&nbsp;Polsk\u0105 12:26, do\u0142\u0105czy\u0142a do&nbsp;dru\u017cyn bojkotuj\u0105cych igrzyska i&nbsp;wycofuj\u0105c si\u0119 z&nbsp;turnieju nie zosta\u0142a sklasyfikowana); w&nbsp;meczu o&nbsp;msc 3-4 zwyci\u0119\u017cy\u0142a RFN 21:18 po dogrywce, <strong>zdobywaj\u0105c br\u0105zowy medal<\/strong> (zw. ZSRR). Sk\u0142ad dru\u017cyny zob. - Antczak Zdzis\u0142aw.<\/p>\n<!-- \/wp:paragraph -->\n\n<!-- wp:paragraph -->\n<p><em>Bibl.: G\u0142uszek, Leksykon 1999, s. 345; Pawlak, Olimpijczycy, s. 258; MES, t. 2, s. 527; Iskier przewodnik, s. 506; Porada, Igrzyska, s. 444, 888, 902; Bogusz, \u0141\u00f3dzcy olimpijczycy, s. 154-155; Du\u0144ski, Od Pary\u017ca, s. 921-922; Drygas, 75 lat pi\u0142ki r\u0119cznej, s. 60, 63, 68, 72, 82, 147-148 i&nbsp;inne; Wywiad \u015brodowiskowy.<\/em><\/p>\n<!-- \/wp:paragraph -->","post_title":"Andrzej Szymczak (1948-2016)","post_excerpt":"przedsi\u0119biorca, trener, pi\u0142karz r\u0119czny Anilany \u0141\u00f3d\u017a, w\u00a0latach 70. jeden z\u00a0najlepszych bramkarzy \u015bwiata,\u00a0olimpijczyk z\u00a0Monachium (1972) i\u00a0Montrealu (1976), zdobywca br\u0105zowego medalu.","post_status":"publish","comment_status":"closed","ping_status":"closed","post_password":"","post_name":"andrzej-szymczak","to_ping":"","pinged":"","post_modified":"2022-09-08 09:54:00","post_modified_gmt":"2022-09-08 07:54:00","post_content_filtered":"","post_parent":0,"guid":"http:\/\/pkol.local\/person\/andrzej-szymczak\/","menu_order":60,"post_type":"person","post_mime_type":"","comment_count":"0","filter":"raw"},{"ID":15222,"post_author":"15","post_date":"2020-06-24 16:52:12","post_date_gmt":"2020-06-24 14:52:12","post_content":"<p class=\"title-m-02\">WOJCZAK MIECZYS\u0141AW JAN<\/p>\n<strong>nauczyciel wf, trener, bramkarz narodowej dru\u017cyny szczypiornist\u00f3w, uczestnik IO w&nbsp;Montrealu (1976) i&nbsp;Moskwie (1980), zdobywca br\u0105zowego medalu.\n<\/strong>\nUrodzony 23 stycznia 1951 w&nbsp;Chorzowie, syn Mieczys\u0142awa Wiktora i&nbsp;Heleny Marii Mola, absolwent miejscowego Technikum Mechanicznego (1969) i&nbsp;katowickiej AWF, gdzie otrzyma\u0142 tytu\u0142 magistra wf (1980). Pi\u0142karz r\u0119czny,&nbsp;bramkarz (188 cm, 87 kg) MKS Chorz\u00f3w (1966-1969), AZS Katowice (1970-1972) i&nbsp;Pogoni Zabrze (1972-1980), wychowanek trener\u00f3w: Ludwika Biegasika i&nbsp;Piotra Depty. 149-krotny reprezentant Polski (m. in. finalista M\u015a 1978 - 6 m. i&nbsp;srebrny medalista Pucharu \u015awiata 1979), kt\u00f3ry w&nbsp;ostatniej chwili zakwalifikowany zosta\u0142 do&nbsp;ekipy olimpijskiej (1976) jako trzeci bramkarz naszej dru\u017cyny (obok Andrzeja Szymczaka i&nbsp;Henryka Rozmiarka). Dobrze wyszkolony technicznie, spokojny i&nbsp;opanowany zda\u0142 egzamin zar\u00f3wno podczas IO w&nbsp;Montrealu jak i&nbsp;cztery lata p\u00f3\u017aniej w&nbsp;Moskwie (1980). Po zako\u0144czeniu kariery w&nbsp;kraju wyjecha\u0142 do&nbsp;Belgii, gdzie wyst\u0119powa\u0142 w&nbsp;barwach HC Initia Hasselt, a&nbsp;p\u00f3\u017aniej zosta\u0142 trenerem narodowej dru\u017cyny tego kraju. Odznaczony m.in. br\u0105zowym Medalem za Wybitne Osi\u0105gni\u0119cia Sportowe i&nbsp;Srebrnym Krzy\u017cem Zas\u0142ugi.\n\n<strong>*1976 Montreal: bramkarz dru\u017cyny pi\u0142ki r\u0119cznej<\/strong>, kt\u00f3ra w&nbsp;grupie elim. (5 dru\u017c.) pokona\u0142a W\u0119gry 18:16, CSRS 21:18 i&nbsp;USA 26:20 oraz&nbsp;przegra\u0142a z&nbsp;Rumuni\u0105 15:17, zajmuj\u0105c 2. msc w&nbsp;grupie (uczestniczy\u0142a tak\u017ce w&nbsp;rozgrywkach tej grupy Tunezja z&nbsp;kt\u00f3r\u0105 Polska wygra\u0142a 26:12, ale&nbsp;ten kraj afryka\u0144ski zbojkotowa\u0142 potem igrzyska i&nbsp;dru\u017cyna ta nie zosta\u0142a sklasyfikowana); w&nbsp;meczu o&nbsp;3-4. msc zwyci\u0119\u017cy\u0142a RFN 21:18, po dogrywce (w normalnym czasie wynik 17:17), <strong>zdobywaj\u0105c br\u0105zowy medal<\/strong> (zw. ZSRR). Sk\u0142ad dru\u017cyny zob. - Antczak Zdzis\u0142aw.\n<strong>*1980 Moskwa: bramkarz dru\u017cyny pi\u0142ki r\u0119cznej<\/strong>, kt\u00f3ra w&nbsp;grupie elim. (6 dru\u017c.) pokona\u0142a Kub\u0119 34:19 i&nbsp;Dani\u0119 26:12, zremisowa\u0142a z&nbsp;W\u0119grami 20:20 oraz&nbsp;przegra\u0142a z&nbsp;NRD 21:22 i&nbsp;Hiszpani\u0105 22:24, zajmuj\u0105c w&nbsp;grupie 4. msc; w&nbsp;meczu o&nbsp;msc 7-8 wygra\u0142a ze Szwajcari\u0105 23:22, zajmuj\u0105c w&nbsp;turnieju 7. msc (zw. NRD). Wojczak wyst\u0105pi\u0142 w&nbsp;meczu z&nbsp;Kub\u0105. Sk\u0142ad dru\u017cyny zob. - Brzozowski Janusz.\n\n<em>Bibl.: G\u0142uszek, Leksykon 1999, s. 366; Pawlak, Olimpijczycy, s. 285; MES, t. 2, s. 623; Porada, Igrzyska, s. 444, 902, 989; Klimontowicz, Ruch olimpijski, s. 85 (tu b\u0142\u0119dnie rok urodzenia 1953); Du\u0144ski, Od Pary\u017ca, s. 1015 (autor wszystkim pi\u0142karzom r\u0119cznym przyznaje b\u0142\u0119dnie udzia\u0142 w&nbsp;Pucharze \u015awiata 1975; impreza ta rozgrywana by\u0142a od&nbsp;1971 co cztery lata; Wojczak uczestniczy\u0142 w&nbsp;Pucharze \u015awiata 1979); Drygas, 75 lat pi\u0142ki r\u0119cznej, s. 64 i&nbsp;76 (dot. Pucharu \u015awiata) oraz&nbsp;67-68, 72, 77-78; Archiwum AWF Katowice; USC Chorz\u00f3w, AU 187\/1951\/1; Wywiad \u015brodowiskowy.<\/em>\n\n<!-- history -->\n<table style=\"text-align: right; width: 85%;\" cellspacing=\"0\" cellpadding=\"0\" border=\"0\">\n<tbody>\n<tr>\n<td class=\"box3-title\" align=\"right\"><a href=\"javascript:history.back()\"><\/a><\/td>\n<\/tr>\n<\/tbody>\n<\/table>","post_title":"Mieczys\u0142aw Wojczak","post_excerpt":"","post_status":"publish","comment_status":"closed","ping_status":"closed","post_password":"","post_name":"mieczyslaw-jan-wojczak","to_ping":"","pinged":"","post_modified":"2020-10-09 12:59:24","post_modified_gmt":"2020-10-09 10:59:24","post_content_filtered":"","post_parent":0,"guid":"http:\/\/pkol.local\/person\/mieczyslaw-jan-wojczak\/","menu_order":60,"post_type":"person","post_mime_type":"","comment_count":"0","filter":"raw"},{"ID":15307,"post_author":"15","post_date":"2020-06-24 16:52:34","post_date_gmt":"2020-06-24 14:52:34","post_content":"<!-- wp:paragraph -->\n<p><strong>przedsi\u0119biorca, pi\u0142karz r\u0119czny gda\u0144skiej Sp\u00f3jni, rozgrywaj\u0105cy dru\u017cyny narodowej, br\u0105zowy medalista olimpijski z&nbsp;Montrealu (1976).<br><\/strong><br>Urodzony 29 marca 1955 w&nbsp;M\u0142awie, syn Stanis\u0142awa i&nbsp;Celiny Buczy\u0144skiej, absolwent szko\u0142y zawodowej (konserwator) lata szkolne sp\u0119dzi\u0142 na&nbsp;Wybrze\u017cu, gdzie w&nbsp;szkole podstawowej (najpierw w&nbsp;54 a&nbsp;potem 39 w&nbsp;Gda\u0144sku) zapozna\u0142 si\u0119 z&nbsp; pi\u0142k\u0105 r\u0119czn\u0105. Nauczyciel wf Jan Klein, kt\u00f3ry by\u0142 jednocze\u015bnie trenerem miejscowej Sp\u00f3jni, skutecznie poszukiwa\u0142 w&nbsp;podstaw\u00f3wkach przysz\u0142ych reprezentant\u00f3w i&nbsp;olimpijczyk\u00f3w. Z&nbsp;tego zaci\u0105gu dwaj 17-latkowie (obok Zieli\u0144skiego jego przyjaciel Piotr Cie\u015bla) ju\u017c pod koniec 1972 trafili do&nbsp;I-ligowej Sp\u00f3jni, a&nbsp;nied\u0142ugo potem do&nbsp;reprezentacji kraju, gdzie otrzymali pierwszorz\u0119dn\u0105 opiek\u0119 szkoleniow\u0105 (Janusz Nycz i&nbsp;Janusz Czerwi\u0144ski).<\/p>\n<!-- \/wp:paragraph -->\n\n<!-- wp:paragraph -->\n<p>Najwi\u0119kszy sukces osi\u0105gn\u0105\u0142 podczas IO w&nbsp;Montrealu (1976). Opinia eksperta brzmia\u0142a: \"Zieli\u0144ski,&nbsp;boczny rozgrywaj\u0105cy, wielki talent do&nbsp;gry zespo\u0142owej, imponuj\u0105cy nieprzeci\u0119tnym rzutem z&nbsp;drugiej linii, doskona\u0142y przy tym technicznie. By\u0142 jednak tak\u017ce zawodnikiem nier\u00f3wnym i&nbsp;niezr\u00f3wnowa\u017conym, szalenie emocjonalnym, o&nbsp;s\u0142abszej odporno\u015bci psychicznej. W&nbsp;trudnych momentach nie zawsze mo\u017cna by\u0142o na&nbsp;niego liczy\u0107 i&nbsp;dlatego np. w&nbsp;Montrealu korzystali\u015bmy z&nbsp;W\u0142odka rzadziej i&nbsp;raczej na&nbsp;kr\u00f3tkie zmiany\" (Janusz Czerwi\u0144ski). Po zako\u0144czeniu gry w&nbsp;Sp\u00f3jni&nbsp;wyst\u0119powa\u0142 kilka lat na&nbsp;parkietach Austrii.<\/p>\n<!-- \/wp:paragraph -->\n\n<!-- wp:paragraph -->\n<p><strong>*1976 Montreal: cz\u0142onek dru\u017cyny pi\u0142ki r\u0119cznej<\/strong>, kt\u00f3ra w&nbsp;grupie elim. (5 dru\u017c.) pokona\u0142a W\u0119gry 18:16, CSRS 21:18 i&nbsp;USA 26:20 oraz&nbsp;przegra\u0142a z&nbsp;Rumuni\u0105 15:17 zajmuj\u0105c w&nbsp;grupie 2. msc (w rozgrywkach tej grupy uczestniczy\u0142a pocz\u0105tkowo Tunezja, kt\u00f3ra po pora\u017cce z&nbsp;Polsk\u0105 12:26 wycofa\u0142a si\u0119 z&nbsp;turnieju \/bojkot igrzysk\/ i&nbsp;nie zosta\u0142a sklasyfikowana); w&nbsp;meczu o&nbsp;3-4. msc zwyci\u0119\u017cy\u0142a RFN 21:18, po dogrywce (w normalnym czasie gry wynik brzmia\u0142 17:17), <strong>zdobywaj\u0105c br\u0105zowy medal<\/strong> (zw. ZSRR). Sk\u0142ad dru\u017cyny zob. - Antczak Zdzis\u0142aw.<\/p>\n<!-- \/wp:paragraph -->\n\n<!-- wp:paragraph -->\n<p><em>Bibl.: G\u0142uszek, Leksykon 1999, s. 377; Pawlak, Olimpijczycy, s. 298; Gebert, Poczet olimpijczyk\u00f3w (opinia trenera J. Czerwi\u0144skiego);&nbsp; MES, t. 2, s. 669; Porada, Igrzyska, s. 444, 902; Du\u0144ski, Od Pary\u017ca, s. 1084-1085; Drygas, 75 lat pi\u0142ki r\u0119cznej, s. 67-68; USC M\u0142awa, (10.03.2003); Wywiad \u015brodowiskowy<\/em><\/p>\n<!-- \/wp:paragraph -->","post_title":"W\u0142odzimierz Zieli\u0144ski","post_excerpt":"przedsi\u0119biorca, pi\u0142karz r\u0119czny gda\u0144skiej Sp\u00f3jni, rozgrywaj\u0105cy dru\u017cyny narodowej, br\u0105zowy medalista olimpijski z\u00a0Montrealu (1976).","post_status":"publish","comment_status":"closed","ping_status":"closed","post_password":"","post_name":"wlodzimierz-zdzislaw-zielinski","to_ping":"","pinged":"","post_modified":"2021-03-29 14:09:00","post_modified_gmt":"2021-03-29 12:09:00","post_content_filtered":"","post_parent":0,"guid":"http:\/\/pkol.local\/person\/wlodzimierz-zdzislaw-zielinski\/","menu_order":60,"post_type":"person","post_mime_type":"","comment_count":"0","filter":"raw"},{"ID":14355,"post_author":"15","post_date":"2020-06-24 16:48:16","post_date_gmt":"2020-06-24 14:48:16","post_content":"<!-- wp:paragraph -->\n<p><strong>trener, najwi\u0119kszy talent w historii polskich zapas\u00f3w, 13-krotny mistrz Polski, 2-krotny mistrz \u015bwiata, 3-krotny mistrz Europy, 3-krotny olimpijczyk (1972, 1976, 1980), zdobywca pierwszych medali olimpijskich w zapasach (styl klasyczny): z\u0142otego (Montreal) i br\u0105zowego (Monachium).<br><\/strong><br>Urodzony 6 lutego 1949 w&nbsp;Jaczkowie ko\u0142o Kamiennej G\u00f3ry w&nbsp;woj. dolno\u015bl\u0105skim (jako bli\u017aniaczy, starszy o&nbsp;kilkana\u015bcie minut brat J\u00f3zefa) w&nbsp;wielodzietnej rodzinie (Edward, Stanis\u0142aw, Bogdan, Ewa, Michalina, Zbigniew) Micha\u0142a i&nbsp;Ireny Mokrzyckiej; absolwent Technikum dla&nbsp;Pracuj\u0105cych (1972) i&nbsp;Studium Trenerskiego w&nbsp;AWF Warszawa (1980). Zapa\u015bnik stylu klasycznego (164 cm, 62 kg) wagi pi\u00f3rkowej (62 kg), zawodnik Karkonoszy Jelenia G\u00f3ra (1965-1967) i&nbsp;Wis\u0142oki D\u0119bica (1967-1980) z&nbsp;kt\u00f3rego karier\u0105 sportow\u0105 naj\u015bci\u015blej zwi\u0105zani s\u0105: Juliusz Wiktor (nauczyciel z&nbsp;podstaw\u00f3wki), Janusz Juliusz Jaszczuk (tak\u017ce nauczyciel z&nbsp;jeleniog\u00f3rskiej Szko\u0142y Rzemios\u0142 Budowlanych, kt\u00f3ry bez&nbsp;klas sportowych, organizacji i&nbsp;sprz\u0119tu zainteresowa\u0142 m\u0142odzie\u017c&nbsp; zapasami), Tadeusz Popio\u0142ek, Czes\u0142aw Korze\u0144 (trenerzy Wis\u0142oki) i&nbsp;Janusz Tracewski (trener kadry narodowej). Dobrze trafi\u0142. Na entuzjast\u00f3w i&nbsp;wielkich fachowc\u00f3w.<\/p>\n<!-- \/wp:paragraph -->\n\n<!-- wp:paragraph -->\n<p>Dopiero w&nbsp;atmosferze gigantycznej pracy, zasadniczego prze\u0142omu w&nbsp; treningu zapa\u015bniczym (Tracewski), troskliwej opiece bytowo - szkoleniowej (D\u0119bica wyros\u0142a na&nbsp;stolic\u0119 polskich zapas\u00f3w) m\u00f3g\u0142 si\u0119 w&nbsp;pe\u0142ni ujawni\u0107&nbsp;najwi\u0119kszy talent w&nbsp;historii tej dyscypliny sportu w&nbsp;Polsce (jednoznaczna opinia fachowc\u00f3w). Zapasy by\u0142y dla&nbsp;niego wszystkim. Tytan pracy mog\u0105cy wytrzyma\u0107 ka\u017cde obci\u0105\u017cenie treningowe, b\u0142yskotliwy technik, charakter bojownika o&nbsp;niezwyk\u0142ej ambicji do&nbsp;ko\u0144ca doskonal\u0105cy sztuk\u0119 walki, mia\u0142 12 lat kiedy w&nbsp;Jeleniej G\u00f3rze zobaczy\u0142 \"baraszkowanie na&nbsp;macie\". Kolejne 12 lat&nbsp;kosztowa\u0142 go po\u015bcig za zapa\u015bnicz\u0105 doskona\u0142o\u015bci\u0105, kt\u00f3ra doprowadzi\u0142a do&nbsp;historycznych osi\u0105gni\u0119\u0107&nbsp;m. in. medali olimpijskich.&nbsp;Walk\u0119 o&nbsp;wszystkie sportowe zaszczyty znacznie mu \"u\u0142atwi\u0142\" gest J\u00f3zefa, kt\u00f3ry by\u0142 niew\u0105tpliwie wyrazem silnej braterskiej wi\u0119zi. Obaj mieli jednakow\u0105 wag\u0119 i&nbsp;aby ze sob\u0105 nie wsp\u00f3\u0142zawodniczy\u0107 na&nbsp;oficjalnych zawodach, Kazimierz zosta\u0142 usytuowany (w\u0142a\u015bciwie ju\u017c na&nbsp;pocz\u0105tku kariery) w&nbsp;kategorii naturalnej wagi cia\u0142a 62 kg. By\u0142a to&nbsp;nie tylko bardzo znacz\u0105ca dogodno\u015b\u0107,&nbsp;ale psychiczny komfort i&nbsp;przewaga nad bratem, kt\u00f3ry musia\u0142 szuka\u0107 miejsca w&nbsp;kategorii najcz\u0119\u015bciej ni\u017cszej (57 kg), co zwi\u0105zane by\u0142o ze sta\u0142ym dietetycznym re\u017cimem, kontrol\u0105 i&nbsp;bardzo przykrym w&nbsp;nast\u0119pstwach zbijaniem wagi cia\u0142a (naturalnymi i&nbsp;sztucznymi sposobami).<\/p>\n<!-- \/wp:paragraph -->\n\n<!-- wp:paragraph -->\n<p>To braterskie \"po\u015bwi\u0119cenie si\u0119\" (nikt tego nigdy nie b\u0119dzie wiedzia\u0142, na&nbsp;ile obni\u017cy\u0142o to&nbsp;wyniki J\u00f3zefa) raz jeden na&nbsp;pewno nie zaszkodzi\u0142o bli\u017aniakom z&nbsp;Jaczkowa, kt\u00f3rzy dokonali wyczynu nie maj\u0105cego r\u00f3wnych w&nbsp;historii zapas\u00f3w na&nbsp;\u015bwiecie. 13 wrze\u015bnia 1973 w&nbsp;Teheranie (na otwartym stadionie, w&nbsp;niesamowitym upale), dwaj bracia z&nbsp;Polski, walcz\u0105cy na&nbsp;dw\u00f3ch matach r\u00f3wnolegle wywalczyli dwa tytu\u0142y mistrz\u00f3w \u015bwiata: Kazimierz w&nbsp;swojej naturalnej wadze pi\u00f3rkowej (do 62 kg) i&nbsp;J\u00f3zef w&nbsp;kategorii ni\u017cszej, koguciej (do 57 kg). By\u0142 to&nbsp;wielki prze\u0142om w&nbsp;historii naszych zapas\u00f3w i&nbsp;pocz\u0105tek sta\u0142ego pobytu w\u015br\u00f3d&nbsp; najlepszych na&nbsp;\u015bwiecie ekipy bia\u0142o-czerwonych. Przywioz\u0142a ona bowiem z&nbsp;Teheranu nie tylko medale \"z\u0142otych bli\u017aniak\u00f3w\", ale&nbsp;r\u00f3wnie\u017c trzy medale srebrne (\u015awierad, kt\u00f3ry mia\u0142 zaledwie 18 lat, Michalik, Kwieci\u0144ski) i&nbsp;jeden br\u0105zowy (Skrzydlewski) oraz&nbsp;przekonanie, \u017ce&nbsp;w&nbsp;szkoleniu naszych zapa\u015bnik\u00f3w nast\u0105pi\u0142 zasadniczy prze\u0142om.<\/p>\n<!-- \/wp:paragraph -->\n\n<!-- wp:paragraph -->\n<p>Teraz ju\u017c wiadomo, \u017ce&nbsp;nazwisko Tracewskiego trzeba wymienia\u0107 w\u015br\u00f3d takich trener\u00f3w jak Stamm, G\u00f3rski, Wagner, \u0141asak. Kazimierz Lipie\u0144 nieco p\u00f3\u017aniej od&nbsp;brata (J\u00f3zef by\u0142 ju\u017c na&nbsp;IO w&nbsp;Meksyku 1968) znalaz\u0142 si\u0119 w&nbsp;orbicie zainteresowa\u0144 wybitnego trenera, kt\u00f3ry o\u015bwiadczy\u0142 po latach, \u017ce&nbsp;\"by\u0142 taki czas, kiedy Kazimierz o&nbsp;p\u00f3\u0142 kroku zacz\u0105\u0142 wyprzedza\u0107 J\u00f3zefa\".&nbsp;I to&nbsp;w\u0142a\u015bnie on dokona\u0142 prze\u0142omu, o&nbsp;kt\u00f3rym rzadko by\u0142o mo\u017cna nawet marzy\u0107: zdoby\u0142 pierwszy z\u0142oty medal olimpijski.&nbsp;By\u0142 ju\u017c znanym i&nbsp;uznanym atlet\u0105 i&nbsp;w roli faworyta polecia\u0142 do&nbsp;Montrealu. \"Nie by\u0142a to&nbsp;wdzi\u0119czna rola&nbsp;- opowiada\u0142. Odpowiedzialno\u015b\u0107 za start wzros\u0142a jeszcze, bo J\u00f3zef przegra\u0142 pierwszy pojedynek. Nie mog\u0119 powiedzie\u0107, \u017ce&nbsp;i&nbsp;los dla&nbsp;mnie nie by\u0142 nadmiernie \u0142askawy, gdy\u017c trafi\u0142em na&nbsp;silnych rywali. Sz\u0142o mi ci\u0119\u017cko, ale&nbsp;wygrywa\u0142em. Zosta\u0142o nas wreszcie tylko trzech. Z&nbsp;Dawidianem ze Zwi\u0105zku Radzieckiego przegra\u0142em, ale&nbsp;ten z&nbsp;kolei uleg\u0142 W\u0119growi Reczi. Aby stan\u0105\u0107 na&nbsp;najwy\u017cszym podium, musia\u0142em pokona\u0107 Madziara wy\u017cej. Cztery lata wcze\u015bniej na&nbsp;igrzyskach w&nbsp;Monachium z\u0142oi\u0142em mu sk\u00f3r\u0119. Nigdy nie by\u0142em tak skoncentrowany. Uda\u0142o si\u0119!\".<\/p>\n<!-- \/wp:paragraph -->\n\n<!-- wp:paragraph -->\n<p>Radosna wiadomo\u015b\u0107 z Montrealu najwi\u0119ksze wra\u017cenie i rado\u015b\u0107 wywo\u0142a\u0142a w D\u0119bicy, a mistrz olimpijski sta\u0142 si\u0119 wsp\u00f3\u0142autorem wydarzenia, kt\u00f3re (pami\u0119tajmy, \u017ce by\u0142 to rok 1976) przesz\u0142o do historii naszej radiofonii. Dzi\u0119ki \u0142\u0105czom satelitarnym, kt\u00f3re na ca\u0142\u0105 dob\u0119 wykupi\u0142o Polskie Radio rozmawia\u0142 on (b\u0119d\u0105c w hali w Montrealu) z \u017con\u0105 Antonin\u0105, kt\u00f3ra znajdowa\u0142a si\u0119 w studiu PR w Rzeszowie. Rado\u015bci\u0105 ze zwyci\u0119stwa Kazimierza dzielili si\u0119 pa\u0144stwo Lipieniowie z milionami kibic\u00f3w, dla kt\u00f3rych (dzi\u0119ki post\u0119powi techniki) \u015bwiat stawa\u0142 si\u0119 rzeczywi\u015bcie \"wielk\u0105 wiosk\u0105\". Kolejne igrzyska (1980), kt\u00f3re przynios\u0142y najwi\u0119kszy sukces J\u00f3zefowi (srebrny medal) by\u0142y \"ostatnim s\u0142owem\" dla mistrza Kazimierza i okazj\u0105 do podsumowania sportowych zdobyczy. 13-krotny mistrz Polski (styl klas.) w w. koguciej - 1968, w w. pi\u00f3rkowej - 1969-1973 i w w. lekkiej - 1974-1980 by\u0142 te\u017c (wszystkie wyst\u0119py w w. pi\u00f3rkowej): 2-krotnym mistrzem \u015bwiata (1973, 1974) oraz 4-krotnym wicemistrzem \u015bwiata (1971, 1975, 1977, 1978), a tak\u017ce: 3-krotnym mistrzem Europy (1975, 1976, 1978) i 3-krotnym medalist\u0105 ME - srebrnym (1973) i br\u0105zowym (1972, 1979). Po zako\u0144czeniu kariery sportowej w Polsce (1981) wyjecha\u0142 do Szwecji (trener i zawodnik), gdzie zdoby\u0142 trzy tytu\u0142y mistrza tego kraju (1981, 1985 w stylu klasycznym i 1982 w stylu wolnym). By\u0142 trenerem: Vasteras (1981-1983), Balingsloev (1984-1985), Varberg Bois B.K. (1985-1988) i Hoor B. K. (1988-1991). Pracuje w PZZ jako trener kadry narodowej w zapasach (styl klasyczny). Odznaczony m.in. siedmiokrotnie z\u0142otym i srebrnym Medalem za Wybitne Osi\u0105gni\u0119cia Sportowe oraz Z\u0142otym Krzy\u017cem Zas\u0142ugi i Krzy\u017cem Kawalerskim OOP.<\/p>\n<!-- \/wp:paragraph -->\n\n<!-- wp:paragraph -->\n<p>Zmar\u0142 w wieku 56 lat, 12 listopada 2005 roku w Nowym Jorku.<\/p>\n<!-- \/wp:paragraph -->\n\n<!-- wp:paragraph -->\n<p><strong>*1972 Monachium: zapasy, styl klas. w. pi\u00f3rkowa 62 kg<\/strong>&nbsp;- w&nbsp;pierwszej kolejce wygra\u0142 na&nbsp;\u0142opatki w&nbsp;8.34 min. z&nbsp;T. Toulotte (Francja), w&nbsp;drugiej zwyci\u0119\u017cy\u0142 3:1 L. Recziego (W\u0119gry), w&nbsp;trzeciej pokona\u0142 na&nbsp;\u0142opatki w&nbsp;5.37 min. S. Migiakisa (Grecja), w&nbsp;czwartej wygra\u0142 3,5:0,5 pkt. z&nbsp;S. Koleticem (Jugos\u0142awia), w&nbsp;pi\u0105tej przegra\u0142 na&nbsp;\u0142opatki w&nbsp;7. min. z&nbsp;H. Wehlingiem (NRD), w&nbsp;sz\u00f3stej zwyci\u0119\u017cy\u0142 3:1 H. Fujimoto (Japonia) <strong>zdobywaj\u0105c br\u0105zowy medal<\/strong> (zw. G. Markow Bu\u0142garia).<\/p>\n<!-- \/wp:paragraph -->\n\n<!-- wp:paragraph -->\n<p><strong>*1976 Montreal: zapasy, styl klas. w. pi\u00f3rkowa 62 kg<\/strong> - w&nbsp;pierwszej kolejce pokona\u0142 4:0 H. Stuppa (Kanada), w&nbsp;drugiej po\u0142o\u017cy\u0142 na&nbsp;\u0142opatki w&nbsp;1.59 min. J.J. Vieir\u0119 (Portugalia), w&nbsp;trzeciej zwyci\u0119\u017cy\u0142 4:0 S. \u0141azarowa (Bu\u0142garia), w&nbsp;czwartej pokona\u0142 przez&nbsp;dyskw. S. Migiakisa (Grecja), w&nbsp;pi\u0105tej wyci\u0105gn\u0105\u0142 wolny los, w&nbsp;sz\u00f3stej przegra\u0142 1:3 z&nbsp;N. Dawidjanem (ZSRR), w&nbsp;si\u00f3dmej zwyci\u0119\u017cy\u0142 3,5:0,5 pkt. L. Recziego (W\u0119gry) <strong>zdobywaj\u0105c z\u0142oty medal<\/strong>.<\/p>\n<!-- \/wp:paragraph -->\n\n<!-- wp:paragraph -->\n<p><strong>*1980 Moskwa: zapasy, styl klas. w. pi\u00f3rkowa 62 kg<\/strong> - w&nbsp;pierwszej kolejce przegra\u0142 2:4 z&nbsp;S. Migiakisem (Grecja), w&nbsp;drugiej wygra\u0142 w&nbsp;5.29 min. z&nbsp;L. Malmkvistem (Szwecja), w&nbsp;trzeciej uleg\u0142 3:5 P. Kirowowi (Bu\u0142garia), odp. z&nbsp;konk. zajmuj\u0105c 6. msc (zw. S. Migiakis Grecja).<\/p>\n<!-- \/wp:paragraph -->\n\n<!-- wp:paragraph -->\n<p><em>Bibl.: G\u0142uszek, Leksykon 1999, s. 258; Pawlak, Olimpijczycy, s. 153 (tu b\u0142\u0119dnie 9-krotny mistrz Polski); Staniszewski, Dzieje, s. 141, 143, 147; Kronika sportu, s. 1013, 1014; 50 lat PZZ, s. 15; MES, t. 2, s. 89;&nbsp; Tuszy\u0144ski B., Z\u0142ote bli\u017ani\u0119ta, Warszawa 1974; Ksi\u0119ga sportu polskiego, s. 537, 538; Przewodnik Iskier, s. 845-846;&nbsp; Dmowski Z., I Ty zostaniesz olimpijczykiem (zapasy), Warszawa 1981, s. 3-6; Najlepsi z&nbsp;najlepszych, s. 114-117; Du\u0144ski, Od Pary\u017ca, s. 502-504; Kto jest kim, wyd. IV, 2001, s. 514; Lipski, MEZ (w przygotowaniu do&nbsp;druku);&nbsp; Wywiad \u015brodowiskowy.<\/em><\/p>\n<!-- \/wp:paragraph -->","post_title":"Kazimierz Lipie\u0144 (1949-2005)","post_excerpt":"trener, najwi\u0119kszy talent w historii polskich zapas\u00f3w, 13-krotny mistrz Polski, 2-krotny mistrz \u015bwiata, 3-krotny mistrz Europy, 3-krotny olimpijczyk (1972, 1976, 1980), zdobywca pierwszych medali olimpijskich w zapasach (styl klasyczny): z\u0142otego (Montreal) i br\u0105zowego (Monachium).","post_status":"publish","comment_status":"closed","ping_status":"closed","post_password":"","post_name":"kazimierz-lipien","to_ping":"","pinged":"","post_modified":"2021-11-12 08:47:41","post_modified_gmt":"2021-11-12 07:47:41","post_content_filtered":"","post_parent":0,"guid":"http:\/\/pkol.local\/person\/kazimierz-lipien\/","menu_order":59,"post_type":"person","post_mime_type":"","comment_count":"0","filter":"raw"}]},"_links":{"self":[{"href":"https:\/\/olimpijski.pl\/en\/wp-json\/wp\/v2\/team\/18941"}],"collection":[{"href":"https:\/\/olimpijski.pl\/en\/wp-json\/wp\/v2\/team"}],"about":[{"href":"https:\/\/olimpijski.pl\/en\/wp-json\/wp\/v2\/types\/team"}],"wp:attachment":[{"href":"https:\/\/olimpijski.pl\/en\/wp-json\/wp\/v2\/media?parent=18941"}],"curies":[{"name":"wp","href":"https:\/\/api.w.org\/{rel}","templated":true}]}}