{"id":22710,"date":"2020-08-18T14:50:34","date_gmt":"2020-08-18T12:50:34","guid":{"rendered":"http:\/\/pkol.cumulus.atthouse.pl\/?post_type=team&#038;p=22710"},"modified":"2020-08-18T14:50:35","modified_gmt":"2020-08-18T12:50:35","slug":"kajakarstwo-k-2-1000-m-rzym-1960","status":"publish","type":"team","link":"https:\/\/olimpijski.pl\/en\/team\/kajakarstwo-k-2-1000-m-rzym-1960\/","title":{"rendered":"Kajakarstwo \u2013 K-2 1000 m \u2013 Rzym 1960"},"content":{"rendered":"","protected":false},"featured_media":0,"template":"","class_list":["post-22710","team","type-team","status-publish","hentry","infinite-scroll-item","no-featured-image-padding"],"acf":{"team_olimpic":{"ID":304,"post_author":"1","post_date":"1960-06-17 13:34:45","post_date_gmt":"1960-06-17 11:34:45","post_content":"<!-- wp:heading {\"level\":1,\"className\":\"main-title\"} -->\n<h1 class=\"wp-block-heading main-title\"><strong>Igrzyska XVII Olimpiady<\/strong><br>Rzym 1960<\/h1>\n<!-- \/wp:heading -->\n\n<!-- wp:paragraph -->\n<p><br><\/p>\n<!-- \/wp:paragraph -->\n\n<!-- wp:image {\"id\":19348,\"sizeSlug\":\"large\",\"align\":\"left\",\"className\":\"is-style-default\"} -->\n<figure class=\"wp-block-image alignleft size-large is-style-default\"><img src=\"https:\/\/olimpijski.pl\/wp-content\/uploads\/1960\/06\/rzym1960.png\" alt=\"\" class=\"wp-image-19348\"\/><\/figure>\n<!-- \/wp:image -->\n\n<!-- wp:list -->\n<ul><!-- wp:list-item -->\n<li>Igrzyska rozegrano w dniach <strong>25 sierpnia \u2013 11 wrze\u015bnia<\/strong>.<\/li>\n<!-- \/wp:list-item -->\n\n<!-- wp:list-item -->\n<li>Wystartowa\u0142o <strong>5338<\/strong> zawodnik\u00f3w (w tym <strong>611<\/strong> kobiet) z <strong>83<\/strong> kraj\u00f3w.<\/li>\n<!-- \/wp:list-item -->\n\n<!-- wp:list-item -->\n<li>Rozdano <strong>150<\/strong> komplet\u00f3w medali.<\/li>\n<!-- \/wp:list-item -->\n\n<!-- wp:list-item -->\n<li>Przysi\u0119g\u0119 w imieniu sportowc\u00f3w z\u0142o\u017cy\u0142 lekkoatleta <strong>Adolfo Consolini<\/strong>.<\/li>\n<!-- \/wp:list-item -->\n\n<!-- wp:list-item -->\n<li>Znicz zapali\u0142 posiadaj\u0105cy greckie korzenie <strong>Giancarlo Peris<\/strong> \u2013 W\u0142oski Komitet Olimpijski zdecydowa\u0142, \u017ce powinien go zapali\u0107 junior, zwyci\u0119zca biegu prze\u0142ajowego w tej kategorii wiekowej.<\/li>\n<!-- \/wp:list-item -->\n\n<!-- wp:list-item -->\n<li>Igrzyska otworzy\u0142 <strong>prezydent W\u0142och Giovanni Gronchi<\/strong>.<\/li>\n<!-- \/wp:list-item --><\/ul>\n<!-- \/wp:list -->\n\n<!-- wp:heading -->\n<h2 class=\"wp-block-heading\"><strong>Program Igrzysk \u2013 19 dyscyplin, 150 konkurencji<\/strong><\/h2>\n<!-- \/wp:heading -->\n\n<!-- wp:paragraph -->\n<p>boks (10 konkurencji), gimnastyka (14), hokej na trawie (1), je\u017adziectwo (5), kajakarstwo (7), kolarstwo (6), koszyk\u00f3wka (1), lekkoatletyka (34), pi\u0119ciob\u00f3j nowoczesny (2), pi\u0142ka no\u017cna (1), pi\u0142ka wodna (1), p\u0142ywanie (15), podnoszenie ci\u0119\u017car\u00f3w (7), skoki do wody (4), strzelectwo (6), szermierka (8), wio\u015blarstwo (7), zapasy (16), \u017ceglarstwo (5).<\/p>\n<!-- \/wp:paragraph -->\n\n<!-- wp:heading -->\n<h2 class=\"wp-block-heading\"><strong>Gwiazdy Igrzysk<\/strong><\/h2>\n<!-- \/wp:heading -->\n\n<!-- wp:paragraph -->\n<p><strong>Borys Szachlin<\/strong> (ZSRR, gimnastyka) \u2013 4 z\u0142ote medale, 2 srebrne i 1 br\u0105zowy<br><strong>Larysa \u0141atynina<\/strong>&nbsp;(ZSRR, gimnastyka) \u2013&nbsp;3 z\u0142ote, 2 srebrne, 1 br\u0105zowy<\/p>\n<!-- \/wp:paragraph -->\n\n<!-- wp:heading -->\n<h2 class=\"wp-block-heading\"><strong>Polska Reprezentacja Olimpijska<\/strong><\/h2>\n<!-- \/wp:heading -->\n\n<!-- wp:paragraph -->\n<p><strong>202 osoby<\/strong> (startowa\u0142o 185 \u2013 29 kobiet i 156 m\u0119\u017cczyzn) w 16 sportach: 10 bokser\u00f3w, 14 gimnastyk\u00f3w (w tym 7 kobiet; 12 startowa\u0142o + 2 rez.), 16 hokeist\u00f3w na trawie (13 startowa\u0142o + 3 rez.), 6 je\u017ad\u017ac\u00f3w (4 startowa\u0142o + 2 rez.), 8 kajakarzy (w tym 2 kobiety; 6 startowa\u0142o + 1 rez., 1 nie), 5 kolarzy, 12 koszykarzy, 51 lekkoatlet\u00f3w (w tym 16 kobiet; 49 startowa\u0142o + 2 rez.), 18 pi\u0142karzy (13 startowa\u0142o + 5 rez.), 3 pi\u0119cioboist\u00f3w, 7 p\u0142ywak\u00f3w (6 startowa\u0142o + 1 rez.), 7 ci\u0119\u017carowc\u00f3w, 7 strzelc\u00f3w, 21 szermierzy (w tym 5 kobiet), 5 wio\u015blarzy, 12 zapa\u015bnik\u00f3w.<\/p>\n<!-- \/wp:paragraph -->\n\n<!-- wp:paragraph -->\n<p>Chor\u0105\u017cym by\u0142 wio\u015blarz <strong>Teodor Kocerka<\/strong>.<\/p>\n<!-- \/wp:paragraph -->\n\n<!-- wp:heading -->\n<h2 class=\"wp-block-heading\"><strong>Klasyfikacja medalowa<\/strong><\/h2>\n<!-- \/wp:heading -->\n\n<!-- wp:table {\"hasFixedLayout\":true,\"className\":\"is-style-stripes\"} -->\n<figure class=\"wp-block-table is-style-stripes\"><table class=\"has-fixed-layout\"><tbody><tr><td><\/td><td><\/td><td class=\"has-text-align-center\" data-align=\"center\">&nbsp;<\/td><td class=\"has-text-align-center\" data-align=\"center\">&nbsp;<\/td><td class=\"has-text-align-center\" data-align=\"center\">&nbsp;<\/td><td class=\"has-text-align-center\" data-align=\"center\">&nbsp;<\/td><\/tr><tr><td>&nbsp;<\/td><td>&nbsp;<\/td><td class=\"has-text-align-center\" data-align=\"center\">&nbsp;<\/td><td class=\"has-text-align-center\" data-align=\"center\"><img class=\"wp-image-27817\" style=\"width: 50px;\" src=\"https:\/\/olimpijski.pl\/wp-content\/uploads\/2016\/06\/2016_Rio_zloty_50x50.jpg\" alt=\"\"><\/td><td class=\"has-text-align-center\" data-align=\"center\"><img class=\"wp-image-27819\" style=\"width: 50px;\" src=\"https:\/\/olimpijski.pl\/wp-content\/uploads\/2016\/06\/2016_Rio_sreb_50x50.jpg\" alt=\"\"><\/td><td class=\"has-text-align-center\" data-align=\"center\"><img class=\"wp-image-27821\" style=\"width: 50px;\" src=\"https:\/\/olimpijski.pl\/wp-content\/uploads\/2016\/06\/2016_Rio_braz_50x50.jpg\" alt=\"\"><\/td><\/tr><tr><td>1.<\/td><td>ZSRR<\/td><td class=\"has-text-align-center\" data-align=\"center\">103<\/td><td class=\"has-text-align-center\" data-align=\"center\">43<\/td><td class=\"has-text-align-center\" data-align=\"center\">29<\/td><td class=\"has-text-align-center\" data-align=\"center\">31<\/td><\/tr><tr><td>2.<\/td><td>USA<\/td><td class=\"has-text-align-center\" data-align=\"center\">71<\/td><td class=\"has-text-align-center\" data-align=\"center\">34<\/td><td class=\"has-text-align-center\" data-align=\"center\">21<\/td><td class=\"has-text-align-center\" data-align=\"center\">16<\/td><\/tr><tr><td>3.<\/td><td>W\u0142ochy<\/td><td class=\"has-text-align-center\" data-align=\"center\">36<\/td><td class=\"has-text-align-center\" data-align=\"center\">13<\/td><td class=\"has-text-align-center\" data-align=\"center\">10<\/td><td class=\"has-text-align-center\" data-align=\"center\">13<\/td><\/tr><tr><td>...<\/td><td>&nbsp;<\/td><td class=\"has-text-align-center\" data-align=\"center\">&nbsp;<\/td><td class=\"has-text-align-center\" data-align=\"center\">&nbsp;<\/td><td class=\"has-text-align-center\" data-align=\"center\">&nbsp;<\/td><td class=\"has-text-align-center\" data-align=\"center\">&nbsp;<\/td><\/tr><tr><td><strong>9.<\/strong><\/td><td><strong>Polska<\/strong><\/td><td class=\"has-text-align-center\" data-align=\"center\"><strong>21<\/strong><\/td><td class=\"has-text-align-center\" data-align=\"center\"><strong>4<\/strong><\/td><td class=\"has-text-align-center\" data-align=\"center\"><strong>6<\/strong><\/td><td class=\"has-text-align-center\" data-align=\"center\"><strong>11<\/strong><\/td><\/tr><\/tbody><\/table><\/figure>\n<!-- \/wp:table -->\n\n<!-- wp:heading -->\n<h2 class=\"wp-block-heading\"><strong>Medale dla Polski (21)<\/strong><\/h2>\n<!-- \/wp:heading -->\n\n<!-- wp:ub\/content-toggle-block {\"blockID\":\"d703506d-3cab-4ae7-bba6-c1f63e5faef8\",\"theme\":\"#f1f1f1\",\"collapsed\":true,\"titleColor\":\"#000000\"} -->\n<!-- wp:ub\/content-toggle-panel-block {\"parentID\":\"6d2bdf16-bc4c-43c4-a83f-43ee612c986d\",\"theme\":\"#f1f1f1\",\"collapsed\":true,\"titleColor\":\"#000000\",\"panelTitle\":\"Z\u0142ote\",\"blockID\":\"6f75d013-b6c3-4bb5-a060-deb5e307cb50\"} -->\n<!-- wp:paragraph -->\n<p><\/p>\n<!-- \/wp:paragraph -->\n\n<!-- wp:media-text {\"align\":\"wide\",\"mediaId\":30248,\"mediaType\":\"image\",\"mediaWidth\":20,\"isStackedOnMobile\":false,\"className\":\"is-stacked-on-mobile\"} -->\n<div class=\"wp-block-media-text alignwide is-stacked-on-mobile\" style=\"grid-template-columns:20% auto\"><figure class=\"wp-block-media-text__media\"><img src=\"https:\/\/olimpijski.pl\/wp-content\/uploads\/1960\/06\/1960_Rzym_zloty_200.jpg\" alt=\"\" class=\"wp-image-30248 size-full\"\/><\/figure><div class=\"wp-block-media-text__content\"><!-- wp:paragraph -->\n<p><strong>Zdzis\u0142aw Krzyszkowiak<\/strong><br>(lekkoatletyka, 3000m z przeszkodami)<\/p>\n<!-- \/wp:paragraph -->\n\n<!-- wp:paragraph -->\n<p><strong>J\u00f3zef Schmidt<\/strong><br>(lekkoatletyka, tr\u00f3jskok)<\/p>\n<!-- \/wp:paragraph -->\n\n<!-- wp:paragraph -->\n<p><strong>Ireneusz Pali\u0144ski<\/strong><br>(podnoszenie ci\u0119\u017car\u00f3w, 82,5 kg)<\/p>\n<!-- \/wp:paragraph -->\n\n<!-- wp:paragraph -->\n<p><strong>Kazimierz Pa\u017adzior<\/strong><br>(boks, waga lekka)<\/p>\n<!-- \/wp:paragraph --><\/div><\/div>\n<!-- \/wp:media-text -->\n<!-- \/wp:ub\/content-toggle-panel-block -->\n<!-- \/wp:ub\/content-toggle-block -->\n\n<!-- wp:ub\/content-toggle-block {\"blockID\":\"347fabe1-7fc8-4573-b872-e1e306314837\",\"theme\":\"#f1f1f1\",\"collapsed\":true,\"titleColor\":\"#000000\"} -->\n<!-- wp:ub\/content-toggle-panel-block {\"parentID\":\"b662193c-5a84-47eb-a9a5-76f446d5e30c\",\"theme\":\"#f1f1f1\",\"collapsed\":true,\"titleColor\":\"#000000\",\"panelTitle\":\"Srebrne\",\"blockID\":\"ed747d28-9a08-410b-b694-c97c0e315451\"} -->\n<!-- wp:paragraph -->\n<p><\/p>\n<!-- \/wp:paragraph -->\n\n<!-- wp:media-text {\"align\":\"wide\",\"mediaId\":30250,\"mediaType\":\"image\",\"mediaWidth\":20,\"isStackedOnMobile\":false,\"className\":\"is-stacked-on-mobile\"} -->\n<div class=\"wp-block-media-text alignwide is-stacked-on-mobile\" style=\"grid-template-columns:20% auto\"><figure class=\"wp-block-media-text__media\"><img src=\"https:\/\/olimpijski.pl\/wp-content\/uploads\/1960\/06\/1960_Rzym_sreb_200.jpg\" alt=\"\" class=\"wp-image-30250 size-full\"\/><\/figure><div class=\"wp-block-media-text__content\"><!-- wp:paragraph -->\n<p><strong>El\u017cbieta Krzesi\u0144ska<\/strong><br>(lekkoatletyka, skok w dal)<\/p>\n<!-- \/wp:paragraph -->\n\n<!-- wp:paragraph -->\n<p><strong>Jaros\u0142awa J\u00f3\u017awiakowska<\/strong><br>(lekkoatletyka, skok wzwy\u017c)<\/p>\n<!-- \/wp:paragraph -->\n\n<!-- wp:paragraph -->\n<p><strong>Jerzy Adamski<\/strong><br>(boks, waga pi\u00f3rkowa)<\/p>\n<!-- \/wp:paragraph -->\n\n<!-- wp:paragraph -->\n<p><strong>Tadeusz Walasek<\/strong><br>(boks, waga \u015brednia)<\/p>\n<!-- \/wp:paragraph -->\n\n<!-- wp:paragraph -->\n<p><strong>Zbigniew Pietrzykowski<\/strong><br>(boks, waga p\u00f3\u0142ci\u0119\u017cka)<\/p>\n<!-- \/wp:paragraph -->\n\n<!-- wp:paragraph -->\n<p><strong>Marian Kuszewski, Emil Ochyra, Jerzy Paw\u0142owski, Andrzej Pi\u0105tkowski, Wojciech Zab\u0142ocki, Ryszard Zub<\/strong><br>(szermierka, szabla dru\u017cynowo)<\/p>\n<!-- \/wp:paragraph --><\/div><\/div>\n<!-- \/wp:media-text -->\n<!-- \/wp:ub\/content-toggle-panel-block -->\n<!-- \/wp:ub\/content-toggle-block -->\n\n<!-- wp:ub\/content-toggle-block {\"blockID\":\"6c7378ab-a429-4ed7-a173-fb3e3494a047\",\"theme\":\"#f1f1f1\",\"collapsed\":true,\"titleColor\":\"#000000\"} -->\n<!-- wp:ub\/content-toggle-panel-block {\"parentID\":\"40cc4003-9e39-4c8d-965f-0ad01819e5ca\",\"theme\":\"#f1f1f1\",\"collapsed\":true,\"titleColor\":\"#000000\",\"panelTitle\":\"Br\u0105zowe\",\"blockID\":\"71fa9c40-d1a4-4c62-babe-89db9bcfdc96\"} -->\n<!-- wp:paragraph -->\n<p><\/p>\n<!-- \/wp:paragraph -->\n\n<!-- wp:media-text {\"align\":\"wide\",\"mediaId\":30252,\"mediaType\":\"image\",\"mediaWidth\":20,\"isStackedOnMobile\":false,\"className\":\"is-stacked-on-mobile\"} -->\n<div class=\"wp-block-media-text alignwide is-stacked-on-mobile\" style=\"grid-template-columns:20% auto\"><figure class=\"wp-block-media-text__media\"><img src=\"https:\/\/olimpijski.pl\/wp-content\/uploads\/1960\/06\/1960_Rzym_braz_200.jpg\" alt=\"\" class=\"wp-image-30252 size-full\"\/><\/figure><div class=\"wp-block-media-text__content\"><!-- wp:paragraph -->\n<p><strong>Brunon Bendig<\/strong><br>(boks - waga kogucia)<\/p>\n<!-- \/wp:paragraph -->\n\n<!-- wp:paragraph -->\n<p><strong>Leszek Drogosz<\/strong><br>(boks, waga lekkop\u00f3\u0142\u015brednia)<\/p>\n<!-- \/wp:paragraph -->\n\n<!-- wp:paragraph -->\n<p><strong>Marian Kasprzyk<\/strong><br>(boks, waga p\u00f3\u0142\u015brednia)<\/p>\n<!-- \/wp:paragraph -->\n\n<!-- wp:paragraph -->\n<p><strong>Danuta Walkowiak<\/strong><br>(kajakarstwo, K1 na 500 m)<\/p>\n<!-- \/wp:paragraph -->\n\n<!-- wp:paragraph -->\n<p><strong>Stefan Kap\u0142aniak, W\u0142adys\u0142aw Zieli\u0144ski<\/strong><br>(kajakarstwo, K2 na 1000 m)<\/p>\n<!-- \/wp:paragraph -->\n\n<!-- wp:paragraph -->\n<p><strong>Tadeusz Rut<\/strong><br>(lekkoatletyka, rzut m\u0142otem)<\/p>\n<!-- \/wp:paragraph -->\n\n<!-- wp:paragraph -->\n<p><strong>Kazimierz Zimny<\/strong><br>(lekkoatletyka, bieg na 5000 m)<\/p>\n<!-- \/wp:paragraph -->\n\n<!-- wp:paragraph -->\n<p><strong>Teresa Ciep\u0142y, Halina G\u00f3recka, Barbara Janiszewska, Celina Jesionowska<\/strong><br>(lekkoatletyka, sztafeta 4x100 m)<\/p>\n<!-- \/wp:paragraph -->\n\n<!-- wp:paragraph -->\n<p><strong>Teodor Kocerka<\/strong><br>(wio\u015blarstwo, jedynki)<\/p>\n<!-- \/wp:paragraph -->\n\n<!-- wp:paragraph -->\n<p><strong>Jan Bochenek<\/strong><br>(podnoszenie ci\u0119\u017car\u00f3w, waga 82,5 kg)<\/p>\n<!-- \/wp:paragraph -->\n\n<!-- wp:paragraph -->\n<p><strong>Tadeusz Trojanowski<\/strong><br>(zapasy, styl wolny - 60 kg)<\/p>\n<!-- \/wp:paragraph --><\/div><\/div>\n<!-- \/wp:media-text -->\n<!-- \/wp:ub\/content-toggle-panel-block -->\n<!-- \/wp:ub\/content-toggle-block -->\n\n<!-- wp:quote {\"className\":\"is-style-default\"} -->\n<blockquote class=\"wp-block-quote is-style-default\"><!-- wp:paragraph -->\n<p>Na starcie po raz pierwszy stan\u0119li sportowcy z Maroka, San Marino, Sudanu i Tunezji.<\/p>\n<!-- \/wp:paragraph --><\/blockquote>\n<!-- \/wp:quote -->","post_title":"Rzym 1960","post_excerpt":"","post_status":"publish","comment_status":"closed","ping_status":"closed","post_password":"","post_name":"rzym-1960","to_ping":"","pinged":"","post_modified":"2024-06-27 13:05:26","post_modified_gmt":"2024-06-27 11:05:26","post_content_filtered":"","post_parent":0,"guid":"https:\/\/wai-q98d7hpf9hy9k.wpallimport-demo.qsandbox.me\/olympics_summer\/rzym-1960\/","menu_order":0,"post_type":"olympics_summer","post_mime_type":"","comment_count":"0","filter":"raw"},"team_competition":{"ID":5672,"post_author":"15","post_date":"2020-06-19 11:31:55","post_date_gmt":"2020-06-19 09:31:55","post_content":"","post_title":"Kajakarstwo, sprint - K-2 1000m","post_excerpt":"","post_status":"publish","comment_status":"closed","ping_status":"closed","post_password":"","post_name":"k-2-1000m","to_ping":"","pinged":"","post_modified":"2021-12-07 09:51:59","post_modified_gmt":"2021-12-07 08:51:59","post_content_filtered":"","post_parent":641,"guid":"https:\/\/wai-q7byvryhhcz9k.wpallimport-demo.qsandbox.me\/competition\/k-2-1000m\/","menu_order":0,"post_type":"competition","post_mime_type":"","comment_count":"0","filter":"raw"},"team_players":[{"ID":15306,"post_author":"15","post_date":"2020-06-24 16:52:34","post_date_gmt":"2020-06-24 14:52:34","post_content":"<!-- wp:paragraph -->\n<p><strong>jubiler (grawer), kajakarz, wieloletni reprezentant warszawskiej Sp\u00f3jni, ponad 30-krotny mistrz Polski, mistrz \u015bwiata (ze Stefanem Kap\u0142aniakiem), medalista mistrzostw Europy, 3-krotny uczestnik IO (1960, 1964, 1968), br\u0105zowy medalista olimpijski (1960) - te\u017c ze Stefanem Kap\u0142aniakiem.<\/strong><\/p>\n<!-- \/wp:paragraph -->\n\n<!-- wp:paragraph -->\n<p>Urodzony 24 lipca 1935 w&nbsp;Warszawie, syn Stanis\u0142awa i&nbsp;Anieli, absolwent miejscowego Technikum Precyzyjnego. Kajakarz (179 cm, 80 kg), reprezentant sto\u0142ecznej Sp\u00f3jni (ca\u0142a kariera sportowa do&nbsp;1971), wychowanek trenera Stanis\u0142awa Zantary. P\u0142ywanie rozpocz\u0105\u0142 na&nbsp;Wi\u015ble (z ojcem \u0142owi\u0142 ryby), a&nbsp;kiedy mia\u0142 czterna\u015bcie lat wsiad\u0142 do&nbsp;kajaka. Wprawdzie Zieli\u0144ski - senior uwa\u017ca\u0142, \u017ce&nbsp;na&nbsp;wodzie mo\u017cna uprawia\u0107 tylko wio\u015blarstwo (kajaki to&nbsp;turystyczna zabawa), ale&nbsp;kiedy przysz\u0142y pierwsze sukcesy uszanowa\u0142 decyzj\u0119 syna, kt\u00f3ry wci\u0105gn\u0105\u0142 do&nbsp;wodnej rywalizacji tak\u017ce brata Jacka. Bardzo lubi\u0142 z&nbsp;nim startowa\u0107, ale&nbsp;najwi\u0119ksze sukcesy odni\u00f3s\u0142 w&nbsp;parze z&nbsp;najlepszym w\u00f3wczas kajakarzem w&nbsp;kraju - Stefanem Kap\u0142aniakiem.<\/p>\n<!-- \/wp:paragraph -->\n\n<!-- wp:paragraph -->\n<p>Tytu\u0142 <strong>mistrza \u015bwiata<\/strong> zdobyty wsp\u00f3lnie w&nbsp;Pradze ju\u017c w&nbsp;1958 wprowadzi\u0142 go do&nbsp;gron najlepszych. Pozostawa\u0142 w&nbsp;\u015bwiatowej ekstraklasie przez&nbsp;kilka nast\u0119pnych lat i&nbsp;do z\u0142otego medalu M\u015a dorzuci\u0142 (tak\u017ce w&nbsp;towarzystwie Kap\u0142aniaka) <strong>br\u0105zowy medal<\/strong> olimpijski. D\u0142ug\u0105 i&nbsp;bogat\u0105 karier\u0119 sportow\u0105 przerwa\u0142 wypadek drogowy (1971, z\u0142amanie nogi, uszkodzenie barku). <strong>33-krotny&nbsp; mistrz&nbsp; Polski<\/strong> w&nbsp;K-1 500 m (1960), K-1 4x500 m (1958, 1960, 1961), K-2 500 m (1959, 1960, 1961, 1962, 1965), K-2 1000 m (1954, 1959, 1960, 1961, 1962,1963), K-2 10000 m (1962, 1963), K-4 500 m (1957, 1959, 1962, 1963, 1965, 1966, 1968), K-4 1000 m (1958, 1959, 1960, 1962, 1963, 1966, 1968,1969), K-4 10000 m (1959). <strong>Mistrz&nbsp; \u015bwiata<\/strong> 1958&nbsp; Praga (K-2 500 m). <strong>Medalista&nbsp; ME<\/strong>: br\u0105zowy 1959 Duisburg (K-2 500 m, z&nbsp;Jackiem Zieli\u0144skim i&nbsp;K-1 4x500 m, partnerzy: S. Kap\u0142aniak, K, Koszieras, R. Skwarski), srebrny 1961 Pozna\u0144 (K-2 500 m, z&nbsp;S. Kap\u0142aniakiem). <strong>5-krotny finalista M\u015a<\/strong> 1958 Praga: 4. msc (K-2 1000 m), 4. msc (K-1 4x500 m), 1963 Jajce: 4. msc (K-2 500 m), 5. msc (K-1 4x500 m), 1966 Berlin: 4. msc (K-4 1000 m). <strong>6-krotny finalista ME<\/strong> 1957 Gandawa: 4. msc (K-1 4x500 m), 7. msc (K-2&nbsp; 500 m), 1963: Jajce 4. msc (K-2 500 m), 5. msc (K-1 4x500 m), 1965 Snagov: 5. msc (K-2 500 m), 5. msc (K-1 4x500 m). Zas\u0142u\u017cony Mistrz Sportu, odznaczony m. in. Krzy\u017cem Kawalerskim OOP.<\/p>\n<!-- \/wp:paragraph -->\n\n<!-- wp:paragraph -->\n<p>Zmar\u0142 20 wrze\u015bnia 2025 roku w wieku 90 lat.<\/p>\n<!-- \/wp:paragraph -->\n\n<!-- wp:paragraph -->\n<p><strong>*1960 Rzym: kaj. dw\u00f3jki 1000 m<\/strong> - 3. w\u00a0przedb. (8 osad) z\u00a0czasem 3.39,41, 1. msc w\u00a0p\u00f3\u0142fin. (6 osad) z\u00a0czasem 3.48,62, 3. msc w\u00a0 finale (9 osad) z\u00a0czasem 3.37,34, <strong>zdobywaj\u0105c br\u0105zowy medal<\/strong> (zw. G. Frederiksson, S. Sj\u00f6delius, Szwecja - 3.34,73). Partnerem\u00a0by\u0142 S.\u00a0Kap\u0142aniak;\u00a0<strong>kaj. 4x500 m<\/strong> - 4. w\u00a0przedb. (6 zesp.) z\u00a0czasem 8.06,98, 2. msc w\u00a0rep. (4 zesp.) z\u00a0czasem 8.06,80, 2. msc w\u00a0p\u00f3\u0142fin. (4 zesp.) z\u00a0czasem 7.57,54,\u00a0 4. msc w\u00a0finale (6 zesp.) z\u00a0czasem 7.49,93 (zw. osada NRD\/RFN: D. Krause, P. Lange, G. Perleberg, F. Wentzke - 7.39,43). Partnerami\u00a0w sztafecie\u00a0byli:\u00a0S. Kap\u0142aniak, R. Marchlik i\u00a0R. Skwarski.<br><br><strong>*1964\u00a0 Tokio:\u00a0kaj. dw\u00f3jki\u00a01000 m<\/strong> - 3. w\u00a0przedb. (4 osady) z\u00a0czasem 3.52,49, 4. msc w\u00a0p\u00f3\u0142fin. (4 osady) z\u00a0czasem\u00a0 3.49,24, odp. z\u00a0konk. (zw. w\u00a0finale S. Sj\u00f6delius, G. Utterber, Szwecja - 3.38,54). Partnerem\u00a0by\u0142\u00a0 S. Kap\u0142aniak.<br><br><strong>*1968\u00a0 Meksyk:\u00a0kaj. czw\u00f3rki\u00a01000 m<\/strong> - 3. w\u00a0przedb. (6 osad) z\u00a0czasem 3.21,7,\u00a0 3. msc w\u00a0 p\u00f3\u0142fin. (5 osad) z\u00a0czasem\u00a03.21,29, 8. msc w\u00a0finale (9 osad) z\u00a0czasem 3.22,10 (zw. osada Norwegii: S. Amundsen, T. Berger, J. Johansen, E. Soby - 3.14,38).\u00a0Partnerami\u00a0w osadzie byli:\u00a0E.\u00a0Janusz, R. Marchlik i\u00a0R. Piszcz.<\/p>\n<!-- \/wp:paragraph -->\n\n<!-- wp:paragraph -->\n<p><em>Bibl.: G\u0142uszek, Leksykon 1999, s. 377;&nbsp;Pawlak, Olimpijczycy, s. 298; Du\u0144ski, Od Pary\u017ca, s. 1082-1083; MES, t. 2, s. 669; Przewodnik Iskier, s. 183; Porada, Igrzyska , s. 851, 862, 872;&nbsp; Ksi\u0119ga sportu polskiego 1944-1974, s. 483, 485, 486, 487; Dokumentation Des Kanu-Rennsports, v. 1, 1933-1990, s. 14, 17, 41, 137, 206.<\/em><\/p>\n<!-- \/wp:paragraph -->","post_title":"W\u0142adys\u0142aw Zieli\u0144ski (1935-2025)","post_excerpt":"","post_status":"publish","comment_status":"closed","ping_status":"closed","post_password":"","post_name":"wladyslaw-zielinski","to_ping":"","pinged":"","post_modified":"2025-09-22 13:33:53","post_modified_gmt":"2025-09-22 11:33:53","post_content_filtered":"","post_parent":0,"guid":"http:\/\/pkol.local\/person\/wladyslaw-zielinski\/","menu_order":60,"post_type":"person","post_mime_type":"","comment_count":"0","filter":"raw"},{"ID":13984,"post_author":"15","post_date":"2020-06-24 16:46:43","post_date_gmt":"2020-06-24 14:46:43","post_content":"<!-- wp:paragraph -->\n<p><strong>ps. \"Cenek\", instruktor sportu, organizator turystyki, najwszechstronniejszy i&nbsp;z najd\u0142u\u017cszym sta\u017cem pierwszy polski kajakarz, kt\u00f3ry awansowa\u0142 do&nbsp;czo\u0142\u00f3wki \u015bwiatowej (lata pi\u0119\u0107dziesi\u0105te), wielokrotny mistrz Polski, mistrz \u015bwiata (1958) i&nbsp;Europy (1959), trzykrotny uczestnik IO (1956, 1960, 1964), br\u0105zowy medalista olimpijski z&nbsp;Rzymu (1960).<\/strong><\/p>\n<!-- \/wp:paragraph -->\n\n<!-- wp:paragraph -->\n<p>Urodzony 10 kwietnia 1933 w&nbsp;Szczawnicy, syn Adolfa i&nbsp;Rozalii&nbsp;Arendarczyk, absolwent zasadniczej szko\u0142y zawodowej, instruktor sportu, organizator turystyki. Kajakarz (176 cm, 73 kg), reprezentant Sokolnicy Kro\u015bcienko (1949-1953), CWKS Bydgoszcz (1954-1957), YK Nowa Huta (1958), Pienin Szczawnica (1959-1961) i&nbsp;Sp\u00f3jni Warszawa (1962-1965, wychowanek dr Artura Wernera (klub), podopieczny Stanis\u0142awa Zantary (kadra). Zawodnik o&nbsp;wielkiej fantazji, kt\u00f3ry jako pierwszy przeciera\u0142 kajakarskie szlaki w&nbsp;drodze do&nbsp;\u015bwiatowej czo\u0142\u00f3wki. By\u0142 niezwykle wszechstronny. U progu swojej kariery sportowej wygra\u0142 (1949) sp\u0142yw kajakiem ze Szczawnicy do&nbsp;Nowego S\u0105cza (50 km), by po kilku zaledwie latach treningu triumfowa\u0107 na&nbsp;klasycznych dystansach w&nbsp;walce o&nbsp;mistrzostwo Polski. Nie stroni\u0142 te\u017c od&nbsp;wyczyn\u00f3w ekstremalnych. Pop\u0142yn\u0105\u0142 np. z&nbsp;Nowego S\u0105cza do&nbsp;Nowego Targu, Dunajcem...&nbsp;pod pr\u0105d, bagatelka 120 km po 10 godzin dziennie bez&nbsp;odk\u0142adania wiose\u0142.&nbsp;Przygotowywa\u0142 si\u0119 do&nbsp;\"skoku kajakiem\" przez&nbsp;wodospady Niagary, ale&nbsp;nie dosta\u0142 paszportu i&nbsp;szale\u0144czego pomys\u0142u nie zrealizowa\u0142.<\/p>\n<!-- \/wp:paragraph -->\n\n<!-- wp:paragraph -->\n<p>By\u0142y to\u00a0jednak wyczyny na\u00a0marginesie w\u0142a\u015bciwej kariery \"dziecka Pienin\" (wsiad\u0142 pierwszy raz do\u00a0kajaka maj\u0105c 6 lat), kt\u00f3ra rozwija\u0142a si\u0119 dynamicznie. Pierwszym sygna\u0142em, \u017ce\u00a0jako pierwszy z\u00a0Polak\u00f3w dogoni\u0142 \u015bwiatow\u0105 czo\u0142\u00f3wk\u0119, by\u0142o 4. msc w\u00a0jedynkach (1000 m) podczas IO w\u00a0Melbourne (1956). W\u00a0czteroleciu mi\u0119dzy igrzyskami na\u00a0Antypodach a\u00a0IO w\u00a0Rzymie (1960) dokona\u0142 najwi\u0119kszych wyczyn\u00f3w triumfuj\u0105c w\u00a0konkurencji indywidualnej na\u00a0mistrzostwach \u015bwiata i\u00a0Europy.<\/p>\n<!-- \/wp:paragraph -->\n\n<!-- wp:paragraph -->\n<p>Br\u0105zowy medal olimpijski (1960), ale\u00a0ju\u017c w\u00a0osadzie z\u00a0W\u0142adys\u0142awem Zieli\u0144skim (dw\u00f3jka 1000 m) by\u0142 szczytem osi\u0105gni\u0119\u0107 zawodnika, kt\u00f3ry sta\u0142 si\u0119 symbolem dla\u00a0dalszych kajakarskich pokole\u0144. 30-krotny mistrz Polski w\u00a0l. 1953 -1968: K-1 500 m (1954, 1955, 1956, 1957, 1958, 1959, 1961, 1964), K-2 500 m (1962, 1965), K-1 1000 m (1956,1957,1958,1959,1961), K-2 1000 m (1963), K-1 10000 m (1953), K-2 10000 m (1962, 1963) i\u00a0w konkurencjach: K-4 500 m, K-4 1000 m, K-4 10000 m oraz\u00a0K-1 4x500 m. By\u0142 te\u017c mistrzem Polski w\u00a0kajakarstwie g\u00f3rskim (1953) - K-1 slalom. Dwukrotny\u00a0mistrz\u00a0\u015bwiata 1958 Praga (K-1 500 m. i\u00a0 K-2\u00a0 500 m, z\u00a0W. Zieli\u0144skim). Mistrz\u00a0Europy 1959 Duisburg (K-1 500 m),<strong> <\/strong>trzykrotny\u00a0medalista\u00a0ME:\u00a0srebrny\u00a01961 Pozna\u0144 (K-2\u00a0 500 m, z\u00a0W. Zieli\u0144skim), br\u0105zowy\u00a0 1957 Gandawa (K-1 500 m), 1959 Duisburg (K-1\u00a0 4x500 m, partnerzy: K. Koszieras, R. Skwarski, W. Zieli\u0144ski).\u00a05-krotny finalista M\u015a 1958 Praga: 4. msc (K-1 4x500 m), 4. msc (K-2 1000 m), 1963 Jajce: 4. msc (K-2\u00a0 500 m), 5. msc (K-1 4x500 m), 1966 Berlin: 8. msc (K-2 500 m). 5-krotny finalista ME 1957 Gandawa: 4. msc (K-1 4x500 m), 1963 Jajce: 4. msc (K-2 500 m), 5. msc (K-1 4x500 m), 1965 Snagov: 5. msc (K-2\u00a0 500 m), 5. msc (K-1 4x500 m). Zas\u0142u\u017cony Mistrz Sportu, odznaczony m. in. Z\u0142otym Krzy\u017cem Zas\u0142ugi oraz\u00a0dwukrotnie z\u0142otym i\u00a0raz srebrnym Medalem za Wybitne Osi\u0105gni\u0119cia Sportowe.<\/p>\n<!-- \/wp:paragraph -->\n\n<!-- wp:paragraph -->\n<p>Zmar\u0142 8 sierpnia 2021 roku.<\/p>\n<!-- \/wp:paragraph -->\n\n<!-- wp:paragraph -->\n<p><strong>*1956 Melbourne: K-1 1000 m<\/strong> - 1. w\u00a0przedb. (3 zaw.) z\u00a0czasem 4.35,4, 4. msc w\u00a0finale (9 zaw.) z\u00a0czasem 4.19,8 (zw. Szwed G. Fredriksson - 4.22,8); <strong>K-2 10 000 m<\/strong> - 10. na\u00a012 start. z\u00a0 czasem 47.21,5 (zw. osada W\u0119gier: J. Ur\u00e1nyi, L. F\u00e1bi\u00e1n - 43.37,0). Partnerem\u00a0by\u0142 J. G\u00f3rski.<\/p>\n<!-- \/wp:paragraph -->\n\n<!-- wp:paragraph -->\n<p><strong>*1960 Rzym: K-2 1000 m<\/strong> - 3. w\u00a0przedb. (8 osad) z\u00a0czasem 3.39,4, 1. msc w\u00a0p\u00f3\u0142f. (6 osad) z\u00a0czasem\u00a0 3.48,62, 3. msc w\u00a0finale (9 osad) z\u00a0czasem 3.37,34, <strong>zdobywaj\u0105c br\u0105zowy medal<\/strong> (zw. osada Szwecji: G. Fredriksson i\u00a0S. O. Sj\u00f6delius- 3.34,73). Partnerem\u00a0by\u0142\u00a0 W. Zieli\u0144ski; <strong>K-4 500 m<\/strong> - 4. w\u00a0przedb. (6 zesp.) z\u00a0czasem 8.06,98, 2. msc w\u00a0rep. (4 zesp.) z\u00a0czasem 8.06,80, 2. msc w\u00a0p\u00f3\u0142fin. (4 zesp.) z\u00a0czasem 7.57,54, 4. msc w\u00a0finale (6 zesp.) z\u00a0czasem 7.49,93 (zw. osada NRD\/RFN: D. Krause, P. Lange, G. Perleberg, F. Wentzke - 7.39,43). Partnerami\u00a0w sztafecie byli: R. Marchlik, R. Skwarski i\u00a0W. Zieli\u0144ski.<\/p>\n<!-- \/wp:paragraph -->\n\n<!-- wp:paragraph -->\n<p><strong>*1964 Tokio: K-2\u00a01000 m<\/strong> - 3. w\u00a0przedb. (4 osady) z\u00a0czasem 3.52,49, 4. msc w\u00a0p\u00f3\u0142fin. (4 osady) z\u00a0czasem - 3.49,24, odp. z\u00a0konk. (zw. w\u00a0finale osada Szwecji: S. O. Sj\u00f6delius i\u00a0N. G. Utterberg - 3.38,54). Partnerem\u00a0by\u0142 W. Zieli\u0144ski.<\/p>\n<!-- \/wp:paragraph -->\n\n<!-- wp:paragraph -->\n<p><em>Bibl.: G\u0142uszek, Leksykon, s. 221 (tu b\u0142\u0119dny wynik polskiej sztafety 4x500 m na&nbsp;IO w&nbsp;Rzymie 1960);&nbsp;Pawlak, Olimpijczycy, s. 110; Du\u0144ski, Od Pary\u017ca, s. 300-301; MES, t. 1, s. 254, 259; Przewodnik&nbsp;Iskier, s. 178; Maciejewski, Bydgoscy olimpijczycy, s. 6, 18, 23;&nbsp;Porada, Igrzyska, s. 844, 851, 862; Ksi\u0119ga sportu polskiego 1944-1974, s. 483, 486, 487; Dokumentation Des Kanu-Rennsports, v. 1, 1933-1990, s. 10, 13, 17, 41, 137, 202, 206; USC Szczawnica, AU 22\/1933.<\/em><\/p>\n<!-- \/wp:paragraph -->","post_title":"Stefan Kap\u0142aniak (1933-2021)","post_excerpt":"","post_status":"publish","comment_status":"closed","ping_status":"closed","post_password":"","post_name":"stefan-kaplaniak","to_ping":"","pinged":"","post_modified":"2021-08-11 11:25:14","post_modified_gmt":"2021-08-11 09:25:14","post_content_filtered":"","post_parent":0,"guid":"http:\/\/pkol.local\/person\/stefan-kaplaniak\/","menu_order":60,"post_type":"person","post_mime_type":"","comment_count":"0","filter":"raw"}]},"_links":{"self":[{"href":"https:\/\/olimpijski.pl\/en\/wp-json\/wp\/v2\/team\/22710"}],"collection":[{"href":"https:\/\/olimpijski.pl\/en\/wp-json\/wp\/v2\/team"}],"about":[{"href":"https:\/\/olimpijski.pl\/en\/wp-json\/wp\/v2\/types\/team"}],"wp:attachment":[{"href":"https:\/\/olimpijski.pl\/en\/wp-json\/wp\/v2\/media?parent=22710"}],"curies":[{"name":"wp","href":"https:\/\/api.w.org\/{rel}","templated":true}]}}