{"id":46810,"date":"2021-08-07T05:49:26","date_gmt":"2021-08-07T03:49:26","guid":{"rendered":"https:\/\/olimpijski.pl\/?post_type=team&#038;p=46810"},"modified":"2021-08-07T05:59:01","modified_gmt":"2021-08-07T03:59:01","slug":"kajakarstwo-k4-500m-tokio-2020","status":"publish","type":"team","link":"https:\/\/olimpijski.pl\/en\/team\/kajakarstwo-k4-500m-tokio-2020\/","title":{"rendered":"Kajakarstwo &#8211; K-4 500m &#8211; Tokio 2020"},"content":{"rendered":"","protected":false},"featured_media":0,"template":"","class_list":["post-46810","team","type-team","status-publish","hentry","infinite-scroll-item","no-featured-image-padding"],"acf":{"team_olimpic":{"ID":42383,"post_author":"1","post_date":"2021-05-26 14:40:37","post_date_gmt":"2021-05-26 12:40:37","post_content":"<!-- wp:cover {\"url\":\"https:\/\/olimpijski.pl\/wp-content\/uploads\/2021\/05\/tokio-2020-bg.jpg\",\"id\":45006,\"dimRatio\":40,\"customOverlayColor\":\"#2f2d5f\",\"focalPoint\":{\"x\":\"0.55\",\"y\":\"0.54\"},\"minHeight\":340,\"minHeightUnit\":\"px\",\"align\":\"full\"} -->\n<div class=\"wp-block-cover alignfull\" style=\"min-height:340px\"><span aria-hidden=\"true\" class=\"wp-block-cover__background has-background-dim-40 has-background-dim\" style=\"background-color:#2f2d5f\"><\/span><img class=\"wp-block-cover__image-background wp-image-45006\" alt=\"\" src=\"https:\/\/olimpijski.pl\/wp-content\/uploads\/2021\/05\/tokio-2020-bg.jpg\" style=\"object-position:55% 54%\" data-object-fit=\"cover\" data-object-position=\"55% 54%\"\/><div class=\"wp-block-cover__inner-container\"><!-- wp:paragraph {\"align\":\"center\",\"placeholder\":\"Wprowad\u017a tytu\u0142...\",\"className\":\"main-title white\",\"fontSize\":\"large\"} -->\n<p class=\"has-text-align-center main-title white has-large-font-size\">Igrzyska XXXII Olimpiady<br><strong>Tokio 2020<\/strong><\/p>\n<!-- \/wp:paragraph --><\/div><\/div>\n<!-- \/wp:cover -->\n\n<!-- wp:spacer {\"height\":\"17px\"} -->\n<div style=\"height:17px\" aria-hidden=\"true\" class=\"wp-block-spacer\"><\/div>\n<!-- \/wp:spacer -->\n\n<!-- wp:shortcode -->\n[pkol_slider  autoplay_interval=\"4000\" categories=\"Tokio 2020\" ]\n<!-- \/wp:shortcode -->\n\n<!-- wp:columns {\"verticalAlignment\":\"center\"} -->\n<div class=\"wp-block-columns are-vertically-aligned-center\"><!-- wp:column {\"verticalAlignment\":\"center\",\"width\":\"33.33%\"} -->\n<div class=\"wp-block-column is-vertically-aligned-center\" style=\"flex-basis:33.33%\"><!-- wp:shortcode -->\n[olympics_sidebar]\n<!-- \/wp:shortcode --><\/div>\n<!-- \/wp:column -->\n\n<!-- wp:column {\"verticalAlignment\":\"center\",\"width\":\"66.66%\"} -->\n<div class=\"wp-block-column is-vertically-aligned-center\" style=\"flex-basis:66.66%\"><!-- wp:cover {\"url\":\"https:\/\/olimpijski.pl\/wp-content\/uploads\/2021\/05\/202107012_slubowanie_II_22.jpg\",\"id\":43617,\"dimRatio\":94,\"customOverlayColor\":\"#2e2b5e\",\"focalPoint\":{\"x\":\"0.46\",\"y\":\"0.00\"},\"minHeight\":418,\"minHeightUnit\":\"px\",\"contentPosition\":\"bottom left\",\"className\":\"big-tekst\"} -->\n<div class=\"wp-block-cover has-custom-content-position is-position-bottom-left big-tekst\" style=\"min-height:418px\"><span aria-hidden=\"true\" class=\"wp-block-cover__background has-background-dim-90 has-background-dim\" style=\"background-color:#2e2b5e\"><\/span><img class=\"wp-block-cover__image-background wp-image-43617\" alt=\"\" src=\"https:\/\/olimpijski.pl\/wp-content\/uploads\/2021\/05\/202107012_slubowanie_II_22.jpg\" style=\"object-position:46% 0%\" data-object-fit=\"cover\" data-object-position=\"46% 0%\"\/><div class=\"wp-block-cover__inner-container\"><!-- wp:spacer {\"height\":\"30px\"} -->\n<div style=\"height:30px\" aria-hidden=\"true\" class=\"wp-block-spacer\"><\/div>\n<!-- \/wp:spacer -->\n\n<!-- wp:paragraph {\"align\":\"left\",\"placeholder\":\"Wprowad\u017a tytu\u0142...\",\"textColor\":\"white\",\"className\":\"main-title\",\"fontSize\":\"large\"} -->\n<p class=\"has-text-align-left main-title has-white-color has-text-color has-large-font-size\">#TeamPolska<\/p>\n<!-- \/wp:paragraph -->\n\n<!-- wp:buttons -->\n<div class=\"wp-block-buttons\"><!-- wp:button {\"textColor\":\"white\",\"style\":{\"color\":{\"gradient\":\"linear-gradient(135deg,rgba(237,237,237,0) 0%,rgba(168,183,194,0) 99%)\"}},\"className\":\"is-style-fill\"} -->\n<div class=\"wp-block-button is-style-fill\"><a class=\"wp-block-button__link has-white-color has-text-color has-background\" href=\"\/reprezentacja-polski\/?olympic=tokio-2020\" style=\"background:linear-gradient(135deg,rgba(237,237,237,0) 0%,rgba(168,183,194,0) 99%)\">Dowiedz si\u0119 wi\u0119cej o naszej reprezentacji<\/a><\/div>\n<!-- \/wp:button --><\/div>\n<!-- \/wp:buttons --><\/div><\/div>\n<!-- \/wp:cover -->\n\n<!-- wp:paragraph -->\n<p><\/p>\n<!-- \/wp:paragraph --><\/div>\n<!-- \/wp:column --><\/div>\n<!-- \/wp:columns -->\n\n<!-- wp:spacer {\"height\":\"30px\"} -->\n<div style=\"height:30px\" aria-hidden=\"true\" class=\"wp-block-spacer\"><\/div>\n<!-- \/wp:spacer -->\n\n<!-- wp:heading {\"className\":\"main-title\"} -->\n<h2 class=\"main-title\"><strong>Aktualno\u015bci<\/strong><\/h2>\n<!-- \/wp:heading -->\n\n<!-- wp:spacer {\"height\":\"30px\"} -->\n<div style=\"height:30px\" aria-hidden=\"true\" class=\"wp-block-spacer\"><\/div>\n<!-- \/wp:spacer -->\n\n<!-- wp:shortcode -->\n[pkol_news categories=\"Tokio 2020\" quantity=\"4\" not_in=\"G\u0142\u00f3wny slider\"]\n<!-- \/wp:shortcode -->\n\n<!-- wp:spacer {\"height\":\"50px\"} -->\n<div style=\"height:50px\" aria-hidden=\"true\" class=\"wp-block-spacer\"><\/div>\n<!-- \/wp:spacer -->\n\n<!-- wp:gallery {\"linkTo\":\"media\",\"sizeSlug\":\"full\",\"align\":\"center\"} -->\n<figure class=\"wp-block-gallery aligncenter has-nested-images columns-default is-cropped\"><!-- wp:image {\"id\":45017,\"sizeSlug\":\"full\",\"linkDestination\":\"media\"} -->\n<figure class=\"wp-block-image size-full\"><a href=\"https:\/\/olimpijski.pl\/wp-content\/uploads\/2021\/05\/TeamPolska-1.jpg\"><img src=\"https:\/\/olimpijski.pl\/wp-content\/uploads\/2021\/05\/TeamPolska-1.jpg\" alt=\"\" class=\"wp-image-45017\"\/><\/a><\/figure>\n<!-- \/wp:image --><\/figure>\n<!-- \/wp:gallery -->\n\n<!-- wp:spacer {\"height\":\"50px\"} -->\n<div style=\"height:50px\" aria-hidden=\"true\" class=\"wp-block-spacer\"><\/div>\n<!-- \/wp:spacer -->\n\n<!-- wp:html -->\n[medals_by_game]\n<!-- \/wp:html -->\n\n<!-- wp:spacer {\"height\":\"25px\"} -->\n<div style=\"height:25px\" aria-hidden=\"true\" class=\"wp-block-spacer\"><\/div>\n<!-- \/wp:spacer -->\n\n<!-- wp:spacer {\"height\":\"20px\"} -->\n<div style=\"height:20px\" aria-hidden=\"true\" class=\"wp-block-spacer\"><\/div>\n<!-- \/wp:spacer -->\n\n<!-- wp:cover {\"url\":\"https:\/\/olimpijski.pl\/wp-content\/uploads\/2021\/05\/big-bg.png\",\"id\":45078,\"dimRatio\":20,\"customOverlayColor\":\"#2f2d5f\",\"align\":\"full\"} -->\n<div class=\"wp-block-cover alignfull\"><span aria-hidden=\"true\" class=\"wp-block-cover__background has-background-dim-20 has-background-dim\" style=\"background-color:#2f2d5f\"><\/span><img class=\"wp-block-cover__image-background wp-image-45078\" alt=\"\" src=\"https:\/\/olimpijski.pl\/wp-content\/uploads\/2021\/05\/big-bg.png\" data-object-fit=\"cover\"\/><div class=\"wp-block-cover__inner-container\"><!-- wp:group -->\n<div class=\"wp-block-group\"><!-- wp:media-text {\"mediaId\":44768,\"mediaLink\":\"https:\/\/olimpijski.pl\/igrzyska_letnie\/tokio-2020\/maskotki-tokyo-2020\/#main\",\"mediaType\":\"image\"} -->\n<div class=\"wp-block-media-text alignwide is-stacked-on-mobile\"><figure class=\"wp-block-media-text__media\"><img src=\"https:\/\/olimpijski.pl\/wp-content\/uploads\/2021\/05\/maskotki-tokyo-2020-1024x579.jpg\" alt=\"\" class=\"wp-image-44768 size-full\"\/><\/figure><div class=\"wp-block-media-text__content\"><!-- wp:spacer {\"height\":\"20px\"} -->\n<div style=\"height:20px\" aria-hidden=\"true\" class=\"wp-block-spacer\"><\/div>\n<!-- \/wp:spacer -->\n\n<!-- wp:heading -->\n<h2><strong>Maskotki<\/strong><\/h2>\n<!-- \/wp:heading -->\n\n<!-- wp:paragraph -->\n<p>Maskotka igrzysk olimpijskich \u2013 Miraitowa, \u0142\u0105czy w&nbsp;sobie tradycj\u0119 oraz&nbsp;innowacyjno\u015b\u0107. Zawsze jest na&nbsp;bie\u017c\u0105co z&nbsp;naj\u015bwie\u017cszymi wiadomo\u015bciami, ma silne poczucie sprawiedliwo\u015bci i&nbsp;jest bardzo atletyczna.<\/p>\n<!-- \/wp:paragraph -->\n\n<!-- wp:paragraph -->\n<p>Miraitowa ma te\u017c specjaln\u0105 moc, kt\u00f3ra pozwala jej momentalnie przemie\u015bci\u0107 si\u0119 wsz\u0119dzie. Zrodzi\u0142a si\u0119 z&nbsp;tradycyjnego wzoru kratkowego i&nbsp;futurystycznej wizji \u015bwiata.&nbsp;<\/p>\n<!-- \/wp:paragraph -->\n\n<!-- wp:paragraph -->\n<p>Maskotka paraolimpijska \u2013 Someity, jest spokojn\u0105 postaci\u0105 z&nbsp;wi\u015bniowym zmys\u0142em dotyku i&nbsp;supernaturalnymi mocami. Zazwyczaj jest spokojna, ale&nbsp;i bardzo silna. Ma dostojn\u0105 wewn\u0119trzn\u0105 si\u0142\u0119 i&nbsp;dobre serce, kt\u00f3re kocha natur\u0119. Potrafi rozmawia\u0107 z&nbsp;kamieniami i&nbsp;wiatrem, a&nbsp;tak\u017ce porusza\u0107 rzeczy tylko na&nbsp;nie patrz\u0105c. Zrodzi\u0142a si\u0119 z&nbsp;tradycyjnego wzoru kratkowego i&nbsp;kwitn\u0105cych kwiat\u00f3w wi\u015bni.<\/p>\n<!-- \/wp:paragraph -->\n\n<!-- wp:paragraph -->\n<p>Obie maskotki maj\u0105 odmienne osobowo\u015bci, ale&nbsp;szanuj\u0105 si\u0119 nawzajem i&nbsp;s\u0105 dobrymi przyjaci\u00f3\u0142mi. Maj\u0105 wielkiego ducha go\u015bcinno\u015bci, zawsze staraj\u0105 si\u0119 jak najlepiej kibicowa\u0107 i&nbsp;zach\u0119ca\u0107 innych.<\/p>\n<!-- \/wp:paragraph --><\/div><\/div>\n<!-- \/wp:media-text --><\/div>\n<!-- \/wp:group --><\/div><\/div>\n<!-- \/wp:cover -->\n\n<!-- wp:spacer {\"height\":\"25px\"} -->\n<div style=\"height:25px\" aria-hidden=\"true\" class=\"wp-block-spacer\"><\/div>\n<!-- \/wp:spacer -->\n\n<!-- wp:columns {\"verticalAlignment\":\"center\"} -->\n<div class=\"wp-block-columns are-vertically-aligned-center\"><!-- wp:column {\"verticalAlignment\":\"center\",\"width\":\"20%\"} -->\n<div class=\"wp-block-column is-vertically-aligned-center\" style=\"flex-basis:20%\"><!-- wp:image {\"align\":\"center\",\"id\":32060,\"sizeSlug\":\"large\",\"linkDestination\":\"none\"} -->\n<figure class=\"wp-block-image aligncenter size-large\"><img src=\"https:\/\/olimpijski.pl\/wp-content\/uploads\/2020\/10\/logo-tokyo-2020-1.jpg\" alt=\"\" class=\"wp-image-32060\"\/><\/figure>\n<!-- \/wp:image --><\/div>\n<!-- \/wp:column -->\n\n<!-- wp:column {\"verticalAlignment\":\"center\",\"width\":\"80%\"} -->\n<div class=\"wp-block-column is-vertically-aligned-center\" style=\"flex-basis:80%\"><!-- wp:heading -->\n<h2><strong>Logo<\/strong><\/h2>\n<!-- \/wp:heading -->\n\n<!-- wp:paragraph -->\n<p>Projekt logotypu Igrzysk XXXII Olimpiady Tokio 2020 zawiera bia\u0142o-niebiesk\u0105 szachownic\u0119 i kolory nawi\u0105zuj\u0105ce do&nbsp;japo\u0144skiej tradycji.<\/p>\n<!-- \/wp:paragraph -->\n\n<!-- wp:paragraph -->\n<p>Nier\u00f3wnomierne prostok\u0105ty s\u0105 symbolizuj\u0105 natomiast odmiennie pa\u0144stwa i&nbsp;kultury, kt\u00f3re zetkn\u0105 si\u0119 podczas igrzysk olimpijskich w Kraju Kwitn\u0105cej Wi\u015bni. Logotyp tworzy ko\u0142o, oznaczaj\u0105ce pe\u0142ni\u0119.<\/p>\n<!-- \/wp:paragraph -->\n\n<!-- wp:paragraph -->\n<p>W&nbsp;logotypie paraolimpijskim prostok\u0105ty urywaj\u0105 si\u0119 w&nbsp;pewnym momencie, tworz\u0105c most, symbolizuj\u0105cy szans\u0119, jak\u0105 niepe\u0142nosprawnym daje uprawianie sportu.<\/p>\n<!-- \/wp:paragraph --><\/div>\n<!-- \/wp:column --><\/div>\n<!-- \/wp:columns -->\n\n<!-- wp:spacer {\"height\":\"20px\"} -->\n<div style=\"height:20px\" aria-hidden=\"true\" class=\"wp-block-spacer\"><\/div>\n<!-- \/wp:spacer -->\n\n<!-- wp:gallery {\"linkTo\":\"media\",\"sizeSlug\":\"full\"} -->\n<figure class=\"wp-block-gallery has-nested-images columns-default is-cropped\"><!-- wp:image {\"id\":45020,\"sizeSlug\":\"full\",\"linkDestination\":\"media\"} -->\n<figure class=\"wp-block-image size-full\"><a href=\"https:\/\/olimpijski.pl\/wp-content\/uploads\/2021\/05\/medale-tokio-2020.jpg\"><img src=\"https:\/\/olimpijski.pl\/wp-content\/uploads\/2021\/05\/medale-tokio-2020.jpg\" alt=\"\" class=\"wp-image-45020\"\/><\/a><\/figure>\n<!-- \/wp:image --><\/figure>\n<!-- \/wp:gallery -->\n\n<!-- wp:heading -->\n<h2><strong>Medale<\/strong><\/h2>\n<!-- \/wp:heading -->\n\n<!-- wp:paragraph -->\n<p><strong>Kiedy organizatorzy Igrzysk XXXII Olimpiady zaprezentowali medale, kt\u00f3re zawisn\u0105 na szyjach atlet\u00f3w, zakomunikowano, \u017ce ka\u017cdy z nich by\u0142 kiedy\u015b urz\u0105dzeniem elektronicznym.<\/strong><\/p>\n<!-- \/wp:paragraph -->\n\n<!-- wp:paragraph -->\n<p>Z 78985 ton elektro\u015bmieci uda\u0142o si\u0119 odzyska\u0107 4100 kg srebra, 2700 kg br\u0105zu i 30 kg z\u0142ota, kt\u00f3re nast\u0119pnie zosta\u0142y wykorzystane do odlania medali o \u015brednicy 85 mm.<\/p>\n<!-- \/wp:paragraph -->\n\n<!-- wp:paragraph -->\n<p>Wed\u0142ug oficjalnych raport\u00f3w ca\u0142a ta g\u00f3ra odpad\u00f3w zapewne nie zosta\u0142aby nawet uj\u0119ta w statystyce, gdy\u017c \u2013 wed\u0142ug raportu na 2017 r. \u2013 ledwie 20 proc. wszystkich elektro\u015bmieci podlega dokumentacji i recyclingowi. A \u0142\u0105cznie produkujemy ich ponad 45 mln ton rocznie.<\/p>\n<!-- \/wp:paragraph -->\n\n<!-- wp:paragraph -->\n<p>Br\u0105zowe kr\u0105\u017cki wykonano ze spi\u017cu, sk\u0142adaj\u0105cego si\u0119 w 95 proc. z miedzi i 5 proc. z cynku. Srebrne wykonano z czystego srebra, za\u015b z\u0142ote z poz\u0142acanego srebra.<\/p>\n<!-- \/wp:paragraph -->\n\n<!-- wp:paragraph -->\n<p>Autorem projektu jest Junichi Kawanishi, za\u015b elektro\u015bmieci niezb\u0119dnych do jego realizacji dostarczyli mieszka\u0144cy Japonii.<\/p>\n<!-- \/wp:paragraph -->\n\n<!-- wp:separator {\"opacity\":\"css\",\"className\":\"is-style-wide\"} -->\n<hr class=\"wp-block-separator has-css-opacity is-style-wide\"\/>\n<!-- \/wp:separator -->\n\n<!-- wp:block {\"ref\":45908} \/-->\n\n<!-- wp:paragraph -->\n<p><\/p>\n<!-- \/wp:paragraph -->","post_title":"Tokio 2020","post_excerpt":"","post_status":"publish","comment_status":"closed","ping_status":"closed","post_password":"","post_name":"tokio-2020","to_ping":"","pinged":"","post_modified":"2022-09-27 10:24:25","post_modified_gmt":"2022-09-27 08:24:25","post_content_filtered":"","post_parent":0,"guid":"https:\/\/olimpijski.pl\/?post_type=olympics_summer&#038;p=42383","menu_order":0,"post_type":"olympics_summer","post_mime_type":"","comment_count":"0","filter":"raw"},"team_competition":{"ID":5679,"post_author":"15","post_date":"2020-06-19 11:31:58","post_date_gmt":"2020-06-19 09:31:58","post_content":"","post_title":"Kajakarstwo, sprint - K-4 500m","post_excerpt":"","post_status":"publish","comment_status":"closed","ping_status":"closed","post_password":"","post_name":"k-4-500m","to_ping":"","pinged":"","post_modified":"2021-12-07 09:54:47","post_modified_gmt":"2021-12-07 08:54:47","post_content_filtered":"","post_parent":641,"guid":"https:\/\/wai-q7byvryhhcz9k.wpallimport-demo.qsandbox.me\/competition\/k-4-500m\/","menu_order":0,"post_type":"competition","post_mime_type":"","comment_count":"0","filter":"raw"},"team_players":[{"ID":15445,"post_author":"15","post_date":"2020-06-24 16:53:15","post_date_gmt":"2020-06-24 14:53:15","post_content":"<!-- wp:paragraph -->\n<p><strong>kajakarka, br\u0105zowa medalistka olimpijska z\u00a0Londynu (2012) i Rio de Janeiro (2016), srebrna i br\u0105zowa medalistka olimpijska z Tokio (2020), olimpijka z Pary\u017ca (2024).<\/strong><\/p>\n<!-- \/wp:paragraph -->\n\n<!-- wp:paragraph -->\n<p>Pierwszy medal olimpijski wywalczy\u0142a w&nbsp;Londynie (2012) wraz z&nbsp;Beat\u0105 Miko\u0142ajczyk. By\u0142 to&nbsp;br\u0105zowy kr\u0105\u017cek.<\/p>\n<!-- \/wp:paragraph -->\n\n<!-- wp:paragraph -->\n<p>Kolejny sukces olimpijski przyszed\u0142 w&nbsp;Brazylii tak\u017ce w&nbsp;parze z&nbsp;Beat\u0105 Miko\u0142ajczyk. Polki zn\u00f3w wywalczy\u0142y br\u0105zowy medal Igrzysk XXXI Olimpiady Rio 2016 w&nbsp;konkurencji K2 500 m. Zwyci\u0119\u017cy\u0142y W\u0119gierki (Gabriella Szabo, Danuta Kozak) przed Niemkami (Franziska Weber, Tina Dietze).<\/p>\n<!-- \/wp:paragraph -->\n\n<!-- wp:paragraph -->\n<p>W 2021 roku, ale podczas Igrzysk XXXII Olimpiady Tokio 2020 wywalczy\u0142a sw\u00f3j trzeci i czwarty kr\u0105\u017cek olimpijski. Tym razem razem z Ann\u0105 Pu\u0142awsk\u0105 wywalczy\u0142a srebro w K2 500 m i br\u0105z w K4 na 500 m.<\/p>\n<!-- \/wp:paragraph -->\n\n<!-- wp:paragraph -->\n<p><strong>*2020 Tokio: kajakarstwo, K-2 500 m - srebrny medal.<\/strong> Wygra\u0142a osada z Nowej Zelandii, a br\u0105z wywalczy\u0142y W\u0119gierki; <strong>K4 500m - br\u0105zowy medal.<\/strong><\/p>\n<!-- \/wp:paragraph -->\n\n<!-- wp:paragraph -->\n<p><strong>*2012 Londyn: kajakarstwo, K2 500 m<\/strong>&nbsp;\u2013 5. w&nbsp;III przedb. (5 osad) \u2013 1:48.271, 3 m. w&nbsp;I p\u00f3\u0142fin. (8 osad) \u2013 1:41.873, 3 m. w&nbsp;finale (8 osad) \u2013 1:44.000 (zw. Niemcy, F. Weber, T. Dietze \u2013 1:42.213), <strong>br\u0105zowy medal<\/strong>. Partnerk\u0105 by\u0142a B. Miko\u0142ajczyk; <strong>kaj. K4 500 m<\/strong> - 5 m. w&nbsp;II przedb. (5 osad) \u2013 1:35.843, 1 m. w&nbsp;I p\u00f3\u0142fin. (8 osad) - 1:30.338, 4 m. finale (8 osad) \u2013 1:31.607 (zw. W\u0119gry, G. Szabo, D. Kozak, K. Kovacs, K. Fazekas \u2013 1:30.827). Partnerkami by\u0142y: M. Walczykiewicz, A. Pastuszka-Konieczna i&nbsp;B. Miko\u0142ajczyk.<\/p>\n<!-- \/wp:paragraph -->\n\n<!-- wp:paragraph -->\n<p><strong>*2016 Rio de Janeiro: kajakarstwo - K2&nbsp;500m - br\u0105zowy medal<\/strong> z&nbsp;czasem 1.45,207. Partnerk\u0105 w&nbsp;osadzie by\u0142a Beata Miko\u0142ajczyk. Wygra\u0142y W\u0119gierki&nbsp;Gabriella Szabo i&nbsp;Danuta Kozak (1.43,687).<\/p>\n<!-- \/wp:paragraph -->","post_title":"Karolina Naja","post_excerpt":"kajakarka, br\u0105zowa medalistka olimpijska z\u00a0Londynu (2012) i Rio de Janeiro (2016), srebrna i br\u0105zowa medalistka olimpijska z Tokio (2020), olimpijka z Pary\u017ca (2024).","post_status":"publish","comment_status":"closed","ping_status":"closed","post_password":"","post_name":"karolina-naja","to_ping":"","pinged":"","post_modified":"2024-08-06 13:20:37","post_modified_gmt":"2024-08-06 11:20:37","post_content_filtered":"","post_parent":0,"guid":"http:\/\/pkol.local\/person\/karolina-naja\/","menu_order":60,"post_type":"person","post_mime_type":"","comment_count":"0","filter":"raw"},{"ID":44169,"post_author":"15","post_date":"2021-07-19 09:40:31","post_date_gmt":"2021-07-19 07:40:31","post_content":"<!-- wp:paragraph -->\n<p><br><br><br><strong>polska kajakarka, wicemistrzyni mistrzyni \u015bwiata K1\u00a01000m (2019), br\u0105zowa medalistka olimpijska z Tokio (2020).<\/strong><\/p>\n<!-- \/wp:paragraph -->\n\n<!-- wp:paragraph -->\n<p>Debiut olimpijski podczas Igrzysk XXXII Olimpiady Tokio 2020 (kt\u00f3re z powodu pandemii koronawirusa Sars-Cov-2 zosta\u0142y prze\u0142o\u017cone na 2021 rok bez zmian w nazewnictwie).<\/p>\n<!-- \/wp:paragraph -->\n\n<!-- wp:paragraph -->\n<p><strong>*2020 Tokio: kajakarstwo, K4 500m - br\u0105zowy medal.<\/strong><\/p>\n<!-- \/wp:paragraph -->","post_title":"Justyna Iskrzycka","post_excerpt":"polska kajakarka, wicemistrzyni mistrzyni \u015bwiata K1 1000m (2019), br\u0105zowa medalistka olimpijska z Tokio (2020).","post_status":"publish","comment_status":"closed","ping_status":"closed","post_password":"","post_name":"justyna-iskrzycka","to_ping":"","pinged":"","post_modified":"2021-08-07 06:00:44","post_modified_gmt":"2021-08-07 04:00:44","post_content_filtered":"","post_parent":0,"guid":"https:\/\/olimpijski.pl\/?post_type=person&#038;p=44169","menu_order":0,"post_type":"person","post_mime_type":"","comment_count":"0","filter":"raw"},{"ID":44159,"post_author":"15","post_date":"2021-07-19 09:27:02","post_date_gmt":"2021-07-19 07:27:02","post_content":"<!-- wp:paragraph -->\n<p><br><br><br><strong>polska kajakarka, wicemistrzyni \u015bwiata K2\u00a0500m (2019), br\u0105zowa medalistka K4\u00a0500m (2018 i 2019), srebrna i br\u0105zowa medalistka olimpijska z Tokio (2020), olimpijka z Pary\u017ca (2024).<\/strong><\/p>\n<!-- \/wp:paragraph -->\n\n<!-- wp:paragraph -->\n<p>Debiut olimpijski podczas Igrzysk XXXII Olimpiady Tokio 2020 (kt\u00f3re z powodu pandemii koronawirusa Sars-Cov-2 zosta\u0142y prze\u0142o\u017cone na 2021 rok bez zmian w nazewnictwie).<\/p>\n<!-- \/wp:paragraph -->\n\n<!-- wp:paragraph -->\n<p><strong>*2020 Tokio: kajakarstwo, K2 500 m - srebrny medal. <\/strong>Wygra\u0142a osada z Nowej Zelandii, a br\u0105z wywalczy\u0142y W\u0119gierki;<strong> K4 500m - br\u0105zowy medal.<\/strong><\/p>\n<!-- \/wp:paragraph -->","post_title":"Anna Pu\u0142awska","post_excerpt":"polska kajakarka, wicemistrzyni \u015bwiata K2\u00a0500m (2019), br\u0105zowa medalistka K4\u00a0500m (2018 i 2019), srebrna i br\u0105zowa medalistka olimpijska z Tokio (2020), olimpijka z Pary\u017ca (2024).","post_status":"publish","comment_status":"closed","ping_status":"closed","post_password":"","post_name":"anna-pulawska","to_ping":"","pinged":"","post_modified":"2024-08-06 13:29:01","post_modified_gmt":"2024-08-06 11:29:01","post_content_filtered":"","post_parent":0,"guid":"https:\/\/olimpijski.pl\/?post_type=person&#038;p=44159","menu_order":0,"post_type":"person","post_mime_type":"","comment_count":"0","filter":"raw"},{"ID":44164,"post_author":"15","post_date":"2021-07-19 09:33:14","post_date_gmt":"2021-07-19 07:33:14","post_content":"<!-- wp:paragraph -->\n<p><br><br><br><strong>polska kajakarka, br\u0105zowa medalistka M\u015a K4\u00a0500m (2019), br\u0105zowa medalistka olimpijska z Tokio (2020) i Pary\u017ca (2024).<\/strong><\/p>\n<!-- \/wp:paragraph -->\n\n<!-- wp:paragraph -->\n<p>Debiut olimpijski podczas Igrzysk XXXII Olimpiady Tokio 2020 (kt\u00f3re z powodu pandemii koronawirusa Sars-Cov-2 zosta\u0142y prze\u0142o\u017cone na 2021 rok bez zmian w nazewnictwie).<\/p>\n<!-- \/wp:paragraph -->\n\n<!-- wp:paragraph -->\n<p><strong>*2020 Tokio: kajakarstwo, K4 500m - br\u0105zowy medal.<\/strong><\/p>\n<!-- \/wp:paragraph -->","post_title":"Helena Wi\u015bniewska","post_excerpt":"polska kajakarka, br\u0105zowa medalistka M\u015a K4\u00a0500m (2019), br\u0105zowa medalistka olimpijska z Tokio (2020) i Pary\u017ca (2024).","post_status":"publish","comment_status":"closed","ping_status":"closed","post_password":"","post_name":"helena-wisniewska","to_ping":"","pinged":"","post_modified":"2024-08-06 18:56:37","post_modified_gmt":"2024-08-06 16:56:37","post_content_filtered":"","post_parent":0,"guid":"https:\/\/olimpijski.pl\/?post_type=person&#038;p=44164","menu_order":0,"post_type":"person","post_mime_type":"","comment_count":"0","filter":"raw"}]},"_links":{"self":[{"href":"https:\/\/olimpijski.pl\/en\/wp-json\/wp\/v2\/team\/46810"}],"collection":[{"href":"https:\/\/olimpijski.pl\/en\/wp-json\/wp\/v2\/team"}],"about":[{"href":"https:\/\/olimpijski.pl\/en\/wp-json\/wp\/v2\/types\/team"}],"wp:attachment":[{"href":"https:\/\/olimpijski.pl\/en\/wp-json\/wp\/v2\/media?parent=46810"}],"curies":[{"name":"wp","href":"https:\/\/api.w.org\/{rel}","templated":true}]}}