{"id":86814,"date":"2024-07-28T20:45:11","date_gmt":"2024-07-28T18:45:11","guid":{"rendered":"https:\/\/olimpijski.pl\/?post_type=team&#038;p=86814"},"modified":"2024-07-28T20:45:14","modified_gmt":"2024-07-28T18:45:14","slug":"szermierka-floret-k-paryz-2024","status":"publish","type":"team","link":"https:\/\/olimpijski.pl\/en\/team\/szermierka-floret-k-paryz-2024\/","title":{"rendered":"Szermierka &#8211; Floret K &#8211; Pary\u017c 2024"},"content":{"rendered":"","protected":false},"featured_media":0,"template":"","class_list":["post-86814","team","type-team","status-publish","hentry","infinite-scroll-item","no-featured-image-padding"],"acf":{"team_olimpic":{"ID":48812,"post_author":"1","post_date":"2022-07-04 14:08:03","post_date_gmt":"2022-07-04 12:08:03","post_content":"<!-- wp:cover {\"url\":\"https:\/\/olimpijski.pl\/wp-content\/uploads\/2024\/07\/pkol-pattern-fhd2-2.png\",\"id\":86388,\"dimRatio\":70,\"customOverlayColor\":\"#d7c378\",\"isUserOverlayColor\":true,\"focalPoint\":{\"x\":0.71,\"y\":0},\"minHeight\":340,\"minHeightUnit\":\"px\",\"isDark\":false,\"align\":\"full\"} -->\n<div class=\"wp-block-cover alignfull is-light\" style=\"min-height:340px\"><span aria-hidden=\"true\" class=\"wp-block-cover__background has-background-dim-70 has-background-dim\" style=\"background-color:#d7c378\"><\/span><img class=\"wp-block-cover__image-background wp-image-86388\" alt=\"\" src=\"https:\/\/olimpijski.pl\/wp-content\/uploads\/2024\/07\/pkol-pattern-fhd2-2.png\" style=\"object-position:71% 0%\" data-object-fit=\"cover\" data-object-position=\"71% 0%\"\/><div class=\"wp-block-cover__inner-container\"><!-- wp:paragraph {\"align\":\"center\",\"placeholder\":\"Wprowad\u017a tytu\u0142...\",\"className\":\"main-title white\",\"fontSize\":\"x-large\"} -->\n<p class=\"has-text-align-center main-title white has-x-large-font-size\"><strong>Igrzyska XXXIII Olimpiady<\/strong> <br>Pary\u017c 2024<\/p>\n<!-- \/wp:paragraph --><\/div><\/div>\n<!-- \/wp:cover -->\n\n<!-- wp:spacer {\"height\":\"17px\"} -->\n<div style=\"height:17px\" aria-hidden=\"true\" class=\"wp-block-spacer\"><\/div>\n<!-- \/wp:spacer -->\n\n<!-- wp:shortcode -->\n[pkol_slider autoplay_interval=\"4000\"  categories=\"Pary\u017c 2024\" quantity=\"3\"]\n<!-- \/wp:shortcode -->\n\n<!-- wp:columns {\"verticalAlignment\":\"center\"} -->\n<div class=\"wp-block-columns are-vertically-aligned-center\"><!-- wp:column {\"verticalAlignment\":\"center\",\"width\":\"33.33%\"} -->\n<div class=\"wp-block-column is-vertically-aligned-center\" style=\"flex-basis:33.33%\"><!-- wp:shortcode -->\n[olympics_sidebar]\n<!-- \/wp:shortcode --><\/div>\n<!-- \/wp:column -->\n\n<!-- wp:column {\"verticalAlignment\":\"center\",\"width\":\"66.66%\"} -->\n<div class=\"wp-block-column is-vertically-aligned-center\" style=\"flex-basis:66.66%\"><!-- wp:image {\"lightbox\":{\"enabled\":false},\"id\":85121,\"sizeSlug\":\"large\",\"linkDestination\":\"custom\"} -->\n<figure class=\"wp-block-image size-large\"><a href=\"\/reprezentacja-polski\/?olympic=paryz-2024\"><img src=\"https:\/\/olimpijski.pl\/wp-content\/uploads\/2022\/07\/PKOl_TPL_PARYZ2024-2-1024x458.jpg\" alt=\"\" class=\"wp-image-85121\"\/><\/a><\/figure>\n<!-- \/wp:image -->\n\n<!-- wp:paragraph -->\n<p><\/p>\n<!-- \/wp:paragraph --><\/div>\n<!-- \/wp:column --><\/div>\n<!-- \/wp:columns -->\n\n<!-- wp:spacer {\"height\":\"30px\"} -->\n<div style=\"height:30px\" aria-hidden=\"true\" class=\"wp-block-spacer\"><\/div>\n<!-- \/wp:spacer -->\n\n<!-- wp:shortcode -->\n[medals_by_game]\n<!-- \/wp:shortcode -->\n\n<!-- wp:spacer {\"height\":\"30px\"} -->\n<div style=\"height:30px\" aria-hidden=\"true\" class=\"wp-block-spacer\"><\/div>\n<!-- \/wp:spacer -->\n\n<!-- wp:heading {\"className\":\"main-title\"} -->\n<h2 class=\"wp-block-heading main-title\"><strong>Aktualno\u015bci<\/strong><\/h2>\n<!-- \/wp:heading -->\n\n<!-- wp:spacer {\"height\":\"30px\"} -->\n<div style=\"height:30px\" aria-hidden=\"true\" class=\"wp-block-spacer\"><\/div>\n<!-- \/wp:spacer -->\n\n<!-- wp:shortcode -->\n[pkol_news categories=\"Pary\u017c 2024\" quantity=\"4\" not_in=\"G\u0142\u00f3wny slider\"]\n<!-- \/wp:shortcode -->\n\n<!-- wp:html -->\n<!-- wp:separator -->\n<hr class=\"wp-block-separator has-alpha-channel-opacity\"\/>\n<!-- \/wp:separator -->\n\n<!-- wp:paragraph {\"align\":\"center\"} -->\n<p class=\"has-text-align-center\"><em>Udzia\u0142 Olimpijskiej Reprezentacji Polski w Igrzyskach XXXIII Olimpiady Pary\u017c 2024<\/em><em> dofinansowano ze \u015brodk\u00f3w Ministerstwa Sportu i Turystyki.<\/em><\/p>\n<!-- \/wp:paragraph -->\n\n<!-- wp:image {\"id\":91016,\"width\":\"395px\",\"height\":\"auto\",\"sizeSlug\":\"large\",\"linkDestination\":\"none\",\"align\":\"center\"} -->\n<figure class=\"wp-block-image aligncenter size-large is-resized\"><img src=\"https:\/\/olimpijski.pl\/wp-content\/uploads\/2022\/07\/Logo_MSiT_2001-2022-1024x299.jpg\" alt=\"\" class=\"wp-image-91016\" style=\"width:395px;height:auto\"\/><\/figure>\n<!-- \/wp:image -->\n\n<!-- wp:separator -->\n<hr class=\"wp-block-separator has-alpha-channel-opacity\"\/>\n<!-- \/wp:separator -->\n<!-- \/wp:html -->\n\n<!-- wp:spacer {\"height\":\"50px\"} -->\n<div style=\"height:50px\" aria-hidden=\"true\" class=\"wp-block-spacer\"><\/div>\n<!-- \/wp:spacer -->\n\n<!-- wp:image {\"id\":85121,\"sizeSlug\":\"full\",\"linkDestination\":\"none\",\"align\":\"full\"} -->\n<figure class=\"wp-block-image alignfull size-full\"><img src=\"https:\/\/olimpijski.pl\/wp-content\/uploads\/2022\/07\/PKOl_TPL_PARYZ2024-2.jpg\" alt=\"\" class=\"wp-image-85121\"\/><\/figure>\n<!-- \/wp:image -->\n\n<!-- wp:spacer {\"height\":\"50px\"} -->\n<div style=\"height:50px\" aria-hidden=\"true\" class=\"wp-block-spacer\"><\/div>\n<!-- \/wp:spacer -->\n\n<!-- wp:cover {\"url\":\"https:\/\/olimpijski.pl\/wp-content\/uploads\/2022\/07\/maskotki-paryz2024.avif\",\"id\":85059,\"dimRatio\":20,\"overlayColor\":\"contrast\",\"isUserOverlayColor\":true,\"focalPoint\":{\"x\":0.51,\"y\":0.78},\"align\":\"full\"} -->\n<div class=\"wp-block-cover alignfull\"><span aria-hidden=\"true\" class=\"wp-block-cover__background has-contrast-background-color has-background-dim-20 has-background-dim\"><\/span><img class=\"wp-block-cover__image-background wp-image-85059\" alt=\"\" src=\"https:\/\/olimpijski.pl\/wp-content\/uploads\/2022\/07\/maskotki-paryz2024.avif\" style=\"object-position:51% 78%\" data-object-fit=\"cover\" data-object-position=\"51% 78%\"\/><div class=\"wp-block-cover__inner-container\"><!-- wp:group -->\n<div class=\"wp-block-group\"><!-- wp:columns -->\n<div class=\"wp-block-columns\"><!-- wp:column {\"verticalAlignment\":\"center\"} -->\n<div class=\"wp-block-column is-vertically-aligned-center\"><!-- wp:heading -->\n<h2 class=\"wp-block-heading\"><strong>Maskotki<\/strong><\/h2>\n<!-- \/wp:heading -->\n\n<!-- wp:paragraph -->\n<p>Maskotkami Igrzysk Olimpijskich i Paraolimpijskich Pary\u017c 2024 s\u0105 Phryges - ma\u0142e czapki frygijskie, symbolizuj\u0105ce wolno\u015b\u0107 i rewolucj\u0119. Czapki frygijskie od wiek\u00f3w by\u0142y obecne w kluczowych momentach francuskiej historii. Olimpijski Phryge jest przemy\u015blan\u0105 strategiem, natomiast Paraolimpijski Phryge nosi protez\u0119 biegow\u0105 i jest odwa\u017cny oraz pe\u0142en pasji do sportu. Maskotki maj\u0105 inspirowa\u0107 Francuz\u00f3w do aktywno\u015bci fizycznej, promuj\u0105c sport jako element zmieniaj\u0105cy \u017cycie, zdrowie i relacje mi\u0119dzyludzkie.<\/p>\n<!-- \/wp:paragraph -->\n\n<!-- wp:buttons -->\n<div class=\"wp-block-buttons\"><!-- wp:button -->\n<div class=\"wp-block-button\"><a class=\"wp-block-button__link wp-element-button\"><\/a><\/div>\n<!-- \/wp:button --><\/div>\n<!-- \/wp:buttons --><\/div>\n<!-- \/wp:column -->\n\n<!-- wp:column {\"verticalAlignment\":\"center\"} -->\n<div class=\"wp-block-column is-vertically-aligned-center\"><!-- wp:image {\"id\":85061,\"sizeSlug\":\"full\",\"linkDestination\":\"none\"} -->\n<figure class=\"wp-block-image size-full\"><img src=\"https:\/\/olimpijski.pl\/wp-content\/uploads\/2022\/07\/maskotki.avif\" alt=\"\" class=\"wp-image-85061\"\/><\/figure>\n<!-- \/wp:image --><\/div>\n<!-- \/wp:column --><\/div>\n<!-- \/wp:columns -->\n\n<!-- wp:spacer {\"height\":\"187px\"} -->\n<div style=\"height:187px\" aria-hidden=\"true\" class=\"wp-block-spacer\"><\/div>\n<!-- \/wp:spacer --><\/div>\n<!-- \/wp:group --><\/div><\/div>\n<!-- \/wp:cover -->\n\n<!-- wp:spacer {\"height\":\"25px\"} -->\n<div style=\"height:25px\" aria-hidden=\"true\" class=\"wp-block-spacer\"><\/div>\n<!-- \/wp:spacer -->\n\n<!-- wp:columns {\"verticalAlignment\":\"center\"} -->\n<div class=\"wp-block-columns are-vertically-aligned-center\"><!-- wp:column {\"verticalAlignment\":\"center\",\"width\":\"20%\"} -->\n<div class=\"wp-block-column is-vertically-aligned-center\" style=\"flex-basis:20%\"><!-- wp:image {\"id\":85063,\"sizeSlug\":\"large\",\"linkDestination\":\"none\",\"align\":\"center\"} -->\n<figure class=\"wp-block-image aligncenter size-large\"><img src=\"https:\/\/olimpijski.pl\/wp-content\/uploads\/2022\/07\/logo-igrzysk-olimpijskich-paryz-2024-1024x917.jpeg\" alt=\"\" class=\"wp-image-85063\"\/><\/figure>\n<!-- \/wp:image --><\/div>\n<!-- \/wp:column -->\n\n<!-- wp:column {\"verticalAlignment\":\"center\",\"width\":\"80%\"} -->\n<div class=\"wp-block-column is-vertically-aligned-center\" style=\"flex-basis:80%\"><!-- wp:heading -->\n<h2 class=\"wp-block-heading\"><strong>Logo<\/strong><\/h2>\n<!-- \/wp:heading -->\n\n<!-- wp:paragraph -->\n<p>Logo Igrzysk Olimpijskich i Paraolimpijskich Pary\u017c 2024 \u0142\u0105czy trzy symbole: z\u0142oty medal, p\u0142omie\u0144 oraz stylizowany wizerunek kobiecej twarzy symbolizuj\u0105cej Mariann\u0119, ikon\u0119 Republiki Francuskiej. Z\u0142oty medal reprezentuje sportowe osi\u0105gni\u0119cia, p\u0142omie\u0144 symbolizuje pasj\u0119 i energi\u0119, a wizerunek Marianny odzwierciedla warto\u015bci takie jak wolno\u015b\u0107, r\u00f3wno\u015b\u0107 i braterstwo. To pierwsze logo wsp\u00f3lne dla obu imprez.<\/p>\n<!-- \/wp:paragraph --><\/div>\n<!-- \/wp:column --><\/div>\n<!-- \/wp:columns -->\n\n<!-- wp:spacer {\"height\":\"20px\"} -->\n<div style=\"height:20px\" aria-hidden=\"true\" class=\"wp-block-spacer\"><\/div>\n<!-- \/wp:spacer -->\n\n<!-- wp:heading -->\n<h2 class=\"wp-block-heading\"><strong>Medale<\/strong><\/h2>\n<!-- \/wp:heading -->\n\n<!-- wp:gallery {\"linkTo\":\"media\",\"sizeSlug\":\"full\"} -->\n<figure class=\"wp-block-gallery has-nested-images columns-default is-cropped\"><!-- wp:image {\"id\":85065,\"sizeSlug\":\"full\",\"linkDestination\":\"media\"} -->\n<figure class=\"wp-block-image size-full\"><a href=\"https:\/\/olimpijski.pl\/wp-content\/uploads\/2024\/07\/medale-paryz2024.jpg\"><img src=\"https:\/\/olimpijski.pl\/wp-content\/uploads\/2024\/07\/medale-paryz2024.jpg\" alt=\"\" class=\"wp-image-85065\"\/><\/a><\/figure>\n<!-- \/wp:image --><\/figure>\n<!-- \/wp:gallery -->\n\n<!-- wp:paragraph -->\n<p>Medale na Igrzyska Olimpijskie i Paraolimpijskie Pary\u017c 2024 zawieraj\u0105 fragment \u017celaza z wie\u017cy Eiffla, symbolizuj\u0105c tym samym historyczne znaczenie i zwi\u0105zek z Francj\u0105. Zaprojektowane przez Chaumet, medale maj\u0105 sze\u015bciok\u0105tny kszta\u0142t, odwo\u0142uj\u0105c si\u0119 do geograficznego kszta\u0142tu Francji. Na jednej stronie znajduje si\u0119 p\u0142askorze\u017aba Marii Nike, a druga strona medalu przedstawia graficzny wizerunek wie\u017cy Eiffla. Medale paraolimpijskie zawieraj\u0105 napisy w brajlu, u\u0142atwiaj\u0105c ich identyfikacj\u0119 osobom niewidomym.<\/p>\n<!-- \/wp:paragraph -->\n\n<!-- wp:block {\"ref\":85117} \/-->\n\n<!-- wp:separator {\"opacity\":\"css\",\"className\":\"is-style-wide\"} -->\n<hr class=\"wp-block-separator has-css-opacity is-style-wide\"\/>\n<!-- \/wp:separator -->","post_title":"Pary\u017c 2024","post_excerpt":"","post_status":"publish","comment_status":"closed","ping_status":"closed","post_password":"","post_name":"paryz-2024","to_ping":"","pinged":"","post_modified":"2024-11-25 12:00:32","post_modified_gmt":"2024-11-25 11:00:32","post_content_filtered":"","post_parent":0,"guid":"https:\/\/olimpijski.pl\/?post_type=olympics_summer&#038;p=48812","menu_order":0,"post_type":"olympics_summer","post_mime_type":"","comment_count":"0","filter":"raw"},"team_competition":{"ID":5785,"post_author":"1","post_date":"2020-06-19 11:32:17","post_date_gmt":"2020-06-19 09:32:17","post_content":"","post_title":"Szermierka - floret dru\u017c.","post_excerpt":"","post_status":"publish","comment_status":"closed","ping_status":"closed","post_password":"","post_name":"floret-druz","to_ping":"","pinged":"","post_modified":"2020-07-22 12:06:54","post_modified_gmt":"2020-07-22 10:06:54","post_content_filtered":"","post_parent":5868,"guid":"https:\/\/wai-q7byvryhhcz9k.wpallimport-demo.qsandbox.me\/competition\/floret-druz\/","menu_order":0,"post_type":"competition","post_mime_type":"","comment_count":"0","filter":"raw"},"team_players":[{"ID":86790,"post_author":"1","post_date":"2024-07-28 20:26:36","post_date_gmt":"2024-07-28 18:26:36","post_content":"","post_title":"Julia Walczyk-Klimaszyk","post_excerpt":"","post_status":"publish","comment_status":"closed","ping_status":"closed","post_password":"","post_name":"julia-walczyk-klimaszyk","to_ping":"","pinged":"","post_modified":"2024-08-08 10:11:03","post_modified_gmt":"2024-08-08 08:11:03","post_content_filtered":"","post_parent":0,"guid":"https:\/\/olimpijski.pl\/?post_type=person&#038;p=86790","menu_order":0,"post_type":"person","post_mime_type":"","comment_count":"0","filter":"raw"},{"ID":15425,"post_author":"1","post_date":"2020-06-24 16:53:11","post_date_gmt":"2020-06-24 14:53:11","post_content":"\u0141YCZBI\u0143SKA HANNA\r\n\r\n<strong>polska florecistka, indywidualna mistrzyni Europy do\u00a0lat 23 (2012), indywidualna mistrzyni Polski (2016), siostra-bli\u017aniaczka florecistki Marty \u0141yczbi\u0144skiej.<\/strong>\r\n\r\nUrodzona 20 kwietnia 1990 roku w\u00a0Toruniu. Karier\u0119 sportow\u0105 rozpocz\u0119\u0142a w\u00a01999 w\u00a0klubie Nowy Sok\u00f3\u0142 Toru\u0144, od\u00a02004 by\u0142a zawodniczk\u0105 Budowlanych Toru\u0144, w\u00a0latach 2010-2014 reprezentowa\u0142a barwy Sietom AZS AWF Gda\u0144sk, nast\u0119pnie zosta\u0142a zawodniczk\u0105 KU AZS-UAM Pozna\u0144.\r\n\r\nReprezentowa\u0142a Polsk\u0119 na\u00a0mistrzostwach \u015bwiata senior\u00f3w w\u00a02013 (5. dru\u017cynowo i\u00a057. indywidualnie) i\u00a02015 (15. miejsce indywidualnie i\u00a08. miejsce dru\u017cynowo) oraz\u00a0mistrzostwach Europy senior\u00f3w w\u00a02013 (20. miejsce indywidualnie i\u00a05. miejsce dru\u017cynowo) 2014 (17. miejsce indywidualnie i\u00a04. miejsce dru\u017cynowo), 2015 (16. miejsce indywidualnie i\u00a05. miejsce dru\u017cynowo) i\u00a02016 (18. miejsce indywidualnie i\u00a05. miejsce dru\u017cynowo).\r\n\r\nDebiut olimpijski - Igrzyska XXXI Olimpiady Rio 2016.\r\n\r\n<!-- history -->\r\n<table style=\"text-align: right; width: 85%;\" border=\"0\" cellspacing=\"0\" cellpadding=\"0\">\r\n<tbody>\r\n<tr>\r\n<td class=\"box3-title\" align=\"right\"><\/td>\r\n<\/tr>\r\n<\/tbody>\r\n<\/table>","post_title":"Hanna \u0141yczbi\u0144ska","post_excerpt":"","post_status":"publish","comment_status":"open","ping_status":"open","post_password":"","post_name":"hanna-lyczbinska","to_ping":"","pinged":"","post_modified":"2024-08-08 10:08:42","post_modified_gmt":"2024-08-08 08:08:42","post_content_filtered":"","post_parent":0,"guid":"http:\/\/pkol.local\/person\/hanna-lyczbinska\/","menu_order":60,"post_type":"person","post_mime_type":"","comment_count":"0","filter":"raw"},{"ID":44387,"post_author":"1","post_date":"2021-07-20 06:49:17","post_date_gmt":"2021-07-20 04:49:17","post_content":"<!-- wp:paragraph -->\n<p><br><br><br><strong>polska florecistka, br\u0105zowa medalistka dru\u017cynowo z Uniwersjady 2017, olimpijka z Tokio (2020).<\/strong><\/p>\n<!-- \/wp:paragraph -->\n\n<!-- wp:paragraph -->\n<p>Urodzi\u0142a si\u0119 5 maja 1992 r. w Toruniu. Polska florecistka, medalistka mistrzostw Polski. M\u0142odzie\u017cowa mistrzyni Europy dru\u017cynowo (2012) i indywidualnie (2014). By\u0142a zawodniczk\u0105 Budowlanych Toru\u0144, od 2020 jest zawodniczk\u0105 AZS AWF Pozna\u0144.<\/p>\n<!-- \/wp:paragraph -->\n\n<!-- wp:paragraph -->\n<p>Na mistrzostwach Polski senior\u00f3w zdoby\u0142a cztery medale indywidualnie: srebrny medal w 2018, 2019 i 2021 oraz br\u0105zowy medal w 2017 oraz osiem medali dru\u017cynowo: z\u0142oty w 2017, srebrne w 2010, 2016, 2018, 2020 i 2021 oraz br\u0105zowe medale w 2014, 2015, 2019.<\/p>\n<!-- \/wp:paragraph -->\n\n<!-- wp:paragraph -->\n<p>W 2010 zosta\u0142a br\u0105zow\u0105 medalistk\u0105 mistrzostw \u015bwiata juniorek w turnieju dru\u017cynowym (z Hann\u0105 \u0141yczbi\u0144sk\u0105, Mart\u0105 \u0141yczbi\u0144sk\u0105 i Emili\u0105 Rygielsk\u0105). W 2009 (z Hann\u0105 \u0141yczbi\u0144sk\u0105, Mart\u0105 \u0141yczbi\u0144sk\u0105 i Emili\u0105 Rygielsk\u0105) i 2010 (z Natali\u0105 Go\u0142\u0119biowsk\u0105, Mart\u0105 Hausman i Iwon\u0105 Olbromsk\u0105) zdoby\u0142a br\u0105zowe medale mistrzostw Europy juniorek w turnieju dru\u017cynowym. W 2012 zosta\u0142a m\u0142odzie\u017cow\u0105 mistrzyni\u0105 Europy w turnieju dru\u017cynowym (z Hann\u0105 \u0141yczbi\u0144sk\u0105, Mart\u0105 \u0141yczbi\u0144sk\u0105 i Emili\u0105 Rygielsk\u0105), w 2014 m\u0142odzie\u017cow\u0105 mistrzyni\u0105 Europy w turnieju indywidualnym, w 2014 i 2015 m\u0142odzie\u017cow\u0105 wicemistrzyni\u0105 Europy w turnieju dru\u017cynowym (w obu startach z Marik\u0105 Chrzanowsk\u0105, Martyn\u0105 D\u0142ugosz i Ann\u0105 Szymczak).<\/p>\n<!-- \/wp:paragraph -->\n\n<!-- wp:paragraph -->\n<p>W 2017 zdoby\u0142a br\u0105zowy medal Letniej Uniwersjady w turnieju dru\u017cynowym (z Juli\u0105 Chrzanowsk\u0105, Hann\u0105 \u0141yczbi\u0144sk\u0105 i Juli\u0105 Walczyk).<\/p>\n<!-- \/wp:paragraph -->\n\n<!-- wp:paragraph -->\n<p>Reprezentowa\u0142a Polsk\u0119 w mistrzostwach \u015bwiata w 2013 (50. miejsce indywidualnie, 5. m. dru\u017cynowo), 2016 (10. m. dru\u017cynowo), 2017 (44. m. indywidualnie, 10. m. dru\u017cynowo), 2018 (29. m. indywidualnie, 9. m. dru\u017cynowo) oraz w mistrzostwach Europy w 2015 (5. m. dru\u017cynowo), 2016 (19. m. indywidualnie, 5. m. dru\u017cynowo) 2017 (14. m. indywidualnie, 6. m. dru\u017cynowo), 2018 (26. m. indywidualnie, 5. m. dru\u017cynowo).<\/p>\n<!-- \/wp:paragraph -->\n\n<!-- wp:paragraph -->\n<p>Debiut olimpijski podczas Igrzysk XXXII Olimpiady Tokio 2020 (kt\u00f3re z powodu pandemii koronawirusa Sars-Cov-2 zosta\u0142y prze\u0142o\u017cone na 2021 rok bez zmian w nazewnictwie).<\/p>\n<!-- \/wp:paragraph -->\n\n<!-- wp:paragraph -->\n<p><strong>*Tokio 2020: szermierka, floret indywidualnie<\/strong> - 31. miejsce. Zw. Lee Kiefer (USA).<\/p>\n<!-- \/wp:paragraph -->","post_title":"Martyna Jeli\u0144ska","post_excerpt":"polska florecistka, br\u0105zowa medalistka dru\u017cynowo z Uniwersjady 2017, olimpijka z Tokio (2020).","post_status":"publish","comment_status":"closed","ping_status":"closed","post_password":"","post_name":"martyna-jelinska","to_ping":"","pinged":"","post_modified":"2024-08-08 10:09:23","post_modified_gmt":"2024-08-08 08:09:23","post_content_filtered":"","post_parent":0,"guid":"https:\/\/olimpijski.pl\/?post_type=person&#038;p=44387","menu_order":0,"post_type":"person","post_mime_type":"","comment_count":"0","filter":"raw"}]},"_links":{"self":[{"href":"https:\/\/olimpijski.pl\/en\/wp-json\/wp\/v2\/team\/86814"}],"collection":[{"href":"https:\/\/olimpijski.pl\/en\/wp-json\/wp\/v2\/team"}],"about":[{"href":"https:\/\/olimpijski.pl\/en\/wp-json\/wp\/v2\/types\/team"}],"wp:attachment":[{"href":"https:\/\/olimpijski.pl\/en\/wp-json\/wp\/v2\/media?parent=86814"}],"curies":[{"name":"wp","href":"https:\/\/api.w.org\/{rel}","templated":true}]}}